{"id":9763,"date":"2022-11-30T13:03:56","date_gmt":"2022-11-30T12:03:56","guid":{"rendered":"https:\/\/efterklang.org\/?post_type=projects&#038;p=9763"},"modified":"2024-06-24T10:27:20","modified_gmt":"2024-06-24T08:27:20","slug":"arena-platinan-goteborg","status":"publish","type":"projects","link":"https:\/\/efterklang.org\/sv\/projects\/arena-platinan-goteborg\/","title":{"rendered":"Arena Platinan, G\u00f6teborg"},"content":{"rendered":"<h6>Bakgrund<\/h6>\n<p class=\"p1\">En 10 minuters promenad fr\u00e5n G\u00f6teborg Centralstation tar dig till Arena Platinan &#8211; ett tillskott i Vasakronans arenakoncept och ett nytt urbant inslag i staden. Med sina 2500 kvadratmeter co-working, 190 flexplatser, flera m\u00f6tesrum och gener\u00f6sa social ytor har Vasakronan skapat en v\u00e4lkomnande atmosf\u00e4r, med fokus p\u00e5 \u00e5terbruk och tidl\u00f6shet- n\u00e5gonting annorlunda.<\/p>\n<h6>Uppdrag<\/h6>\n<p class=\"p1\">Efterklang fick i uppdrag att genom ljud och doft skapa en attraktiv och funktionell milj\u00f6 som tillgodoser platsens olika ytor och behov, och som p\u00e5 samma g\u00e5ng adderar ytterligare en dimension till helhetsupplevelsen. Inredningen \u00e4r inspirerad av platsens koppling till G\u00f6ta \u00c4lv, Skandinaviska toner fr\u00e5n naturen och G\u00f6teborgs st\u00e4ndigt v\u00e4xlande v\u00e4der, d\u00e4r \u00e4ven ljuddesignen \u00e4r en naturlig f\u00f6rl\u00e4ngning av det temat.<\/p>\n<h6>Resultat<\/h6>\n<p class=\"p1\">Efterklang har skapat ett ljud och doftdesign-koncept som b\u00e5de \u00e4r dynamiskt och varum\u00e4rkesbyggande, med olika ljudzoner som fyller olika funktioner. I de \u00f6ppna kontorsytorna spelar ett behagligt naturlandskap, vars uppgift \u00e4r att maskera omkringliggande ljud men ocks\u00e5 hj\u00e4lpa till att h\u00f6ja fokus och koncentration.<\/p>\n<p class=\"p1\">I \u00f6vriga sociala ytor som lounger, pentryn och vid reception spelar en konceptuell lounge-spellista med varierande intensitet som f\u00f6ljer dagsrytmen, h\u00e4r kan samtal och umg\u00e4nge f\u00f6ras ledigt.<\/p>\n<p class=\"p1\">Specialgjorda och \u00f6verraskande ljudupplevelser har skapats p\u00e5 utvalda platser runt om p\u00e5 kontoret. Ut\u00f6ver \u00f6verraskande och temabaserade ljudinstallationer p\u00e5 wc-klustren har vi \u00e4ven gett en del av korridorerna lite extra k\u00e4rlek.<span class=\"Apple-converted-space\">\u00a0<\/span><\/p>\n<p class=\"p1\">Tillsammans med v\u00e5ra kollegor p\u00e5 Light Bureau har vi skapat en synkroniserad ljud-och ljusupplevelse i en passage \u201dSunset and Sunrise\u201d, en upplevelse som f\u00f6ljer dygnsrytmer och \u00e5rstider. Och i en annan som vi kallar \u201dG\u00f6ta \u00c4lv\u201d, kommer kontorets golvprojektion av vatten till liv med hj\u00e4lp av ljudduschar.<\/p>\n","protected":false},"featured_media":9739,"template":"","project_category":[237,294,259,260,262,267],"country":[333],"sector":[365,342],"class_list":["post-9763","projects","type-projects","status-publish","has-post-thumbnail","hentry","project_category-ljuddesign","project_category-koncept","project_category-ljudarkitektur","project_category-sound-design-sv","project_category-ljudmaskering","project_category-soundscaping-sv","country-sverigesweden-sv","sector-kontor-och-kongress","sector-stadsutveckling"],"acf":[],"yoast_head":"<!-- This site is optimized with the Yoast SEO plugin v22.1 - https:\/\/yoast.com\/wordpress\/plugins\/seo\/ -->\n<title>Arena Platinan, G\u00f6teborg - Efterklang<\/title>\n<meta name=\"description\" content=\"Efterklang har skapat ett ljud och doftdesign-koncept som b\u00e5de \u00e4r dynamiskt och varum\u00e4rkesbyggande f\u00f6r Arena Platinan i G\u00f6teborg.\" \/>\n<meta name=\"robots\" content=\"index, follow, max-snippet:-1, max-image-preview:large, max-video-preview:-1\" \/>\n<link rel=\"canonical\" href=\"https:\/\/efterklang.org\/sv\/projects\/arena-platinan-goteborg\/\" \/>\n<meta property=\"og:locale\" content=\"sv_SE\" \/>\n<meta property=\"og:type\" content=\"article\" \/>\n<meta property=\"og:title\" content=\"Arena Platinan, G\u00f6teborg - Efterklang\" \/>\n<meta property=\"og:description\" content=\"Efterklang har skapat ett ljud och doftdesign-koncept som b\u00e5de \u00e4r dynamiskt och varum\u00e4rkesbyggande f\u00f6r Arena Platinan i G\u00f6teborg.\" \/>\n<meta property=\"og:url\" content=\"https:\/\/efterklang.org\/sv\/projects\/arena-platinan-goteborg\/\" \/>\n<meta property=\"og:site_name\" content=\"Efterklang\" \/>\n<meta property=\"article:modified_time\" content=\"2024-06-24T08:27:20+00:00\" \/>\n<meta property=\"og:image\" content=\"https:\/\/efterklang.org\/wp-content\/uploads\/2022\/10\/547715-421-1_004.jpg\" \/>\n\t<meta property=\"og:image:width\" content=\"1920\" \/>\n\t<meta property=\"og:image:height\" content=\"1277\" \/>\n\t<meta property=\"og:image:type\" content=\"image\/jpeg\" \/>\n<meta name=\"twitter:card\" content=\"summary_large_image\" \/>\n<meta name=\"twitter:label1\" content=\"Ber\u00e4knad l\u00e4stid\" \/>\n\t<meta name=\"twitter:data1\" content=\"1 minut\" \/>\n<script type=\"application\/ld+json\" class=\"yoast-schema-graph\">{\"@context\":\"https:\/\/schema.org\",\"@graph\":[{\"@type\":\"WebPage\",\"@id\":\"https:\/\/efterklang.org\/sv\/projects\/arena-platinan-goteborg\/\",\"url\":\"https:\/\/efterklang.org\/sv\/projects\/arena-platinan-goteborg\/\",\"name\":\"Arena Platinan, G\u00f6teborg - Efterklang\",\"isPartOf\":{\"@id\":\"https:\/\/efterklang.org\/#website\"},\"datePublished\":\"2022-11-30T12:03:56+00:00\",\"dateModified\":\"2024-06-24T08:27:20+00:00\",\"description\":\"Efterklang har skapat ett ljud och doftdesign-koncept som b\u00e5de \u00e4r dynamiskt och varum\u00e4rkesbyggande f\u00f6r Arena Platinan i G\u00f6teborg.\",\"breadcrumb\":{\"@id\":\"https:\/\/efterklang.org\/sv\/projects\/arena-platinan-goteborg\/#breadcrumb\"},\"inLanguage\":\"sv-SE\",\"potentialAction\":[{\"@type\":\"ReadAction\",\"target\":[\"https:\/\/efterklang.org\/sv\/projects\/arena-platinan-goteborg\/\"]}]},{\"@type\":\"BreadcrumbList\",\"@id\":\"https:\/\/efterklang.org\/sv\/projects\/arena-platinan-goteborg\/#breadcrumb\",\"itemListElement\":[{\"@type\":\"ListItem\",\"position\":1,\"name\":\"Home\",\"item\":\"https:\/\/efterklang.org\/sv\/\"},{\"@type\":\"ListItem\",\"position\":2,\"name\":\"Our projects\",\"item\":\"https:\/\/efterklang.org\/projects\/?lang=sv\"},{\"@type\":\"ListItem\",\"position\":3,\"name\":\"Arena Platinan, G\u00f6teborg\"}]},{\"@type\":\"WebSite\",\"@id\":\"https:\/\/efterklang.org\/#website\",\"url\":\"https:\/\/efterklang.org\/\",\"name\":\"Efterklang\",\"description\":\"P\u00e5 Efterklang designar och s\u00e4krar vi ljudmilj\u00f6er.\",\"publisher\":{\"@id\":\"https:\/\/efterklang.org\/#organization\"},\"potentialAction\":[{\"@type\":\"SearchAction\",\"target\":{\"@type\":\"EntryPoint\",\"urlTemplate\":\"https:\/\/efterklang.org\/?s={search_term_string}\"},\"query-input\":\"required name=search_term_string\"}],\"inLanguage\":\"sv-SE\"},{\"@type\":\"Organization\",\"@id\":\"https:\/\/efterklang.org\/#organization\",\"name\":\"Efterklang\",\"url\":\"https:\/\/efterklang.org\/\",\"logo\":{\"@type\":\"ImageObject\",\"inLanguage\":\"sv-SE\",\"@id\":\"https:\/\/efterklang.org\/#\/schema\/logo\/image\/\",\"url\":\"https:\/\/efterklang.org\/wp-content\/uploads\/2021\/10\/Asset-25.svg\",\"contentUrl\":\"https:\/\/efterklang.org\/wp-content\/uploads\/2021\/10\/Asset-25.svg\",\"caption\":\"Efterklang\"},\"image\":{\"@id\":\"https:\/\/efterklang.org\/#\/schema\/logo\/image\/\"}}]}<\/script>\n<!-- \/ Yoast SEO plugin. -->","yoast_head_json":{"title":"Arena Platinan, G\u00f6teborg - Efterklang","description":"Efterklang har skapat ett ljud och doftdesign-koncept som b\u00e5de \u00e4r dynamiskt och varum\u00e4rkesbyggande f\u00f6r Arena Platinan i G\u00f6teborg.","robots":{"index":"index","follow":"follow","max-snippet":"max-snippet:-1","max-image-preview":"max-image-preview:large","max-video-preview":"max-video-preview:-1"},"canonical":"https:\/\/efterklang.org\/sv\/projects\/arena-platinan-goteborg\/","og_locale":"sv_SE","og_type":"article","og_title":"Arena Platinan, G\u00f6teborg - Efterklang","og_description":"Efterklang har skapat ett ljud och doftdesign-koncept som b\u00e5de \u00e4r dynamiskt och varum\u00e4rkesbyggande f\u00f6r Arena Platinan i G\u00f6teborg.","og_url":"https:\/\/efterklang.org\/sv\/projects\/arena-platinan-goteborg\/","og_site_name":"Efterklang","article_modified_time":"2024-06-24T08:27:20+00:00","og_image":[{"width":1920,"height":1277,"url":"https:\/\/efterklang.org\/wp-content\/uploads\/2022\/10\/547715-421-1_004.jpg","type":"image\/jpeg"}],"twitter_card":"summary_large_image","twitter_misc":{"Ber\u00e4knad l\u00e4stid":"1 minut"},"schema":{"@context":"https:\/\/schema.org","@graph":[{"@type":"WebPage","@id":"https:\/\/efterklang.org\/sv\/projects\/arena-platinan-goteborg\/","url":"https:\/\/efterklang.org\/sv\/projects\/arena-platinan-goteborg\/","name":"Arena Platinan, G\u00f6teborg - Efterklang","isPartOf":{"@id":"https:\/\/efterklang.org\/#website"},"datePublished":"2022-11-30T12:03:56+00:00","dateModified":"2024-06-24T08:27:20+00:00","description":"Efterklang har skapat ett ljud och doftdesign-koncept som b\u00e5de \u00e4r dynamiskt och varum\u00e4rkesbyggande f\u00f6r Arena Platinan i G\u00f6teborg.","breadcrumb":{"@id":"https:\/\/efterklang.org\/sv\/projects\/arena-platinan-goteborg\/#breadcrumb"},"inLanguage":"sv-SE","potentialAction":[{"@type":"ReadAction","target":["https:\/\/efterklang.org\/sv\/projects\/arena-platinan-goteborg\/"]}]},{"@type":"BreadcrumbList","@id":"https:\/\/efterklang.org\/sv\/projects\/arena-platinan-goteborg\/#breadcrumb","itemListElement":[{"@type":"ListItem","position":1,"name":"Home","item":"https:\/\/efterklang.org\/sv\/"},{"@type":"ListItem","position":2,"name":"Our projects","item":"https:\/\/efterklang.org\/projects\/?lang=sv"},{"@type":"ListItem","position":3,"name":"Arena Platinan, G\u00f6teborg"}]},{"@type":"WebSite","@id":"https:\/\/efterklang.org\/#website","url":"https:\/\/efterklang.org\/","name":"Efterklang","description":"P\u00e5 Efterklang designar och s\u00e4krar vi ljudmilj\u00f6er.","publisher":{"@id":"https:\/\/efterklang.org\/#organization"},"potentialAction":[{"@type":"SearchAction","target":{"@type":"EntryPoint","urlTemplate":"https:\/\/efterklang.org\/?s={search_term_string}"},"query-input":"required name=search_term_string"}],"inLanguage":"sv-SE"},{"@type":"Organization","@id":"https:\/\/efterklang.org\/#organization","name":"Efterklang","url":"https:\/\/efterklang.org\/","logo":{"@type":"ImageObject","inLanguage":"sv-SE","@id":"https:\/\/efterklang.org\/#\/schema\/logo\/image\/","url":"https:\/\/efterklang.org\/wp-content\/uploads\/2021\/10\/Asset-25.svg","contentUrl":"https:\/\/efterklang.org\/wp-content\/uploads\/2021\/10\/Asset-25.svg","caption":"Efterklang"},"image":{"@id":"https:\/\/efterklang.org\/#\/schema\/logo\/image\/"}}]}},"_links":{"self":[{"href":"https:\/\/efterklang.org\/sv\/wp-json\/wp\/v2\/projects\/9763","targetHints":{"allow":["GET"]}}],"collection":[{"href":"https:\/\/efterklang.org\/sv\/wp-json\/wp\/v2\/projects"}],"about":[{"href":"https:\/\/efterklang.org\/sv\/wp-json\/wp\/v2\/types\/projects"}],"version-history":[{"count":10,"href":"https:\/\/efterklang.org\/sv\/wp-json\/wp\/v2\/projects\/9763\/revisions"}],"predecessor-version":[{"id":10113,"href":"https:\/\/efterklang.org\/sv\/wp-json\/wp\/v2\/projects\/9763\/revisions\/10113"}],"wp:featuredmedia":[{"embeddable":true,"href":"https:\/\/efterklang.org\/sv\/wp-json\/wp\/v2\/media\/9739"}],"wp:attachment":[{"href":"https:\/\/efterklang.org\/sv\/wp-json\/wp\/v2\/media?parent=9763"}],"wp:term":[{"taxonomy":"project_category","embeddable":true,"href":"https:\/\/efterklang.org\/sv\/wp-json\/wp\/v2\/project_category?post=9763"},{"taxonomy":"country","embeddable":true,"href":"https:\/\/efterklang.org\/sv\/wp-json\/wp\/v2\/country?post=9763"},{"taxonomy":"sector","embeddable":true,"href":"https:\/\/efterklang.org\/sv\/wp-json\/wp\/v2\/sector?post=9763"}],"curies":[{"name":"wp","href":"https:\/\/api.w.org\/{rel}","templated":true}]}}