{"id":9131,"date":"2022-09-30T13:11:04","date_gmt":"2022-09-30T11:11:04","guid":{"rendered":"https:\/\/efterklang.org\/?post_type=projects&#038;p=9131"},"modified":"2022-09-30T13:11:04","modified_gmt":"2022-09-30T11:11:04","slug":"wihlodia-doka-uddevalla","status":"publish","type":"projects","link":"https:\/\/efterklang.org\/sv\/projects\/wihlodia-doka-uddevalla\/","title":{"rendered":"Wihlodia, Doka Uddevalla"},"content":{"rendered":"<h6>Bakgrund<\/h6>\n<p>Doka planerar en ny industridep\u00e5 i Helsingborg. De nya industrilokalerna ska erbjuda en god arbetsmilj\u00f6 f\u00f6r anst\u00e4llda och fokus ligger d\u00e4rf\u00f6r p\u00e5 att minimera buller och att skapa attraktiva arbetsplatser.<\/p>\n<h6>Uppdrag<\/h6>\n<p>F\u00f6r att s\u00e4kerst\u00e4lla bra ljudmilj\u00f6 i Dokas nya industridep\u00e5 i Helsingborg, anlitades Efterklang av Wihlodia AB f\u00f6r att utf\u00f6ra bullerutredninar av befintlig dep\u00e5 i Uddevalla. Dokas dep\u00e5 i Uddevalla har likv\u00e4rdig verksamhet som den planerade dep\u00e5n i Helsingborg. D\u00e4rf\u00f6r inventerades samtliga bullerk\u00e4llor och utredningen inkluderade alla specifika arbetsstationer och bullrande maskiner. Samtidigt bekantade vi oss med arbetsfl\u00f6det och hur personalen upplever ljudmilj\u00f6n. Arbetsmilj\u00f6n \u00e4r komplex med med buller, damm och fukt.<\/p>\n<h6>Resultat<\/h6>\n<p>Bullerutredningen ger ett bra projekteringsunderlag f\u00f6r den nya dep\u00e5n i Helsingborg. Analysen visar hur erfarenheter fr\u00e5n den befintliga dep\u00e5n kan ge underlag till en akustisk och kostnadsm\u00e4ssig optimering.<\/p>\n<p>Projektet \u00e4r ett exempel p\u00e5 t\u00e4tt samarbete mellan specialister inom ljud och vibrationer och byggbranschen. Det visar hur man kan bygga moderna industrilokaler med bra arbetsmilj\u00f6.<\/p>\n","protected":false},"featured_media":9663,"template":"","project_category":[235,306],"country":[333],"sector":[356],"class_list":["post-9131","projects","type-projects","status-publish","has-post-thumbnail","hentry","project_category-buller","project_category-bullerutredning","country-sverigesweden-sv","sector-tillverkande-industrier"],"acf":[],"yoast_head":"<!-- This site is optimized with the Yoast SEO plugin v22.1 - https:\/\/yoast.com\/wordpress\/plugins\/seo\/ -->\n<title>Wihlodia, Doka Uddevalla - Efterklang<\/title>\n<meta name=\"description\" content=\"Efterklang har utf\u00f6rt bullerutredning av Dokas industridep\u00e5 i Uddevalla som underlag f\u00f6r projektering av ny dep\u00e5 i Helsingborg.\" \/>\n<meta name=\"robots\" content=\"index, follow, max-snippet:-1, max-image-preview:large, max-video-preview:-1\" \/>\n<link rel=\"canonical\" href=\"https:\/\/efterklang.org\/sv\/projects\/wihlodia-doka-uddevalla\/\" \/>\n<meta property=\"og:locale\" content=\"sv_SE\" \/>\n<meta property=\"og:type\" content=\"article\" \/>\n<meta property=\"og:title\" content=\"Wihlodia, Doka Uddevalla - Efterklang\" \/>\n<meta property=\"og:description\" content=\"Efterklang har utf\u00f6rt bullerutredning av Dokas industridep\u00e5 i Uddevalla som underlag f\u00f6r projektering av ny dep\u00e5 i Helsingborg.\" \/>\n<meta property=\"og:url\" content=\"https:\/\/efterklang.org\/sv\/projects\/wihlodia-doka-uddevalla\/\" \/>\n<meta property=\"og:site_name\" content=\"Efterklang\" \/>\n<meta property=\"og:image\" content=\"https:\/\/efterklang.org\/wp-content\/uploads\/2022\/09\/DOKA.jpg\" \/>\n\t<meta property=\"og:image:width\" content=\"1800\" \/>\n\t<meta property=\"og:image:height\" content=\"1201\" \/>\n\t<meta property=\"og:image:type\" content=\"image\/jpeg\" \/>\n<meta name=\"twitter:card\" content=\"summary_large_image\" \/>\n<meta name=\"twitter:label1\" content=\"Ber\u00e4knad l\u00e4stid\" \/>\n\t<meta name=\"twitter:data1\" content=\"1 minut\" \/>\n<script type=\"application\/ld+json\" class=\"yoast-schema-graph\">{\"@context\":\"https:\/\/schema.org\",\"@graph\":[{\"@type\":\"WebPage\",\"@id\":\"https:\/\/efterklang.org\/sv\/projects\/wihlodia-doka-uddevalla\/\",\"url\":\"https:\/\/efterklang.org\/sv\/projects\/wihlodia-doka-uddevalla\/\",\"name\":\"Wihlodia, Doka Uddevalla - Efterklang\",\"isPartOf\":{\"@id\":\"https:\/\/efterklang.org\/#website\"},\"datePublished\":\"2022-09-30T11:11:04+00:00\",\"dateModified\":\"2022-09-30T11:11:04+00:00\",\"description\":\"Efterklang har utf\u00f6rt bullerutredning av Dokas industridep\u00e5 i Uddevalla som underlag f\u00f6r projektering av ny dep\u00e5 i Helsingborg.\",\"breadcrumb\":{\"@id\":\"https:\/\/efterklang.org\/sv\/projects\/wihlodia-doka-uddevalla\/#breadcrumb\"},\"inLanguage\":\"sv-SE\",\"potentialAction\":[{\"@type\":\"ReadAction\",\"target\":[\"https:\/\/efterklang.org\/sv\/projects\/wihlodia-doka-uddevalla\/\"]}]},{\"@type\":\"BreadcrumbList\",\"@id\":\"https:\/\/efterklang.org\/sv\/projects\/wihlodia-doka-uddevalla\/#breadcrumb\",\"itemListElement\":[{\"@type\":\"ListItem\",\"position\":1,\"name\":\"Home\",\"item\":\"https:\/\/efterklang.org\/sv\/\"},{\"@type\":\"ListItem\",\"position\":2,\"name\":\"Our projects\",\"item\":\"https:\/\/efterklang.org\/projects\/?lang=sv\"},{\"@type\":\"ListItem\",\"position\":3,\"name\":\"Wihlodia, Doka Uddevalla\"}]},{\"@type\":\"WebSite\",\"@id\":\"https:\/\/efterklang.org\/#website\",\"url\":\"https:\/\/efterklang.org\/\",\"name\":\"Efterklang\",\"description\":\"P\u00e5 Efterklang designar och s\u00e4krar vi ljudmilj\u00f6er.\",\"publisher\":{\"@id\":\"https:\/\/efterklang.org\/#organization\"},\"potentialAction\":[{\"@type\":\"SearchAction\",\"target\":{\"@type\":\"EntryPoint\",\"urlTemplate\":\"https:\/\/efterklang.org\/?s={search_term_string}\"},\"query-input\":\"required name=search_term_string\"}],\"inLanguage\":\"sv-SE\"},{\"@type\":\"Organization\",\"@id\":\"https:\/\/efterklang.org\/#organization\",\"name\":\"Efterklang\",\"url\":\"https:\/\/efterklang.org\/\",\"logo\":{\"@type\":\"ImageObject\",\"inLanguage\":\"sv-SE\",\"@id\":\"https:\/\/efterklang.org\/#\/schema\/logo\/image\/\",\"url\":\"https:\/\/efterklang.org\/wp-content\/uploads\/2021\/10\/Asset-25.svg\",\"contentUrl\":\"https:\/\/efterklang.org\/wp-content\/uploads\/2021\/10\/Asset-25.svg\",\"caption\":\"Efterklang\"},\"image\":{\"@id\":\"https:\/\/efterklang.org\/#\/schema\/logo\/image\/\"}}]}<\/script>\n<!-- \/ Yoast SEO plugin. -->","yoast_head_json":{"title":"Wihlodia, Doka Uddevalla - Efterklang","description":"Efterklang har utf\u00f6rt bullerutredning av Dokas industridep\u00e5 i Uddevalla som underlag f\u00f6r projektering av ny dep\u00e5 i Helsingborg.","robots":{"index":"index","follow":"follow","max-snippet":"max-snippet:-1","max-image-preview":"max-image-preview:large","max-video-preview":"max-video-preview:-1"},"canonical":"https:\/\/efterklang.org\/sv\/projects\/wihlodia-doka-uddevalla\/","og_locale":"sv_SE","og_type":"article","og_title":"Wihlodia, Doka Uddevalla - Efterklang","og_description":"Efterklang har utf\u00f6rt bullerutredning av Dokas industridep\u00e5 i Uddevalla som underlag f\u00f6r projektering av ny dep\u00e5 i Helsingborg.","og_url":"https:\/\/efterklang.org\/sv\/projects\/wihlodia-doka-uddevalla\/","og_site_name":"Efterklang","og_image":[{"width":1800,"height":1201,"url":"https:\/\/efterklang.org\/wp-content\/uploads\/2022\/09\/DOKA.jpg","type":"image\/jpeg"}],"twitter_card":"summary_large_image","twitter_misc":{"Ber\u00e4knad l\u00e4stid":"1 minut"},"schema":{"@context":"https:\/\/schema.org","@graph":[{"@type":"WebPage","@id":"https:\/\/efterklang.org\/sv\/projects\/wihlodia-doka-uddevalla\/","url":"https:\/\/efterklang.org\/sv\/projects\/wihlodia-doka-uddevalla\/","name":"Wihlodia, Doka Uddevalla - Efterklang","isPartOf":{"@id":"https:\/\/efterklang.org\/#website"},"datePublished":"2022-09-30T11:11:04+00:00","dateModified":"2022-09-30T11:11:04+00:00","description":"Efterklang har utf\u00f6rt bullerutredning av Dokas industridep\u00e5 i Uddevalla som underlag f\u00f6r projektering av ny dep\u00e5 i Helsingborg.","breadcrumb":{"@id":"https:\/\/efterklang.org\/sv\/projects\/wihlodia-doka-uddevalla\/#breadcrumb"},"inLanguage":"sv-SE","potentialAction":[{"@type":"ReadAction","target":["https:\/\/efterklang.org\/sv\/projects\/wihlodia-doka-uddevalla\/"]}]},{"@type":"BreadcrumbList","@id":"https:\/\/efterklang.org\/sv\/projects\/wihlodia-doka-uddevalla\/#breadcrumb","itemListElement":[{"@type":"ListItem","position":1,"name":"Home","item":"https:\/\/efterklang.org\/sv\/"},{"@type":"ListItem","position":2,"name":"Our projects","item":"https:\/\/efterklang.org\/projects\/?lang=sv"},{"@type":"ListItem","position":3,"name":"Wihlodia, Doka Uddevalla"}]},{"@type":"WebSite","@id":"https:\/\/efterklang.org\/#website","url":"https:\/\/efterklang.org\/","name":"Efterklang","description":"P\u00e5 Efterklang designar och s\u00e4krar vi ljudmilj\u00f6er.","publisher":{"@id":"https:\/\/efterklang.org\/#organization"},"potentialAction":[{"@type":"SearchAction","target":{"@type":"EntryPoint","urlTemplate":"https:\/\/efterklang.org\/?s={search_term_string}"},"query-input":"required name=search_term_string"}],"inLanguage":"sv-SE"},{"@type":"Organization","@id":"https:\/\/efterklang.org\/#organization","name":"Efterklang","url":"https:\/\/efterklang.org\/","logo":{"@type":"ImageObject","inLanguage":"sv-SE","@id":"https:\/\/efterklang.org\/#\/schema\/logo\/image\/","url":"https:\/\/efterklang.org\/wp-content\/uploads\/2021\/10\/Asset-25.svg","contentUrl":"https:\/\/efterklang.org\/wp-content\/uploads\/2021\/10\/Asset-25.svg","caption":"Efterklang"},"image":{"@id":"https:\/\/efterklang.org\/#\/schema\/logo\/image\/"}}]}},"_links":{"self":[{"href":"https:\/\/efterklang.org\/sv\/wp-json\/wp\/v2\/projects\/9131","targetHints":{"allow":["GET"]}}],"collection":[{"href":"https:\/\/efterklang.org\/sv\/wp-json\/wp\/v2\/projects"}],"about":[{"href":"https:\/\/efterklang.org\/sv\/wp-json\/wp\/v2\/types\/projects"}],"version-history":[{"count":5,"href":"https:\/\/efterklang.org\/sv\/wp-json\/wp\/v2\/projects\/9131\/revisions"}],"predecessor-version":[{"id":9667,"href":"https:\/\/efterklang.org\/sv\/wp-json\/wp\/v2\/projects\/9131\/revisions\/9667"}],"wp:featuredmedia":[{"embeddable":true,"href":"https:\/\/efterklang.org\/sv\/wp-json\/wp\/v2\/media\/9663"}],"wp:attachment":[{"href":"https:\/\/efterklang.org\/sv\/wp-json\/wp\/v2\/media?parent=9131"}],"wp:term":[{"taxonomy":"project_category","embeddable":true,"href":"https:\/\/efterklang.org\/sv\/wp-json\/wp\/v2\/project_category?post=9131"},{"taxonomy":"country","embeddable":true,"href":"https:\/\/efterklang.org\/sv\/wp-json\/wp\/v2\/country?post=9131"},{"taxonomy":"sector","embeddable":true,"href":"https:\/\/efterklang.org\/sv\/wp-json\/wp\/v2\/sector?post=9131"}],"curies":[{"name":"wp","href":"https:\/\/api.w.org\/{rel}","templated":true}]}}