{"id":4762,"date":"2021-11-24T04:18:15","date_gmt":"2021-11-24T09:18:15","guid":{"rendered":"http:\/\/efterklang.org.hemsida.eu\/projects\/d-link\/"},"modified":"2024-06-24T10:31:35","modified_gmt":"2024-06-24T08:31:35","slug":"d-link","status":"publish","type":"projects","link":"https:\/\/efterklang.org\/sv\/projects\/d-link\/","title":{"rendered":"D-Link"},"content":{"rendered":"<h6>Bakgrund<\/h6>\n<p class=\"p1\">Radioreklam f\u00f6r D-Link.<\/p>\n<h6>Uppdrag<\/h6>\n<p class=\"p1\">D-Link gjorde en reklamkampanj f\u00f6r sitt nya mesh-n\u00e4tverk D-Link COVR. Vi skapade radioreklamen med copy, casting, inspelning och produktion.<\/p>\n<p>&nbsp;<\/p>\n<p>Bild: Illustrativ<\/p>\n","protected":false},"featured_media":5616,"template":"","project_category":[238,282,268,284],"country":[333],"sector":[341],"class_list":["post-4762","projects","type-projects","status-publish","has-post-thumbnail","hentry","project_category-studio-sv","project_category-ljudproduktion","project_category-reklamkampanjer","project_category-rostcasting-och-inspelning-av-voiceover","country-sverigesweden-sv","sector-branding-och-kommunikation"],"acf":[],"yoast_head":"<!-- This site is optimized with the Yoast SEO plugin v22.1 - https:\/\/yoast.com\/wordpress\/plugins\/seo\/ -->\n<title>D-Link - Efterklang<\/title>\n<meta name=\"description\" content=\"Efterklang skapade radioreklamerna f\u00f6r D-Link, med copy,casting, inspelning och produktion.\" \/>\n<meta name=\"robots\" content=\"index, follow, max-snippet:-1, max-image-preview:large, max-video-preview:-1\" \/>\n<link rel=\"canonical\" href=\"https:\/\/efterklang.org\/sv\/projects\/d-link\/\" \/>\n<meta property=\"og:locale\" content=\"sv_SE\" \/>\n<meta property=\"og:type\" content=\"article\" \/>\n<meta property=\"og:title\" content=\"D-Link - Efterklang\" \/>\n<meta property=\"og:description\" content=\"Efterklang skapade radioreklamerna f\u00f6r D-Link, med copy,casting, inspelning och produktion.\" \/>\n<meta property=\"og:url\" content=\"https:\/\/efterklang.org\/sv\/projects\/d-link\/\" \/>\n<meta property=\"og:site_name\" content=\"Efterklang\" \/>\n<meta property=\"article:modified_time\" content=\"2024-06-24T08:31:35+00:00\" \/>\n<meta property=\"og:image\" content=\"https:\/\/efterklang.org\/wp-content\/uploads\/2021\/12\/D-Link.png\" \/>\n\t<meta property=\"og:image:width\" content=\"1920\" \/>\n\t<meta property=\"og:image:height\" content=\"1080\" \/>\n\t<meta property=\"og:image:type\" content=\"image\/png\" \/>\n<meta name=\"twitter:card\" content=\"summary_large_image\" \/>\n<meta name=\"twitter:label1\" content=\"Ber\u00e4knad l\u00e4stid\" \/>\n\t<meta name=\"twitter:data1\" content=\"1 minut\" \/>\n<script type=\"application\/ld+json\" class=\"yoast-schema-graph\">{\"@context\":\"https:\/\/schema.org\",\"@graph\":[{\"@type\":\"WebPage\",\"@id\":\"https:\/\/efterklang.org\/sv\/projects\/d-link\/\",\"url\":\"https:\/\/efterklang.org\/sv\/projects\/d-link\/\",\"name\":\"D-Link - Efterklang\",\"isPartOf\":{\"@id\":\"https:\/\/efterklang.org\/#website\"},\"datePublished\":\"2021-11-24T09:18:15+00:00\",\"dateModified\":\"2024-06-24T08:31:35+00:00\",\"description\":\"Efterklang skapade radioreklamerna f\u00f6r D-Link, med copy,casting, inspelning och produktion.\",\"breadcrumb\":{\"@id\":\"https:\/\/efterklang.org\/sv\/projects\/d-link\/#breadcrumb\"},\"inLanguage\":\"sv-SE\",\"potentialAction\":[{\"@type\":\"ReadAction\",\"target\":[\"https:\/\/efterklang.org\/sv\/projects\/d-link\/\"]}]},{\"@type\":\"BreadcrumbList\",\"@id\":\"https:\/\/efterklang.org\/sv\/projects\/d-link\/#breadcrumb\",\"itemListElement\":[{\"@type\":\"ListItem\",\"position\":1,\"name\":\"Home\",\"item\":\"https:\/\/efterklang.org\/sv\/\"},{\"@type\":\"ListItem\",\"position\":2,\"name\":\"Our projects\",\"item\":\"https:\/\/efterklang.org\/projects\/?lang=sv\"},{\"@type\":\"ListItem\",\"position\":3,\"name\":\"D-Link\"}]},{\"@type\":\"WebSite\",\"@id\":\"https:\/\/efterklang.org\/#website\",\"url\":\"https:\/\/efterklang.org\/\",\"name\":\"Efterklang\",\"description\":\"P\u00e5 Efterklang designar och s\u00e4krar vi ljudmilj\u00f6er.\",\"publisher\":{\"@id\":\"https:\/\/efterklang.org\/#organization\"},\"potentialAction\":[{\"@type\":\"SearchAction\",\"target\":{\"@type\":\"EntryPoint\",\"urlTemplate\":\"https:\/\/efterklang.org\/?s={search_term_string}\"},\"query-input\":\"required name=search_term_string\"}],\"inLanguage\":\"sv-SE\"},{\"@type\":\"Organization\",\"@id\":\"https:\/\/efterklang.org\/#organization\",\"name\":\"Efterklang\",\"url\":\"https:\/\/efterklang.org\/\",\"logo\":{\"@type\":\"ImageObject\",\"inLanguage\":\"sv-SE\",\"@id\":\"https:\/\/efterklang.org\/#\/schema\/logo\/image\/\",\"url\":\"https:\/\/efterklang.org\/wp-content\/uploads\/2021\/10\/Asset-25.svg\",\"contentUrl\":\"https:\/\/efterklang.org\/wp-content\/uploads\/2021\/10\/Asset-25.svg\",\"caption\":\"Efterklang\"},\"image\":{\"@id\":\"https:\/\/efterklang.org\/#\/schema\/logo\/image\/\"}}]}<\/script>\n<!-- \/ Yoast SEO plugin. -->","yoast_head_json":{"title":"D-Link - Efterklang","description":"Efterklang skapade radioreklamerna f\u00f6r D-Link, med copy,casting, inspelning och produktion.","robots":{"index":"index","follow":"follow","max-snippet":"max-snippet:-1","max-image-preview":"max-image-preview:large","max-video-preview":"max-video-preview:-1"},"canonical":"https:\/\/efterklang.org\/sv\/projects\/d-link\/","og_locale":"sv_SE","og_type":"article","og_title":"D-Link - Efterklang","og_description":"Efterklang skapade radioreklamerna f\u00f6r D-Link, med copy,casting, inspelning och produktion.","og_url":"https:\/\/efterklang.org\/sv\/projects\/d-link\/","og_site_name":"Efterklang","article_modified_time":"2024-06-24T08:31:35+00:00","og_image":[{"width":1920,"height":1080,"url":"https:\/\/efterklang.org\/wp-content\/uploads\/2021\/12\/D-Link.png","type":"image\/png"}],"twitter_card":"summary_large_image","twitter_misc":{"Ber\u00e4knad l\u00e4stid":"1 minut"},"schema":{"@context":"https:\/\/schema.org","@graph":[{"@type":"WebPage","@id":"https:\/\/efterklang.org\/sv\/projects\/d-link\/","url":"https:\/\/efterklang.org\/sv\/projects\/d-link\/","name":"D-Link - Efterklang","isPartOf":{"@id":"https:\/\/efterklang.org\/#website"},"datePublished":"2021-11-24T09:18:15+00:00","dateModified":"2024-06-24T08:31:35+00:00","description":"Efterklang skapade radioreklamerna f\u00f6r D-Link, med copy,casting, inspelning och produktion.","breadcrumb":{"@id":"https:\/\/efterklang.org\/sv\/projects\/d-link\/#breadcrumb"},"inLanguage":"sv-SE","potentialAction":[{"@type":"ReadAction","target":["https:\/\/efterklang.org\/sv\/projects\/d-link\/"]}]},{"@type":"BreadcrumbList","@id":"https:\/\/efterklang.org\/sv\/projects\/d-link\/#breadcrumb","itemListElement":[{"@type":"ListItem","position":1,"name":"Home","item":"https:\/\/efterklang.org\/sv\/"},{"@type":"ListItem","position":2,"name":"Our projects","item":"https:\/\/efterklang.org\/projects\/?lang=sv"},{"@type":"ListItem","position":3,"name":"D-Link"}]},{"@type":"WebSite","@id":"https:\/\/efterklang.org\/#website","url":"https:\/\/efterklang.org\/","name":"Efterklang","description":"P\u00e5 Efterklang designar och s\u00e4krar vi ljudmilj\u00f6er.","publisher":{"@id":"https:\/\/efterklang.org\/#organization"},"potentialAction":[{"@type":"SearchAction","target":{"@type":"EntryPoint","urlTemplate":"https:\/\/efterklang.org\/?s={search_term_string}"},"query-input":"required name=search_term_string"}],"inLanguage":"sv-SE"},{"@type":"Organization","@id":"https:\/\/efterklang.org\/#organization","name":"Efterklang","url":"https:\/\/efterklang.org\/","logo":{"@type":"ImageObject","inLanguage":"sv-SE","@id":"https:\/\/efterklang.org\/#\/schema\/logo\/image\/","url":"https:\/\/efterklang.org\/wp-content\/uploads\/2021\/10\/Asset-25.svg","contentUrl":"https:\/\/efterklang.org\/wp-content\/uploads\/2021\/10\/Asset-25.svg","caption":"Efterklang"},"image":{"@id":"https:\/\/efterklang.org\/#\/schema\/logo\/image\/"}}]}},"_links":{"self":[{"href":"https:\/\/efterklang.org\/sv\/wp-json\/wp\/v2\/projects\/4762","targetHints":{"allow":["GET"]}}],"collection":[{"href":"https:\/\/efterklang.org\/sv\/wp-json\/wp\/v2\/projects"}],"about":[{"href":"https:\/\/efterklang.org\/sv\/wp-json\/wp\/v2\/types\/projects"}],"version-history":[{"count":8,"href":"https:\/\/efterklang.org\/sv\/wp-json\/wp\/v2\/projects\/4762\/revisions"}],"predecessor-version":[{"id":5636,"href":"https:\/\/efterklang.org\/sv\/wp-json\/wp\/v2\/projects\/4762\/revisions\/5636"}],"wp:featuredmedia":[{"embeddable":true,"href":"https:\/\/efterklang.org\/sv\/wp-json\/wp\/v2\/media\/5616"}],"wp:attachment":[{"href":"https:\/\/efterklang.org\/sv\/wp-json\/wp\/v2\/media?parent=4762"}],"wp:term":[{"taxonomy":"project_category","embeddable":true,"href":"https:\/\/efterklang.org\/sv\/wp-json\/wp\/v2\/project_category?post=4762"},{"taxonomy":"country","embeddable":true,"href":"https:\/\/efterklang.org\/sv\/wp-json\/wp\/v2\/country?post=4762"},{"taxonomy":"sector","embeddable":true,"href":"https:\/\/efterklang.org\/sv\/wp-json\/wp\/v2\/sector?post=4762"}],"curies":[{"name":"wp","href":"https:\/\/api.w.org\/{rel}","templated":true}]}}