{"id":4548,"date":"2021-11-11T08:14:32","date_gmt":"2021-11-11T13:14:32","guid":{"rendered":"http:\/\/efterklang.org.hemsida.eu\/projects\/memory-lane-worlds-first-reverse-voice-assistant\/"},"modified":"2024-10-02T16:17:28","modified_gmt":"2024-10-02T14:17:28","slug":"memory-lane-varldens-forsta-omvanda-rostassistent","status":"publish","type":"projects","link":"https:\/\/efterklang.org\/sv\/projects\/memory-lane-varldens-forsta-omvanda-rostassistent\/","title":{"rendered":"Memory Lane, V\u00e4rldens f\u00f6rsta omv\u00e4nda r\u00f6stassistent"},"content":{"rendered":"<h6>Bakgrund<\/h6>\n<p class=\"p1\">Memory Lane \u00e4r v\u00e4rldens f\u00f6rsta omv\u00e4nda r\u00f6stassistent, utvecklad med syfte att minska ensamheten bland \u00e4ldre i Stockholm. Med artificiell intelligens erbjuder denna ljudinnovation inte bara kamratskap, utan fungerar \u00e4ven som en personlig skribent som intervjuar anv\u00e4ndaren om sina livshistorier och sparar dem f\u00f6r framtiden. Memory Lane \u00e4r utvecklad f\u00f6r Stockholm Exergi av Accenture Interactive.<\/p>\n<h6>Uppdrag<\/h6>\n<p class=\"p1\">Livet handlar om att skapa minnen och \u00e4r fyllt av gl\u00e4dje, upp- och nedg\u00e5ngar, relationer och upplevelser. Alla b\u00e4r p\u00e5 fantastiska historier, men tyv\u00e4rr saknas ofta m\u00f6jligheten att ber\u00e4tta eller dela med sig av dem till n\u00e5gon. Antingen har de ingen vid sin sida, eller s\u00e5 tar personerna i fr\u00e5ga inte sig tid att lyssna. O\u00f6nskad ensamhet och isolering har blivit en stor samh\u00e4llsfr\u00e5ga i och med att den dagliga interaktionen med \u201dv\u00e4rlden utanf\u00f6r\u201d minskar. Forskning visar att ensamhet, depression och demens \u00e4r ett snabbt v\u00e4xande h\u00e4lsoproblem hos \u00e4ldre samt att o\u00f6nskad ensamhet kan vara lika skadlig som r\u00f6kning och fetma. Memory Lane \u00e4r v\u00e4rldens f\u00f6rsta omv\u00e4nda r\u00f6stassistent som kan driva meningsfulla samtal och st\u00e4lla personliga fr\u00e5gor till personen den konverserar med. Efterklang har bidragit till uppdraget som ljudpartner.<\/p>\n<h6>Resultat<\/h6>\n<p class=\"p1\">Tekniken bakom Memory Lane initierades av Accenture Interactive Center i Sophia Antipolis. En kombination av Google Voice Assistance och Artificiell Intelligens (AI) m\u00f6jligg\u00f6r en aktiv dialog d\u00e4r relevanta och personliga fr\u00e5gor st\u00e4lls till anv\u00e4ndaren. Den f\u00f6rst\u00e5r sambandet och kopplingen mellan olika svar som ges och kan p\u00e5 s\u00e5 s\u00e4tt best\u00e4mma vilken motfr\u00e5ga som ska st\u00e4llas h\u00e4rn\u00e4st. Denna unika AI kan d\u00e4rf\u00f6r h\u00e5lla en k\u00e4nslom\u00e4ssig, meningsfull och personlig konversation.<\/p>\n<p>Vi sk\u00f6tte allt ljud p\u00e5 alla reklamfilmer, samt produktion av podcast-serie baserad p\u00e5 intervjuerna.<\/p>\n<p><strong>Priser<\/strong><br \/>\nStockholm Sound Awards 2019<\/p>\n<p>International Sound Awards 2020<br \/>\n<em>Better Sound &#8211; Health<br \/>\n<\/em><em>Better Sound &#8211; Social &amp; Culture<\/em><br \/>\n<em>Better Sound &#8211; Voice &amp; Dialogue<\/em><\/p>\n","protected":false},"featured_media":2807,"template":"","project_category":[238,282,268,284],"country":[333],"sector":[359,384],"class_list":["post-4548","projects","type-projects","status-publish","has-post-thumbnail","hentry","project_category-studio-sv","project_category-ljudproduktion","project_category-reklamkampanjer","project_category-rostcasting-och-inspelning-av-voiceover","country-sverigesweden-sv","sector-innovationer","sector-vr-och-ux"],"acf":[],"yoast_head":"<!-- This site is optimized with the Yoast SEO plugin v22.1 - https:\/\/yoast.com\/wordpress\/plugins\/seo\/ -->\n<title>Memory Lane, V\u00e4rldens f\u00f6rsta omv\u00e4nda r\u00f6stassistent - Efterklang<\/title>\n<meta name=\"description\" content=\"Efterklang har bidragit som ljudpartner till innovationsprojektet Memory Lane \u2013 V\u00e4rldens f\u00f6rsta omv\u00e4nda r\u00f6stassistent\" \/>\n<meta name=\"robots\" content=\"index, follow, max-snippet:-1, max-image-preview:large, max-video-preview:-1\" \/>\n<link rel=\"canonical\" href=\"https:\/\/efterklang.org\/sv\/projects\/memory-lane-varldens-forsta-omvanda-rostassistent\/\" \/>\n<meta property=\"og:locale\" content=\"sv_SE\" \/>\n<meta property=\"og:type\" content=\"article\" \/>\n<meta property=\"og:title\" content=\"Memory Lane, V\u00e4rldens f\u00f6rsta omv\u00e4nda r\u00f6stassistent - Efterklang\" \/>\n<meta property=\"og:description\" content=\"Efterklang har bidragit som ljudpartner till innovationsprojektet Memory Lane \u2013 V\u00e4rldens f\u00f6rsta omv\u00e4nda r\u00f6stassistent\" \/>\n<meta property=\"og:url\" content=\"https:\/\/efterklang.org\/sv\/projects\/memory-lane-varldens-forsta-omvanda-rostassistent\/\" \/>\n<meta property=\"og:site_name\" content=\"Efterklang\" \/>\n<meta property=\"article:modified_time\" content=\"2024-10-02T14:17:28+00:00\" \/>\n<meta property=\"og:image\" content=\"https:\/\/efterklang.org\/wp-content\/uploads\/2021\/11\/Memory-Lane-5.jpg\" \/>\n\t<meta property=\"og:image:width\" content=\"1439\" \/>\n\t<meta property=\"og:image:height\" content=\"800\" \/>\n\t<meta property=\"og:image:type\" content=\"image\/jpeg\" \/>\n<meta name=\"twitter:card\" content=\"summary_large_image\" \/>\n<meta name=\"twitter:label1\" content=\"Ber\u00e4knad l\u00e4stid\" \/>\n\t<meta name=\"twitter:data1\" content=\"2 minuter\" \/>\n<script type=\"application\/ld+json\" class=\"yoast-schema-graph\">{\"@context\":\"https:\/\/schema.org\",\"@graph\":[{\"@type\":\"WebPage\",\"@id\":\"https:\/\/efterklang.org\/sv\/projects\/memory-lane-varldens-forsta-omvanda-rostassistent\/\",\"url\":\"https:\/\/efterklang.org\/sv\/projects\/memory-lane-varldens-forsta-omvanda-rostassistent\/\",\"name\":\"Memory Lane, V\u00e4rldens f\u00f6rsta omv\u00e4nda r\u00f6stassistent - Efterklang\",\"isPartOf\":{\"@id\":\"https:\/\/efterklang.org\/#website\"},\"datePublished\":\"2021-11-11T13:14:32+00:00\",\"dateModified\":\"2024-10-02T14:17:28+00:00\",\"description\":\"Efterklang har bidragit som ljudpartner till innovationsprojektet Memory Lane \u2013 V\u00e4rldens f\u00f6rsta omv\u00e4nda r\u00f6stassistent\",\"breadcrumb\":{\"@id\":\"https:\/\/efterklang.org\/sv\/projects\/memory-lane-varldens-forsta-omvanda-rostassistent\/#breadcrumb\"},\"inLanguage\":\"sv-SE\",\"potentialAction\":[{\"@type\":\"ReadAction\",\"target\":[\"https:\/\/efterklang.org\/sv\/projects\/memory-lane-varldens-forsta-omvanda-rostassistent\/\"]}]},{\"@type\":\"BreadcrumbList\",\"@id\":\"https:\/\/efterklang.org\/sv\/projects\/memory-lane-varldens-forsta-omvanda-rostassistent\/#breadcrumb\",\"itemListElement\":[{\"@type\":\"ListItem\",\"position\":1,\"name\":\"Home\",\"item\":\"https:\/\/efterklang.org\/sv\/\"},{\"@type\":\"ListItem\",\"position\":2,\"name\":\"Our projects\",\"item\":\"https:\/\/efterklang.org\/projects\/?lang=sv\"},{\"@type\":\"ListItem\",\"position\":3,\"name\":\"Memory Lane, V\u00e4rldens f\u00f6rsta omv\u00e4nda r\u00f6stassistent\"}]},{\"@type\":\"WebSite\",\"@id\":\"https:\/\/efterklang.org\/#website\",\"url\":\"https:\/\/efterklang.org\/\",\"name\":\"Efterklang\",\"description\":\"P\u00e5 Efterklang designar och s\u00e4krar vi ljudmilj\u00f6er.\",\"publisher\":{\"@id\":\"https:\/\/efterklang.org\/#organization\"},\"potentialAction\":[{\"@type\":\"SearchAction\",\"target\":{\"@type\":\"EntryPoint\",\"urlTemplate\":\"https:\/\/efterklang.org\/?s={search_term_string}\"},\"query-input\":\"required name=search_term_string\"}],\"inLanguage\":\"sv-SE\"},{\"@type\":\"Organization\",\"@id\":\"https:\/\/efterklang.org\/#organization\",\"name\":\"Efterklang\",\"url\":\"https:\/\/efterklang.org\/\",\"logo\":{\"@type\":\"ImageObject\",\"inLanguage\":\"sv-SE\",\"@id\":\"https:\/\/efterklang.org\/#\/schema\/logo\/image\/\",\"url\":\"https:\/\/efterklang.org\/wp-content\/uploads\/2021\/10\/Asset-25.svg\",\"contentUrl\":\"https:\/\/efterklang.org\/wp-content\/uploads\/2021\/10\/Asset-25.svg\",\"caption\":\"Efterklang\"},\"image\":{\"@id\":\"https:\/\/efterklang.org\/#\/schema\/logo\/image\/\"}}]}<\/script>\n<!-- \/ Yoast SEO plugin. -->","yoast_head_json":{"title":"Memory Lane, V\u00e4rldens f\u00f6rsta omv\u00e4nda r\u00f6stassistent - Efterklang","description":"Efterklang har bidragit som ljudpartner till innovationsprojektet Memory Lane \u2013 V\u00e4rldens f\u00f6rsta omv\u00e4nda r\u00f6stassistent","robots":{"index":"index","follow":"follow","max-snippet":"max-snippet:-1","max-image-preview":"max-image-preview:large","max-video-preview":"max-video-preview:-1"},"canonical":"https:\/\/efterklang.org\/sv\/projects\/memory-lane-varldens-forsta-omvanda-rostassistent\/","og_locale":"sv_SE","og_type":"article","og_title":"Memory Lane, V\u00e4rldens f\u00f6rsta omv\u00e4nda r\u00f6stassistent - Efterklang","og_description":"Efterklang har bidragit som ljudpartner till innovationsprojektet Memory Lane \u2013 V\u00e4rldens f\u00f6rsta omv\u00e4nda r\u00f6stassistent","og_url":"https:\/\/efterklang.org\/sv\/projects\/memory-lane-varldens-forsta-omvanda-rostassistent\/","og_site_name":"Efterklang","article_modified_time":"2024-10-02T14:17:28+00:00","og_image":[{"width":1439,"height":800,"url":"https:\/\/efterklang.org\/wp-content\/uploads\/2021\/11\/Memory-Lane-5.jpg","type":"image\/jpeg"}],"twitter_card":"summary_large_image","twitter_misc":{"Ber\u00e4knad l\u00e4stid":"2 minuter"},"schema":{"@context":"https:\/\/schema.org","@graph":[{"@type":"WebPage","@id":"https:\/\/efterklang.org\/sv\/projects\/memory-lane-varldens-forsta-omvanda-rostassistent\/","url":"https:\/\/efterklang.org\/sv\/projects\/memory-lane-varldens-forsta-omvanda-rostassistent\/","name":"Memory Lane, V\u00e4rldens f\u00f6rsta omv\u00e4nda r\u00f6stassistent - Efterklang","isPartOf":{"@id":"https:\/\/efterklang.org\/#website"},"datePublished":"2021-11-11T13:14:32+00:00","dateModified":"2024-10-02T14:17:28+00:00","description":"Efterklang har bidragit som ljudpartner till innovationsprojektet Memory Lane \u2013 V\u00e4rldens f\u00f6rsta omv\u00e4nda r\u00f6stassistent","breadcrumb":{"@id":"https:\/\/efterklang.org\/sv\/projects\/memory-lane-varldens-forsta-omvanda-rostassistent\/#breadcrumb"},"inLanguage":"sv-SE","potentialAction":[{"@type":"ReadAction","target":["https:\/\/efterklang.org\/sv\/projects\/memory-lane-varldens-forsta-omvanda-rostassistent\/"]}]},{"@type":"BreadcrumbList","@id":"https:\/\/efterklang.org\/sv\/projects\/memory-lane-varldens-forsta-omvanda-rostassistent\/#breadcrumb","itemListElement":[{"@type":"ListItem","position":1,"name":"Home","item":"https:\/\/efterklang.org\/sv\/"},{"@type":"ListItem","position":2,"name":"Our projects","item":"https:\/\/efterklang.org\/projects\/?lang=sv"},{"@type":"ListItem","position":3,"name":"Memory Lane, V\u00e4rldens f\u00f6rsta omv\u00e4nda r\u00f6stassistent"}]},{"@type":"WebSite","@id":"https:\/\/efterklang.org\/#website","url":"https:\/\/efterklang.org\/","name":"Efterklang","description":"P\u00e5 Efterklang designar och s\u00e4krar vi ljudmilj\u00f6er.","publisher":{"@id":"https:\/\/efterklang.org\/#organization"},"potentialAction":[{"@type":"SearchAction","target":{"@type":"EntryPoint","urlTemplate":"https:\/\/efterklang.org\/?s={search_term_string}"},"query-input":"required name=search_term_string"}],"inLanguage":"sv-SE"},{"@type":"Organization","@id":"https:\/\/efterklang.org\/#organization","name":"Efterklang","url":"https:\/\/efterklang.org\/","logo":{"@type":"ImageObject","inLanguage":"sv-SE","@id":"https:\/\/efterklang.org\/#\/schema\/logo\/image\/","url":"https:\/\/efterklang.org\/wp-content\/uploads\/2021\/10\/Asset-25.svg","contentUrl":"https:\/\/efterklang.org\/wp-content\/uploads\/2021\/10\/Asset-25.svg","caption":"Efterklang"},"image":{"@id":"https:\/\/efterklang.org\/#\/schema\/logo\/image\/"}}]}},"_links":{"self":[{"href":"https:\/\/efterklang.org\/sv\/wp-json\/wp\/v2\/projects\/4548","targetHints":{"allow":["GET"]}}],"collection":[{"href":"https:\/\/efterklang.org\/sv\/wp-json\/wp\/v2\/projects"}],"about":[{"href":"https:\/\/efterklang.org\/sv\/wp-json\/wp\/v2\/types\/projects"}],"version-history":[{"count":10,"href":"https:\/\/efterklang.org\/sv\/wp-json\/wp\/v2\/projects\/4548\/revisions"}],"predecessor-version":[{"id":13994,"href":"https:\/\/efterklang.org\/sv\/wp-json\/wp\/v2\/projects\/4548\/revisions\/13994"}],"wp:featuredmedia":[{"embeddable":true,"href":"https:\/\/efterklang.org\/sv\/wp-json\/wp\/v2\/media\/2807"}],"wp:attachment":[{"href":"https:\/\/efterklang.org\/sv\/wp-json\/wp\/v2\/media?parent=4548"}],"wp:term":[{"taxonomy":"project_category","embeddable":true,"href":"https:\/\/efterklang.org\/sv\/wp-json\/wp\/v2\/project_category?post=4548"},{"taxonomy":"country","embeddable":true,"href":"https:\/\/efterklang.org\/sv\/wp-json\/wp\/v2\/country?post=4548"},{"taxonomy":"sector","embeddable":true,"href":"https:\/\/efterklang.org\/sv\/wp-json\/wp\/v2\/sector?post=4548"}],"curies":[{"name":"wp","href":"https:\/\/api.w.org\/{rel}","templated":true}]}}