{"id":4479,"date":"2021-11-29T11:33:10","date_gmt":"2021-11-29T16:33:10","guid":{"rendered":"http:\/\/efterklang.org.hemsida.eu\/projects\/astad-vingard\/"},"modified":"2024-07-03T13:10:40","modified_gmt":"2024-07-03T11:10:40","slug":"astad-vingard","status":"publish","type":"projects","link":"https:\/\/efterklang.org\/sv\/projects\/astad-vingard\/","title":{"rendered":"\u00c4stad Ving\u00e5rd, Halland"},"content":{"rendered":"<h6>Bakgrund<\/h6>\n<p class=\"p1\"><span class=\"s1\">I det hall\u00e4ndska inlandet finner man \u00c4stad Ving\u00e5rd, en gr\u00f6n idyll prisbel\u00f6nt som Nordens mest inspirerande milj\u00f6 f\u00f6r aktiviteter och m\u00f6ten. En plats d\u00e4r intensiva upplevelser blandas med stillsamt lugn i en sj\u00e4lvklar symbios. <\/span><\/p>\n<p class=\"p1\"><span class=\"s1\">Sinnenas Spa \u00e4r ett unikt spa d\u00e4r (som namnet antyder) alla sinnen blir tillgodosedda: syn, h\u00f6rsel, k\u00e4nsel, lukt, och smak &#8211; allt inspirerat av naturreservatet som ligger i n\u00e4ra anknytning till g\u00e5rden. <\/span><\/p>\n<h6>Uppdrag<\/h6>\n<p class=\"p1\"><span class=\"s1\">Efterklang fick uppdraget att skapa ett ljudkoncept som kunde implementeras p\u00e5 olika ytor och p\u00e5 ett \u00f6verraskande s\u00e4tt f\u00f6rst\u00e4rka och addera till \u00f6vriga upplevelser p\u00e5 hotellet. Ljudkonceptet skulle \u00e4ven reflektera varum\u00e4rket \u00c4stad Ving\u00e5rd och knyta an till det starka naturtemat: Sj\u00f6, skog, v\u00e4der och vind. <\/span><\/p>\n<h6>Resultat<\/h6>\n<p class=\"p1\"><span class=\"s1\">Efterklang spenderade tidiga morgnar och sena n\u00e4tter i \u00c4stad Ving\u00e5rds h\u00e4pnadsv\u00e4ckande flora. Bland bokskogarna och sj\u00f6arna har autentiska och h\u00f6gkvalitativa ljud spelats in, s\u00e5 som porlande b\u00e4ckar, l\u00f6vsus, och vacker\/dekorativ f\u00e5gels\u00e5ng fr\u00e5n bland annat koltrast, bofink och korp. Inspelningar som sedan integrerades helt eller delvis i diverse zoner p\u00e5 spaet. <\/span><\/p>\n<p class=\"p1\"><span class=\"s1\">Ut\u00f6ver autentiska naturljud skapades \u00e4ven konstn\u00e4rliga upplevelser med specialskriven musik och st\u00e4mningsfulla ljudlandskap, naturljud och ljudeffekter. Exempelvis mullrande och underjordiska ljud i eldbastun, klara kristalliska ljud i tvagningsritualen och det dova, knakande ljudlandskapet i furubastun. <\/span><\/p>\n<p class=\"p1\"><span class=\"s1\">Ljudkonceptet utmanar sinnesst\u00e4mningar och v\u00e4cker nya tankar under vistelsen. <\/span><\/p>\n","protected":false},"featured_media":2671,"template":"","project_category":[237,294,260],"country":[333],"sector":[341,354],"class_list":["post-4479","projects","type-projects","status-publish","has-post-thumbnail","hentry","project_category-ljuddesign","project_category-koncept","project_category-sound-design-sv","country-sverigesweden-sv","sector-branding-och-kommunikation","sector-hotell-och-fritid"],"acf":[],"yoast_head":"<!-- This site is optimized with the Yoast SEO plugin v22.1 - https:\/\/yoast.com\/wordpress\/plugins\/seo\/ -->\n<title>\u00c4stad Ving\u00e5rd, Halland - Efterklang<\/title>\n<meta name=\"description\" content=\"Efterklang har skapat ett ljuddesign-koncept som f\u00f6rst\u00e4rker och adderar till befintliga upplevelser p\u00e5 \u00c4stad Ving\u00e5rd.\" \/>\n<meta name=\"robots\" content=\"index, follow, max-snippet:-1, max-image-preview:large, max-video-preview:-1\" \/>\n<link rel=\"canonical\" href=\"https:\/\/efterklang.org\/sv\/projects\/astad-vingard\/\" \/>\n<meta property=\"og:locale\" content=\"sv_SE\" \/>\n<meta property=\"og:type\" content=\"article\" \/>\n<meta property=\"og:title\" content=\"\u00c4stad Ving\u00e5rd, Halland - Efterklang\" \/>\n<meta property=\"og:description\" content=\"Efterklang har skapat ett ljuddesign-koncept som f\u00f6rst\u00e4rker och adderar till befintliga upplevelser p\u00e5 \u00c4stad Ving\u00e5rd.\" \/>\n<meta property=\"og:url\" content=\"https:\/\/efterklang.org\/sv\/projects\/astad-vingard\/\" \/>\n<meta property=\"og:site_name\" content=\"Efterklang\" \/>\n<meta property=\"article:modified_time\" content=\"2024-07-03T11:10:40+00:00\" \/>\n<meta property=\"og:image\" content=\"https:\/\/efterklang.org\/wp-content\/uploads\/2021\/11\/A\u0308stad-Vinga\u030ard-8.jpg\" \/>\n\t<meta property=\"og:image:width\" content=\"1920\" \/>\n\t<meta property=\"og:image:height\" content=\"1280\" \/>\n\t<meta property=\"og:image:type\" content=\"image\/jpeg\" \/>\n<meta name=\"twitter:card\" content=\"summary_large_image\" \/>\n<meta name=\"twitter:label1\" content=\"Ber\u00e4knad l\u00e4stid\" \/>\n\t<meta name=\"twitter:data1\" content=\"1 minut\" \/>\n<script type=\"application\/ld+json\" class=\"yoast-schema-graph\">{\"@context\":\"https:\/\/schema.org\",\"@graph\":[{\"@type\":\"WebPage\",\"@id\":\"https:\/\/efterklang.org\/sv\/projects\/astad-vingard\/\",\"url\":\"https:\/\/efterklang.org\/sv\/projects\/astad-vingard\/\",\"name\":\"\u00c4stad Ving\u00e5rd, Halland - Efterklang\",\"isPartOf\":{\"@id\":\"https:\/\/efterklang.org\/#website\"},\"datePublished\":\"2021-11-29T16:33:10+00:00\",\"dateModified\":\"2024-07-03T11:10:40+00:00\",\"description\":\"Efterklang har skapat ett ljuddesign-koncept som f\u00f6rst\u00e4rker och adderar till befintliga upplevelser p\u00e5 \u00c4stad Ving\u00e5rd.\",\"breadcrumb\":{\"@id\":\"https:\/\/efterklang.org\/sv\/projects\/astad-vingard\/#breadcrumb\"},\"inLanguage\":\"sv-SE\",\"potentialAction\":[{\"@type\":\"ReadAction\",\"target\":[\"https:\/\/efterklang.org\/sv\/projects\/astad-vingard\/\"]}]},{\"@type\":\"BreadcrumbList\",\"@id\":\"https:\/\/efterklang.org\/sv\/projects\/astad-vingard\/#breadcrumb\",\"itemListElement\":[{\"@type\":\"ListItem\",\"position\":1,\"name\":\"Home\",\"item\":\"https:\/\/efterklang.org\/sv\/\"},{\"@type\":\"ListItem\",\"position\":2,\"name\":\"Our projects\",\"item\":\"https:\/\/efterklang.org\/projects\/?lang=sv\"},{\"@type\":\"ListItem\",\"position\":3,\"name\":\"\u00c4stad Ving\u00e5rd, Halland\"}]},{\"@type\":\"WebSite\",\"@id\":\"https:\/\/efterklang.org\/#website\",\"url\":\"https:\/\/efterklang.org\/\",\"name\":\"Efterklang\",\"description\":\"P\u00e5 Efterklang designar och s\u00e4krar vi ljudmilj\u00f6er.\",\"publisher\":{\"@id\":\"https:\/\/efterklang.org\/#organization\"},\"potentialAction\":[{\"@type\":\"SearchAction\",\"target\":{\"@type\":\"EntryPoint\",\"urlTemplate\":\"https:\/\/efterklang.org\/?s={search_term_string}\"},\"query-input\":\"required name=search_term_string\"}],\"inLanguage\":\"sv-SE\"},{\"@type\":\"Organization\",\"@id\":\"https:\/\/efterklang.org\/#organization\",\"name\":\"Efterklang\",\"url\":\"https:\/\/efterklang.org\/\",\"logo\":{\"@type\":\"ImageObject\",\"inLanguage\":\"sv-SE\",\"@id\":\"https:\/\/efterklang.org\/#\/schema\/logo\/image\/\",\"url\":\"https:\/\/efterklang.org\/wp-content\/uploads\/2021\/10\/Asset-25.svg\",\"contentUrl\":\"https:\/\/efterklang.org\/wp-content\/uploads\/2021\/10\/Asset-25.svg\",\"caption\":\"Efterklang\"},\"image\":{\"@id\":\"https:\/\/efterklang.org\/#\/schema\/logo\/image\/\"}}]}<\/script>\n<!-- \/ Yoast SEO plugin. -->","yoast_head_json":{"title":"\u00c4stad Ving\u00e5rd, Halland - Efterklang","description":"Efterklang har skapat ett ljuddesign-koncept som f\u00f6rst\u00e4rker och adderar till befintliga upplevelser p\u00e5 \u00c4stad Ving\u00e5rd.","robots":{"index":"index","follow":"follow","max-snippet":"max-snippet:-1","max-image-preview":"max-image-preview:large","max-video-preview":"max-video-preview:-1"},"canonical":"https:\/\/efterklang.org\/sv\/projects\/astad-vingard\/","og_locale":"sv_SE","og_type":"article","og_title":"\u00c4stad Ving\u00e5rd, Halland - Efterklang","og_description":"Efterklang har skapat ett ljuddesign-koncept som f\u00f6rst\u00e4rker och adderar till befintliga upplevelser p\u00e5 \u00c4stad Ving\u00e5rd.","og_url":"https:\/\/efterklang.org\/sv\/projects\/astad-vingard\/","og_site_name":"Efterklang","article_modified_time":"2024-07-03T11:10:40+00:00","og_image":[{"width":1920,"height":1280,"url":"https:\/\/efterklang.org\/wp-content\/uploads\/2021\/11\/A\u0308stad-Vinga\u030ard-8.jpg","type":"image\/jpeg"}],"twitter_card":"summary_large_image","twitter_misc":{"Ber\u00e4knad l\u00e4stid":"1 minut"},"schema":{"@context":"https:\/\/schema.org","@graph":[{"@type":"WebPage","@id":"https:\/\/efterklang.org\/sv\/projects\/astad-vingard\/","url":"https:\/\/efterklang.org\/sv\/projects\/astad-vingard\/","name":"\u00c4stad Ving\u00e5rd, Halland - Efterklang","isPartOf":{"@id":"https:\/\/efterklang.org\/#website"},"datePublished":"2021-11-29T16:33:10+00:00","dateModified":"2024-07-03T11:10:40+00:00","description":"Efterklang har skapat ett ljuddesign-koncept som f\u00f6rst\u00e4rker och adderar till befintliga upplevelser p\u00e5 \u00c4stad Ving\u00e5rd.","breadcrumb":{"@id":"https:\/\/efterklang.org\/sv\/projects\/astad-vingard\/#breadcrumb"},"inLanguage":"sv-SE","potentialAction":[{"@type":"ReadAction","target":["https:\/\/efterklang.org\/sv\/projects\/astad-vingard\/"]}]},{"@type":"BreadcrumbList","@id":"https:\/\/efterklang.org\/sv\/projects\/astad-vingard\/#breadcrumb","itemListElement":[{"@type":"ListItem","position":1,"name":"Home","item":"https:\/\/efterklang.org\/sv\/"},{"@type":"ListItem","position":2,"name":"Our projects","item":"https:\/\/efterklang.org\/projects\/?lang=sv"},{"@type":"ListItem","position":3,"name":"\u00c4stad Ving\u00e5rd, Halland"}]},{"@type":"WebSite","@id":"https:\/\/efterklang.org\/#website","url":"https:\/\/efterklang.org\/","name":"Efterklang","description":"P\u00e5 Efterklang designar och s\u00e4krar vi ljudmilj\u00f6er.","publisher":{"@id":"https:\/\/efterklang.org\/#organization"},"potentialAction":[{"@type":"SearchAction","target":{"@type":"EntryPoint","urlTemplate":"https:\/\/efterklang.org\/?s={search_term_string}"},"query-input":"required name=search_term_string"}],"inLanguage":"sv-SE"},{"@type":"Organization","@id":"https:\/\/efterklang.org\/#organization","name":"Efterklang","url":"https:\/\/efterklang.org\/","logo":{"@type":"ImageObject","inLanguage":"sv-SE","@id":"https:\/\/efterklang.org\/#\/schema\/logo\/image\/","url":"https:\/\/efterklang.org\/wp-content\/uploads\/2021\/10\/Asset-25.svg","contentUrl":"https:\/\/efterklang.org\/wp-content\/uploads\/2021\/10\/Asset-25.svg","caption":"Efterklang"},"image":{"@id":"https:\/\/efterklang.org\/#\/schema\/logo\/image\/"}}]}},"_links":{"self":[{"href":"https:\/\/efterklang.org\/sv\/wp-json\/wp\/v2\/projects\/4479","targetHints":{"allow":["GET"]}}],"collection":[{"href":"https:\/\/efterklang.org\/sv\/wp-json\/wp\/v2\/projects"}],"about":[{"href":"https:\/\/efterklang.org\/sv\/wp-json\/wp\/v2\/types\/projects"}],"version-history":[{"count":8,"href":"https:\/\/efterklang.org\/sv\/wp-json\/wp\/v2\/projects\/4479\/revisions"}],"predecessor-version":[{"id":13141,"href":"https:\/\/efterklang.org\/sv\/wp-json\/wp\/v2\/projects\/4479\/revisions\/13141"}],"wp:featuredmedia":[{"embeddable":true,"href":"https:\/\/efterklang.org\/sv\/wp-json\/wp\/v2\/media\/2671"}],"wp:attachment":[{"href":"https:\/\/efterklang.org\/sv\/wp-json\/wp\/v2\/media?parent=4479"}],"wp:term":[{"taxonomy":"project_category","embeddable":true,"href":"https:\/\/efterklang.org\/sv\/wp-json\/wp\/v2\/project_category?post=4479"},{"taxonomy":"country","embeddable":true,"href":"https:\/\/efterklang.org\/sv\/wp-json\/wp\/v2\/country?post=4479"},{"taxonomy":"sector","embeddable":true,"href":"https:\/\/efterklang.org\/sv\/wp-json\/wp\/v2\/sector?post=4479"}],"curies":[{"name":"wp","href":"https:\/\/api.w.org\/{rel}","templated":true}]}}