{"id":4458,"date":"2021-12-02T08:55:33","date_gmt":"2021-12-02T13:55:33","guid":{"rendered":"http:\/\/efterklang.org.hemsida.eu\/?post_type=projects&#038;p=4458"},"modified":"2024-09-23T09:10:43","modified_gmt":"2024-09-23T07:10:43","slug":"ljudmurar-helsingborg","status":"publish","type":"projects","link":"https:\/\/efterklang.org\/sv\/projects\/ljudmurar-helsingborg\/","title":{"rendered":"Ljudmurar, Helsingborg"},"content":{"rendered":"<h6>Bakgrund<\/h6>\n<p class=\"p1\"><span class=\"s1\">Efterklang har tillsammans med AFRYs landskapsarkitekter formgett bullerskydds\u00e5tg\u00e4rder f\u00f6r Helsingborgs Stad. Tv\u00e5 ljudmurar har projekterats och uppf\u00f6rts p\u00e5 tv\u00e5 olika platser i staden.<\/span><\/p>\n<h6>Uppdrag<\/h6>\n<p class=\"p1\"><span class=\"s1\">Ljudmuren vid Eneborgsplatsen \u00e4r en l\u00e5g sk\u00e4rm i tegel likt n\u00e4rliggande bost\u00e4ders fasader. Muren \u00e4r formad som ett \u201dT\u201d och \u00e4r designad f\u00f6r att d\u00e4mpa d\u00e4ckbuller fr\u00e5n v\u00e4gen. Ljudd\u00e4mpningen kommer fr\u00e5n tegelmurens sk\u00e4rmning, det utstickande kr\u00f6net, den absorberande sedumytan p\u00e5 toppen, ett oj\u00e4mnt diffuserande tegelm\u00f6nster och en absorberande k\u00e4rna av tr\u00e4ullit.<\/span><\/p>\n<p class=\"p1\"><span class=\"s1\">M\u00e5let med ljudmuren \u00e4r att d\u00e4mpa buller i en park bredvid v\u00e4gen, d\u00e4rf\u00f6r finns \u00e4ven tegelmurar i parkens kant. F\u00f6r projektet s\u00e5 var det viktigaste att det ej fick vara en h\u00f6g sk\u00e4rm d\u00e5 parken redan anses otrygg och inte fick bli mer otrygg.<\/span><\/p>\n<p class=\"p1\"><span class=\"s1\">Vid L\u00e4gerv\u00e4gen \u00e4r det uppf\u00f6rt bullerskydd i form av stenmurar och vallar. V\u00e4gn\u00e4ra gabioner och vallar g\u00e5r omlott och ska minska trafikbuller f\u00f6r boende l\u00e4ngs med v\u00e4gen. Denna utformning \u00e4r uppf\u00f6rt i st\u00e4llet f\u00f6r en h\u00f6g bullersk\u00e4rm och \u00e4r d\u00e4rmed en skydds\u00e5tg\u00e4rd som harmonierar med det gr\u00f6nskande landskapet omkring.<\/span><\/p>\n<h6>Resultat<\/h6>\n<p class=\"p1\"><span class=\"s1\">Ljudmurarna sm\u00e4lter in i de urbana milj\u00f6erna och \u00e4r inte st\u00f6rande f\u00f6r \u00f6gat. Ljudmuren vid Eneborgsplatsen har med sin utformning lika stor ljudd\u00e4mpande effekt som en tv\u00e5 meter h\u00f6g sk\u00e4rm.<\/span><\/p>\n","protected":false},"featured_media":4216,"template":"","project_category":[235,302,306],"country":[333],"sector":[342,378],"class_list":["post-4458","projects","type-projects","status-publish","has-post-thumbnail","hentry","project_category-buller","project_category-bullermatning","project_category-bullerutredning","country-sverigesweden-sv","sector-stadsutveckling","sector-vag"],"acf":[],"yoast_head":"<!-- This site is optimized with the Yoast SEO plugin v22.1 - https:\/\/yoast.com\/wordpress\/plugins\/seo\/ -->\n<title>Ljudmurar, Helsingborg - Efterklang<\/title>\n<meta name=\"description\" content=\"P\u00e5 uppdrag av Helsingborg Stad har Efterklang tillsammans med AFRYs landskapsarkitekter formgett bullerskydds\u00e5tg\u00e4rder i staden.\" \/>\n<meta name=\"robots\" content=\"index, follow, max-snippet:-1, max-image-preview:large, max-video-preview:-1\" \/>\n<link rel=\"canonical\" href=\"https:\/\/efterklang.org\/sv\/projects\/ljudmurar-helsingborg\/\" \/>\n<meta property=\"og:locale\" content=\"sv_SE\" \/>\n<meta property=\"og:type\" content=\"article\" \/>\n<meta property=\"og:title\" content=\"Ljudmurar, Helsingborg - Efterklang\" \/>\n<meta property=\"og:description\" content=\"P\u00e5 uppdrag av Helsingborg Stad har Efterklang tillsammans med AFRYs landskapsarkitekter formgett bullerskydds\u00e5tg\u00e4rder i staden.\" \/>\n<meta property=\"og:url\" content=\"https:\/\/efterklang.org\/sv\/projects\/ljudmurar-helsingborg\/\" \/>\n<meta property=\"og:site_name\" content=\"Efterklang\" \/>\n<meta property=\"article:modified_time\" content=\"2024-09-23T07:10:43+00:00\" \/>\n<meta property=\"og:image\" content=\"https:\/\/efterklang.org\/wp-content\/uploads\/2021\/12\/Ljudmuren-1.jpg\" \/>\n\t<meta property=\"og:image:width\" content=\"6672\" \/>\n\t<meta property=\"og:image:height\" content=\"4748\" \/>\n\t<meta property=\"og:image:type\" content=\"image\/jpeg\" \/>\n<meta name=\"twitter:card\" content=\"summary_large_image\" \/>\n<meta name=\"twitter:label1\" content=\"Ber\u00e4knad l\u00e4stid\" \/>\n\t<meta name=\"twitter:data1\" content=\"1 minut\" \/>\n<script type=\"application\/ld+json\" class=\"yoast-schema-graph\">{\"@context\":\"https:\/\/schema.org\",\"@graph\":[{\"@type\":\"WebPage\",\"@id\":\"https:\/\/efterklang.org\/sv\/projects\/ljudmurar-helsingborg\/\",\"url\":\"https:\/\/efterklang.org\/sv\/projects\/ljudmurar-helsingborg\/\",\"name\":\"Ljudmurar, Helsingborg - Efterklang\",\"isPartOf\":{\"@id\":\"https:\/\/efterklang.org\/#website\"},\"datePublished\":\"2021-12-02T13:55:33+00:00\",\"dateModified\":\"2024-09-23T07:10:43+00:00\",\"description\":\"P\u00e5 uppdrag av Helsingborg Stad har Efterklang tillsammans med AFRYs landskapsarkitekter formgett bullerskydds\u00e5tg\u00e4rder i staden.\",\"breadcrumb\":{\"@id\":\"https:\/\/efterklang.org\/sv\/projects\/ljudmurar-helsingborg\/#breadcrumb\"},\"inLanguage\":\"sv-SE\",\"potentialAction\":[{\"@type\":\"ReadAction\",\"target\":[\"https:\/\/efterklang.org\/sv\/projects\/ljudmurar-helsingborg\/\"]}]},{\"@type\":\"BreadcrumbList\",\"@id\":\"https:\/\/efterklang.org\/sv\/projects\/ljudmurar-helsingborg\/#breadcrumb\",\"itemListElement\":[{\"@type\":\"ListItem\",\"position\":1,\"name\":\"Home\",\"item\":\"https:\/\/efterklang.org\/sv\/\"},{\"@type\":\"ListItem\",\"position\":2,\"name\":\"Our projects\",\"item\":\"https:\/\/efterklang.org\/projects\/?lang=sv\"},{\"@type\":\"ListItem\",\"position\":3,\"name\":\"Ljudmurar, Helsingborg\"}]},{\"@type\":\"WebSite\",\"@id\":\"https:\/\/efterklang.org\/#website\",\"url\":\"https:\/\/efterklang.org\/\",\"name\":\"Efterklang\",\"description\":\"P\u00e5 Efterklang designar och s\u00e4krar vi ljudmilj\u00f6er.\",\"publisher\":{\"@id\":\"https:\/\/efterklang.org\/#organization\"},\"potentialAction\":[{\"@type\":\"SearchAction\",\"target\":{\"@type\":\"EntryPoint\",\"urlTemplate\":\"https:\/\/efterklang.org\/?s={search_term_string}\"},\"query-input\":\"required name=search_term_string\"}],\"inLanguage\":\"sv-SE\"},{\"@type\":\"Organization\",\"@id\":\"https:\/\/efterklang.org\/#organization\",\"name\":\"Efterklang\",\"url\":\"https:\/\/efterklang.org\/\",\"logo\":{\"@type\":\"ImageObject\",\"inLanguage\":\"sv-SE\",\"@id\":\"https:\/\/efterklang.org\/#\/schema\/logo\/image\/\",\"url\":\"https:\/\/efterklang.org\/wp-content\/uploads\/2021\/10\/Asset-25.svg\",\"contentUrl\":\"https:\/\/efterklang.org\/wp-content\/uploads\/2021\/10\/Asset-25.svg\",\"caption\":\"Efterklang\"},\"image\":{\"@id\":\"https:\/\/efterklang.org\/#\/schema\/logo\/image\/\"}}]}<\/script>\n<!-- \/ Yoast SEO plugin. -->","yoast_head_json":{"title":"Ljudmurar, Helsingborg - Efterklang","description":"P\u00e5 uppdrag av Helsingborg Stad har Efterklang tillsammans med AFRYs landskapsarkitekter formgett bullerskydds\u00e5tg\u00e4rder i staden.","robots":{"index":"index","follow":"follow","max-snippet":"max-snippet:-1","max-image-preview":"max-image-preview:large","max-video-preview":"max-video-preview:-1"},"canonical":"https:\/\/efterklang.org\/sv\/projects\/ljudmurar-helsingborg\/","og_locale":"sv_SE","og_type":"article","og_title":"Ljudmurar, Helsingborg - Efterklang","og_description":"P\u00e5 uppdrag av Helsingborg Stad har Efterklang tillsammans med AFRYs landskapsarkitekter formgett bullerskydds\u00e5tg\u00e4rder i staden.","og_url":"https:\/\/efterklang.org\/sv\/projects\/ljudmurar-helsingborg\/","og_site_name":"Efterklang","article_modified_time":"2024-09-23T07:10:43+00:00","og_image":[{"width":6672,"height":4748,"url":"https:\/\/efterklang.org\/wp-content\/uploads\/2021\/12\/Ljudmuren-1.jpg","type":"image\/jpeg"}],"twitter_card":"summary_large_image","twitter_misc":{"Ber\u00e4knad l\u00e4stid":"1 minut"},"schema":{"@context":"https:\/\/schema.org","@graph":[{"@type":"WebPage","@id":"https:\/\/efterklang.org\/sv\/projects\/ljudmurar-helsingborg\/","url":"https:\/\/efterklang.org\/sv\/projects\/ljudmurar-helsingborg\/","name":"Ljudmurar, Helsingborg - Efterklang","isPartOf":{"@id":"https:\/\/efterklang.org\/#website"},"datePublished":"2021-12-02T13:55:33+00:00","dateModified":"2024-09-23T07:10:43+00:00","description":"P\u00e5 uppdrag av Helsingborg Stad har Efterklang tillsammans med AFRYs landskapsarkitekter formgett bullerskydds\u00e5tg\u00e4rder i staden.","breadcrumb":{"@id":"https:\/\/efterklang.org\/sv\/projects\/ljudmurar-helsingborg\/#breadcrumb"},"inLanguage":"sv-SE","potentialAction":[{"@type":"ReadAction","target":["https:\/\/efterklang.org\/sv\/projects\/ljudmurar-helsingborg\/"]}]},{"@type":"BreadcrumbList","@id":"https:\/\/efterklang.org\/sv\/projects\/ljudmurar-helsingborg\/#breadcrumb","itemListElement":[{"@type":"ListItem","position":1,"name":"Home","item":"https:\/\/efterklang.org\/sv\/"},{"@type":"ListItem","position":2,"name":"Our projects","item":"https:\/\/efterklang.org\/projects\/?lang=sv"},{"@type":"ListItem","position":3,"name":"Ljudmurar, Helsingborg"}]},{"@type":"WebSite","@id":"https:\/\/efterklang.org\/#website","url":"https:\/\/efterklang.org\/","name":"Efterklang","description":"P\u00e5 Efterklang designar och s\u00e4krar vi ljudmilj\u00f6er.","publisher":{"@id":"https:\/\/efterklang.org\/#organization"},"potentialAction":[{"@type":"SearchAction","target":{"@type":"EntryPoint","urlTemplate":"https:\/\/efterklang.org\/?s={search_term_string}"},"query-input":"required name=search_term_string"}],"inLanguage":"sv-SE"},{"@type":"Organization","@id":"https:\/\/efterklang.org\/#organization","name":"Efterklang","url":"https:\/\/efterklang.org\/","logo":{"@type":"ImageObject","inLanguage":"sv-SE","@id":"https:\/\/efterklang.org\/#\/schema\/logo\/image\/","url":"https:\/\/efterklang.org\/wp-content\/uploads\/2021\/10\/Asset-25.svg","contentUrl":"https:\/\/efterklang.org\/wp-content\/uploads\/2021\/10\/Asset-25.svg","caption":"Efterklang"},"image":{"@id":"https:\/\/efterklang.org\/#\/schema\/logo\/image\/"}}]}},"_links":{"self":[{"href":"https:\/\/efterklang.org\/sv\/wp-json\/wp\/v2\/projects\/4458","targetHints":{"allow":["GET"]}}],"collection":[{"href":"https:\/\/efterklang.org\/sv\/wp-json\/wp\/v2\/projects"}],"about":[{"href":"https:\/\/efterklang.org\/sv\/wp-json\/wp\/v2\/types\/projects"}],"version-history":[{"count":9,"href":"https:\/\/efterklang.org\/sv\/wp-json\/wp\/v2\/projects\/4458\/revisions"}],"predecessor-version":[{"id":13792,"href":"https:\/\/efterklang.org\/sv\/wp-json\/wp\/v2\/projects\/4458\/revisions\/13792"}],"wp:featuredmedia":[{"embeddable":true,"href":"https:\/\/efterklang.org\/sv\/wp-json\/wp\/v2\/media\/4216"}],"wp:attachment":[{"href":"https:\/\/efterklang.org\/sv\/wp-json\/wp\/v2\/media?parent=4458"}],"wp:term":[{"taxonomy":"project_category","embeddable":true,"href":"https:\/\/efterklang.org\/sv\/wp-json\/wp\/v2\/project_category?post=4458"},{"taxonomy":"country","embeddable":true,"href":"https:\/\/efterklang.org\/sv\/wp-json\/wp\/v2\/country?post=4458"},{"taxonomy":"sector","embeddable":true,"href":"https:\/\/efterklang.org\/sv\/wp-json\/wp\/v2\/sector?post=4458"}],"curies":[{"name":"wp","href":"https:\/\/api.w.org\/{rel}","templated":true}]}}