{"id":4446,"date":"2021-11-25T11:15:00","date_gmt":"2021-11-25T16:15:00","guid":{"rendered":"http:\/\/efterklang.org.hemsida.eu\/projects\/kv-bruket-malmo\/"},"modified":"2021-12-08T15:43:07","modified_gmt":"2021-12-08T20:43:07","slug":"kv-bruket-malmo","status":"publish","type":"projects","link":"https:\/\/efterklang.org\/sv\/projects\/kv-bruket-malmo\/","title":{"rendered":"Kv Bruket, Malm\u00f6"},"content":{"rendered":"<h6>Bakgrund<\/h6>\n<p class=\"p1\"><span class=\"s1\">Limhamns hamnomr\u00e5de i Malm\u00f6 \u00e4r klassisk industrimark d\u00e4r Cementa bedrev verksamhet i 90 \u00e5r. Sedan 2016 har det gamla cementfabriksomr\u00e5det genomg\u00e5tt en stor omvandling fr\u00e5n industri till popul\u00e4r stadsdel med bost\u00e4der, skolor och butiker under ben\u00e4mningen Limhamns Sj\u00f6stad.  <\/span><\/p>\n<p class=\"p1\"><span class=\"s1\">JM uppf\u00f6r Kv Bruket bara 150 meter fr\u00e5n kajkanten, det nya flerbostadshuset planeras vara klart f\u00f6r inflyttning i 2023. <\/span><\/p>\n<h6>Uppdrag<\/h6>\n<p class=\"p1\"><span class=\"s1\">I samband med bygget utf\u00f6rdes markarbeten, fr\u00e4mst spontning och p\u00e5lning, vilket alstrar vibrationer som kan utg\u00f6ra risk f\u00f6r skada p\u00e5 omkringliggande bebyggelse. Efterklang fick i uppdrag av JM att uppr\u00e4tta riskanalyser avseende vibrationsp\u00e5verkan, sprickbesiktningar och \u00f6vervakande av vibrationsm\u00e4tningar p\u00e5 n\u00e4rliggande bostadsbyggnader i Limhamns Sj\u00f6stad. <\/span><\/p>\n<h6>Resultat<\/h6>\n<p class=\"p1\"><span class=\"s1\">Genom Efterklangs vibrations\u00f6vervakning kunde entrepren\u00f6ren s\u00e4kerst\u00e4lla att kringliggande bebyggelse inte tog skada av vibrationer i samband med spontning och p\u00e5lning. Uppsatta m\u00e4tare kunde skicka larm ifall vibrationsniv\u00e5erna b\u00f6rjade n\u00e4rma sig g\u00e4llande riktv\u00e4rden och entrepren\u00f6ren kunde d\u00e5 enkelt anpassa och planera sitt arbete f\u00f6r att \u00f6verh\u00e5lla riktlinjer f\u00f6r vibrationer.  <\/span><\/p>\n","protected":false},"featured_media":3580,"template":"","project_category":[245,240,248],"country":[333],"sector":[372,342],"class_list":["post-4446","projects","type-projects","status-publish","has-post-thumbnail","hentry","project_category-riskanalys","project_category-vibrationer","project_category-vibrationsovervakning","country-sverigesweden-sv","sector-bostader","sector-stadsutveckling"],"acf":[],"yoast_head":"<!-- This site is optimized with the Yoast SEO plugin v22.1 - https:\/\/yoast.com\/wordpress\/plugins\/seo\/ -->\n<title>Kv Bruket, Malm\u00f6 - Efterklang<\/title>\n<meta name=\"description\" content=\"Efterklang fick i uppdrag att uppr\u00e4tta riskanalyser avseende vibrationsp\u00e5verkan, sprickbesiktningar och \u00f6vervaka vibrationsm\u00e4tningar i byggskedet f\u00f6r Kv Bruket i Malm\u00f6.\" \/>\n<meta name=\"robots\" content=\"index, follow, max-snippet:-1, max-image-preview:large, max-video-preview:-1\" \/>\n<link rel=\"canonical\" href=\"https:\/\/efterklang.org\/sv\/projects\/kv-bruket-malmo\/\" \/>\n<meta property=\"og:locale\" content=\"sv_SE\" \/>\n<meta property=\"og:type\" content=\"article\" \/>\n<meta property=\"og:title\" content=\"Kv Bruket, Malm\u00f6 - Efterklang\" \/>\n<meta property=\"og:description\" content=\"Efterklang fick i uppdrag att uppr\u00e4tta riskanalyser avseende vibrationsp\u00e5verkan, sprickbesiktningar och \u00f6vervaka vibrationsm\u00e4tningar i byggskedet f\u00f6r Kv Bruket i Malm\u00f6.\" \/>\n<meta property=\"og:url\" content=\"https:\/\/efterklang.org\/sv\/projects\/kv-bruket-malmo\/\" \/>\n<meta property=\"og:site_name\" content=\"Efterklang\" \/>\n<meta property=\"article:modified_time\" content=\"2021-12-08T20:43:07+00:00\" \/>\n<meta property=\"og:image\" content=\"https:\/\/efterklang.org\/wp-content\/uploads\/2021\/11\/Kv-Bruket-Limhamn.jpg\" \/>\n\t<meta property=\"og:image:width\" content=\"5472\" \/>\n\t<meta property=\"og:image:height\" content=\"3648\" \/>\n\t<meta property=\"og:image:type\" content=\"image\/jpeg\" \/>\n<meta name=\"twitter:card\" content=\"summary_large_image\" \/>\n<meta name=\"twitter:label1\" content=\"Ber\u00e4knad l\u00e4stid\" \/>\n\t<meta name=\"twitter:data1\" content=\"1 minut\" \/>\n<script type=\"application\/ld+json\" class=\"yoast-schema-graph\">{\"@context\":\"https:\/\/schema.org\",\"@graph\":[{\"@type\":\"WebPage\",\"@id\":\"https:\/\/efterklang.org\/sv\/projects\/kv-bruket-malmo\/\",\"url\":\"https:\/\/efterklang.org\/sv\/projects\/kv-bruket-malmo\/\",\"name\":\"Kv Bruket, Malm\u00f6 - Efterklang\",\"isPartOf\":{\"@id\":\"https:\/\/efterklang.org\/#website\"},\"datePublished\":\"2021-11-25T16:15:00+00:00\",\"dateModified\":\"2021-12-08T20:43:07+00:00\",\"description\":\"Efterklang fick i uppdrag att uppr\u00e4tta riskanalyser avseende vibrationsp\u00e5verkan, sprickbesiktningar och \u00f6vervaka vibrationsm\u00e4tningar i byggskedet f\u00f6r Kv Bruket i Malm\u00f6.\",\"breadcrumb\":{\"@id\":\"https:\/\/efterklang.org\/sv\/projects\/kv-bruket-malmo\/#breadcrumb\"},\"inLanguage\":\"sv-SE\",\"potentialAction\":[{\"@type\":\"ReadAction\",\"target\":[\"https:\/\/efterklang.org\/sv\/projects\/kv-bruket-malmo\/\"]}]},{\"@type\":\"BreadcrumbList\",\"@id\":\"https:\/\/efterklang.org\/sv\/projects\/kv-bruket-malmo\/#breadcrumb\",\"itemListElement\":[{\"@type\":\"ListItem\",\"position\":1,\"name\":\"Home\",\"item\":\"https:\/\/efterklang.org\/sv\/\"},{\"@type\":\"ListItem\",\"position\":2,\"name\":\"Our projects\",\"item\":\"https:\/\/efterklang.org\/projects\/?lang=sv\"},{\"@type\":\"ListItem\",\"position\":3,\"name\":\"Kv Bruket, Malm\u00f6\"}]},{\"@type\":\"WebSite\",\"@id\":\"https:\/\/efterklang.org\/#website\",\"url\":\"https:\/\/efterklang.org\/\",\"name\":\"Efterklang\",\"description\":\"P\u00e5 Efterklang designar och s\u00e4krar vi ljudmilj\u00f6er.\",\"publisher\":{\"@id\":\"https:\/\/efterklang.org\/#organization\"},\"potentialAction\":[{\"@type\":\"SearchAction\",\"target\":{\"@type\":\"EntryPoint\",\"urlTemplate\":\"https:\/\/efterklang.org\/?s={search_term_string}\"},\"query-input\":\"required name=search_term_string\"}],\"inLanguage\":\"sv-SE\"},{\"@type\":\"Organization\",\"@id\":\"https:\/\/efterklang.org\/#organization\",\"name\":\"Efterklang\",\"url\":\"https:\/\/efterklang.org\/\",\"logo\":{\"@type\":\"ImageObject\",\"inLanguage\":\"sv-SE\",\"@id\":\"https:\/\/efterklang.org\/#\/schema\/logo\/image\/\",\"url\":\"https:\/\/efterklang.org\/wp-content\/uploads\/2021\/10\/Asset-25.svg\",\"contentUrl\":\"https:\/\/efterklang.org\/wp-content\/uploads\/2021\/10\/Asset-25.svg\",\"caption\":\"Efterklang\"},\"image\":{\"@id\":\"https:\/\/efterklang.org\/#\/schema\/logo\/image\/\"}}]}<\/script>\n<!-- \/ Yoast SEO plugin. -->","yoast_head_json":{"title":"Kv Bruket, Malm\u00f6 - Efterklang","description":"Efterklang fick i uppdrag att uppr\u00e4tta riskanalyser avseende vibrationsp\u00e5verkan, sprickbesiktningar och \u00f6vervaka vibrationsm\u00e4tningar i byggskedet f\u00f6r Kv Bruket i Malm\u00f6.","robots":{"index":"index","follow":"follow","max-snippet":"max-snippet:-1","max-image-preview":"max-image-preview:large","max-video-preview":"max-video-preview:-1"},"canonical":"https:\/\/efterklang.org\/sv\/projects\/kv-bruket-malmo\/","og_locale":"sv_SE","og_type":"article","og_title":"Kv Bruket, Malm\u00f6 - Efterklang","og_description":"Efterklang fick i uppdrag att uppr\u00e4tta riskanalyser avseende vibrationsp\u00e5verkan, sprickbesiktningar och \u00f6vervaka vibrationsm\u00e4tningar i byggskedet f\u00f6r Kv Bruket i Malm\u00f6.","og_url":"https:\/\/efterklang.org\/sv\/projects\/kv-bruket-malmo\/","og_site_name":"Efterklang","article_modified_time":"2021-12-08T20:43:07+00:00","og_image":[{"width":5472,"height":3648,"url":"https:\/\/efterklang.org\/wp-content\/uploads\/2021\/11\/Kv-Bruket-Limhamn.jpg","type":"image\/jpeg"}],"twitter_card":"summary_large_image","twitter_misc":{"Ber\u00e4knad l\u00e4stid":"1 minut"},"schema":{"@context":"https:\/\/schema.org","@graph":[{"@type":"WebPage","@id":"https:\/\/efterklang.org\/sv\/projects\/kv-bruket-malmo\/","url":"https:\/\/efterklang.org\/sv\/projects\/kv-bruket-malmo\/","name":"Kv Bruket, Malm\u00f6 - Efterklang","isPartOf":{"@id":"https:\/\/efterklang.org\/#website"},"datePublished":"2021-11-25T16:15:00+00:00","dateModified":"2021-12-08T20:43:07+00:00","description":"Efterklang fick i uppdrag att uppr\u00e4tta riskanalyser avseende vibrationsp\u00e5verkan, sprickbesiktningar och \u00f6vervaka vibrationsm\u00e4tningar i byggskedet f\u00f6r Kv Bruket i Malm\u00f6.","breadcrumb":{"@id":"https:\/\/efterklang.org\/sv\/projects\/kv-bruket-malmo\/#breadcrumb"},"inLanguage":"sv-SE","potentialAction":[{"@type":"ReadAction","target":["https:\/\/efterklang.org\/sv\/projects\/kv-bruket-malmo\/"]}]},{"@type":"BreadcrumbList","@id":"https:\/\/efterklang.org\/sv\/projects\/kv-bruket-malmo\/#breadcrumb","itemListElement":[{"@type":"ListItem","position":1,"name":"Home","item":"https:\/\/efterklang.org\/sv\/"},{"@type":"ListItem","position":2,"name":"Our projects","item":"https:\/\/efterklang.org\/projects\/?lang=sv"},{"@type":"ListItem","position":3,"name":"Kv Bruket, Malm\u00f6"}]},{"@type":"WebSite","@id":"https:\/\/efterklang.org\/#website","url":"https:\/\/efterklang.org\/","name":"Efterklang","description":"P\u00e5 Efterklang designar och s\u00e4krar vi ljudmilj\u00f6er.","publisher":{"@id":"https:\/\/efterklang.org\/#organization"},"potentialAction":[{"@type":"SearchAction","target":{"@type":"EntryPoint","urlTemplate":"https:\/\/efterklang.org\/?s={search_term_string}"},"query-input":"required name=search_term_string"}],"inLanguage":"sv-SE"},{"@type":"Organization","@id":"https:\/\/efterklang.org\/#organization","name":"Efterklang","url":"https:\/\/efterklang.org\/","logo":{"@type":"ImageObject","inLanguage":"sv-SE","@id":"https:\/\/efterklang.org\/#\/schema\/logo\/image\/","url":"https:\/\/efterklang.org\/wp-content\/uploads\/2021\/10\/Asset-25.svg","contentUrl":"https:\/\/efterklang.org\/wp-content\/uploads\/2021\/10\/Asset-25.svg","caption":"Efterklang"},"image":{"@id":"https:\/\/efterklang.org\/#\/schema\/logo\/image\/"}}]}},"_links":{"self":[{"href":"https:\/\/efterklang.org\/sv\/wp-json\/wp\/v2\/projects\/4446","targetHints":{"allow":["GET"]}}],"collection":[{"href":"https:\/\/efterklang.org\/sv\/wp-json\/wp\/v2\/projects"}],"about":[{"href":"https:\/\/efterklang.org\/sv\/wp-json\/wp\/v2\/types\/projects"}],"version-history":[{"count":5,"href":"https:\/\/efterklang.org\/sv\/wp-json\/wp\/v2\/projects\/4446\/revisions"}],"predecessor-version":[{"id":5233,"href":"https:\/\/efterklang.org\/sv\/wp-json\/wp\/v2\/projects\/4446\/revisions\/5233"}],"wp:featuredmedia":[{"embeddable":true,"href":"https:\/\/efterklang.org\/sv\/wp-json\/wp\/v2\/media\/3580"}],"wp:attachment":[{"href":"https:\/\/efterklang.org\/sv\/wp-json\/wp\/v2\/media?parent=4446"}],"wp:term":[{"taxonomy":"project_category","embeddable":true,"href":"https:\/\/efterklang.org\/sv\/wp-json\/wp\/v2\/project_category?post=4446"},{"taxonomy":"country","embeddable":true,"href":"https:\/\/efterklang.org\/sv\/wp-json\/wp\/v2\/country?post=4446"},{"taxonomy":"sector","embeddable":true,"href":"https:\/\/efterklang.org\/sv\/wp-json\/wp\/v2\/sector?post=4446"}],"curies":[{"name":"wp","href":"https:\/\/api.w.org\/{rel}","templated":true}]}}