{"id":4324,"date":"2021-11-25T05:39:41","date_gmt":"2021-11-25T10:39:41","guid":{"rendered":"http:\/\/efterklang.org.hemsida.eu\/projects\/port-of-trelleborg\/"},"modified":"2021-12-06T09:08:01","modified_gmt":"2021-12-06T14:08:01","slug":"trelleborgs-hamn","status":"publish","type":"projects","link":"https:\/\/efterklang.org\/sv\/projects\/trelleborgs-hamn\/","title":{"rendered":"Trelleborgs Hamn"},"content":{"rendered":"<h6>Bakgrund<\/h6>\n<p class=\"p1\"><span class=\"s1\">Trelleborgs Hamn AB bedriver hamn- och terminalverksamhet i Trelleborg och \u00e4r Skandinaviens st\u00f6rsta RoRo- och f\u00e4rjehamn. I hamnen bedrivs verksamhet dygnet runt. <\/span><\/p>\n<h6>Uppdrag<\/h6>\n<p class=\"p1\"><span class=\"s1\">Sedan \u00e5r 2000 har Efterklang konsulterat hamnen kring externbullerutredningar f\u00f6r milj\u00f6tillst\u00e5nd. I milj\u00f6tillst\u00e5ndet finns villkorsgivna niv\u00e5er f\u00f6r h\u00f6gsta bullersspridning samt krav p\u00e5 uppf\u00f6ljning av buller. Trelleborgs hamn \u00e4r placerad centralt i staden och med det finns risk f\u00f6r bullerspridning till omgivningen. I samband med exploateringsplaner f\u00f6r delar av hamnomr\u00e5det, har nya kartl\u00e4ggningar utf\u00f6rts som underlag till en milj\u00f6konsekvensbeskrivning. <\/span><\/p>\n<h6>Resultat<\/h6>\n<p class=\"p1\"><span class=\"s1\">Genom m\u00e5ng\u00e5rig erfarenhet av samarbete med hamnoperat\u00f6rer, har Efterklang mycket goda kunskaper om buller vid hamnverksamhet. <\/span><\/p>\n","protected":false},"featured_media":3622,"template":"","project_category":[235,302,306,312],"country":[333],"sector":[360],"class_list":["post-4324","projects","type-projects","status-publish","has-post-thumbnail","hentry","project_category-buller","project_category-bullermatning","project_category-bullerutredning","project_category-atgardsforslag","country-sverigesweden-sv","sector-sjofart"],"acf":[],"yoast_head":"<!-- This site is optimized with the Yoast SEO plugin v22.1 - https:\/\/yoast.com\/wordpress\/plugins\/seo\/ -->\n<title>Trelleborgs Hamn - Efterklang<\/title>\n<meta name=\"description\" content=\"Sedan \u00e5r 2000 har Efterklang konsulterat Trelleborgs hamn kring externbullerutredningar f\u00f6r milj\u00f6tillst\u00e5nd.\" \/>\n<meta name=\"robots\" content=\"index, follow, max-snippet:-1, max-image-preview:large, max-video-preview:-1\" \/>\n<link rel=\"canonical\" href=\"https:\/\/efterklang.org\/sv\/projects\/trelleborgs-hamn\/\" \/>\n<meta property=\"og:locale\" content=\"sv_SE\" \/>\n<meta property=\"og:type\" content=\"article\" \/>\n<meta property=\"og:title\" content=\"Trelleborgs Hamn - Efterklang\" \/>\n<meta property=\"og:description\" content=\"Sedan \u00e5r 2000 har Efterklang konsulterat Trelleborgs hamn kring externbullerutredningar f\u00f6r milj\u00f6tillst\u00e5nd.\" \/>\n<meta property=\"og:url\" content=\"https:\/\/efterklang.org\/sv\/projects\/trelleborgs-hamn\/\" \/>\n<meta property=\"og:site_name\" content=\"Efterklang\" \/>\n<meta property=\"article:modified_time\" content=\"2021-12-06T14:08:01+00:00\" \/>\n<meta property=\"og:image\" content=\"https:\/\/efterklang.org\/wp-content\/uploads\/2021\/11\/Port-of-Trelleborg.jpg\" \/>\n\t<meta property=\"og:image:width\" content=\"6672\" \/>\n\t<meta property=\"og:image:height\" content=\"4748\" \/>\n\t<meta property=\"og:image:type\" content=\"image\/jpeg\" \/>\n<meta name=\"twitter:card\" content=\"summary_large_image\" \/>\n<meta name=\"twitter:label1\" content=\"Ber\u00e4knad l\u00e4stid\" \/>\n\t<meta name=\"twitter:data1\" content=\"1 minut\" \/>\n<script type=\"application\/ld+json\" class=\"yoast-schema-graph\">{\"@context\":\"https:\/\/schema.org\",\"@graph\":[{\"@type\":\"WebPage\",\"@id\":\"https:\/\/efterklang.org\/sv\/projects\/trelleborgs-hamn\/\",\"url\":\"https:\/\/efterklang.org\/sv\/projects\/trelleborgs-hamn\/\",\"name\":\"Trelleborgs Hamn - Efterklang\",\"isPartOf\":{\"@id\":\"https:\/\/efterklang.org\/#website\"},\"datePublished\":\"2021-11-25T10:39:41+00:00\",\"dateModified\":\"2021-12-06T14:08:01+00:00\",\"description\":\"Sedan \u00e5r 2000 har Efterklang konsulterat Trelleborgs hamn kring externbullerutredningar f\u00f6r milj\u00f6tillst\u00e5nd.\",\"breadcrumb\":{\"@id\":\"https:\/\/efterklang.org\/sv\/projects\/trelleborgs-hamn\/#breadcrumb\"},\"inLanguage\":\"sv-SE\",\"potentialAction\":[{\"@type\":\"ReadAction\",\"target\":[\"https:\/\/efterklang.org\/sv\/projects\/trelleborgs-hamn\/\"]}]},{\"@type\":\"BreadcrumbList\",\"@id\":\"https:\/\/efterklang.org\/sv\/projects\/trelleborgs-hamn\/#breadcrumb\",\"itemListElement\":[{\"@type\":\"ListItem\",\"position\":1,\"name\":\"Home\",\"item\":\"https:\/\/efterklang.org\/sv\/\"},{\"@type\":\"ListItem\",\"position\":2,\"name\":\"Our projects\",\"item\":\"https:\/\/efterklang.org\/projects\/?lang=sv\"},{\"@type\":\"ListItem\",\"position\":3,\"name\":\"Trelleborgs Hamn\"}]},{\"@type\":\"WebSite\",\"@id\":\"https:\/\/efterklang.org\/#website\",\"url\":\"https:\/\/efterklang.org\/\",\"name\":\"Efterklang\",\"description\":\"P\u00e5 Efterklang designar och s\u00e4krar vi ljudmilj\u00f6er.\",\"publisher\":{\"@id\":\"https:\/\/efterklang.org\/#organization\"},\"potentialAction\":[{\"@type\":\"SearchAction\",\"target\":{\"@type\":\"EntryPoint\",\"urlTemplate\":\"https:\/\/efterklang.org\/?s={search_term_string}\"},\"query-input\":\"required name=search_term_string\"}],\"inLanguage\":\"sv-SE\"},{\"@type\":\"Organization\",\"@id\":\"https:\/\/efterklang.org\/#organization\",\"name\":\"Efterklang\",\"url\":\"https:\/\/efterklang.org\/\",\"logo\":{\"@type\":\"ImageObject\",\"inLanguage\":\"sv-SE\",\"@id\":\"https:\/\/efterklang.org\/#\/schema\/logo\/image\/\",\"url\":\"https:\/\/efterklang.org\/wp-content\/uploads\/2021\/10\/Asset-25.svg\",\"contentUrl\":\"https:\/\/efterklang.org\/wp-content\/uploads\/2021\/10\/Asset-25.svg\",\"caption\":\"Efterklang\"},\"image\":{\"@id\":\"https:\/\/efterklang.org\/#\/schema\/logo\/image\/\"}}]}<\/script>\n<!-- \/ Yoast SEO plugin. -->","yoast_head_json":{"title":"Trelleborgs Hamn - Efterklang","description":"Sedan \u00e5r 2000 har Efterklang konsulterat Trelleborgs hamn kring externbullerutredningar f\u00f6r milj\u00f6tillst\u00e5nd.","robots":{"index":"index","follow":"follow","max-snippet":"max-snippet:-1","max-image-preview":"max-image-preview:large","max-video-preview":"max-video-preview:-1"},"canonical":"https:\/\/efterklang.org\/sv\/projects\/trelleborgs-hamn\/","og_locale":"sv_SE","og_type":"article","og_title":"Trelleborgs Hamn - Efterklang","og_description":"Sedan \u00e5r 2000 har Efterklang konsulterat Trelleborgs hamn kring externbullerutredningar f\u00f6r milj\u00f6tillst\u00e5nd.","og_url":"https:\/\/efterklang.org\/sv\/projects\/trelleborgs-hamn\/","og_site_name":"Efterklang","article_modified_time":"2021-12-06T14:08:01+00:00","og_image":[{"width":6672,"height":4748,"url":"https:\/\/efterklang.org\/wp-content\/uploads\/2021\/11\/Port-of-Trelleborg.jpg","type":"image\/jpeg"}],"twitter_card":"summary_large_image","twitter_misc":{"Ber\u00e4knad l\u00e4stid":"1 minut"},"schema":{"@context":"https:\/\/schema.org","@graph":[{"@type":"WebPage","@id":"https:\/\/efterklang.org\/sv\/projects\/trelleborgs-hamn\/","url":"https:\/\/efterklang.org\/sv\/projects\/trelleborgs-hamn\/","name":"Trelleborgs Hamn - Efterklang","isPartOf":{"@id":"https:\/\/efterklang.org\/#website"},"datePublished":"2021-11-25T10:39:41+00:00","dateModified":"2021-12-06T14:08:01+00:00","description":"Sedan \u00e5r 2000 har Efterklang konsulterat Trelleborgs hamn kring externbullerutredningar f\u00f6r milj\u00f6tillst\u00e5nd.","breadcrumb":{"@id":"https:\/\/efterklang.org\/sv\/projects\/trelleborgs-hamn\/#breadcrumb"},"inLanguage":"sv-SE","potentialAction":[{"@type":"ReadAction","target":["https:\/\/efterklang.org\/sv\/projects\/trelleborgs-hamn\/"]}]},{"@type":"BreadcrumbList","@id":"https:\/\/efterklang.org\/sv\/projects\/trelleborgs-hamn\/#breadcrumb","itemListElement":[{"@type":"ListItem","position":1,"name":"Home","item":"https:\/\/efterklang.org\/sv\/"},{"@type":"ListItem","position":2,"name":"Our projects","item":"https:\/\/efterklang.org\/projects\/?lang=sv"},{"@type":"ListItem","position":3,"name":"Trelleborgs Hamn"}]},{"@type":"WebSite","@id":"https:\/\/efterklang.org\/#website","url":"https:\/\/efterklang.org\/","name":"Efterklang","description":"P\u00e5 Efterklang designar och s\u00e4krar vi ljudmilj\u00f6er.","publisher":{"@id":"https:\/\/efterklang.org\/#organization"},"potentialAction":[{"@type":"SearchAction","target":{"@type":"EntryPoint","urlTemplate":"https:\/\/efterklang.org\/?s={search_term_string}"},"query-input":"required name=search_term_string"}],"inLanguage":"sv-SE"},{"@type":"Organization","@id":"https:\/\/efterklang.org\/#organization","name":"Efterklang","url":"https:\/\/efterklang.org\/","logo":{"@type":"ImageObject","inLanguage":"sv-SE","@id":"https:\/\/efterklang.org\/#\/schema\/logo\/image\/","url":"https:\/\/efterklang.org\/wp-content\/uploads\/2021\/10\/Asset-25.svg","contentUrl":"https:\/\/efterklang.org\/wp-content\/uploads\/2021\/10\/Asset-25.svg","caption":"Efterklang"},"image":{"@id":"https:\/\/efterklang.org\/#\/schema\/logo\/image\/"}}]}},"_links":{"self":[{"href":"https:\/\/efterklang.org\/sv\/wp-json\/wp\/v2\/projects\/4324","targetHints":{"allow":["GET"]}}],"collection":[{"href":"https:\/\/efterklang.org\/sv\/wp-json\/wp\/v2\/projects"}],"about":[{"href":"https:\/\/efterklang.org\/sv\/wp-json\/wp\/v2\/types\/projects"}],"version-history":[{"count":3,"href":"https:\/\/efterklang.org\/sv\/wp-json\/wp\/v2\/projects\/4324\/revisions"}],"predecessor-version":[{"id":4889,"href":"https:\/\/efterklang.org\/sv\/wp-json\/wp\/v2\/projects\/4324\/revisions\/4889"}],"wp:featuredmedia":[{"embeddable":true,"href":"https:\/\/efterklang.org\/sv\/wp-json\/wp\/v2\/media\/3622"}],"wp:attachment":[{"href":"https:\/\/efterklang.org\/sv\/wp-json\/wp\/v2\/media?parent=4324"}],"wp:term":[{"taxonomy":"project_category","embeddable":true,"href":"https:\/\/efterklang.org\/sv\/wp-json\/wp\/v2\/project_category?post=4324"},{"taxonomy":"country","embeddable":true,"href":"https:\/\/efterklang.org\/sv\/wp-json\/wp\/v2\/country?post=4324"},{"taxonomy":"sector","embeddable":true,"href":"https:\/\/efterklang.org\/sv\/wp-json\/wp\/v2\/sector?post=4324"}],"curies":[{"name":"wp","href":"https:\/\/api.w.org\/{rel}","templated":true}]}}