{"id":4264,"date":"2021-11-16T15:14:06","date_gmt":"2021-11-16T20:14:06","guid":{"rendered":"http:\/\/efterklang.org.hemsida.eu\/projects\/volvo-campus-lundby-gothenburg\/"},"modified":"2021-12-06T08:48:39","modified_gmt":"2021-12-06T13:48:39","slug":"volvo-campus-lundby-goteborg","status":"publish","type":"projects","link":"https:\/\/efterklang.org\/sv\/projects\/volvo-campus-lundby-goteborg\/","title":{"rendered":"Volvo Campus Lundby, G\u00f6teborg"},"content":{"rendered":"<h6>Bakgrund<\/h6>\n<p class=\"p1\"><span class=\"s1\">Volvo AB vill skapa ett globalt utvecklingscentrum f\u00f6r framtidens transportl\u00f6sningar i G\u00f6teborg. Under de n\u00e4rmaste \u00e5ren kommer d\u00e4rf\u00f6r st\u00f6rre delen av Volvokoncernens G\u00f6teborgsbaserade verksamheter att samlas i Lundby. M\u00e5ls\u00e4ttningen \u00e4r att skapa ett stort omr\u00e5de med campusk\u00e4nsla. Det inneb\u00e4r att omr\u00e5det kommer att vara mer \u00f6ppet med bland annat torgmilj\u00f6er d\u00e4r \u00e4ven andra akt\u00f6rer kan ha lokaler.  <\/span><\/p>\n<h6>Uppdrag<\/h6>\n<p class=\"p1\"><span class=\"s1\">Efterklang har under 2018 och 2019 haft i uppdrag att, inf\u00f6r detaljplanearbete, ta fram en prognos \u00f6ver Campus Lundbys framtida bullersituation och dess p\u00e5verkan p\u00e5 omgivningen. Prognoser har gjorts i ett tidigt skede i projektet, innan n\u00e5gra detaljer om huskroppars exakta utformning och installationer fastst\u00e4llts. Utredningen har bland annat baserats p\u00e5 de ljuddata f\u00f6r de idag befintliga verksamheterna i omr\u00e5det, som Efterklang tagit fram genom kontinuerliga kontroller och kartl\u00e4ggningar sedan 1980-talet. Tv\u00e5 olika projekteringsscenarion har utretts; utan- respektive med beaktande av bullerskydds\u00e5tg\u00e4rder.  <\/span><\/p>\n<h6>Resultat<\/h6>\n<p class=\"p1\"><span class=\"s1\">Prognosen har visat p\u00e5 m\u00f6jligheten f\u00f6r Volvo att i framtiden klara bullerriktv\u00e4rden f\u00f6r Campus Lundby. Uppdraget har ocks\u00e5 identifierat behovet av att bland annat beakta placering och utformning av parkeringshus samt tillkommande byggnaders installationer vid projektering.  <\/span><\/p>\n<p class=\"p1\"><span class=\"s1\">Med framtagen prognosmodell har Volva m\u00f6jlighet att styra projektering av tillkommande byggnader och installationer s\u00e5 att man n\u00e5r en framtida god ljudmilj\u00f6 inom och kring Volvo Campus Lundby. <\/span><\/p>\n","protected":false},"featured_media":2482,"template":"","project_category":[235,305],"country":[333],"sector":[339,342,380,356],"class_list":["post-4264","projects","type-projects","status-publish","has-post-thumbnail","hentry","project_category-buller","project_category-bullerkartlaggning","country-sverigesweden-sv","sector-automotive","sector-stadsutveckling","sector-teknologi-och-datacenters","sector-tillverkande-industrier"],"acf":[],"yoast_head":"<!-- This site is optimized with the Yoast SEO plugin v22.1 - https:\/\/yoast.com\/wordpress\/plugins\/seo\/ -->\n<title>Volvo Campus Lundby, G\u00f6teborg - Efterklang<\/title>\n<meta name=\"description\" content=\"Efterklang fick i uppdrag att g\u00f6ra en prognos \u00f6ver Campus Lundbys framtida bullersituation och dess p\u00e5verkan p\u00e5 milj\u00f6n.\" \/>\n<meta name=\"robots\" content=\"index, follow, max-snippet:-1, max-image-preview:large, max-video-preview:-1\" \/>\n<link rel=\"canonical\" href=\"https:\/\/efterklang.org\/sv\/projects\/volvo-campus-lundby-goteborg\/\" \/>\n<meta property=\"og:locale\" content=\"sv_SE\" \/>\n<meta property=\"og:type\" content=\"article\" \/>\n<meta property=\"og:title\" content=\"Volvo Campus Lundby, G\u00f6teborg - Efterklang\" \/>\n<meta property=\"og:description\" content=\"Efterklang fick i uppdrag att g\u00f6ra en prognos \u00f6ver Campus Lundbys framtida bullersituation och dess p\u00e5verkan p\u00e5 milj\u00f6n.\" \/>\n<meta property=\"og:url\" content=\"https:\/\/efterklang.org\/sv\/projects\/volvo-campus-lundby-goteborg\/\" \/>\n<meta property=\"og:site_name\" content=\"Efterklang\" \/>\n<meta property=\"article:modified_time\" content=\"2021-12-06T13:48:39+00:00\" \/>\n<meta property=\"og:image\" content=\"https:\/\/efterklang.org\/wp-content\/uploads\/2021\/11\/Campus-Lundby-1.png\" \/>\n\t<meta property=\"og:image:width\" content=\"1018\" \/>\n\t<meta property=\"og:image:height\" content=\"914\" \/>\n\t<meta property=\"og:image:type\" content=\"image\/png\" \/>\n<meta name=\"twitter:card\" content=\"summary_large_image\" \/>\n<meta name=\"twitter:label1\" content=\"Ber\u00e4knad l\u00e4stid\" \/>\n\t<meta name=\"twitter:data1\" content=\"2 minuter\" \/>\n<script type=\"application\/ld+json\" class=\"yoast-schema-graph\">{\"@context\":\"https:\/\/schema.org\",\"@graph\":[{\"@type\":\"WebPage\",\"@id\":\"https:\/\/efterklang.org\/sv\/projects\/volvo-campus-lundby-goteborg\/\",\"url\":\"https:\/\/efterklang.org\/sv\/projects\/volvo-campus-lundby-goteborg\/\",\"name\":\"Volvo Campus Lundby, G\u00f6teborg - Efterklang\",\"isPartOf\":{\"@id\":\"https:\/\/efterklang.org\/#website\"},\"datePublished\":\"2021-11-16T20:14:06+00:00\",\"dateModified\":\"2021-12-06T13:48:39+00:00\",\"description\":\"Efterklang fick i uppdrag att g\u00f6ra en prognos \u00f6ver Campus Lundbys framtida bullersituation och dess p\u00e5verkan p\u00e5 milj\u00f6n.\",\"breadcrumb\":{\"@id\":\"https:\/\/efterklang.org\/sv\/projects\/volvo-campus-lundby-goteborg\/#breadcrumb\"},\"inLanguage\":\"sv-SE\",\"potentialAction\":[{\"@type\":\"ReadAction\",\"target\":[\"https:\/\/efterklang.org\/sv\/projects\/volvo-campus-lundby-goteborg\/\"]}]},{\"@type\":\"BreadcrumbList\",\"@id\":\"https:\/\/efterklang.org\/sv\/projects\/volvo-campus-lundby-goteborg\/#breadcrumb\",\"itemListElement\":[{\"@type\":\"ListItem\",\"position\":1,\"name\":\"Home\",\"item\":\"https:\/\/efterklang.org\/sv\/\"},{\"@type\":\"ListItem\",\"position\":2,\"name\":\"Our projects\",\"item\":\"https:\/\/efterklang.org\/projects\/?lang=sv\"},{\"@type\":\"ListItem\",\"position\":3,\"name\":\"Volvo Campus Lundby, G\u00f6teborg\"}]},{\"@type\":\"WebSite\",\"@id\":\"https:\/\/efterklang.org\/#website\",\"url\":\"https:\/\/efterklang.org\/\",\"name\":\"Efterklang\",\"description\":\"P\u00e5 Efterklang designar och s\u00e4krar vi ljudmilj\u00f6er.\",\"publisher\":{\"@id\":\"https:\/\/efterklang.org\/#organization\"},\"potentialAction\":[{\"@type\":\"SearchAction\",\"target\":{\"@type\":\"EntryPoint\",\"urlTemplate\":\"https:\/\/efterklang.org\/?s={search_term_string}\"},\"query-input\":\"required name=search_term_string\"}],\"inLanguage\":\"sv-SE\"},{\"@type\":\"Organization\",\"@id\":\"https:\/\/efterklang.org\/#organization\",\"name\":\"Efterklang\",\"url\":\"https:\/\/efterklang.org\/\",\"logo\":{\"@type\":\"ImageObject\",\"inLanguage\":\"sv-SE\",\"@id\":\"https:\/\/efterklang.org\/#\/schema\/logo\/image\/\",\"url\":\"https:\/\/efterklang.org\/wp-content\/uploads\/2021\/10\/Asset-25.svg\",\"contentUrl\":\"https:\/\/efterklang.org\/wp-content\/uploads\/2021\/10\/Asset-25.svg\",\"caption\":\"Efterklang\"},\"image\":{\"@id\":\"https:\/\/efterklang.org\/#\/schema\/logo\/image\/\"}}]}<\/script>\n<!-- \/ Yoast SEO plugin. -->","yoast_head_json":{"title":"Volvo Campus Lundby, G\u00f6teborg - Efterklang","description":"Efterklang fick i uppdrag att g\u00f6ra en prognos \u00f6ver Campus Lundbys framtida bullersituation och dess p\u00e5verkan p\u00e5 milj\u00f6n.","robots":{"index":"index","follow":"follow","max-snippet":"max-snippet:-1","max-image-preview":"max-image-preview:large","max-video-preview":"max-video-preview:-1"},"canonical":"https:\/\/efterklang.org\/sv\/projects\/volvo-campus-lundby-goteborg\/","og_locale":"sv_SE","og_type":"article","og_title":"Volvo Campus Lundby, G\u00f6teborg - Efterklang","og_description":"Efterklang fick i uppdrag att g\u00f6ra en prognos \u00f6ver Campus Lundbys framtida bullersituation och dess p\u00e5verkan p\u00e5 milj\u00f6n.","og_url":"https:\/\/efterklang.org\/sv\/projects\/volvo-campus-lundby-goteborg\/","og_site_name":"Efterklang","article_modified_time":"2021-12-06T13:48:39+00:00","og_image":[{"width":1018,"height":914,"url":"https:\/\/efterklang.org\/wp-content\/uploads\/2021\/11\/Campus-Lundby-1.png","type":"image\/png"}],"twitter_card":"summary_large_image","twitter_misc":{"Ber\u00e4knad l\u00e4stid":"2 minuter"},"schema":{"@context":"https:\/\/schema.org","@graph":[{"@type":"WebPage","@id":"https:\/\/efterklang.org\/sv\/projects\/volvo-campus-lundby-goteborg\/","url":"https:\/\/efterklang.org\/sv\/projects\/volvo-campus-lundby-goteborg\/","name":"Volvo Campus Lundby, G\u00f6teborg - Efterklang","isPartOf":{"@id":"https:\/\/efterklang.org\/#website"},"datePublished":"2021-11-16T20:14:06+00:00","dateModified":"2021-12-06T13:48:39+00:00","description":"Efterklang fick i uppdrag att g\u00f6ra en prognos \u00f6ver Campus Lundbys framtida bullersituation och dess p\u00e5verkan p\u00e5 milj\u00f6n.","breadcrumb":{"@id":"https:\/\/efterklang.org\/sv\/projects\/volvo-campus-lundby-goteborg\/#breadcrumb"},"inLanguage":"sv-SE","potentialAction":[{"@type":"ReadAction","target":["https:\/\/efterklang.org\/sv\/projects\/volvo-campus-lundby-goteborg\/"]}]},{"@type":"BreadcrumbList","@id":"https:\/\/efterklang.org\/sv\/projects\/volvo-campus-lundby-goteborg\/#breadcrumb","itemListElement":[{"@type":"ListItem","position":1,"name":"Home","item":"https:\/\/efterklang.org\/sv\/"},{"@type":"ListItem","position":2,"name":"Our projects","item":"https:\/\/efterklang.org\/projects\/?lang=sv"},{"@type":"ListItem","position":3,"name":"Volvo Campus Lundby, G\u00f6teborg"}]},{"@type":"WebSite","@id":"https:\/\/efterklang.org\/#website","url":"https:\/\/efterklang.org\/","name":"Efterklang","description":"P\u00e5 Efterklang designar och s\u00e4krar vi ljudmilj\u00f6er.","publisher":{"@id":"https:\/\/efterklang.org\/#organization"},"potentialAction":[{"@type":"SearchAction","target":{"@type":"EntryPoint","urlTemplate":"https:\/\/efterklang.org\/?s={search_term_string}"},"query-input":"required name=search_term_string"}],"inLanguage":"sv-SE"},{"@type":"Organization","@id":"https:\/\/efterklang.org\/#organization","name":"Efterklang","url":"https:\/\/efterklang.org\/","logo":{"@type":"ImageObject","inLanguage":"sv-SE","@id":"https:\/\/efterklang.org\/#\/schema\/logo\/image\/","url":"https:\/\/efterklang.org\/wp-content\/uploads\/2021\/10\/Asset-25.svg","contentUrl":"https:\/\/efterklang.org\/wp-content\/uploads\/2021\/10\/Asset-25.svg","caption":"Efterklang"},"image":{"@id":"https:\/\/efterklang.org\/#\/schema\/logo\/image\/"}}]}},"_links":{"self":[{"href":"https:\/\/efterklang.org\/sv\/wp-json\/wp\/v2\/projects\/4264","targetHints":{"allow":["GET"]}}],"collection":[{"href":"https:\/\/efterklang.org\/sv\/wp-json\/wp\/v2\/projects"}],"about":[{"href":"https:\/\/efterklang.org\/sv\/wp-json\/wp\/v2\/types\/projects"}],"version-history":[{"count":3,"href":"https:\/\/efterklang.org\/sv\/wp-json\/wp\/v2\/projects\/4264\/revisions"}],"predecessor-version":[{"id":4867,"href":"https:\/\/efterklang.org\/sv\/wp-json\/wp\/v2\/projects\/4264\/revisions\/4867"}],"wp:featuredmedia":[{"embeddable":true,"href":"https:\/\/efterklang.org\/sv\/wp-json\/wp\/v2\/media\/2482"}],"wp:attachment":[{"href":"https:\/\/efterklang.org\/sv\/wp-json\/wp\/v2\/media?parent=4264"}],"wp:term":[{"taxonomy":"project_category","embeddable":true,"href":"https:\/\/efterklang.org\/sv\/wp-json\/wp\/v2\/project_category?post=4264"},{"taxonomy":"country","embeddable":true,"href":"https:\/\/efterklang.org\/sv\/wp-json\/wp\/v2\/country?post=4264"},{"taxonomy":"sector","embeddable":true,"href":"https:\/\/efterklang.org\/sv\/wp-json\/wp\/v2\/sector?post=4264"}],"curies":[{"name":"wp","href":"https:\/\/api.w.org\/{rel}","templated":true}]}}