{"id":4252,"date":"2021-11-16T04:24:29","date_gmt":"2021-11-16T09:24:29","guid":{"rendered":"http:\/\/efterklang.org.hemsida.eu\/projects\/sergels-torg-renovation-stockholm-noise\/"},"modified":"2024-09-23T09:12:50","modified_gmt":"2024-09-23T07:12:50","slug":"sergels-torg-renovering-stockholm-noise","status":"publish","type":"projects","link":"https:\/\/efterklang.org\/sv\/projects\/sergels-torg-renovering-stockholm-noise\/","title":{"rendered":"Sergels Torg renovering, Stockholm"},"content":{"rendered":"<h6>Bakgrund<\/h6>\n<p class=\"p1\"><span class=\"s1\">Omr\u00e5det kring Sergels torg i Stockholm har sedan 2012 genomg\u00e5tt omfattande t\u00e4tskiktsrenovering. T\u00e4tskikten hade uppn\u00e5tt sin tekniska livsl\u00e4ngd och beh\u00f6vde l\u00e4ggas om med en ny sp\u00e5rkropp f\u00f6r Sp\u00e5rv\u00e4g City. <\/span><\/p>\n<h6>Uppdrag<\/h6>\n<p class=\"p1\"><span class=\"s1\">P\u00e5 uppdrag av Stockholms Stad har Efterklang utf\u00f6rt l\u00e5ngtidsm\u00e4tning av anl\u00e4ggningsbuller samt tagit fram \u00e5tg\u00e4rdsf\u00f6rslag f\u00f6r att minimera st\u00f6rning till omgivningen. Omr\u00e5det omfattade Hamngatan, Klarabergsv\u00e4gen och Sergels torg. <\/span><\/p>\n<p class=\"p1\"><span class=\"s1\">En riskfaktor i projektet var att bullerniv\u00e5erna skulle p\u00e5verka omgivningen i den grad att det fick konsekvenser f\u00f6r utf\u00f6randet eller ekonomiska konsekvenser i form av skadest\u00e5nd fr\u00e5n butiker p\u00e5 grund av f\u00f6rlorad oms\u00e4ttning. <\/span><\/p>\n<h6>Resultat<\/h6>\n<p class=\"p1\"><span class=\"s1\">Med en omfattande erfarenhetsdatabas \u00f6ver vanliga bullerk\u00e4llor kunde Efterklang leverera noggranna ber\u00e4kningar och f\u00f6resl\u00e5 metoder f\u00f6r att minimera bullerniv\u00e5erna &#8211; till f\u00f6rdel f\u00f6r boende och verksamhetsut\u00f6vare i den n\u00e4ra omgivningen. Kommunikation med ber\u00f6rda var en viktig del av uppdraget och flera samr\u00e5d f\u00f6r boende och verksamhets\u00e4gare arrangerades. P\u00e5 s\u00e5 s\u00e4tt agerade Efterklang som l\u00e4nken mellan Trafikkontoret, entrepren\u00f6ren och grannar. Uppdraget var klart 2019. <\/span><\/p>\n","protected":false},"featured_media":2369,"template":"","project_category":[235,302,310,312],"country":[333],"sector":[342],"class_list":["post-4252","projects","type-projects","status-publish","has-post-thumbnail","hentry","project_category-buller","project_category-bullermatning","project_category-byggbuller","project_category-atgardsforslag","country-sverigesweden-sv","sector-stadsutveckling"],"acf":[],"yoast_head":"<!-- This site is optimized with the Yoast SEO plugin v22.1 - https:\/\/yoast.com\/wordpress\/plugins\/seo\/ -->\n<title>Sergels Torg renovering, Stockholm - Efterklang<\/title>\n<meta name=\"description\" content=\"Efterklang fick i uppdrag av Stockholms Stad att s\u00e4kerst\u00e4lla minimala st\u00f6rningar fr\u00e5n renoveringen av Sergels Torg.\" \/>\n<meta name=\"robots\" content=\"index, follow, max-snippet:-1, max-image-preview:large, max-video-preview:-1\" \/>\n<link rel=\"canonical\" href=\"https:\/\/efterklang.org\/sv\/projects\/sergels-torg-renovering-stockholm-noise\/\" \/>\n<meta property=\"og:locale\" content=\"sv_SE\" \/>\n<meta property=\"og:type\" content=\"article\" \/>\n<meta property=\"og:title\" content=\"Sergels Torg renovering, Stockholm - Efterklang\" \/>\n<meta property=\"og:description\" content=\"Efterklang fick i uppdrag av Stockholms Stad att s\u00e4kerst\u00e4lla minimala st\u00f6rningar fr\u00e5n renoveringen av Sergels Torg.\" \/>\n<meta property=\"og:url\" content=\"https:\/\/efterklang.org\/sv\/projects\/sergels-torg-renovering-stockholm-noise\/\" \/>\n<meta property=\"og:site_name\" content=\"Efterklang\" \/>\n<meta property=\"article:modified_time\" content=\"2024-09-23T07:12:50+00:00\" \/>\n<meta property=\"og:image\" content=\"https:\/\/efterklang.org\/wp-content\/uploads\/2021\/11\/Sergels-Torg-4.jpg\" \/>\n\t<meta property=\"og:image:width\" content=\"3127\" \/>\n\t<meta property=\"og:image:height\" content=\"2299\" \/>\n\t<meta property=\"og:image:type\" content=\"image\/jpeg\" \/>\n<meta name=\"twitter:card\" content=\"summary_large_image\" \/>\n<meta name=\"twitter:label1\" content=\"Ber\u00e4knad l\u00e4stid\" \/>\n\t<meta name=\"twitter:data1\" content=\"1 minut\" \/>\n<script type=\"application\/ld+json\" class=\"yoast-schema-graph\">{\"@context\":\"https:\/\/schema.org\",\"@graph\":[{\"@type\":\"WebPage\",\"@id\":\"https:\/\/efterklang.org\/sv\/projects\/sergels-torg-renovering-stockholm-noise\/\",\"url\":\"https:\/\/efterklang.org\/sv\/projects\/sergels-torg-renovering-stockholm-noise\/\",\"name\":\"Sergels Torg renovering, Stockholm - Efterklang\",\"isPartOf\":{\"@id\":\"https:\/\/efterklang.org\/#website\"},\"datePublished\":\"2021-11-16T09:24:29+00:00\",\"dateModified\":\"2024-09-23T07:12:50+00:00\",\"description\":\"Efterklang fick i uppdrag av Stockholms Stad att s\u00e4kerst\u00e4lla minimala st\u00f6rningar fr\u00e5n renoveringen av Sergels Torg.\",\"breadcrumb\":{\"@id\":\"https:\/\/efterklang.org\/sv\/projects\/sergels-torg-renovering-stockholm-noise\/#breadcrumb\"},\"inLanguage\":\"sv-SE\",\"potentialAction\":[{\"@type\":\"ReadAction\",\"target\":[\"https:\/\/efterklang.org\/sv\/projects\/sergels-torg-renovering-stockholm-noise\/\"]}]},{\"@type\":\"BreadcrumbList\",\"@id\":\"https:\/\/efterklang.org\/sv\/projects\/sergels-torg-renovering-stockholm-noise\/#breadcrumb\",\"itemListElement\":[{\"@type\":\"ListItem\",\"position\":1,\"name\":\"Home\",\"item\":\"https:\/\/efterklang.org\/sv\/\"},{\"@type\":\"ListItem\",\"position\":2,\"name\":\"Our projects\",\"item\":\"https:\/\/efterklang.org\/projects\/?lang=sv\"},{\"@type\":\"ListItem\",\"position\":3,\"name\":\"Sergels Torg renovering, Stockholm\"}]},{\"@type\":\"WebSite\",\"@id\":\"https:\/\/efterklang.org\/#website\",\"url\":\"https:\/\/efterklang.org\/\",\"name\":\"Efterklang\",\"description\":\"P\u00e5 Efterklang designar och s\u00e4krar vi ljudmilj\u00f6er.\",\"publisher\":{\"@id\":\"https:\/\/efterklang.org\/#organization\"},\"potentialAction\":[{\"@type\":\"SearchAction\",\"target\":{\"@type\":\"EntryPoint\",\"urlTemplate\":\"https:\/\/efterklang.org\/?s={search_term_string}\"},\"query-input\":\"required name=search_term_string\"}],\"inLanguage\":\"sv-SE\"},{\"@type\":\"Organization\",\"@id\":\"https:\/\/efterklang.org\/#organization\",\"name\":\"Efterklang\",\"url\":\"https:\/\/efterklang.org\/\",\"logo\":{\"@type\":\"ImageObject\",\"inLanguage\":\"sv-SE\",\"@id\":\"https:\/\/efterklang.org\/#\/schema\/logo\/image\/\",\"url\":\"https:\/\/efterklang.org\/wp-content\/uploads\/2021\/10\/Asset-25.svg\",\"contentUrl\":\"https:\/\/efterklang.org\/wp-content\/uploads\/2021\/10\/Asset-25.svg\",\"caption\":\"Efterklang\"},\"image\":{\"@id\":\"https:\/\/efterklang.org\/#\/schema\/logo\/image\/\"}}]}<\/script>\n<!-- \/ Yoast SEO plugin. -->","yoast_head_json":{"title":"Sergels Torg renovering, Stockholm - Efterklang","description":"Efterklang fick i uppdrag av Stockholms Stad att s\u00e4kerst\u00e4lla minimala st\u00f6rningar fr\u00e5n renoveringen av Sergels Torg.","robots":{"index":"index","follow":"follow","max-snippet":"max-snippet:-1","max-image-preview":"max-image-preview:large","max-video-preview":"max-video-preview:-1"},"canonical":"https:\/\/efterklang.org\/sv\/projects\/sergels-torg-renovering-stockholm-noise\/","og_locale":"sv_SE","og_type":"article","og_title":"Sergels Torg renovering, Stockholm - Efterklang","og_description":"Efterklang fick i uppdrag av Stockholms Stad att s\u00e4kerst\u00e4lla minimala st\u00f6rningar fr\u00e5n renoveringen av Sergels Torg.","og_url":"https:\/\/efterklang.org\/sv\/projects\/sergels-torg-renovering-stockholm-noise\/","og_site_name":"Efterklang","article_modified_time":"2024-09-23T07:12:50+00:00","og_image":[{"width":3127,"height":2299,"url":"https:\/\/efterklang.org\/wp-content\/uploads\/2021\/11\/Sergels-Torg-4.jpg","type":"image\/jpeg"}],"twitter_card":"summary_large_image","twitter_misc":{"Ber\u00e4knad l\u00e4stid":"1 minut"},"schema":{"@context":"https:\/\/schema.org","@graph":[{"@type":"WebPage","@id":"https:\/\/efterklang.org\/sv\/projects\/sergels-torg-renovering-stockholm-noise\/","url":"https:\/\/efterklang.org\/sv\/projects\/sergels-torg-renovering-stockholm-noise\/","name":"Sergels Torg renovering, Stockholm - Efterklang","isPartOf":{"@id":"https:\/\/efterklang.org\/#website"},"datePublished":"2021-11-16T09:24:29+00:00","dateModified":"2024-09-23T07:12:50+00:00","description":"Efterklang fick i uppdrag av Stockholms Stad att s\u00e4kerst\u00e4lla minimala st\u00f6rningar fr\u00e5n renoveringen av Sergels Torg.","breadcrumb":{"@id":"https:\/\/efterklang.org\/sv\/projects\/sergels-torg-renovering-stockholm-noise\/#breadcrumb"},"inLanguage":"sv-SE","potentialAction":[{"@type":"ReadAction","target":["https:\/\/efterklang.org\/sv\/projects\/sergels-torg-renovering-stockholm-noise\/"]}]},{"@type":"BreadcrumbList","@id":"https:\/\/efterklang.org\/sv\/projects\/sergels-torg-renovering-stockholm-noise\/#breadcrumb","itemListElement":[{"@type":"ListItem","position":1,"name":"Home","item":"https:\/\/efterklang.org\/sv\/"},{"@type":"ListItem","position":2,"name":"Our projects","item":"https:\/\/efterklang.org\/projects\/?lang=sv"},{"@type":"ListItem","position":3,"name":"Sergels Torg renovering, Stockholm"}]},{"@type":"WebSite","@id":"https:\/\/efterklang.org\/#website","url":"https:\/\/efterklang.org\/","name":"Efterklang","description":"P\u00e5 Efterklang designar och s\u00e4krar vi ljudmilj\u00f6er.","publisher":{"@id":"https:\/\/efterklang.org\/#organization"},"potentialAction":[{"@type":"SearchAction","target":{"@type":"EntryPoint","urlTemplate":"https:\/\/efterklang.org\/?s={search_term_string}"},"query-input":"required name=search_term_string"}],"inLanguage":"sv-SE"},{"@type":"Organization","@id":"https:\/\/efterklang.org\/#organization","name":"Efterklang","url":"https:\/\/efterklang.org\/","logo":{"@type":"ImageObject","inLanguage":"sv-SE","@id":"https:\/\/efterklang.org\/#\/schema\/logo\/image\/","url":"https:\/\/efterklang.org\/wp-content\/uploads\/2021\/10\/Asset-25.svg","contentUrl":"https:\/\/efterklang.org\/wp-content\/uploads\/2021\/10\/Asset-25.svg","caption":"Efterklang"},"image":{"@id":"https:\/\/efterklang.org\/#\/schema\/logo\/image\/"}}]}},"_links":{"self":[{"href":"https:\/\/efterklang.org\/sv\/wp-json\/wp\/v2\/projects\/4252","targetHints":{"allow":["GET"]}}],"collection":[{"href":"https:\/\/efterklang.org\/sv\/wp-json\/wp\/v2\/projects"}],"about":[{"href":"https:\/\/efterklang.org\/sv\/wp-json\/wp\/v2\/types\/projects"}],"version-history":[{"count":6,"href":"https:\/\/efterklang.org\/sv\/wp-json\/wp\/v2\/projects\/4252\/revisions"}],"predecessor-version":[{"id":13793,"href":"https:\/\/efterklang.org\/sv\/wp-json\/wp\/v2\/projects\/4252\/revisions\/13793"}],"wp:featuredmedia":[{"embeddable":true,"href":"https:\/\/efterklang.org\/sv\/wp-json\/wp\/v2\/media\/2369"}],"wp:attachment":[{"href":"https:\/\/efterklang.org\/sv\/wp-json\/wp\/v2\/media?parent=4252"}],"wp:term":[{"taxonomy":"project_category","embeddable":true,"href":"https:\/\/efterklang.org\/sv\/wp-json\/wp\/v2\/project_category?post=4252"},{"taxonomy":"country","embeddable":true,"href":"https:\/\/efterklang.org\/sv\/wp-json\/wp\/v2\/country?post=4252"},{"taxonomy":"sector","embeddable":true,"href":"https:\/\/efterklang.org\/sv\/wp-json\/wp\/v2\/sector?post=4252"}],"curies":[{"name":"wp","href":"https:\/\/api.w.org\/{rel}","templated":true}]}}