{"id":4168,"date":"2021-11-22T09:19:32","date_gmt":"2021-11-22T14:19:32","guid":{"rendered":"http:\/\/efterklang.org.hemsida.eu\/projects\/musicum-linkoping\/"},"modified":"2021-12-01T05:30:16","modified_gmt":"2021-12-01T10:30:16","slug":"musicum-linkoping","status":"publish","type":"projects","link":"https:\/\/efterklang.org\/sv\/projects\/musicum-linkoping\/","title":{"rendered":"Musicum, Link\u00f6ping"},"content":{"rendered":"<h6>Bakgrund<\/h6>\n<p class=\"p1\"><span class=\"s1\">Link\u00f6pings Universitet har anv\u00e4nt en gammal studio kallad Musicum som k\u00f6r- och orkestersal. Studion har st\u00e5tt or\u00f6rt sedan 80-talet och var i behov av renovering. D\u00e5 salen skulle f\u00f6rses med ny belysning under 2020, beslutades att \u00e4ven salens rumsakustik skulle f\u00e5 en \u00f6versyn. <\/span><\/p>\n<h6>Uppdrag<\/h6>\n<p class=\"p1\"><span class=\"s1\">P\u00e5 uppdrag av Akademiska hus har Efterklang utrett salens rumsakustik och gett f\u00f6rslag f\u00f6r l\u00e4mpliga f\u00f6r\u00e4ndringar, s\u00e5 att salens akustik b\u00e4ttre skulle passa verksamhetens behov. Synpunkter fr\u00e5n b\u00e5de kammark\u00f6ren och studentorkestern insamlades, och i n\u00e4ra dialog med enhetens f\u00f6rest\u00e5ndare utformades ett antal kriterier och efters\u00f6kta akustiska f\u00f6rb\u00e4ttringar. Efter utredning med m\u00e4tning och modellering har Efterklang levererat byggbeskrivning direkt till byggentrepren\u00f6ren, medan verksamheten sj\u00e4lva gjort f\u00e4rgval. <\/span><\/p>\n<h6>Resultat<\/h6>\n<p class=\"p1\"><span class=\"s1\">K\u00f6ren kan nu njuta av en mer \u00e4ndam\u00e5lsenlig akustik med f\u00f6rb\u00e4ttrad tydlighet av s\u00e5ng \u00f6ver avst\u00e5nd. <\/span><\/p>\n","protected":false},"featured_media":2948,"template":"","project_category":[232,321,314],"country":[],"sector":[337,344],"class_list":["post-4168","projects","type-projects","status-publish","has-post-thumbnail","hentry","project_category-akustik","project_category-byggnadsakustik","project_category-rumsakustiska-modelleringar-och-matningar","sector-konst-och-kultur","sector-utbildning"],"acf":[],"yoast_head":"<!-- This site is optimized with the Yoast SEO plugin v22.1 - https:\/\/yoast.com\/wordpress\/plugins\/seo\/ -->\n<title>Musicum, Link\u00f6ping - Efterklang<\/title>\n<meta name=\"description\" content=\"Efterklang har bidragit med expertis inom akustiska m\u00e4tningar och modellering till k\u00f6r- och orkestersalen vid Link\u00f6pings universitet.\" \/>\n<meta name=\"robots\" content=\"index, follow, max-snippet:-1, max-image-preview:large, max-video-preview:-1\" \/>\n<link rel=\"canonical\" href=\"https:\/\/efterklang.org\/sv\/projects\/musicum-linkoping\/\" \/>\n<meta property=\"og:locale\" content=\"sv_SE\" \/>\n<meta property=\"og:type\" content=\"article\" \/>\n<meta property=\"og:title\" content=\"Musicum, Link\u00f6ping - Efterklang\" \/>\n<meta property=\"og:description\" content=\"Efterklang har bidragit med expertis inom akustiska m\u00e4tningar och modellering till k\u00f6r- och orkestersalen vid Link\u00f6pings universitet.\" \/>\n<meta property=\"og:url\" content=\"https:\/\/efterklang.org\/sv\/projects\/musicum-linkoping\/\" \/>\n<meta property=\"og:site_name\" content=\"Efterklang\" \/>\n<meta property=\"article:modified_time\" content=\"2021-12-01T10:30:16+00:00\" \/>\n<meta property=\"og:image\" content=\"https:\/\/efterklang.org\/wp-content\/uploads\/2021\/11\/Musicum-2.jpg\" \/>\n\t<meta property=\"og:image:width\" content=\"4032\" \/>\n\t<meta property=\"og:image:height\" content=\"3024\" \/>\n\t<meta property=\"og:image:type\" content=\"image\/jpeg\" \/>\n<meta name=\"twitter:card\" content=\"summary_large_image\" \/>\n<meta name=\"twitter:label1\" content=\"Ber\u00e4knad l\u00e4stid\" \/>\n\t<meta name=\"twitter:data1\" content=\"1 minut\" \/>\n<script type=\"application\/ld+json\" class=\"yoast-schema-graph\">{\"@context\":\"https:\/\/schema.org\",\"@graph\":[{\"@type\":\"WebPage\",\"@id\":\"https:\/\/efterklang.org\/sv\/projects\/musicum-linkoping\/\",\"url\":\"https:\/\/efterklang.org\/sv\/projects\/musicum-linkoping\/\",\"name\":\"Musicum, Link\u00f6ping - Efterklang\",\"isPartOf\":{\"@id\":\"https:\/\/efterklang.org\/#website\"},\"datePublished\":\"2021-11-22T14:19:32+00:00\",\"dateModified\":\"2021-12-01T10:30:16+00:00\",\"description\":\"Efterklang har bidragit med expertis inom akustiska m\u00e4tningar och modellering till k\u00f6r- och orkestersalen vid Link\u00f6pings universitet.\",\"breadcrumb\":{\"@id\":\"https:\/\/efterklang.org\/sv\/projects\/musicum-linkoping\/#breadcrumb\"},\"inLanguage\":\"sv-SE\",\"potentialAction\":[{\"@type\":\"ReadAction\",\"target\":[\"https:\/\/efterklang.org\/sv\/projects\/musicum-linkoping\/\"]}]},{\"@type\":\"BreadcrumbList\",\"@id\":\"https:\/\/efterklang.org\/sv\/projects\/musicum-linkoping\/#breadcrumb\",\"itemListElement\":[{\"@type\":\"ListItem\",\"position\":1,\"name\":\"Home\",\"item\":\"https:\/\/efterklang.org\/sv\/\"},{\"@type\":\"ListItem\",\"position\":2,\"name\":\"Our projects\",\"item\":\"https:\/\/efterklang.org\/projects\/?lang=sv\"},{\"@type\":\"ListItem\",\"position\":3,\"name\":\"Musicum, Link\u00f6ping\"}]},{\"@type\":\"WebSite\",\"@id\":\"https:\/\/efterklang.org\/#website\",\"url\":\"https:\/\/efterklang.org\/\",\"name\":\"Efterklang\",\"description\":\"P\u00e5 Efterklang designar och s\u00e4krar vi ljudmilj\u00f6er.\",\"publisher\":{\"@id\":\"https:\/\/efterklang.org\/#organization\"},\"potentialAction\":[{\"@type\":\"SearchAction\",\"target\":{\"@type\":\"EntryPoint\",\"urlTemplate\":\"https:\/\/efterklang.org\/?s={search_term_string}\"},\"query-input\":\"required name=search_term_string\"}],\"inLanguage\":\"sv-SE\"},{\"@type\":\"Organization\",\"@id\":\"https:\/\/efterklang.org\/#organization\",\"name\":\"Efterklang\",\"url\":\"https:\/\/efterklang.org\/\",\"logo\":{\"@type\":\"ImageObject\",\"inLanguage\":\"sv-SE\",\"@id\":\"https:\/\/efterklang.org\/#\/schema\/logo\/image\/\",\"url\":\"https:\/\/efterklang.org\/wp-content\/uploads\/2021\/10\/Asset-25.svg\",\"contentUrl\":\"https:\/\/efterklang.org\/wp-content\/uploads\/2021\/10\/Asset-25.svg\",\"caption\":\"Efterklang\"},\"image\":{\"@id\":\"https:\/\/efterklang.org\/#\/schema\/logo\/image\/\"}}]}<\/script>\n<!-- \/ Yoast SEO plugin. -->","yoast_head_json":{"title":"Musicum, Link\u00f6ping - Efterklang","description":"Efterklang har bidragit med expertis inom akustiska m\u00e4tningar och modellering till k\u00f6r- och orkestersalen vid Link\u00f6pings universitet.","robots":{"index":"index","follow":"follow","max-snippet":"max-snippet:-1","max-image-preview":"max-image-preview:large","max-video-preview":"max-video-preview:-1"},"canonical":"https:\/\/efterklang.org\/sv\/projects\/musicum-linkoping\/","og_locale":"sv_SE","og_type":"article","og_title":"Musicum, Link\u00f6ping - Efterklang","og_description":"Efterklang har bidragit med expertis inom akustiska m\u00e4tningar och modellering till k\u00f6r- och orkestersalen vid Link\u00f6pings universitet.","og_url":"https:\/\/efterklang.org\/sv\/projects\/musicum-linkoping\/","og_site_name":"Efterklang","article_modified_time":"2021-12-01T10:30:16+00:00","og_image":[{"width":4032,"height":3024,"url":"https:\/\/efterklang.org\/wp-content\/uploads\/2021\/11\/Musicum-2.jpg","type":"image\/jpeg"}],"twitter_card":"summary_large_image","twitter_misc":{"Ber\u00e4knad l\u00e4stid":"1 minut"},"schema":{"@context":"https:\/\/schema.org","@graph":[{"@type":"WebPage","@id":"https:\/\/efterklang.org\/sv\/projects\/musicum-linkoping\/","url":"https:\/\/efterklang.org\/sv\/projects\/musicum-linkoping\/","name":"Musicum, Link\u00f6ping - Efterklang","isPartOf":{"@id":"https:\/\/efterklang.org\/#website"},"datePublished":"2021-11-22T14:19:32+00:00","dateModified":"2021-12-01T10:30:16+00:00","description":"Efterklang har bidragit med expertis inom akustiska m\u00e4tningar och modellering till k\u00f6r- och orkestersalen vid Link\u00f6pings universitet.","breadcrumb":{"@id":"https:\/\/efterklang.org\/sv\/projects\/musicum-linkoping\/#breadcrumb"},"inLanguage":"sv-SE","potentialAction":[{"@type":"ReadAction","target":["https:\/\/efterklang.org\/sv\/projects\/musicum-linkoping\/"]}]},{"@type":"BreadcrumbList","@id":"https:\/\/efterklang.org\/sv\/projects\/musicum-linkoping\/#breadcrumb","itemListElement":[{"@type":"ListItem","position":1,"name":"Home","item":"https:\/\/efterklang.org\/sv\/"},{"@type":"ListItem","position":2,"name":"Our projects","item":"https:\/\/efterklang.org\/projects\/?lang=sv"},{"@type":"ListItem","position":3,"name":"Musicum, Link\u00f6ping"}]},{"@type":"WebSite","@id":"https:\/\/efterklang.org\/#website","url":"https:\/\/efterklang.org\/","name":"Efterklang","description":"P\u00e5 Efterklang designar och s\u00e4krar vi ljudmilj\u00f6er.","publisher":{"@id":"https:\/\/efterklang.org\/#organization"},"potentialAction":[{"@type":"SearchAction","target":{"@type":"EntryPoint","urlTemplate":"https:\/\/efterklang.org\/?s={search_term_string}"},"query-input":"required name=search_term_string"}],"inLanguage":"sv-SE"},{"@type":"Organization","@id":"https:\/\/efterklang.org\/#organization","name":"Efterklang","url":"https:\/\/efterklang.org\/","logo":{"@type":"ImageObject","inLanguage":"sv-SE","@id":"https:\/\/efterklang.org\/#\/schema\/logo\/image\/","url":"https:\/\/efterklang.org\/wp-content\/uploads\/2021\/10\/Asset-25.svg","contentUrl":"https:\/\/efterklang.org\/wp-content\/uploads\/2021\/10\/Asset-25.svg","caption":"Efterklang"},"image":{"@id":"https:\/\/efterklang.org\/#\/schema\/logo\/image\/"}}]}},"_links":{"self":[{"href":"https:\/\/efterklang.org\/sv\/wp-json\/wp\/v2\/projects\/4168","targetHints":{"allow":["GET"]}}],"collection":[{"href":"https:\/\/efterklang.org\/sv\/wp-json\/wp\/v2\/projects"}],"about":[{"href":"https:\/\/efterklang.org\/sv\/wp-json\/wp\/v2\/types\/projects"}],"version-history":[{"count":3,"href":"https:\/\/efterklang.org\/sv\/wp-json\/wp\/v2\/projects\/4168\/revisions"}],"predecessor-version":[{"id":4171,"href":"https:\/\/efterklang.org\/sv\/wp-json\/wp\/v2\/projects\/4168\/revisions\/4171"}],"wp:featuredmedia":[{"embeddable":true,"href":"https:\/\/efterklang.org\/sv\/wp-json\/wp\/v2\/media\/2948"}],"wp:attachment":[{"href":"https:\/\/efterklang.org\/sv\/wp-json\/wp\/v2\/media?parent=4168"}],"wp:term":[{"taxonomy":"project_category","embeddable":true,"href":"https:\/\/efterklang.org\/sv\/wp-json\/wp\/v2\/project_category?post=4168"},{"taxonomy":"country","embeddable":true,"href":"https:\/\/efterklang.org\/sv\/wp-json\/wp\/v2\/country?post=4168"},{"taxonomy":"sector","embeddable":true,"href":"https:\/\/efterklang.org\/sv\/wp-json\/wp\/v2\/sector?post=4168"}],"curies":[{"name":"wp","href":"https:\/\/api.w.org\/{rel}","templated":true}]}}