{"id":4160,"date":"2021-11-22T10:13:26","date_gmt":"2021-11-22T15:13:26","guid":{"rendered":"http:\/\/efterklang.org.hemsida.eu\/projects\/liljeholmskajen-stockholm\/"},"modified":"2021-12-10T09:31:25","modified_gmt":"2021-12-10T14:31:25","slug":"liljeholmskajen-stockholm","status":"publish","type":"projects","link":"https:\/\/efterklang.org\/sv\/projects\/liljeholmskajen-stockholm\/","title":{"rendered":"Liljeholmskajen, Stockholm"},"content":{"rendered":"<h6>Bakgrund<\/h6>\n<p class=\"p1\"><span class=\"s1\">Liljeholmskajen blir en ny stadsdel i Stockholm, med n\u00e4rhet till b\u00e5de stad och hav. Omr\u00e5det ber\u00e4knas vara f\u00e4rdigst\u00e4llt 2022. <\/span><\/p>\n<h6>Uppdrag<\/h6>\n<p class=\"p1\"><span class=\"s1\">I den nya stadsdelen, som \u00e4r planerat f\u00f6r ca 2 800 nya l\u00e4genheter, har Efterklang utf\u00f6rt akustisk projektering av ett antal bostadshus p\u00e5 uppdrag av JM. Uppdraget omfattar <\/span><span class=\"s1\">bland <\/span><span class=\"s1\">annat Berghus 4, Berghus 3, Brohuset och K7. <\/span><\/p>\n<h6>Resultat<\/h6>\n<p class=\"p1\"><span class=\"s1\">Liljeholmskajen har vuxit fram i snart 20 \u00e5rs tid och \u00e4r idag ett mycket omtyckt stadsdel i Stockholm. <\/span><\/p>\n","protected":false},"featured_media":2969,"template":"","project_category":[232,321,323,235,306],"country":[333],"sector":[372],"class_list":["post-4160","projects","type-projects","status-publish","has-post-thumbnail","hentry","project_category-akustik","project_category-byggnadsakustik","project_category-kontrollmatning","project_category-buller","project_category-bullerutredning","country-sverigesweden-sv","sector-bostader"],"acf":[],"yoast_head":"<!-- This site is optimized with the Yoast SEO plugin v22.1 - https:\/\/yoast.com\/wordpress\/plugins\/seo\/ -->\n<title>Liljeholmskajen, Stockholm - Efterklang<\/title>\n<meta name=\"description\" content=\"Efterklang har p\u00e5 uppdrag av JM utf\u00f6rt akustisk utformning av flera byggnader i det nya bostadsomr\u00e5det i Stockholm.\" \/>\n<meta name=\"robots\" content=\"index, follow, max-snippet:-1, max-image-preview:large, max-video-preview:-1\" \/>\n<link rel=\"canonical\" href=\"https:\/\/efterklang.org\/sv\/projects\/liljeholmskajen-stockholm\/\" \/>\n<meta property=\"og:locale\" content=\"sv_SE\" \/>\n<meta property=\"og:type\" content=\"article\" \/>\n<meta property=\"og:title\" content=\"Liljeholmskajen, Stockholm - Efterklang\" \/>\n<meta property=\"og:description\" content=\"Efterklang har p\u00e5 uppdrag av JM utf\u00f6rt akustisk utformning av flera byggnader i det nya bostadsomr\u00e5det i Stockholm.\" \/>\n<meta property=\"og:url\" content=\"https:\/\/efterklang.org\/sv\/projects\/liljeholmskajen-stockholm\/\" \/>\n<meta property=\"og:site_name\" content=\"Efterklang\" \/>\n<meta property=\"article:modified_time\" content=\"2021-12-10T14:31:25+00:00\" \/>\n<meta property=\"og:image\" content=\"https:\/\/efterklang.org\/wp-content\/uploads\/2021\/11\/Liljeholmskajen-3.jpg\" \/>\n\t<meta property=\"og:image:width\" content=\"4656\" \/>\n\t<meta property=\"og:image:height\" content=\"3112\" \/>\n\t<meta property=\"og:image:type\" content=\"image\/jpeg\" \/>\n<meta name=\"twitter:card\" content=\"summary_large_image\" \/>\n<script type=\"application\/ld+json\" class=\"yoast-schema-graph\">{\"@context\":\"https:\/\/schema.org\",\"@graph\":[{\"@type\":\"WebPage\",\"@id\":\"https:\/\/efterklang.org\/sv\/projects\/liljeholmskajen-stockholm\/\",\"url\":\"https:\/\/efterklang.org\/sv\/projects\/liljeholmskajen-stockholm\/\",\"name\":\"Liljeholmskajen, Stockholm - Efterklang\",\"isPartOf\":{\"@id\":\"https:\/\/efterklang.org\/#website\"},\"datePublished\":\"2021-11-22T15:13:26+00:00\",\"dateModified\":\"2021-12-10T14:31:25+00:00\",\"description\":\"Efterklang har p\u00e5 uppdrag av JM utf\u00f6rt akustisk utformning av flera byggnader i det nya bostadsomr\u00e5det i Stockholm.\",\"breadcrumb\":{\"@id\":\"https:\/\/efterklang.org\/sv\/projects\/liljeholmskajen-stockholm\/#breadcrumb\"},\"inLanguage\":\"sv-SE\",\"potentialAction\":[{\"@type\":\"ReadAction\",\"target\":[\"https:\/\/efterklang.org\/sv\/projects\/liljeholmskajen-stockholm\/\"]}]},{\"@type\":\"BreadcrumbList\",\"@id\":\"https:\/\/efterklang.org\/sv\/projects\/liljeholmskajen-stockholm\/#breadcrumb\",\"itemListElement\":[{\"@type\":\"ListItem\",\"position\":1,\"name\":\"Home\",\"item\":\"https:\/\/efterklang.org\/sv\/\"},{\"@type\":\"ListItem\",\"position\":2,\"name\":\"Our projects\",\"item\":\"https:\/\/efterklang.org\/projects\/?lang=sv\"},{\"@type\":\"ListItem\",\"position\":3,\"name\":\"Liljeholmskajen, Stockholm\"}]},{\"@type\":\"WebSite\",\"@id\":\"https:\/\/efterklang.org\/#website\",\"url\":\"https:\/\/efterklang.org\/\",\"name\":\"Efterklang\",\"description\":\"P\u00e5 Efterklang designar och s\u00e4krar vi ljudmilj\u00f6er.\",\"publisher\":{\"@id\":\"https:\/\/efterklang.org\/#organization\"},\"potentialAction\":[{\"@type\":\"SearchAction\",\"target\":{\"@type\":\"EntryPoint\",\"urlTemplate\":\"https:\/\/efterklang.org\/?s={search_term_string}\"},\"query-input\":\"required name=search_term_string\"}],\"inLanguage\":\"sv-SE\"},{\"@type\":\"Organization\",\"@id\":\"https:\/\/efterklang.org\/#organization\",\"name\":\"Efterklang\",\"url\":\"https:\/\/efterklang.org\/\",\"logo\":{\"@type\":\"ImageObject\",\"inLanguage\":\"sv-SE\",\"@id\":\"https:\/\/efterklang.org\/#\/schema\/logo\/image\/\",\"url\":\"https:\/\/efterklang.org\/wp-content\/uploads\/2021\/10\/Asset-25.svg\",\"contentUrl\":\"https:\/\/efterklang.org\/wp-content\/uploads\/2021\/10\/Asset-25.svg\",\"caption\":\"Efterklang\"},\"image\":{\"@id\":\"https:\/\/efterklang.org\/#\/schema\/logo\/image\/\"}}]}<\/script>\n<!-- \/ Yoast SEO plugin. -->","yoast_head_json":{"title":"Liljeholmskajen, Stockholm - Efterklang","description":"Efterklang har p\u00e5 uppdrag av JM utf\u00f6rt akustisk utformning av flera byggnader i det nya bostadsomr\u00e5det i Stockholm.","robots":{"index":"index","follow":"follow","max-snippet":"max-snippet:-1","max-image-preview":"max-image-preview:large","max-video-preview":"max-video-preview:-1"},"canonical":"https:\/\/efterklang.org\/sv\/projects\/liljeholmskajen-stockholm\/","og_locale":"sv_SE","og_type":"article","og_title":"Liljeholmskajen, Stockholm - Efterklang","og_description":"Efterklang har p\u00e5 uppdrag av JM utf\u00f6rt akustisk utformning av flera byggnader i det nya bostadsomr\u00e5det i Stockholm.","og_url":"https:\/\/efterklang.org\/sv\/projects\/liljeholmskajen-stockholm\/","og_site_name":"Efterklang","article_modified_time":"2021-12-10T14:31:25+00:00","og_image":[{"width":4656,"height":3112,"url":"https:\/\/efterklang.org\/wp-content\/uploads\/2021\/11\/Liljeholmskajen-3.jpg","type":"image\/jpeg"}],"twitter_card":"summary_large_image","schema":{"@context":"https:\/\/schema.org","@graph":[{"@type":"WebPage","@id":"https:\/\/efterklang.org\/sv\/projects\/liljeholmskajen-stockholm\/","url":"https:\/\/efterklang.org\/sv\/projects\/liljeholmskajen-stockholm\/","name":"Liljeholmskajen, Stockholm - Efterklang","isPartOf":{"@id":"https:\/\/efterklang.org\/#website"},"datePublished":"2021-11-22T15:13:26+00:00","dateModified":"2021-12-10T14:31:25+00:00","description":"Efterklang har p\u00e5 uppdrag av JM utf\u00f6rt akustisk utformning av flera byggnader i det nya bostadsomr\u00e5det i Stockholm.","breadcrumb":{"@id":"https:\/\/efterklang.org\/sv\/projects\/liljeholmskajen-stockholm\/#breadcrumb"},"inLanguage":"sv-SE","potentialAction":[{"@type":"ReadAction","target":["https:\/\/efterklang.org\/sv\/projects\/liljeholmskajen-stockholm\/"]}]},{"@type":"BreadcrumbList","@id":"https:\/\/efterklang.org\/sv\/projects\/liljeholmskajen-stockholm\/#breadcrumb","itemListElement":[{"@type":"ListItem","position":1,"name":"Home","item":"https:\/\/efterklang.org\/sv\/"},{"@type":"ListItem","position":2,"name":"Our projects","item":"https:\/\/efterklang.org\/projects\/?lang=sv"},{"@type":"ListItem","position":3,"name":"Liljeholmskajen, Stockholm"}]},{"@type":"WebSite","@id":"https:\/\/efterklang.org\/#website","url":"https:\/\/efterklang.org\/","name":"Efterklang","description":"P\u00e5 Efterklang designar och s\u00e4krar vi ljudmilj\u00f6er.","publisher":{"@id":"https:\/\/efterklang.org\/#organization"},"potentialAction":[{"@type":"SearchAction","target":{"@type":"EntryPoint","urlTemplate":"https:\/\/efterklang.org\/?s={search_term_string}"},"query-input":"required name=search_term_string"}],"inLanguage":"sv-SE"},{"@type":"Organization","@id":"https:\/\/efterklang.org\/#organization","name":"Efterklang","url":"https:\/\/efterklang.org\/","logo":{"@type":"ImageObject","inLanguage":"sv-SE","@id":"https:\/\/efterklang.org\/#\/schema\/logo\/image\/","url":"https:\/\/efterklang.org\/wp-content\/uploads\/2021\/10\/Asset-25.svg","contentUrl":"https:\/\/efterklang.org\/wp-content\/uploads\/2021\/10\/Asset-25.svg","caption":"Efterklang"},"image":{"@id":"https:\/\/efterklang.org\/#\/schema\/logo\/image\/"}}]}},"_links":{"self":[{"href":"https:\/\/efterklang.org\/sv\/wp-json\/wp\/v2\/projects\/4160","targetHints":{"allow":["GET"]}}],"collection":[{"href":"https:\/\/efterklang.org\/sv\/wp-json\/wp\/v2\/projects"}],"about":[{"href":"https:\/\/efterklang.org\/sv\/wp-json\/wp\/v2\/types\/projects"}],"version-history":[{"count":6,"href":"https:\/\/efterklang.org\/sv\/wp-json\/wp\/v2\/projects\/4160\/revisions"}],"predecessor-version":[{"id":4907,"href":"https:\/\/efterklang.org\/sv\/wp-json\/wp\/v2\/projects\/4160\/revisions\/4907"}],"wp:featuredmedia":[{"embeddable":true,"href":"https:\/\/efterklang.org\/sv\/wp-json\/wp\/v2\/media\/2969"}],"wp:attachment":[{"href":"https:\/\/efterklang.org\/sv\/wp-json\/wp\/v2\/media?parent=4160"}],"wp:term":[{"taxonomy":"project_category","embeddable":true,"href":"https:\/\/efterklang.org\/sv\/wp-json\/wp\/v2\/project_category?post=4160"},{"taxonomy":"country","embeddable":true,"href":"https:\/\/efterklang.org\/sv\/wp-json\/wp\/v2\/country?post=4160"},{"taxonomy":"sector","embeddable":true,"href":"https:\/\/efterklang.org\/sv\/wp-json\/wp\/v2\/sector?post=4160"}],"curies":[{"name":"wp","href":"https:\/\/api.w.org\/{rel}","templated":true}]}}