{"id":4074,"date":"2021-11-15T15:19:01","date_gmt":"2021-11-15T20:19:01","guid":{"rendered":"http:\/\/efterklang.org.hemsida.eu\/projects\/granby-shopping-mall-uppsala\/"},"modified":"2021-12-06T09:31:05","modified_gmt":"2021-12-06T14:31:05","slug":"granby-galleria-uppsala","status":"publish","type":"projects","link":"https:\/\/efterklang.org\/sv\/projects\/granby-galleria-uppsala\/","title":{"rendered":"Gr\u00e4nby Galleria, Uppsala"},"content":{"rendered":"<h6>Bakgrund<\/h6>\n<p class=\"p1\"><span class=\"s1\">Gr\u00e4nbystaden \u00e4r ett handelsomr\u00e5de i stadsdelen Gr\u00e4nby i Uppsala. Handelsomr\u00e5det \u00e4gs och drivs av Atrium Ljungberg. <\/span><\/p>\n<h6>Uppdrag<\/h6>\n<p class=\"p1\"><span class=\"s1\">Efterklangs uppdrag var att projektera akustiken f\u00f6r den s\u00f6dra utbygganden av Gr\u00e4nby Galleria. Byggnaden best\u00e5r av ca 15 000 kvm lokaler f\u00f6r handel, bowlingbanor samt biograf. H\u00f6ga krav p\u00e5 ljudisolering mot omgivningen st\u00e4lls d\u00e5 bost\u00e4der \u00e4r placerade endast 10 m fr\u00e5n s\u00f6dra utbyggnadens fasad. Utbyggnaden f\u00e4rdigst\u00e4lldes 2018. <\/span><\/p>\n<h6>Resultat<\/h6>\n<p class=\"p1\"><span class=\"s1\">Gr\u00e4nbystaden ligger tv\u00e5 kilometer fr\u00e5n centrala Uppsala och erbjuder en handelsplats med 160 butiker, serveringar och serviceenheter. H\u00e4r kan de bes\u00f6kande uppleva shopping och kultur med \u00e4ndam\u00e5lsenlig akustik.  <\/span><\/p>\n<p class=\"p1\"><span class=\"s1\">Klicka <a href=\"https:\/\/efterklang.org\/projects\/nordisk-film-uppsala\/?lang=sv\">h\u00e4r<\/a> f\u00f6r mer informaion om Nordisk Film biograf p\u00e5 Gr\u00e4nby Galleria.<\/span><\/p>\n","protected":false},"featured_media":3412,"template":"","project_category":[232,321,314],"country":[333],"sector":[377,337],"class_list":["post-4074","projects","type-projects","status-publish","has-post-thumbnail","hentry","project_category-akustik","project_category-byggnadsakustik","project_category-rumsakustiska-modelleringar-och-matningar","country-sverigesweden-sv","sector-handelsplatser","sector-konst-och-kultur"],"acf":[],"yoast_head":"<!-- This site is optimized with the Yoast SEO plugin v22.1 - https:\/\/yoast.com\/wordpress\/plugins\/seo\/ -->\n<title>Gr\u00e4nby Galleria, Uppsala - Efterklang<\/title>\n<meta name=\"description\" content=\"Efterklang var utsedda akustikkonsulter f\u00f6r den s\u00f6dra f\u00f6rl\u00e4ngningen av Gr\u00e4nby Galleria. Byggnaden best\u00e5r av cirka 15 000 kvadratmeter lokaler f\u00f6r handel, bowlinghallar och en biograf.\" \/>\n<meta name=\"robots\" content=\"index, follow, max-snippet:-1, max-image-preview:large, max-video-preview:-1\" \/>\n<link rel=\"canonical\" href=\"https:\/\/efterklang.org\/sv\/projects\/granby-galleria-uppsala\/\" \/>\n<meta property=\"og:locale\" content=\"sv_SE\" \/>\n<meta property=\"og:type\" content=\"article\" \/>\n<meta property=\"og:title\" content=\"Gr\u00e4nby Galleria, Uppsala - Efterklang\" \/>\n<meta property=\"og:description\" content=\"Efterklang var utsedda akustikkonsulter f\u00f6r den s\u00f6dra f\u00f6rl\u00e4ngningen av Gr\u00e4nby Galleria. Byggnaden best\u00e5r av cirka 15 000 kvadratmeter lokaler f\u00f6r handel, bowlinghallar och en biograf.\" \/>\n<meta property=\"og:url\" content=\"https:\/\/efterklang.org\/sv\/projects\/granby-galleria-uppsala\/\" \/>\n<meta property=\"og:site_name\" content=\"Efterklang\" \/>\n<meta property=\"article:modified_time\" content=\"2021-12-06T14:31:05+00:00\" \/>\n<meta property=\"og:image\" content=\"https:\/\/efterklang.org\/wp-content\/uploads\/2021\/11\/Graenby_Uppsala.jpg\" \/>\n\t<meta property=\"og:image:width\" content=\"3456\" \/>\n\t<meta property=\"og:image:height\" content=\"2304\" \/>\n\t<meta property=\"og:image:type\" content=\"image\/jpeg\" \/>\n<meta name=\"twitter:card\" content=\"summary_large_image\" \/>\n<meta name=\"twitter:label1\" content=\"Ber\u00e4knad l\u00e4stid\" \/>\n\t<meta name=\"twitter:data1\" content=\"1 minut\" \/>\n<script type=\"application\/ld+json\" class=\"yoast-schema-graph\">{\"@context\":\"https:\/\/schema.org\",\"@graph\":[{\"@type\":\"WebPage\",\"@id\":\"https:\/\/efterklang.org\/sv\/projects\/granby-galleria-uppsala\/\",\"url\":\"https:\/\/efterklang.org\/sv\/projects\/granby-galleria-uppsala\/\",\"name\":\"Gr\u00e4nby Galleria, Uppsala - Efterklang\",\"isPartOf\":{\"@id\":\"https:\/\/efterklang.org\/#website\"},\"datePublished\":\"2021-11-15T20:19:01+00:00\",\"dateModified\":\"2021-12-06T14:31:05+00:00\",\"description\":\"Efterklang var utsedda akustikkonsulter f\u00f6r den s\u00f6dra f\u00f6rl\u00e4ngningen av Gr\u00e4nby Galleria. Byggnaden best\u00e5r av cirka 15 000 kvadratmeter lokaler f\u00f6r handel, bowlinghallar och en biograf.\",\"breadcrumb\":{\"@id\":\"https:\/\/efterklang.org\/sv\/projects\/granby-galleria-uppsala\/#breadcrumb\"},\"inLanguage\":\"sv-SE\",\"potentialAction\":[{\"@type\":\"ReadAction\",\"target\":[\"https:\/\/efterklang.org\/sv\/projects\/granby-galleria-uppsala\/\"]}]},{\"@type\":\"BreadcrumbList\",\"@id\":\"https:\/\/efterklang.org\/sv\/projects\/granby-galleria-uppsala\/#breadcrumb\",\"itemListElement\":[{\"@type\":\"ListItem\",\"position\":1,\"name\":\"Home\",\"item\":\"https:\/\/efterklang.org\/sv\/\"},{\"@type\":\"ListItem\",\"position\":2,\"name\":\"Our projects\",\"item\":\"https:\/\/efterklang.org\/projects\/?lang=sv\"},{\"@type\":\"ListItem\",\"position\":3,\"name\":\"Gr\u00e4nby Galleria, Uppsala\"}]},{\"@type\":\"WebSite\",\"@id\":\"https:\/\/efterklang.org\/#website\",\"url\":\"https:\/\/efterklang.org\/\",\"name\":\"Efterklang\",\"description\":\"P\u00e5 Efterklang designar och s\u00e4krar vi ljudmilj\u00f6er.\",\"publisher\":{\"@id\":\"https:\/\/efterklang.org\/#organization\"},\"potentialAction\":[{\"@type\":\"SearchAction\",\"target\":{\"@type\":\"EntryPoint\",\"urlTemplate\":\"https:\/\/efterklang.org\/?s={search_term_string}\"},\"query-input\":\"required name=search_term_string\"}],\"inLanguage\":\"sv-SE\"},{\"@type\":\"Organization\",\"@id\":\"https:\/\/efterklang.org\/#organization\",\"name\":\"Efterklang\",\"url\":\"https:\/\/efterklang.org\/\",\"logo\":{\"@type\":\"ImageObject\",\"inLanguage\":\"sv-SE\",\"@id\":\"https:\/\/efterklang.org\/#\/schema\/logo\/image\/\",\"url\":\"https:\/\/efterklang.org\/wp-content\/uploads\/2021\/10\/Asset-25.svg\",\"contentUrl\":\"https:\/\/efterklang.org\/wp-content\/uploads\/2021\/10\/Asset-25.svg\",\"caption\":\"Efterklang\"},\"image\":{\"@id\":\"https:\/\/efterklang.org\/#\/schema\/logo\/image\/\"}}]}<\/script>\n<!-- \/ Yoast SEO plugin. -->","yoast_head_json":{"title":"Gr\u00e4nby Galleria, Uppsala - Efterklang","description":"Efterklang var utsedda akustikkonsulter f\u00f6r den s\u00f6dra f\u00f6rl\u00e4ngningen av Gr\u00e4nby Galleria. Byggnaden best\u00e5r av cirka 15 000 kvadratmeter lokaler f\u00f6r handel, bowlinghallar och en biograf.","robots":{"index":"index","follow":"follow","max-snippet":"max-snippet:-1","max-image-preview":"max-image-preview:large","max-video-preview":"max-video-preview:-1"},"canonical":"https:\/\/efterklang.org\/sv\/projects\/granby-galleria-uppsala\/","og_locale":"sv_SE","og_type":"article","og_title":"Gr\u00e4nby Galleria, Uppsala - Efterklang","og_description":"Efterklang var utsedda akustikkonsulter f\u00f6r den s\u00f6dra f\u00f6rl\u00e4ngningen av Gr\u00e4nby Galleria. Byggnaden best\u00e5r av cirka 15 000 kvadratmeter lokaler f\u00f6r handel, bowlinghallar och en biograf.","og_url":"https:\/\/efterklang.org\/sv\/projects\/granby-galleria-uppsala\/","og_site_name":"Efterklang","article_modified_time":"2021-12-06T14:31:05+00:00","og_image":[{"width":3456,"height":2304,"url":"https:\/\/efterklang.org\/wp-content\/uploads\/2021\/11\/Graenby_Uppsala.jpg","type":"image\/jpeg"}],"twitter_card":"summary_large_image","twitter_misc":{"Ber\u00e4knad l\u00e4stid":"1 minut"},"schema":{"@context":"https:\/\/schema.org","@graph":[{"@type":"WebPage","@id":"https:\/\/efterklang.org\/sv\/projects\/granby-galleria-uppsala\/","url":"https:\/\/efterklang.org\/sv\/projects\/granby-galleria-uppsala\/","name":"Gr\u00e4nby Galleria, Uppsala - Efterklang","isPartOf":{"@id":"https:\/\/efterklang.org\/#website"},"datePublished":"2021-11-15T20:19:01+00:00","dateModified":"2021-12-06T14:31:05+00:00","description":"Efterklang var utsedda akustikkonsulter f\u00f6r den s\u00f6dra f\u00f6rl\u00e4ngningen av Gr\u00e4nby Galleria. Byggnaden best\u00e5r av cirka 15 000 kvadratmeter lokaler f\u00f6r handel, bowlinghallar och en biograf.","breadcrumb":{"@id":"https:\/\/efterklang.org\/sv\/projects\/granby-galleria-uppsala\/#breadcrumb"},"inLanguage":"sv-SE","potentialAction":[{"@type":"ReadAction","target":["https:\/\/efterklang.org\/sv\/projects\/granby-galleria-uppsala\/"]}]},{"@type":"BreadcrumbList","@id":"https:\/\/efterklang.org\/sv\/projects\/granby-galleria-uppsala\/#breadcrumb","itemListElement":[{"@type":"ListItem","position":1,"name":"Home","item":"https:\/\/efterklang.org\/sv\/"},{"@type":"ListItem","position":2,"name":"Our projects","item":"https:\/\/efterklang.org\/projects\/?lang=sv"},{"@type":"ListItem","position":3,"name":"Gr\u00e4nby Galleria, Uppsala"}]},{"@type":"WebSite","@id":"https:\/\/efterklang.org\/#website","url":"https:\/\/efterklang.org\/","name":"Efterklang","description":"P\u00e5 Efterklang designar och s\u00e4krar vi ljudmilj\u00f6er.","publisher":{"@id":"https:\/\/efterklang.org\/#organization"},"potentialAction":[{"@type":"SearchAction","target":{"@type":"EntryPoint","urlTemplate":"https:\/\/efterklang.org\/?s={search_term_string}"},"query-input":"required name=search_term_string"}],"inLanguage":"sv-SE"},{"@type":"Organization","@id":"https:\/\/efterklang.org\/#organization","name":"Efterklang","url":"https:\/\/efterklang.org\/","logo":{"@type":"ImageObject","inLanguage":"sv-SE","@id":"https:\/\/efterklang.org\/#\/schema\/logo\/image\/","url":"https:\/\/efterklang.org\/wp-content\/uploads\/2021\/10\/Asset-25.svg","contentUrl":"https:\/\/efterklang.org\/wp-content\/uploads\/2021\/10\/Asset-25.svg","caption":"Efterklang"},"image":{"@id":"https:\/\/efterklang.org\/#\/schema\/logo\/image\/"}}]}},"_links":{"self":[{"href":"https:\/\/efterklang.org\/sv\/wp-json\/wp\/v2\/projects\/4074","targetHints":{"allow":["GET"]}}],"collection":[{"href":"https:\/\/efterklang.org\/sv\/wp-json\/wp\/v2\/projects"}],"about":[{"href":"https:\/\/efterklang.org\/sv\/wp-json\/wp\/v2\/types\/projects"}],"version-history":[{"count":6,"href":"https:\/\/efterklang.org\/sv\/wp-json\/wp\/v2\/projects\/4074\/revisions"}],"predecessor-version":[{"id":4930,"href":"https:\/\/efterklang.org\/sv\/wp-json\/wp\/v2\/projects\/4074\/revisions\/4930"}],"wp:featuredmedia":[{"embeddable":true,"href":"https:\/\/efterklang.org\/sv\/wp-json\/wp\/v2\/media\/3412"}],"wp:attachment":[{"href":"https:\/\/efterklang.org\/sv\/wp-json\/wp\/v2\/media?parent=4074"}],"wp:term":[{"taxonomy":"project_category","embeddable":true,"href":"https:\/\/efterklang.org\/sv\/wp-json\/wp\/v2\/project_category?post=4074"},{"taxonomy":"country","embeddable":true,"href":"https:\/\/efterklang.org\/sv\/wp-json\/wp\/v2\/country?post=4074"},{"taxonomy":"sector","embeddable":true,"href":"https:\/\/efterklang.org\/sv\/wp-json\/wp\/v2\/sector?post=4074"}],"curies":[{"name":"wp","href":"https:\/\/api.w.org\/{rel}","templated":true}]}}