{"id":4070,"date":"2021-11-18T06:44:35","date_gmt":"2021-11-18T11:44:35","guid":{"rendered":"http:\/\/efterklang.org.hemsida.eu\/projects\/forsakringskassan-malmo\/"},"modified":"2021-12-06T05:58:54","modified_gmt":"2021-12-06T10:58:54","slug":"forsakringskassan-malmo","status":"publish","type":"projects","link":"https:\/\/efterklang.org\/sv\/projects\/forsakringskassan-malmo\/","title":{"rendered":"F\u00f6rs\u00e4kringskassan, Malm\u00f6"},"content":{"rendered":"<h6>Bakgrund<\/h6>\n<p class=\"p1\"><span class=\"s1\">N\u00e4r F\u00f6rs\u00e4kringskassan skulle flytta in i gamla Ub\u00e5tshallen i Malm\u00f6 i 2016, gjordes en omfattande upprustning av lokalerna. Den gamla industrilokalen skulle nu husera ett aktivitetsbaserat kontor f\u00f6r 700 medarbetare. <\/span><\/p>\n<h6>Uppdrag<\/h6>\n<p class=\"p1\"><span class=\"s1\">P\u00e5 uppdrag av Wihlborgs har Efterklangs akustiker arbetat fram nyt\u00e4nkande l\u00f6sningar f\u00f6r ett funktionellt kontor med en komfortabel ljudmilj\u00f6. Bland annat har stora ljudabsorbenter tillverkats f\u00f6r att minnas lokalernas varvshistoria. <\/span><\/p>\n<h6>Resultat<\/h6>\n<p class=\"p1\"><span class=\"s1\">Ett modernt aktivitetsbaserat kontor med olika milj\u00f6er f\u00f6r kreativa m\u00f6ten, koncentrerat arbete och sociala ytor. Ombyggnaden har genomsyrats av ett tydligt milj\u00f6t\u00e4nk och fastigheten certifieras enligt Milj\u00f6byggnad Silver. <\/span><\/p>\n","protected":false},"featured_media":2689,"template":"","project_category":[232,321,323,319,314],"country":[333],"sector":[365],"class_list":["post-4070","projects","type-projects","status-publish","has-post-thumbnail","hentry","project_category-akustik","project_category-byggnadsakustik","project_category-kontrollmatning","project_category-miljoklassificering","project_category-rumsakustiska-modelleringar-och-matningar","country-sverigesweden-sv","sector-kontor-och-kongress"],"acf":[],"yoast_head":"<!-- This site is optimized with the Yoast SEO plugin v22.1 - https:\/\/yoast.com\/wordpress\/plugins\/seo\/ -->\n<title>F\u00f6rs\u00e4kringskassan, Malm\u00f6 - Efterklang<\/title>\n<meta name=\"description\" content=\"P\u00e5 uppdrag av Wihlborgs har Efterklang utvecklat innovativa akustiska l\u00f6sningar f\u00f6r ett funktionellt kontor med en bekv\u00e4m ljudmilj\u00f6.\" \/>\n<meta name=\"robots\" content=\"index, follow, max-snippet:-1, max-image-preview:large, max-video-preview:-1\" \/>\n<link rel=\"canonical\" href=\"https:\/\/efterklang.org\/sv\/projects\/forsakringskassan-malmo\/\" \/>\n<meta property=\"og:locale\" content=\"sv_SE\" \/>\n<meta property=\"og:type\" content=\"article\" \/>\n<meta property=\"og:title\" content=\"F\u00f6rs\u00e4kringskassan, Malm\u00f6 - Efterklang\" \/>\n<meta property=\"og:description\" content=\"P\u00e5 uppdrag av Wihlborgs har Efterklang utvecklat innovativa akustiska l\u00f6sningar f\u00f6r ett funktionellt kontor med en bekv\u00e4m ljudmilj\u00f6.\" \/>\n<meta property=\"og:url\" content=\"https:\/\/efterklang.org\/sv\/projects\/forsakringskassan-malmo\/\" \/>\n<meta property=\"og:site_name\" content=\"Efterklang\" \/>\n<meta property=\"article:modified_time\" content=\"2021-12-06T10:58:54+00:00\" \/>\n<meta property=\"og:image\" content=\"https:\/\/efterklang.org\/wp-content\/uploads\/2021\/11\/Ubatshallen-renovering_Malmo-10.jpg\" \/>\n\t<meta property=\"og:image:width\" content=\"1500\" \/>\n\t<meta property=\"og:image:height\" content=\"1000\" \/>\n\t<meta property=\"og:image:type\" content=\"image\/jpeg\" \/>\n<meta name=\"twitter:card\" content=\"summary_large_image\" \/>\n<meta name=\"twitter:label1\" content=\"Ber\u00e4knad l\u00e4stid\" \/>\n\t<meta name=\"twitter:data1\" content=\"1 minut\" \/>\n<script type=\"application\/ld+json\" class=\"yoast-schema-graph\">{\"@context\":\"https:\/\/schema.org\",\"@graph\":[{\"@type\":\"WebPage\",\"@id\":\"https:\/\/efterklang.org\/sv\/projects\/forsakringskassan-malmo\/\",\"url\":\"https:\/\/efterklang.org\/sv\/projects\/forsakringskassan-malmo\/\",\"name\":\"F\u00f6rs\u00e4kringskassan, Malm\u00f6 - Efterklang\",\"isPartOf\":{\"@id\":\"https:\/\/efterklang.org\/#website\"},\"datePublished\":\"2021-11-18T11:44:35+00:00\",\"dateModified\":\"2021-12-06T10:58:54+00:00\",\"description\":\"P\u00e5 uppdrag av Wihlborgs har Efterklang utvecklat innovativa akustiska l\u00f6sningar f\u00f6r ett funktionellt kontor med en bekv\u00e4m ljudmilj\u00f6.\",\"breadcrumb\":{\"@id\":\"https:\/\/efterklang.org\/sv\/projects\/forsakringskassan-malmo\/#breadcrumb\"},\"inLanguage\":\"sv-SE\",\"potentialAction\":[{\"@type\":\"ReadAction\",\"target\":[\"https:\/\/efterklang.org\/sv\/projects\/forsakringskassan-malmo\/\"]}]},{\"@type\":\"BreadcrumbList\",\"@id\":\"https:\/\/efterklang.org\/sv\/projects\/forsakringskassan-malmo\/#breadcrumb\",\"itemListElement\":[{\"@type\":\"ListItem\",\"position\":1,\"name\":\"Home\",\"item\":\"https:\/\/efterklang.org\/sv\/\"},{\"@type\":\"ListItem\",\"position\":2,\"name\":\"Our projects\",\"item\":\"https:\/\/efterklang.org\/projects\/?lang=sv\"},{\"@type\":\"ListItem\",\"position\":3,\"name\":\"F\u00f6rs\u00e4kringskassan, Malm\u00f6\"}]},{\"@type\":\"WebSite\",\"@id\":\"https:\/\/efterklang.org\/#website\",\"url\":\"https:\/\/efterklang.org\/\",\"name\":\"Efterklang\",\"description\":\"P\u00e5 Efterklang designar och s\u00e4krar vi ljudmilj\u00f6er.\",\"publisher\":{\"@id\":\"https:\/\/efterklang.org\/#organization\"},\"potentialAction\":[{\"@type\":\"SearchAction\",\"target\":{\"@type\":\"EntryPoint\",\"urlTemplate\":\"https:\/\/efterklang.org\/?s={search_term_string}\"},\"query-input\":\"required name=search_term_string\"}],\"inLanguage\":\"sv-SE\"},{\"@type\":\"Organization\",\"@id\":\"https:\/\/efterklang.org\/#organization\",\"name\":\"Efterklang\",\"url\":\"https:\/\/efterklang.org\/\",\"logo\":{\"@type\":\"ImageObject\",\"inLanguage\":\"sv-SE\",\"@id\":\"https:\/\/efterklang.org\/#\/schema\/logo\/image\/\",\"url\":\"https:\/\/efterklang.org\/wp-content\/uploads\/2021\/10\/Asset-25.svg\",\"contentUrl\":\"https:\/\/efterklang.org\/wp-content\/uploads\/2021\/10\/Asset-25.svg\",\"caption\":\"Efterklang\"},\"image\":{\"@id\":\"https:\/\/efterklang.org\/#\/schema\/logo\/image\/\"}}]}<\/script>\n<!-- \/ Yoast SEO plugin. -->","yoast_head_json":{"title":"F\u00f6rs\u00e4kringskassan, Malm\u00f6 - Efterklang","description":"P\u00e5 uppdrag av Wihlborgs har Efterklang utvecklat innovativa akustiska l\u00f6sningar f\u00f6r ett funktionellt kontor med en bekv\u00e4m ljudmilj\u00f6.","robots":{"index":"index","follow":"follow","max-snippet":"max-snippet:-1","max-image-preview":"max-image-preview:large","max-video-preview":"max-video-preview:-1"},"canonical":"https:\/\/efterklang.org\/sv\/projects\/forsakringskassan-malmo\/","og_locale":"sv_SE","og_type":"article","og_title":"F\u00f6rs\u00e4kringskassan, Malm\u00f6 - Efterklang","og_description":"P\u00e5 uppdrag av Wihlborgs har Efterklang utvecklat innovativa akustiska l\u00f6sningar f\u00f6r ett funktionellt kontor med en bekv\u00e4m ljudmilj\u00f6.","og_url":"https:\/\/efterklang.org\/sv\/projects\/forsakringskassan-malmo\/","og_site_name":"Efterklang","article_modified_time":"2021-12-06T10:58:54+00:00","og_image":[{"width":1500,"height":1000,"url":"https:\/\/efterklang.org\/wp-content\/uploads\/2021\/11\/Ubatshallen-renovering_Malmo-10.jpg","type":"image\/jpeg"}],"twitter_card":"summary_large_image","twitter_misc":{"Ber\u00e4knad l\u00e4stid":"1 minut"},"schema":{"@context":"https:\/\/schema.org","@graph":[{"@type":"WebPage","@id":"https:\/\/efterklang.org\/sv\/projects\/forsakringskassan-malmo\/","url":"https:\/\/efterklang.org\/sv\/projects\/forsakringskassan-malmo\/","name":"F\u00f6rs\u00e4kringskassan, Malm\u00f6 - Efterklang","isPartOf":{"@id":"https:\/\/efterklang.org\/#website"},"datePublished":"2021-11-18T11:44:35+00:00","dateModified":"2021-12-06T10:58:54+00:00","description":"P\u00e5 uppdrag av Wihlborgs har Efterklang utvecklat innovativa akustiska l\u00f6sningar f\u00f6r ett funktionellt kontor med en bekv\u00e4m ljudmilj\u00f6.","breadcrumb":{"@id":"https:\/\/efterklang.org\/sv\/projects\/forsakringskassan-malmo\/#breadcrumb"},"inLanguage":"sv-SE","potentialAction":[{"@type":"ReadAction","target":["https:\/\/efterklang.org\/sv\/projects\/forsakringskassan-malmo\/"]}]},{"@type":"BreadcrumbList","@id":"https:\/\/efterklang.org\/sv\/projects\/forsakringskassan-malmo\/#breadcrumb","itemListElement":[{"@type":"ListItem","position":1,"name":"Home","item":"https:\/\/efterklang.org\/sv\/"},{"@type":"ListItem","position":2,"name":"Our projects","item":"https:\/\/efterklang.org\/projects\/?lang=sv"},{"@type":"ListItem","position":3,"name":"F\u00f6rs\u00e4kringskassan, Malm\u00f6"}]},{"@type":"WebSite","@id":"https:\/\/efterklang.org\/#website","url":"https:\/\/efterklang.org\/","name":"Efterklang","description":"P\u00e5 Efterklang designar och s\u00e4krar vi ljudmilj\u00f6er.","publisher":{"@id":"https:\/\/efterklang.org\/#organization"},"potentialAction":[{"@type":"SearchAction","target":{"@type":"EntryPoint","urlTemplate":"https:\/\/efterklang.org\/?s={search_term_string}"},"query-input":"required name=search_term_string"}],"inLanguage":"sv-SE"},{"@type":"Organization","@id":"https:\/\/efterklang.org\/#organization","name":"Efterklang","url":"https:\/\/efterklang.org\/","logo":{"@type":"ImageObject","inLanguage":"sv-SE","@id":"https:\/\/efterklang.org\/#\/schema\/logo\/image\/","url":"https:\/\/efterklang.org\/wp-content\/uploads\/2021\/10\/Asset-25.svg","contentUrl":"https:\/\/efterklang.org\/wp-content\/uploads\/2021\/10\/Asset-25.svg","caption":"Efterklang"},"image":{"@id":"https:\/\/efterklang.org\/#\/schema\/logo\/image\/"}}]}},"_links":{"self":[{"href":"https:\/\/efterklang.org\/sv\/wp-json\/wp\/v2\/projects\/4070","targetHints":{"allow":["GET"]}}],"collection":[{"href":"https:\/\/efterklang.org\/sv\/wp-json\/wp\/v2\/projects"}],"about":[{"href":"https:\/\/efterklang.org\/sv\/wp-json\/wp\/v2\/types\/projects"}],"version-history":[{"count":7,"href":"https:\/\/efterklang.org\/sv\/wp-json\/wp\/v2\/projects\/4070\/revisions"}],"predecessor-version":[{"id":4828,"href":"https:\/\/efterklang.org\/sv\/wp-json\/wp\/v2\/projects\/4070\/revisions\/4828"}],"wp:featuredmedia":[{"embeddable":true,"href":"https:\/\/efterklang.org\/sv\/wp-json\/wp\/v2\/media\/2689"}],"wp:attachment":[{"href":"https:\/\/efterklang.org\/sv\/wp-json\/wp\/v2\/media?parent=4070"}],"wp:term":[{"taxonomy":"project_category","embeddable":true,"href":"https:\/\/efterklang.org\/sv\/wp-json\/wp\/v2\/project_category?post=4070"},{"taxonomy":"country","embeddable":true,"href":"https:\/\/efterklang.org\/sv\/wp-json\/wp\/v2\/country?post=4070"},{"taxonomy":"sector","embeddable":true,"href":"https:\/\/efterklang.org\/sv\/wp-json\/wp\/v2\/sector?post=4070"}],"curies":[{"name":"wp","href":"https:\/\/api.w.org\/{rel}","templated":true}]}}