{"id":4004,"date":"2021-11-08T09:02:09","date_gmt":"2021-11-08T14:02:09","guid":{"rendered":"http:\/\/efterklang.org.hemsida.eu\/projects\/a-working-lab-gothenburg\/"},"modified":"2022-08-19T15:36:34","modified_gmt":"2022-08-19T13:36:34","slug":"a-working-lab-goteborg","status":"publish","type":"projects","link":"https:\/\/efterklang.org\/sv\/projects\/a-working-lab-goteborg\/","title":{"rendered":"A Working Lab, G\u00f6teborg"},"content":{"rendered":"<h6>Bakgrund<\/h6>\n<p class=\"p1\"><span class=\"s1\">A Working Lab \u00e4r en arena f\u00f6r innovation och samverkan, d\u00e4r id\u00e9- och kunskapsutbyten mellan akademi, n\u00e4ringsliv och samh\u00e4llsakt\u00f6rer ska uppst\u00e5. Byggnaden utg\u00f6r den andra etappen vid Johanneberg Science Park p\u00e5 Chalmersomr\u00e5det i G\u00f6teborg och uppf\u00f6rdes i perioden 2017-2019. <\/span><\/p>\n<h6>Uppdrag<\/h6>\n<p class=\"p1\"><span class=\"s1\">P\u00e5 uppdrag av Akademiska Hus har Efterklang gjort den akustiska projekteringen av kontorshuset, som \u00e4r uppf\u00f6rt med massivtr\u00e4stomme. Byggnaden innefattar bland annat en h\u00f6rsal med h\u00f6gra krav p\u00e5 god akustik samt en entr\u00e9hall med en avancerad rumsakustiksmilj\u00f6. <\/span><\/p>\n<h6>Resultat<\/h6>\n<p class=\"p1\"><span class=\"s1\">En moderna och flexibel byggnad som erbjuder multifunktionella ytor f\u00f6r akademi och n\u00e4ringsliv. Byggnaden har tilldelats Milj\u00f6byggnad Guld. <\/span><\/p>\n","protected":false},"featured_media":3434,"template":"","project_category":[585,232,321,323,319],"country":[333],"sector":[365,344],"class_list":["post-4004","projects","type-projects","status-publish","has-post-thumbnail","hentry","project_category-trakonstruktion","project_category-akustik","project_category-byggnadsakustik","project_category-kontrollmatning","project_category-miljoklassificering","country-sverigesweden-sv","sector-kontor-och-kongress","sector-utbildning"],"acf":[],"yoast_head":"<!-- This site is optimized with the Yoast SEO plugin v22.1 - https:\/\/yoast.com\/wordpress\/plugins\/seo\/ -->\n<title>A Working Lab, G\u00f6teborg - Efterklang<\/title>\n<meta name=\"description\" content=\"Efterklang har utf\u00f6rt den akustiska designen av A Working Lab i G\u00f6teborg. Byggnaden omfattar en m\u00e4ngd olika rum och utrymmen, s\u00e5som ett auditorium och en \u00f6ppen entr\u00e9hall med en avancerad rumsakustisk milj\u00f6.\" \/>\n<meta name=\"robots\" content=\"index, follow, max-snippet:-1, max-image-preview:large, max-video-preview:-1\" \/>\n<link rel=\"canonical\" href=\"https:\/\/efterklang.org\/sv\/projects\/a-working-lab-goteborg\/\" \/>\n<meta property=\"og:locale\" content=\"sv_SE\" \/>\n<meta property=\"og:type\" content=\"article\" \/>\n<meta property=\"og:title\" content=\"A Working Lab, G\u00f6teborg - Efterklang\" \/>\n<meta property=\"og:description\" content=\"Efterklang har utf\u00f6rt den akustiska designen av A Working Lab i G\u00f6teborg. Byggnaden omfattar en m\u00e4ngd olika rum och utrymmen, s\u00e5som ett auditorium och en \u00f6ppen entr\u00e9hall med en avancerad rumsakustisk milj\u00f6.\" \/>\n<meta property=\"og:url\" content=\"https:\/\/efterklang.org\/sv\/projects\/a-working-lab-goteborg\/\" \/>\n<meta property=\"og:site_name\" content=\"Efterklang\" \/>\n<meta property=\"article:modified_time\" content=\"2022-08-19T13:36:34+00:00\" \/>\n<meta property=\"og:image\" content=\"https:\/\/efterklang.org\/wp-content\/uploads\/2021\/11\/A-Working-Lab_C-Adam-Rydberg-7-3.jpg\" \/>\n\t<meta property=\"og:image:width\" content=\"3658\" \/>\n\t<meta property=\"og:image:height\" content=\"2747\" \/>\n\t<meta property=\"og:image:type\" content=\"image\/jpeg\" \/>\n<meta name=\"twitter:card\" content=\"summary_large_image\" \/>\n<meta name=\"twitter:label1\" content=\"Ber\u00e4knad l\u00e4stid\" \/>\n\t<meta name=\"twitter:data1\" content=\"1 minut\" \/>\n<script type=\"application\/ld+json\" class=\"yoast-schema-graph\">{\"@context\":\"https:\/\/schema.org\",\"@graph\":[{\"@type\":\"WebPage\",\"@id\":\"https:\/\/efterklang.org\/sv\/projects\/a-working-lab-goteborg\/\",\"url\":\"https:\/\/efterklang.org\/sv\/projects\/a-working-lab-goteborg\/\",\"name\":\"A Working Lab, G\u00f6teborg - Efterklang\",\"isPartOf\":{\"@id\":\"https:\/\/efterklang.org\/#website\"},\"datePublished\":\"2021-11-08T14:02:09+00:00\",\"dateModified\":\"2022-08-19T13:36:34+00:00\",\"description\":\"Efterklang har utf\u00f6rt den akustiska designen av A Working Lab i G\u00f6teborg. Byggnaden omfattar en m\u00e4ngd olika rum och utrymmen, s\u00e5som ett auditorium och en \u00f6ppen entr\u00e9hall med en avancerad rumsakustisk milj\u00f6.\",\"breadcrumb\":{\"@id\":\"https:\/\/efterklang.org\/sv\/projects\/a-working-lab-goteborg\/#breadcrumb\"},\"inLanguage\":\"sv-SE\",\"potentialAction\":[{\"@type\":\"ReadAction\",\"target\":[\"https:\/\/efterklang.org\/sv\/projects\/a-working-lab-goteborg\/\"]}]},{\"@type\":\"BreadcrumbList\",\"@id\":\"https:\/\/efterklang.org\/sv\/projects\/a-working-lab-goteborg\/#breadcrumb\",\"itemListElement\":[{\"@type\":\"ListItem\",\"position\":1,\"name\":\"Home\",\"item\":\"https:\/\/efterklang.org\/sv\/\"},{\"@type\":\"ListItem\",\"position\":2,\"name\":\"Our projects\",\"item\":\"https:\/\/efterklang.org\/projects\/?lang=sv\"},{\"@type\":\"ListItem\",\"position\":3,\"name\":\"A Working Lab, G\u00f6teborg\"}]},{\"@type\":\"WebSite\",\"@id\":\"https:\/\/efterklang.org\/#website\",\"url\":\"https:\/\/efterklang.org\/\",\"name\":\"Efterklang\",\"description\":\"P\u00e5 Efterklang designar och s\u00e4krar vi ljudmilj\u00f6er.\",\"publisher\":{\"@id\":\"https:\/\/efterklang.org\/#organization\"},\"potentialAction\":[{\"@type\":\"SearchAction\",\"target\":{\"@type\":\"EntryPoint\",\"urlTemplate\":\"https:\/\/efterklang.org\/?s={search_term_string}\"},\"query-input\":\"required name=search_term_string\"}],\"inLanguage\":\"sv-SE\"},{\"@type\":\"Organization\",\"@id\":\"https:\/\/efterklang.org\/#organization\",\"name\":\"Efterklang\",\"url\":\"https:\/\/efterklang.org\/\",\"logo\":{\"@type\":\"ImageObject\",\"inLanguage\":\"sv-SE\",\"@id\":\"https:\/\/efterklang.org\/#\/schema\/logo\/image\/\",\"url\":\"https:\/\/efterklang.org\/wp-content\/uploads\/2021\/10\/Asset-25.svg\",\"contentUrl\":\"https:\/\/efterklang.org\/wp-content\/uploads\/2021\/10\/Asset-25.svg\",\"caption\":\"Efterklang\"},\"image\":{\"@id\":\"https:\/\/efterklang.org\/#\/schema\/logo\/image\/\"}}]}<\/script>\n<!-- \/ Yoast SEO plugin. -->","yoast_head_json":{"title":"A Working Lab, G\u00f6teborg - Efterklang","description":"Efterklang har utf\u00f6rt den akustiska designen av A Working Lab i G\u00f6teborg. Byggnaden omfattar en m\u00e4ngd olika rum och utrymmen, s\u00e5som ett auditorium och en \u00f6ppen entr\u00e9hall med en avancerad rumsakustisk milj\u00f6.","robots":{"index":"index","follow":"follow","max-snippet":"max-snippet:-1","max-image-preview":"max-image-preview:large","max-video-preview":"max-video-preview:-1"},"canonical":"https:\/\/efterklang.org\/sv\/projects\/a-working-lab-goteborg\/","og_locale":"sv_SE","og_type":"article","og_title":"A Working Lab, G\u00f6teborg - Efterklang","og_description":"Efterklang har utf\u00f6rt den akustiska designen av A Working Lab i G\u00f6teborg. Byggnaden omfattar en m\u00e4ngd olika rum och utrymmen, s\u00e5som ett auditorium och en \u00f6ppen entr\u00e9hall med en avancerad rumsakustisk milj\u00f6.","og_url":"https:\/\/efterklang.org\/sv\/projects\/a-working-lab-goteborg\/","og_site_name":"Efterklang","article_modified_time":"2022-08-19T13:36:34+00:00","og_image":[{"width":3658,"height":2747,"url":"https:\/\/efterklang.org\/wp-content\/uploads\/2021\/11\/A-Working-Lab_C-Adam-Rydberg-7-3.jpg","type":"image\/jpeg"}],"twitter_card":"summary_large_image","twitter_misc":{"Ber\u00e4knad l\u00e4stid":"1 minut"},"schema":{"@context":"https:\/\/schema.org","@graph":[{"@type":"WebPage","@id":"https:\/\/efterklang.org\/sv\/projects\/a-working-lab-goteborg\/","url":"https:\/\/efterklang.org\/sv\/projects\/a-working-lab-goteborg\/","name":"A Working Lab, G\u00f6teborg - Efterklang","isPartOf":{"@id":"https:\/\/efterklang.org\/#website"},"datePublished":"2021-11-08T14:02:09+00:00","dateModified":"2022-08-19T13:36:34+00:00","description":"Efterklang har utf\u00f6rt den akustiska designen av A Working Lab i G\u00f6teborg. Byggnaden omfattar en m\u00e4ngd olika rum och utrymmen, s\u00e5som ett auditorium och en \u00f6ppen entr\u00e9hall med en avancerad rumsakustisk milj\u00f6.","breadcrumb":{"@id":"https:\/\/efterklang.org\/sv\/projects\/a-working-lab-goteborg\/#breadcrumb"},"inLanguage":"sv-SE","potentialAction":[{"@type":"ReadAction","target":["https:\/\/efterklang.org\/sv\/projects\/a-working-lab-goteborg\/"]}]},{"@type":"BreadcrumbList","@id":"https:\/\/efterklang.org\/sv\/projects\/a-working-lab-goteborg\/#breadcrumb","itemListElement":[{"@type":"ListItem","position":1,"name":"Home","item":"https:\/\/efterklang.org\/sv\/"},{"@type":"ListItem","position":2,"name":"Our projects","item":"https:\/\/efterklang.org\/projects\/?lang=sv"},{"@type":"ListItem","position":3,"name":"A Working Lab, G\u00f6teborg"}]},{"@type":"WebSite","@id":"https:\/\/efterklang.org\/#website","url":"https:\/\/efterklang.org\/","name":"Efterklang","description":"P\u00e5 Efterklang designar och s\u00e4krar vi ljudmilj\u00f6er.","publisher":{"@id":"https:\/\/efterklang.org\/#organization"},"potentialAction":[{"@type":"SearchAction","target":{"@type":"EntryPoint","urlTemplate":"https:\/\/efterklang.org\/?s={search_term_string}"},"query-input":"required name=search_term_string"}],"inLanguage":"sv-SE"},{"@type":"Organization","@id":"https:\/\/efterklang.org\/#organization","name":"Efterklang","url":"https:\/\/efterklang.org\/","logo":{"@type":"ImageObject","inLanguage":"sv-SE","@id":"https:\/\/efterklang.org\/#\/schema\/logo\/image\/","url":"https:\/\/efterklang.org\/wp-content\/uploads\/2021\/10\/Asset-25.svg","contentUrl":"https:\/\/efterklang.org\/wp-content\/uploads\/2021\/10\/Asset-25.svg","caption":"Efterklang"},"image":{"@id":"https:\/\/efterklang.org\/#\/schema\/logo\/image\/"}}]}},"_links":{"self":[{"href":"https:\/\/efterklang.org\/sv\/wp-json\/wp\/v2\/projects\/4004","targetHints":{"allow":["GET"]}}],"collection":[{"href":"https:\/\/efterklang.org\/sv\/wp-json\/wp\/v2\/projects"}],"about":[{"href":"https:\/\/efterklang.org\/sv\/wp-json\/wp\/v2\/types\/projects"}],"version-history":[{"count":5,"href":"https:\/\/efterklang.org\/sv\/wp-json\/wp\/v2\/projects\/4004\/revisions"}],"predecessor-version":[{"id":4821,"href":"https:\/\/efterklang.org\/sv\/wp-json\/wp\/v2\/projects\/4004\/revisions\/4821"}],"wp:featuredmedia":[{"embeddable":true,"href":"https:\/\/efterklang.org\/sv\/wp-json\/wp\/v2\/media\/3434"}],"wp:attachment":[{"href":"https:\/\/efterklang.org\/sv\/wp-json\/wp\/v2\/media?parent=4004"}],"wp:term":[{"taxonomy":"project_category","embeddable":true,"href":"https:\/\/efterklang.org\/sv\/wp-json\/wp\/v2\/project_category?post=4004"},{"taxonomy":"country","embeddable":true,"href":"https:\/\/efterklang.org\/sv\/wp-json\/wp\/v2\/country?post=4004"},{"taxonomy":"sector","embeddable":true,"href":"https:\/\/efterklang.org\/sv\/wp-json\/wp\/v2\/sector?post=4004"}],"curies":[{"name":"wp","href":"https:\/\/api.w.org\/{rel}","templated":true}]}}