{"id":14842,"date":"2025-03-13T15:19:51","date_gmt":"2025-03-13T14:19:51","guid":{"rendered":"https:\/\/efterklang.org\/projects\/avicii-arena-stockholm\/"},"modified":"2025-03-13T15:26:21","modified_gmt":"2025-03-13T14:26:21","slug":"avicii-arena-stockholm","status":"publish","type":"projects","link":"https:\/\/efterklang.org\/sv\/projects\/avicii-arena-stockholm\/","title":{"rendered":"Avicii Arena, Stockholm"},"content":{"rendered":"<h6>Bakgrund<\/h6>\n<p>M\u00e5let med renoveringen var tydligt: att omvandla arenan till en m\u00e5ngsidig plats som kan husera allt fr\u00e5n energifyllda konserter till sp\u00e4nnande sportevenemang. F\u00f6r att f\u00f6rverkliga denna vision samlades ett team av experter f\u00f6r att leverera en upplevelse i v\u00e4rldsklass f\u00f6r varje g\u00e4st och bes\u00f6kare.<\/p>\n<h6><strong>Uppdrag<\/strong><\/h6>\n<p>En central del av renoveringen var den progressiva visionen f\u00f6r akustiken i den sf\u00e4riska byggnaden. Efterklang fick uppdraget att leverera akustisk ingenj\u00f6rskonst och ljuddesign, vilket resulterade i ett innovativt, r\u00f6rligt innertak av flexibla paneler. Denna unika konstruktion kan justeras f\u00f6r att styra ljudet med precision, vilket optimerar ljudupplevelsen f\u00f6r olika typer av evenemang. N\u00e4r innertaket \u00e4r utf\u00e4llt f\u00f6rst\u00e4rker det ljudet mellan scenen eller isrinken och publiken. N\u00e4r det \u00e4r inf\u00e4llt blottas arenans ikoniska postmoderna kupol, vilket bevarar byggnadens historiska karakt\u00e4r. Resultatet \u00e4r en skalbar arenal\u00f6sning som skapar r\u00e4tt akustik f\u00f6r stora och sm\u00e5 evenemang.<\/p>\n<p>Ut\u00f6ver det flexibla innertaket var en annan central akustisk aspekt att s\u00e4kerst\u00e4lla ljudklarhet \u2014 en avg\u00f6rande faktor f\u00f6r att fullt ut uppleva musik, konst och s\u00e4rskilt sport. Vid ishockey, till exempel, \u00e4r ljuden fr\u00e5n spelet inte bara st\u00e4mningsh\u00f6jande volym, utan ocks\u00e5 ljud rika p\u00e5 detaljer, vilket adderar djup och intensitet till den totala atmosf\u00e4ren b\u00e5de f\u00f6r publik och spelare.<\/p>\n<p>Tillskottet av gondolplatser ger ett unikt perspektiv, med sittplatser som sv\u00e4var l\u00e4tt \u00f6ver sittplatsb\u00e5len och skapar en uppslukande utsiktspunkt. I kombination med det nya flexibla innertaket, arkitektoniska f\u00f6rb\u00e4ttringar och integrerad teknik, har arenans akustik noggrant utformats f\u00f6r att leverera en f\u00f6rst\u00e4rkt ljudupplevelse som g\u00f6r varje \u00f6gonblick mer levande och f\u00e5ngande f\u00f6r publiken.<\/p>\n<h6><strong>Resultat<\/strong><\/h6>\n<p>Under hela renoveringen fanns ett starkt engagemang f\u00f6r att hylla Avicii Arenas anrika historia samtidigt som moderna funktioner integrerades. Resultatet \u00e4r en arena som inte bara erk\u00e4nner sitt f\u00f6rflutna utan ocks\u00e5 \u00e4r redo att vara v\u00e4rd f\u00f6r evenemang i v\u00e4rldsklass i m\u00e5nga decennier fram\u00f6ver.<\/p>\n","protected":false},"featured_media":14482,"template":"","project_category":[232,321,323,314],"country":[333],"sector":[359,337,382,342],"class_list":["post-14842","projects","type-projects","status-publish","has-post-thumbnail","hentry","project_category-akustik","project_category-byggnadsakustik","project_category-kontrollmatning","project_category-rumsakustiska-modelleringar-och-matningar","country-sverigesweden-sv","sector-innovationer","sector-konst-och-kultur","sector-sport-och-underhallning","sector-stadsutveckling"],"acf":[],"yoast_head":"<!-- This site is optimized with the Yoast SEO plugin v22.1 - https:\/\/yoast.com\/wordpress\/plugins\/seo\/ -->\n<title>Avicii Arena, Stockholm<\/title>\n<meta name=\"description\" content=\"Akustik i v\u00e4rldsklass p\u00e5 en plats i v\u00e4rldsklass. Den ikoniska Avicii Arena har \u00e5terupplivats f\u00f6r att leverera premiumupplevelser.\" \/>\n<meta name=\"robots\" content=\"index, follow, max-snippet:-1, max-image-preview:large, max-video-preview:-1\" \/>\n<link rel=\"canonical\" href=\"https:\/\/efterklang.org\/sv\/projects\/avicii-arena-stockholm\/\" \/>\n<meta property=\"og:locale\" content=\"sv_SE\" \/>\n<meta property=\"og:type\" content=\"article\" \/>\n<meta property=\"og:title\" content=\"Avicii Arena, Stockholm\" \/>\n<meta property=\"og:description\" content=\"Akustik i v\u00e4rldsklass p\u00e5 en plats i v\u00e4rldsklass. Den ikoniska Avicii Arena har \u00e5terupplivats f\u00f6r att leverera premiumupplevelser.\" \/>\n<meta property=\"og:url\" content=\"https:\/\/efterklang.org\/sv\/projects\/avicii-arena-stockholm\/\" \/>\n<meta property=\"og:site_name\" content=\"Efterklang\" \/>\n<meta property=\"article:modified_time\" content=\"2025-03-13T14:26:21+00:00\" \/>\n<meta property=\"og:image\" content=\"https:\/\/efterklang.org\/wp-content\/uploads\/2025\/02\/Namnlos-design-91-1024x576.png\" \/>\n\t<meta property=\"og:image:width\" content=\"1024\" \/>\n\t<meta property=\"og:image:height\" content=\"576\" \/>\n\t<meta property=\"og:image:type\" content=\"image\/png\" \/>\n<meta name=\"twitter:card\" content=\"summary_large_image\" \/>\n<meta name=\"twitter:label1\" content=\"Ber\u00e4knad l\u00e4stid\" \/>\n\t<meta name=\"twitter:data1\" content=\"2 minuter\" \/>\n<script type=\"application\/ld+json\" class=\"yoast-schema-graph\">{\"@context\":\"https:\/\/schema.org\",\"@graph\":[{\"@type\":\"WebPage\",\"@id\":\"https:\/\/efterklang.org\/sv\/projects\/avicii-arena-stockholm\/\",\"url\":\"https:\/\/efterklang.org\/sv\/projects\/avicii-arena-stockholm\/\",\"name\":\"Avicii Arena, Stockholm\",\"isPartOf\":{\"@id\":\"https:\/\/efterklang.org\/#website\"},\"datePublished\":\"2025-03-13T14:19:51+00:00\",\"dateModified\":\"2025-03-13T14:26:21+00:00\",\"description\":\"Akustik i v\u00e4rldsklass p\u00e5 en plats i v\u00e4rldsklass. Den ikoniska Avicii Arena har \u00e5terupplivats f\u00f6r att leverera premiumupplevelser.\",\"breadcrumb\":{\"@id\":\"https:\/\/efterklang.org\/sv\/projects\/avicii-arena-stockholm\/#breadcrumb\"},\"inLanguage\":\"sv-SE\",\"potentialAction\":[{\"@type\":\"ReadAction\",\"target\":[\"https:\/\/efterklang.org\/sv\/projects\/avicii-arena-stockholm\/\"]}]},{\"@type\":\"BreadcrumbList\",\"@id\":\"https:\/\/efterklang.org\/sv\/projects\/avicii-arena-stockholm\/#breadcrumb\",\"itemListElement\":[{\"@type\":\"ListItem\",\"position\":1,\"name\":\"Home\",\"item\":\"https:\/\/efterklang.org\/sv\/\"},{\"@type\":\"ListItem\",\"position\":2,\"name\":\"Our projects\",\"item\":\"https:\/\/efterklang.org\/projects\/?lang=sv\"},{\"@type\":\"ListItem\",\"position\":3,\"name\":\"Avicii Arena, Stockholm\"}]},{\"@type\":\"WebSite\",\"@id\":\"https:\/\/efterklang.org\/#website\",\"url\":\"https:\/\/efterklang.org\/\",\"name\":\"Efterklang\",\"description\":\"P\u00e5 Efterklang designar och s\u00e4krar vi ljudmilj\u00f6er.\",\"publisher\":{\"@id\":\"https:\/\/efterklang.org\/#organization\"},\"potentialAction\":[{\"@type\":\"SearchAction\",\"target\":{\"@type\":\"EntryPoint\",\"urlTemplate\":\"https:\/\/efterklang.org\/?s={search_term_string}\"},\"query-input\":\"required name=search_term_string\"}],\"inLanguage\":\"sv-SE\"},{\"@type\":\"Organization\",\"@id\":\"https:\/\/efterklang.org\/#organization\",\"name\":\"Efterklang\",\"url\":\"https:\/\/efterklang.org\/\",\"logo\":{\"@type\":\"ImageObject\",\"inLanguage\":\"sv-SE\",\"@id\":\"https:\/\/efterklang.org\/#\/schema\/logo\/image\/\",\"url\":\"https:\/\/efterklang.org\/wp-content\/uploads\/2021\/10\/Asset-25.svg\",\"contentUrl\":\"https:\/\/efterklang.org\/wp-content\/uploads\/2021\/10\/Asset-25.svg\",\"caption\":\"Efterklang\"},\"image\":{\"@id\":\"https:\/\/efterklang.org\/#\/schema\/logo\/image\/\"}}]}<\/script>\n<!-- \/ Yoast SEO plugin. -->","yoast_head_json":{"title":"Avicii Arena, Stockholm","description":"Akustik i v\u00e4rldsklass p\u00e5 en plats i v\u00e4rldsklass. Den ikoniska Avicii Arena har \u00e5terupplivats f\u00f6r att leverera premiumupplevelser.","robots":{"index":"index","follow":"follow","max-snippet":"max-snippet:-1","max-image-preview":"max-image-preview:large","max-video-preview":"max-video-preview:-1"},"canonical":"https:\/\/efterklang.org\/sv\/projects\/avicii-arena-stockholm\/","og_locale":"sv_SE","og_type":"article","og_title":"Avicii Arena, Stockholm","og_description":"Akustik i v\u00e4rldsklass p\u00e5 en plats i v\u00e4rldsklass. Den ikoniska Avicii Arena har \u00e5terupplivats f\u00f6r att leverera premiumupplevelser.","og_url":"https:\/\/efterklang.org\/sv\/projects\/avicii-arena-stockholm\/","og_site_name":"Efterklang","article_modified_time":"2025-03-13T14:26:21+00:00","og_image":[{"width":1024,"height":576,"url":"https:\/\/efterklang.org\/wp-content\/uploads\/2025\/02\/Namnlos-design-91-1024x576.png","type":"image\/png"}],"twitter_card":"summary_large_image","twitter_misc":{"Ber\u00e4knad l\u00e4stid":"2 minuter"},"schema":{"@context":"https:\/\/schema.org","@graph":[{"@type":"WebPage","@id":"https:\/\/efterklang.org\/sv\/projects\/avicii-arena-stockholm\/","url":"https:\/\/efterklang.org\/sv\/projects\/avicii-arena-stockholm\/","name":"Avicii Arena, Stockholm","isPartOf":{"@id":"https:\/\/efterklang.org\/#website"},"datePublished":"2025-03-13T14:19:51+00:00","dateModified":"2025-03-13T14:26:21+00:00","description":"Akustik i v\u00e4rldsklass p\u00e5 en plats i v\u00e4rldsklass. Den ikoniska Avicii Arena har \u00e5terupplivats f\u00f6r att leverera premiumupplevelser.","breadcrumb":{"@id":"https:\/\/efterklang.org\/sv\/projects\/avicii-arena-stockholm\/#breadcrumb"},"inLanguage":"sv-SE","potentialAction":[{"@type":"ReadAction","target":["https:\/\/efterklang.org\/sv\/projects\/avicii-arena-stockholm\/"]}]},{"@type":"BreadcrumbList","@id":"https:\/\/efterklang.org\/sv\/projects\/avicii-arena-stockholm\/#breadcrumb","itemListElement":[{"@type":"ListItem","position":1,"name":"Home","item":"https:\/\/efterklang.org\/sv\/"},{"@type":"ListItem","position":2,"name":"Our projects","item":"https:\/\/efterklang.org\/projects\/?lang=sv"},{"@type":"ListItem","position":3,"name":"Avicii Arena, Stockholm"}]},{"@type":"WebSite","@id":"https:\/\/efterklang.org\/#website","url":"https:\/\/efterklang.org\/","name":"Efterklang","description":"P\u00e5 Efterklang designar och s\u00e4krar vi ljudmilj\u00f6er.","publisher":{"@id":"https:\/\/efterklang.org\/#organization"},"potentialAction":[{"@type":"SearchAction","target":{"@type":"EntryPoint","urlTemplate":"https:\/\/efterklang.org\/?s={search_term_string}"},"query-input":"required name=search_term_string"}],"inLanguage":"sv-SE"},{"@type":"Organization","@id":"https:\/\/efterklang.org\/#organization","name":"Efterklang","url":"https:\/\/efterklang.org\/","logo":{"@type":"ImageObject","inLanguage":"sv-SE","@id":"https:\/\/efterklang.org\/#\/schema\/logo\/image\/","url":"https:\/\/efterklang.org\/wp-content\/uploads\/2021\/10\/Asset-25.svg","contentUrl":"https:\/\/efterklang.org\/wp-content\/uploads\/2021\/10\/Asset-25.svg","caption":"Efterklang"},"image":{"@id":"https:\/\/efterklang.org\/#\/schema\/logo\/image\/"}}]}},"_links":{"self":[{"href":"https:\/\/efterklang.org\/sv\/wp-json\/wp\/v2\/projects\/14842","targetHints":{"allow":["GET"]}}],"collection":[{"href":"https:\/\/efterklang.org\/sv\/wp-json\/wp\/v2\/projects"}],"about":[{"href":"https:\/\/efterklang.org\/sv\/wp-json\/wp\/v2\/types\/projects"}],"version-history":[{"count":3,"href":"https:\/\/efterklang.org\/sv\/wp-json\/wp\/v2\/projects\/14842\/revisions"}],"predecessor-version":[{"id":14845,"href":"https:\/\/efterklang.org\/sv\/wp-json\/wp\/v2\/projects\/14842\/revisions\/14845"}],"wp:featuredmedia":[{"embeddable":true,"href":"https:\/\/efterklang.org\/sv\/wp-json\/wp\/v2\/media\/14482"}],"wp:attachment":[{"href":"https:\/\/efterklang.org\/sv\/wp-json\/wp\/v2\/media?parent=14842"}],"wp:term":[{"taxonomy":"project_category","embeddable":true,"href":"https:\/\/efterklang.org\/sv\/wp-json\/wp\/v2\/project_category?post=14842"},{"taxonomy":"country","embeddable":true,"href":"https:\/\/efterklang.org\/sv\/wp-json\/wp\/v2\/country?post=14842"},{"taxonomy":"sector","embeddable":true,"href":"https:\/\/efterklang.org\/sv\/wp-json\/wp\/v2\/sector?post=14842"}],"curies":[{"name":"wp","href":"https:\/\/api.w.org\/{rel}","templated":true}]}}