{"id":14123,"date":"2024-10-28T15:35:22","date_gmt":"2024-10-28T14:35:22","guid":{"rendered":"https:\/\/efterklang.org\/?post_type=projects&#038;p=14123"},"modified":"2024-10-28T15:37:13","modified_gmt":"2024-10-28T14:37:13","slug":"emigranten-karlshamn","status":"publish","type":"projects","link":"https:\/\/efterklang.org\/sv\/projects\/emigranten-karlshamn\/","title":{"rendered":"Emigranten, Karlshamn"},"content":{"rendered":"<h6>Bakgrund:<\/h6>\n<p>P\u00e5 \u00d6stra Piren i Karlshamn, med utsikt \u00f6ver havet, har stadens nya m\u00f6tesplats vuxit fram. Den nyuppf\u00f6rda byggnaden rymmer eventv\u00e5ningar, restauranger, coworking- och kontorsytor, konferenslokaler, tv\u00e5 biografer, en skybar och en konsertsal. Ambitionen \u00e4r att skapa en levande m\u00f6tesplats d\u00e4r n\u00e4ringsliv och kultur kan samverka och utvecklas tillsammans.<\/p>\n<h6>Uppdrag:<\/h6>\n<p>Vid uppf\u00f6randet av den nya byggnaden fick Efterklang f\u00f6rtroendet att ansvara f\u00f6r den akustiska projekteringen. Detta omfattade ljudisolering, stegljudsd\u00e4mpning och installationsljud f\u00f6r konsertsalen och \u00e4ven rumsakustik i biograferna. Varje utrymme hade unika akustiska krav och behov.<\/p>\n<h6>Resultat:<\/h6>\n<p><strong>Lokaler:<br \/>\n<\/strong>Byggnadens konferensrum och kontorslokaler utformades f\u00f6r att skapa en behaglig ljudmilj\u00f6 som fr\u00e4mjar v\u00e4lm\u00e5ende och kreativitet. Kontorslokalerna inkluderar \u00f6ppna aktivitetsytor och coworking-omr\u00e5den, utformade f\u00f6r att fr\u00e4mja samarbete.<\/p>\n<p><strong>Konsertsal:<br \/>\n<\/strong>Konsertsalen \u00e4r placerad direkt ovanf\u00f6r biografsalongerna, vilket st\u00e4llde h\u00f6ga krav p\u00e5 ljudisoleringen. Det var viktigt att inget ljud fr\u00e5n biografen kunde h\u00f6ras i konsertsalen. F\u00f6r att uppn\u00e5 detta \u00e4r b\u00e5de biografen och konsertsalen byggda p\u00e5 separata fundament med kraftiga betongkonstruktioner som effektivt blockerar \u00e4ven l\u00e5gfrekventa ljud fr\u00e5n biografens subwoofers. Dessutom har stegljud fr\u00e5n angr\u00e4nsande lokaler eliminerats, och en specialanpassad ventilationsl\u00f6sning installerades f\u00f6r att h\u00e5lla ljudniv\u00e5n l\u00e5g. Den h\u00f6ga takh\u00f6jden, ljudreflektorer, diffuserande v\u00e4ggpaneler och ljudabsorberande stolar bidrar alla till att optimera ljudupplevelsen. Allt \u00e4r utformat f\u00f6r att fr\u00e4mja att ljud fr\u00e5n akustisk musik till salens line-array ljudsystem kan upplevas s\u00e5 bra som m\u00f6jligt.<\/p>\n<p><strong>Biograf:<br \/>\n<\/strong>F\u00f6r biografdelen har vi arbetat med b\u00e5de ljudisolering och rumsakustik f\u00f6r att s\u00e4kerst\u00e4lla att ljudet upplevs optimalt. Ventilationen har konstruerats f\u00f6r att vara helt tyst \u00e4ven under de mest stillsamma filmsekvenser. Biografsalongerna \u00e4r utrustade med den senaste tekniken, inklusive laserprojektorer, Dolby Atmos-ljudsystem och breda reclinerstolar.<\/p>\n<p>Rummen \u00e4r noggrant designade f\u00f6r att minimera resonanser, vilket ger en ren och detaljerad ljudbild fr\u00e5n Dolby Atmos-systemets upp till 60 h\u00f6gtalare. De tv\u00e5 salongerna kan visa h\u00f6gljudda scener samtidigt utan att p\u00e5verka varandra eller resten av byggnaden.<br \/>\nBiografen drivs av Centrumbiografen och \u00e4r deras senaste och mest imponerande anl\u00e4ggning. Biografchefen sj\u00e4lv klassar den som Sveriges b\u00e4sta biograf.<\/p>\n<p><strong>Restaurang:<br \/>\n<\/strong>Restaurangen, som ligger p\u00e5 bottenv\u00e5ningen, \u00e4r \u00f6ppen mot ljusg\u00e5rdar som bidrar till en diffuserande ljudbild med balanserad efterklang. Akustiken \u00e4r utformad f\u00f6r att skapa en behaglig ljudmilj\u00f6 med ett mjukt bakgrundssorl. G\u00e4sterna kan samtala obehindrat vid sina egna bord utan att st\u00f6ras av samtal fr\u00e5n andra bord.<\/p>\n","protected":false},"featured_media":14145,"template":"","project_category":[232,321,314],"country":[333],"sector":[337,365],"class_list":["post-14123","projects","type-projects","status-publish","has-post-thumbnail","hentry","project_category-akustik","project_category-byggnadsakustik","project_category-rumsakustiska-modelleringar-och-matningar","country-sverigesweden-sv","sector-konst-och-kultur","sector-kontor-och-kongress"],"acf":[],"yoast_head":"<!-- This site is optimized with the Yoast SEO plugin v22.1 - https:\/\/yoast.com\/wordpress\/plugins\/seo\/ -->\n<title>Emigranten, Karlshamn - Efterklang<\/title>\n<meta name=\"description\" content=\"Efterklangs uppdrag var att skapa de akustiska f\u00f6ruts\u00e4ttningar som kr\u00e4vdes f\u00f6r Emigranens m\u00e5nga anv\u00e4ndningsomr\u00e5den.\" \/>\n<meta name=\"robots\" content=\"index, follow, max-snippet:-1, max-image-preview:large, max-video-preview:-1\" \/>\n<link rel=\"canonical\" href=\"https:\/\/efterklang.org\/sv\/projects\/emigranten-karlshamn\/\" \/>\n<meta property=\"og:locale\" content=\"sv_SE\" \/>\n<meta property=\"og:type\" content=\"article\" \/>\n<meta property=\"og:title\" content=\"Emigranten, Karlshamn - Efterklang\" \/>\n<meta property=\"og:description\" content=\"Efterklangs uppdrag var att skapa de akustiska f\u00f6ruts\u00e4ttningar som kr\u00e4vdes f\u00f6r Emigranens m\u00e5nga anv\u00e4ndningsomr\u00e5den.\" \/>\n<meta property=\"og:url\" content=\"https:\/\/efterklang.org\/sv\/projects\/emigranten-karlshamn\/\" \/>\n<meta property=\"og:site_name\" content=\"Efterklang\" \/>\n<meta property=\"article:modified_time\" content=\"2024-10-28T14:37:13+00:00\" \/>\n<meta property=\"og:image\" content=\"https:\/\/efterklang.org\/wp-content\/uploads\/2024\/10\/Emigranten-Karlshamn-6.png\" \/>\n\t<meta property=\"og:image:width\" content=\"1920\" \/>\n\t<meta property=\"og:image:height\" content=\"1080\" \/>\n\t<meta property=\"og:image:type\" content=\"image\/png\" \/>\n<meta name=\"twitter:card\" content=\"summary_large_image\" \/>\n<meta name=\"twitter:label1\" content=\"Ber\u00e4knad l\u00e4stid\" \/>\n\t<meta name=\"twitter:data1\" content=\"2 minuter\" \/>\n<script type=\"application\/ld+json\" class=\"yoast-schema-graph\">{\"@context\":\"https:\/\/schema.org\",\"@graph\":[{\"@type\":\"WebPage\",\"@id\":\"https:\/\/efterklang.org\/sv\/projects\/emigranten-karlshamn\/\",\"url\":\"https:\/\/efterklang.org\/sv\/projects\/emigranten-karlshamn\/\",\"name\":\"Emigranten, Karlshamn - Efterklang\",\"isPartOf\":{\"@id\":\"https:\/\/efterklang.org\/#website\"},\"datePublished\":\"2024-10-28T14:35:22+00:00\",\"dateModified\":\"2024-10-28T14:37:13+00:00\",\"description\":\"Efterklangs uppdrag var att skapa de akustiska f\u00f6ruts\u00e4ttningar som kr\u00e4vdes f\u00f6r Emigranens m\u00e5nga anv\u00e4ndningsomr\u00e5den.\",\"breadcrumb\":{\"@id\":\"https:\/\/efterklang.org\/sv\/projects\/emigranten-karlshamn\/#breadcrumb\"},\"inLanguage\":\"sv-SE\",\"potentialAction\":[{\"@type\":\"ReadAction\",\"target\":[\"https:\/\/efterklang.org\/sv\/projects\/emigranten-karlshamn\/\"]}]},{\"@type\":\"BreadcrumbList\",\"@id\":\"https:\/\/efterklang.org\/sv\/projects\/emigranten-karlshamn\/#breadcrumb\",\"itemListElement\":[{\"@type\":\"ListItem\",\"position\":1,\"name\":\"Home\",\"item\":\"https:\/\/efterklang.org\/sv\/\"},{\"@type\":\"ListItem\",\"position\":2,\"name\":\"Our projects\",\"item\":\"https:\/\/efterklang.org\/projects\/?lang=sv\"},{\"@type\":\"ListItem\",\"position\":3,\"name\":\"Emigranten, Karlshamn\"}]},{\"@type\":\"WebSite\",\"@id\":\"https:\/\/efterklang.org\/#website\",\"url\":\"https:\/\/efterklang.org\/\",\"name\":\"Efterklang\",\"description\":\"P\u00e5 Efterklang designar och s\u00e4krar vi ljudmilj\u00f6er.\",\"publisher\":{\"@id\":\"https:\/\/efterklang.org\/#organization\"},\"potentialAction\":[{\"@type\":\"SearchAction\",\"target\":{\"@type\":\"EntryPoint\",\"urlTemplate\":\"https:\/\/efterklang.org\/?s={search_term_string}\"},\"query-input\":\"required name=search_term_string\"}],\"inLanguage\":\"sv-SE\"},{\"@type\":\"Organization\",\"@id\":\"https:\/\/efterklang.org\/#organization\",\"name\":\"Efterklang\",\"url\":\"https:\/\/efterklang.org\/\",\"logo\":{\"@type\":\"ImageObject\",\"inLanguage\":\"sv-SE\",\"@id\":\"https:\/\/efterklang.org\/#\/schema\/logo\/image\/\",\"url\":\"https:\/\/efterklang.org\/wp-content\/uploads\/2021\/10\/Asset-25.svg\",\"contentUrl\":\"https:\/\/efterklang.org\/wp-content\/uploads\/2021\/10\/Asset-25.svg\",\"caption\":\"Efterklang\"},\"image\":{\"@id\":\"https:\/\/efterklang.org\/#\/schema\/logo\/image\/\"}}]}<\/script>\n<!-- \/ Yoast SEO plugin. -->","yoast_head_json":{"title":"Emigranten, Karlshamn - Efterklang","description":"Efterklangs uppdrag var att skapa de akustiska f\u00f6ruts\u00e4ttningar som kr\u00e4vdes f\u00f6r Emigranens m\u00e5nga anv\u00e4ndningsomr\u00e5den.","robots":{"index":"index","follow":"follow","max-snippet":"max-snippet:-1","max-image-preview":"max-image-preview:large","max-video-preview":"max-video-preview:-1"},"canonical":"https:\/\/efterklang.org\/sv\/projects\/emigranten-karlshamn\/","og_locale":"sv_SE","og_type":"article","og_title":"Emigranten, Karlshamn - Efterklang","og_description":"Efterklangs uppdrag var att skapa de akustiska f\u00f6ruts\u00e4ttningar som kr\u00e4vdes f\u00f6r Emigranens m\u00e5nga anv\u00e4ndningsomr\u00e5den.","og_url":"https:\/\/efterklang.org\/sv\/projects\/emigranten-karlshamn\/","og_site_name":"Efterklang","article_modified_time":"2024-10-28T14:37:13+00:00","og_image":[{"width":1920,"height":1080,"url":"https:\/\/efterklang.org\/wp-content\/uploads\/2024\/10\/Emigranten-Karlshamn-6.png","type":"image\/png"}],"twitter_card":"summary_large_image","twitter_misc":{"Ber\u00e4knad l\u00e4stid":"2 minuter"},"schema":{"@context":"https:\/\/schema.org","@graph":[{"@type":"WebPage","@id":"https:\/\/efterklang.org\/sv\/projects\/emigranten-karlshamn\/","url":"https:\/\/efterklang.org\/sv\/projects\/emigranten-karlshamn\/","name":"Emigranten, Karlshamn - Efterklang","isPartOf":{"@id":"https:\/\/efterklang.org\/#website"},"datePublished":"2024-10-28T14:35:22+00:00","dateModified":"2024-10-28T14:37:13+00:00","description":"Efterklangs uppdrag var att skapa de akustiska f\u00f6ruts\u00e4ttningar som kr\u00e4vdes f\u00f6r Emigranens m\u00e5nga anv\u00e4ndningsomr\u00e5den.","breadcrumb":{"@id":"https:\/\/efterklang.org\/sv\/projects\/emigranten-karlshamn\/#breadcrumb"},"inLanguage":"sv-SE","potentialAction":[{"@type":"ReadAction","target":["https:\/\/efterklang.org\/sv\/projects\/emigranten-karlshamn\/"]}]},{"@type":"BreadcrumbList","@id":"https:\/\/efterklang.org\/sv\/projects\/emigranten-karlshamn\/#breadcrumb","itemListElement":[{"@type":"ListItem","position":1,"name":"Home","item":"https:\/\/efterklang.org\/sv\/"},{"@type":"ListItem","position":2,"name":"Our projects","item":"https:\/\/efterklang.org\/projects\/?lang=sv"},{"@type":"ListItem","position":3,"name":"Emigranten, Karlshamn"}]},{"@type":"WebSite","@id":"https:\/\/efterklang.org\/#website","url":"https:\/\/efterklang.org\/","name":"Efterklang","description":"P\u00e5 Efterklang designar och s\u00e4krar vi ljudmilj\u00f6er.","publisher":{"@id":"https:\/\/efterklang.org\/#organization"},"potentialAction":[{"@type":"SearchAction","target":{"@type":"EntryPoint","urlTemplate":"https:\/\/efterklang.org\/?s={search_term_string}"},"query-input":"required name=search_term_string"}],"inLanguage":"sv-SE"},{"@type":"Organization","@id":"https:\/\/efterklang.org\/#organization","name":"Efterklang","url":"https:\/\/efterklang.org\/","logo":{"@type":"ImageObject","inLanguage":"sv-SE","@id":"https:\/\/efterklang.org\/#\/schema\/logo\/image\/","url":"https:\/\/efterklang.org\/wp-content\/uploads\/2021\/10\/Asset-25.svg","contentUrl":"https:\/\/efterklang.org\/wp-content\/uploads\/2021\/10\/Asset-25.svg","caption":"Efterklang"},"image":{"@id":"https:\/\/efterklang.org\/#\/schema\/logo\/image\/"}}]}},"_links":{"self":[{"href":"https:\/\/efterklang.org\/sv\/wp-json\/wp\/v2\/projects\/14123","targetHints":{"allow":["GET"]}}],"collection":[{"href":"https:\/\/efterklang.org\/sv\/wp-json\/wp\/v2\/projects"}],"about":[{"href":"https:\/\/efterklang.org\/sv\/wp-json\/wp\/v2\/types\/projects"}],"version-history":[{"count":7,"href":"https:\/\/efterklang.org\/sv\/wp-json\/wp\/v2\/projects\/14123\/revisions"}],"predecessor-version":[{"id":14154,"href":"https:\/\/efterklang.org\/sv\/wp-json\/wp\/v2\/projects\/14123\/revisions\/14154"}],"wp:featuredmedia":[{"embeddable":true,"href":"https:\/\/efterklang.org\/sv\/wp-json\/wp\/v2\/media\/14145"}],"wp:attachment":[{"href":"https:\/\/efterklang.org\/sv\/wp-json\/wp\/v2\/media?parent=14123"}],"wp:term":[{"taxonomy":"project_category","embeddable":true,"href":"https:\/\/efterklang.org\/sv\/wp-json\/wp\/v2\/project_category?post=14123"},{"taxonomy":"country","embeddable":true,"href":"https:\/\/efterklang.org\/sv\/wp-json\/wp\/v2\/country?post=14123"},{"taxonomy":"sector","embeddable":true,"href":"https:\/\/efterklang.org\/sv\/wp-json\/wp\/v2\/sector?post=14123"}],"curies":[{"name":"wp","href":"https:\/\/api.w.org\/{rel}","templated":true}]}}