{"id":13904,"date":"2024-10-04T10:52:12","date_gmt":"2024-10-04T08:52:12","guid":{"rendered":"https:\/\/efterklang.org\/?post_type=projects&#038;p=13904"},"modified":"2025-09-09T08:28:33","modified_gmt":"2025-09-09T06:28:33","slug":"amf-fastigheter-huvudkontor","status":"publish","type":"projects","link":"https:\/\/efterklang.org\/sv\/projects\/amf-fastigheter-huvudkontor\/","title":{"rendered":"AMF Fastigheter Huvudkontor"},"content":{"rendered":"<h6>Bakgrund<\/h6>\n<p class=\"p1\">AMF Fastigheter \u00e4r ett av Sveriges st\u00f6rsta fastighetsbolag, med 35 kommersiella fastigheter i Stockholm och Sundbyberg. De \u00e4ger, utvecklar och f\u00f6rvaltar n\u00e5gra av Stockholms mest attraktiva kontors- och butiksl\u00e4gen, och skapar h\u00e5llbara platser d\u00e4r m\u00e4nniskor vill vara.<\/p>\n<p>Nyligen flyttade de sitt huvudkontor till en av sina egna fastigheter, det exklusiva k\u00f6pcentret Mood Stockholm. Denna flytt speglar deras ambition att komma n\u00e4rmare sitt k\u00e4rnfokus: staden och dess hyresg\u00e4ster, samtidigt som de fr\u00e4mjar en \u00f6ppen milj\u00f6 f\u00f6r dialog och id\u00e9utbyte. Det nya kontoret, som omfattar cirka 1 400 kvadratmeter, \u00e4r strategiskt uppdelat i tre huvudomr\u00e5den: en privat kontorsdel, en samarbetsyta och ett \u00f6ppet omr\u00e5de som s\u00f6ml\u00f6st ansluter till k\u00f6pcentret.<\/p>\n<p class=\"p1\">Det h\u00e4r \u00e4r inget vanligt kontor, och dess unika karakt\u00e4r \u00e4r tydlig redan n\u00e4r man n\u00e4rmar sig entr\u00e9n. M\u00f6nstren, f\u00e4rgschema och design \u00e4r inspirerade av \u00e5rstidernas skiftningar\u2014h\u00f6st, v\u00e5r och sommar. F\u00f6r att f\u00f6rh\u00f6ja upplevelsen ytterligare bj\u00f6d de in Efterklang, som har skapat en ljuddesign som inte bara kompletterar varje tema, utan \u00e4ven v\u00e4ver samman funktionalitet med kreativitet. Varje ljudlandskap \u00e4r omsorgsfullt designat f\u00f6r att skapa en harmonisk och inbjudande atmosf\u00e4r som v\u00e4lkomnar b\u00e5de anst\u00e4llda och bes\u00f6kare.<\/p>\n<h6>Uppdrag<\/h6>\n<p class=\"p1\">F\u00f6r att skapa den perfekta arbetsplatsen i dagens f\u00f6r\u00e4nderliga och komplexa milj\u00f6er kr\u00e4vs mer \u00e4n bara r\u00e4tt verktyg och bekv\u00e4mligheter. Det kr\u00e4ver en djup f\u00f6rst\u00e5else f\u00f6r hur m\u00e4nniskor interagerar med sin omgivning och hur olika faktorer kan p\u00e5verka deras prestation och v\u00e4lbefinnande. Ljud, som ofta f\u00f6rbises, spelar en betydande roll i att forma arbetsupplevelsen.<\/p>\n<p class=\"p1\">AMF Fastigheter har dock inte ignorerat ljudets betydelse &#8211; ist\u00e4llet bj\u00f6d de in Efterklang f\u00f6r att s\u00e4kerst\u00e4lla att deras anst\u00e4llda och bes\u00f6kare har en idealisk milj\u00f6, utformad f\u00f6r att fr\u00e4mja fokus, komfort och kreativitet.<\/p>\n<h6>Resultat<\/h6>\n<p class=\"p1\">Vi anser att ljud \u00e4r mer \u00e4n bara ett problem som ska l\u00f6sas. R\u00e4tt ljud i r\u00e4tt milj\u00f6 kan f\u00f6rb\u00e4ttra b\u00e5de arbetsplatsens atmosf\u00e4r och v\u00e4lbefinnande, och AMF Fastigheters nya huvudkontor \u00e4r ett utm\u00e4rkt exempel.<\/p>\n<p>Vi ville komplettera och f\u00f6rst\u00e4rka inredningen och de visuella temana genom ljuddesign, eftersom n\u00e4r vi engagerar flera sinnen samtidigt blir den totala upplevelsen st\u00f6rre \u00e4n de enskilda delarna.<\/p>\n<p>Med inspiration fr\u00e5n naturen har kontoret utformats kring tre s\u00e4songsteman \u2013 h\u00f6st, v\u00e5r och sommar \u2013 alla med skr\u00e4ddarsydda ljudlandskap skapade av Efterklang.<\/p>\n<p class=\"p1\"><em>H\u00f6sten<\/em> erbjuder en palett av rika toner och dj\u00e4rv interi\u00f6r. Och tillsammans med Efterklangs atmosf\u00e4riska ljuddesign\u2014suggestiva rytmer inspirerade av klassisk dubtechno, kombinerat med prasslande l\u00f6v och avl\u00e4gset ljud fr\u00e5n naturen\u2014blir utrymmet b\u00e5de energiskt och reflekterande, perfekt f\u00f6r samarbete och social interaktion.<\/p>\n<p>Stig in i<i> v\u00e5ren<\/i> och m\u00f6ts av fr\u00e4schheten av nya m\u00f6jligheter. Lummig gr\u00f6nska och sk\u00f6na pasteller, kombinerat med mjuk akustisk musik och ljudeffekter, skapar en k\u00e4nsla av f\u00f6rnyelse och kreativitet, vilket g\u00f6r det idealiskt f\u00f6r brainstorming och innovativt t\u00e4nkande.<\/p>\n<p>F\u00f6r <i>sommaren <\/i>har vi kombinerat de lugna f\u00e4rgerna och subtila interi\u00f6rer med v\u00e5rt egenutvecklade system f\u00f6r ljudmaskering, som \u00e4r designat f\u00f6r fokuserat, individuellt arbete. Denna l\u00f6sning inneh\u00e5ller subtila ljudlandskap fr\u00e5n naturen, inspelade i de fridfulla l\u00f6vskogarna i Sverige. Den auditiva upplevelsen efterliknar k\u00e4nslan av att vara utomhus eller att \u00f6ppna ett f\u00f6nster mot en lugn skog, och d\u00e4mpar st\u00f6rande ljud som samtal, tangentbordsknappande och fotsteg. Vilket i sin tur skapar en fridfull, st\u00f6rningsfri milj\u00f6. Forskning visar att ljud fr\u00e5n naturen kan minska stress och f\u00f6rb\u00e4ttra fokus, vilket g\u00f6r v\u00e5rt ljudlandskap b\u00e5de funktionellt och lugnande, och f\u00f6rb\u00e4ttrar koncentrationen p\u00e5 ett behagligt och effektivt s\u00e4tt.<\/p>\n<p class=\"p1\">Denna lekfulla synergi mellan visuella komponenter och skr\u00e4ddarsydda ljudlandskap genomsyrar hela kontoret och f\u00f6rst\u00e4rker den totala upplevelsen.<\/p>\n<p><strong>Priser<br \/>\n<\/strong>Transform Awards Europw 2025<br \/>\n<em>Brons &#8211;\u00a0Best Sonic Brand Activation <\/em><\/p>\n<p>International Sound Awards 2025<br \/>\n<em>Better Sound &#8211; Soundscapes &amp; Ambient Sound<br \/>\nBetter Sound &#8211;\u00a0 Universal Design<\/em><strong><br \/>\n<\/strong><\/p>\n","protected":false},"featured_media":13924,"template":"","project_category":[237,294,293,259,260,262,267],"country":[333],"sector":[341,365],"class_list":["post-13904","projects","type-projects","status-publish","has-post-thumbnail","hentry","project_category-ljuddesign","project_category-koncept","project_category-kurerade-spellistor","project_category-ljudarkitektur","project_category-sound-design-sv","project_category-ljudmaskering","project_category-soundscaping-sv","country-sverigesweden-sv","sector-branding-och-kommunikation","sector-kontor-och-kongress"],"acf":[],"yoast_head":"<!-- This site is optimized with the Yoast SEO plugin v22.1 - https:\/\/yoast.com\/wordpress\/plugins\/seo\/ -->\n<title>AMF Fastigheter Huvudkontor - Efterklang<\/title>\n<meta name=\"description\" content=\"Efterklang har skapat ljuddesignen i AMF Fastigheters nya och f\u00e4rgglada huvudkontor i Mood Stockholm.\" \/>\n<meta name=\"robots\" content=\"index, follow, max-snippet:-1, max-image-preview:large, max-video-preview:-1\" \/>\n<link rel=\"canonical\" href=\"https:\/\/efterklang.org\/sv\/projects\/amf-fastigheter-huvudkontor\/\" \/>\n<meta property=\"og:locale\" content=\"sv_SE\" \/>\n<meta property=\"og:type\" content=\"article\" \/>\n<meta property=\"og:title\" content=\"AMF Fastigheter Huvudkontor - Efterklang\" \/>\n<meta property=\"og:description\" content=\"Efterklang har skapat ljuddesignen i AMF Fastigheters nya och f\u00e4rgglada huvudkontor i Mood Stockholm.\" \/>\n<meta property=\"og:url\" content=\"https:\/\/efterklang.org\/sv\/projects\/amf-fastigheter-huvudkontor\/\" \/>\n<meta property=\"og:site_name\" content=\"Efterklang\" \/>\n<meta property=\"article:modified_time\" content=\"2025-09-09T06:28:33+00:00\" \/>\n<meta property=\"og:image\" content=\"https:\/\/efterklang.org\/wp-content\/uploads\/2024\/10\/IMG_3070-1024x683.jpg\" \/>\n\t<meta property=\"og:image:width\" content=\"1024\" \/>\n\t<meta property=\"og:image:height\" content=\"683\" \/>\n\t<meta property=\"og:image:type\" content=\"image\/jpeg\" \/>\n<meta name=\"twitter:card\" content=\"summary_large_image\" \/>\n<meta name=\"twitter:label1\" content=\"Ber\u00e4knad l\u00e4stid\" \/>\n\t<meta name=\"twitter:data1\" content=\"4 minuter\" \/>\n<script type=\"application\/ld+json\" class=\"yoast-schema-graph\">{\"@context\":\"https:\/\/schema.org\",\"@graph\":[{\"@type\":\"WebPage\",\"@id\":\"https:\/\/efterklang.org\/sv\/projects\/amf-fastigheter-huvudkontor\/\",\"url\":\"https:\/\/efterklang.org\/sv\/projects\/amf-fastigheter-huvudkontor\/\",\"name\":\"AMF Fastigheter Huvudkontor - Efterklang\",\"isPartOf\":{\"@id\":\"https:\/\/efterklang.org\/#website\"},\"datePublished\":\"2024-10-04T08:52:12+00:00\",\"dateModified\":\"2025-09-09T06:28:33+00:00\",\"description\":\"Efterklang har skapat ljuddesignen i AMF Fastigheters nya och f\u00e4rgglada huvudkontor i Mood Stockholm.\",\"breadcrumb\":{\"@id\":\"https:\/\/efterklang.org\/sv\/projects\/amf-fastigheter-huvudkontor\/#breadcrumb\"},\"inLanguage\":\"sv-SE\",\"potentialAction\":[{\"@type\":\"ReadAction\",\"target\":[\"https:\/\/efterklang.org\/sv\/projects\/amf-fastigheter-huvudkontor\/\"]}]},{\"@type\":\"BreadcrumbList\",\"@id\":\"https:\/\/efterklang.org\/sv\/projects\/amf-fastigheter-huvudkontor\/#breadcrumb\",\"itemListElement\":[{\"@type\":\"ListItem\",\"position\":1,\"name\":\"Home\",\"item\":\"https:\/\/efterklang.org\/sv\/\"},{\"@type\":\"ListItem\",\"position\":2,\"name\":\"Our projects\",\"item\":\"https:\/\/efterklang.org\/projects\/?lang=sv\"},{\"@type\":\"ListItem\",\"position\":3,\"name\":\"AMF Fastigheter Huvudkontor\"}]},{\"@type\":\"WebSite\",\"@id\":\"https:\/\/efterklang.org\/#website\",\"url\":\"https:\/\/efterklang.org\/\",\"name\":\"Efterklang\",\"description\":\"P\u00e5 Efterklang designar och s\u00e4krar vi ljudmilj\u00f6er.\",\"publisher\":{\"@id\":\"https:\/\/efterklang.org\/#organization\"},\"potentialAction\":[{\"@type\":\"SearchAction\",\"target\":{\"@type\":\"EntryPoint\",\"urlTemplate\":\"https:\/\/efterklang.org\/?s={search_term_string}\"},\"query-input\":\"required name=search_term_string\"}],\"inLanguage\":\"sv-SE\"},{\"@type\":\"Organization\",\"@id\":\"https:\/\/efterklang.org\/#organization\",\"name\":\"Efterklang\",\"url\":\"https:\/\/efterklang.org\/\",\"logo\":{\"@type\":\"ImageObject\",\"inLanguage\":\"sv-SE\",\"@id\":\"https:\/\/efterklang.org\/#\/schema\/logo\/image\/\",\"url\":\"https:\/\/efterklang.org\/wp-content\/uploads\/2021\/10\/Asset-25.svg\",\"contentUrl\":\"https:\/\/efterklang.org\/wp-content\/uploads\/2021\/10\/Asset-25.svg\",\"caption\":\"Efterklang\"},\"image\":{\"@id\":\"https:\/\/efterklang.org\/#\/schema\/logo\/image\/\"}}]}<\/script>\n<!-- \/ Yoast SEO plugin. -->","yoast_head_json":{"title":"AMF Fastigheter Huvudkontor - Efterklang","description":"Efterklang har skapat ljuddesignen i AMF Fastigheters nya och f\u00e4rgglada huvudkontor i Mood Stockholm.","robots":{"index":"index","follow":"follow","max-snippet":"max-snippet:-1","max-image-preview":"max-image-preview:large","max-video-preview":"max-video-preview:-1"},"canonical":"https:\/\/efterklang.org\/sv\/projects\/amf-fastigheter-huvudkontor\/","og_locale":"sv_SE","og_type":"article","og_title":"AMF Fastigheter Huvudkontor - Efterklang","og_description":"Efterklang har skapat ljuddesignen i AMF Fastigheters nya och f\u00e4rgglada huvudkontor i Mood Stockholm.","og_url":"https:\/\/efterklang.org\/sv\/projects\/amf-fastigheter-huvudkontor\/","og_site_name":"Efterklang","article_modified_time":"2025-09-09T06:28:33+00:00","og_image":[{"width":1024,"height":683,"url":"https:\/\/efterklang.org\/wp-content\/uploads\/2024\/10\/IMG_3070-1024x683.jpg","type":"image\/jpeg"}],"twitter_card":"summary_large_image","twitter_misc":{"Ber\u00e4knad l\u00e4stid":"4 minuter"},"schema":{"@context":"https:\/\/schema.org","@graph":[{"@type":"WebPage","@id":"https:\/\/efterklang.org\/sv\/projects\/amf-fastigheter-huvudkontor\/","url":"https:\/\/efterklang.org\/sv\/projects\/amf-fastigheter-huvudkontor\/","name":"AMF Fastigheter Huvudkontor - Efterklang","isPartOf":{"@id":"https:\/\/efterklang.org\/#website"},"datePublished":"2024-10-04T08:52:12+00:00","dateModified":"2025-09-09T06:28:33+00:00","description":"Efterklang har skapat ljuddesignen i AMF Fastigheters nya och f\u00e4rgglada huvudkontor i Mood Stockholm.","breadcrumb":{"@id":"https:\/\/efterklang.org\/sv\/projects\/amf-fastigheter-huvudkontor\/#breadcrumb"},"inLanguage":"sv-SE","potentialAction":[{"@type":"ReadAction","target":["https:\/\/efterklang.org\/sv\/projects\/amf-fastigheter-huvudkontor\/"]}]},{"@type":"BreadcrumbList","@id":"https:\/\/efterklang.org\/sv\/projects\/amf-fastigheter-huvudkontor\/#breadcrumb","itemListElement":[{"@type":"ListItem","position":1,"name":"Home","item":"https:\/\/efterklang.org\/sv\/"},{"@type":"ListItem","position":2,"name":"Our projects","item":"https:\/\/efterklang.org\/projects\/?lang=sv"},{"@type":"ListItem","position":3,"name":"AMF Fastigheter Huvudkontor"}]},{"@type":"WebSite","@id":"https:\/\/efterklang.org\/#website","url":"https:\/\/efterklang.org\/","name":"Efterklang","description":"P\u00e5 Efterklang designar och s\u00e4krar vi ljudmilj\u00f6er.","publisher":{"@id":"https:\/\/efterklang.org\/#organization"},"potentialAction":[{"@type":"SearchAction","target":{"@type":"EntryPoint","urlTemplate":"https:\/\/efterklang.org\/?s={search_term_string}"},"query-input":"required name=search_term_string"}],"inLanguage":"sv-SE"},{"@type":"Organization","@id":"https:\/\/efterklang.org\/#organization","name":"Efterklang","url":"https:\/\/efterklang.org\/","logo":{"@type":"ImageObject","inLanguage":"sv-SE","@id":"https:\/\/efterklang.org\/#\/schema\/logo\/image\/","url":"https:\/\/efterklang.org\/wp-content\/uploads\/2021\/10\/Asset-25.svg","contentUrl":"https:\/\/efterklang.org\/wp-content\/uploads\/2021\/10\/Asset-25.svg","caption":"Efterklang"},"image":{"@id":"https:\/\/efterklang.org\/#\/schema\/logo\/image\/"}}]}},"_links":{"self":[{"href":"https:\/\/efterklang.org\/sv\/wp-json\/wp\/v2\/projects\/13904","targetHints":{"allow":["GET"]}}],"collection":[{"href":"https:\/\/efterklang.org\/sv\/wp-json\/wp\/v2\/projects"}],"about":[{"href":"https:\/\/efterklang.org\/sv\/wp-json\/wp\/v2\/types\/projects"}],"version-history":[{"count":10,"href":"https:\/\/efterklang.org\/sv\/wp-json\/wp\/v2\/projects\/13904\/revisions"}],"predecessor-version":[{"id":14915,"href":"https:\/\/efterklang.org\/sv\/wp-json\/wp\/v2\/projects\/13904\/revisions\/14915"}],"wp:featuredmedia":[{"embeddable":true,"href":"https:\/\/efterklang.org\/sv\/wp-json\/wp\/v2\/media\/13924"}],"wp:attachment":[{"href":"https:\/\/efterklang.org\/sv\/wp-json\/wp\/v2\/media?parent=13904"}],"wp:term":[{"taxonomy":"project_category","embeddable":true,"href":"https:\/\/efterklang.org\/sv\/wp-json\/wp\/v2\/project_category?post=13904"},{"taxonomy":"country","embeddable":true,"href":"https:\/\/efterklang.org\/sv\/wp-json\/wp\/v2\/country?post=13904"},{"taxonomy":"sector","embeddable":true,"href":"https:\/\/efterklang.org\/sv\/wp-json\/wp\/v2\/sector?post=13904"}],"curies":[{"name":"wp","href":"https:\/\/api.w.org\/{rel}","templated":true}]}}