{"id":12870,"date":"2024-05-07T15:00:56","date_gmt":"2024-05-07T13:00:56","guid":{"rendered":"https:\/\/efterklang.org\/?post_type=projects&#038;p=12870"},"modified":"2024-06-20T11:17:34","modified_gmt":"2024-06-20T09:17:34","slug":"arena-triangeln-malmo","status":"publish","type":"projects","link":"https:\/\/efterklang.org\/sv\/projects\/arena-triangeln-malmo\/","title":{"rendered":"Arena Triangeln, Malm\u00f6"},"content":{"rendered":"<h6>Bakgrund<\/h6>\n<p>I centrala Malm\u00f6, mitt i Triangelns k\u00f6pcentrum, ligger Arena Triangeln. H\u00e4r erbjuder Vasakronan ett toppmodernt co-working-kontor p\u00e5 1500 m<sup>2<\/sup>\u00a0med 100 flexarbetsplatser, 11 m\u00f6tesrum och flera sociala ytor. Fokus ligger p\u00e5 v\u00e4lm\u00e5ende och funktion. Materialval, ljus och ergonomi \u00e4r genomt\u00e4nkt in i minsta detalj, precis som ljud- och doftdesignen.<\/p>\n<h6>Uppdrag<\/h6>\n<p>Precis som p\u00e5 tidigare etablerade Arenor fick Efterklang f\u00f6rtroendet att med ljud och doft bidra till ett kontor som \u00e4r funktionellt, attraktivt och trivsamt. Konceptet g\u00e5r i linje med kontorets visuella utformning och h\u00e4mtar inspiration fr\u00e5n europeiska metropoler, med sorl fr\u00e5n m\u00e4nniskor och gatuliv.<\/p>\n<h6>Resultat<\/h6>\n<p>Efterklang utformade en aktivitetsbaserad ljudmilj\u00f6 med zoner f\u00f6r olika behov och funktioner:<\/p>\n<ul>\n<li>Vi fr\u00e4mjar umg\u00e4nge och avkoppling i sociala ytor med skr\u00e4ddarsydd bakgrundsmusik<\/li>\n<li>Vi minskar distraktioner i \u00f6ppna kontorslandskap med naturljudsbaserad ljudmaskering<\/li>\n<li>Vi skapar en l\u00e4ttsam st\u00e4mning och \u00f6kar integriteten p\u00e5 WC med \u00f6verraskande ljudupplevelser (t. ex. spr\u00e5kkurser!)<\/li>\n<li>Vi f\u00f6rst\u00e4rker varum\u00e4rkets visuella koncept med urban musik p\u00e5 entr\u00e9plan och ljud fr\u00e5n storst\u00e4der i den interna trappan<\/li>\n<\/ul>\n<p>&nbsp;<\/p>\n<p>Dessutom implementerade vi subtil doftdesign p\u00e5 utvalda platser, f\u00f6r igenk\u00e4nning och ett mer v\u00e4lkomnande helhetsintryck.<\/p>\n<p>Resultatet \u00e4r en unik ljudmilj\u00f6 med ljudzoner f\u00f6r alla t\u00e4nkbara behov \u2013 oavsett om du s\u00f6ker tystnad, fokus, mingel eller inspiration.<\/p>\n","protected":false},"featured_media":12851,"template":"","project_category":[237,296,256,294,293,259,260,262,267],"country":[333],"sector":[372,342],"class_list":["post-12870","projects","type-projects","status-publish","has-post-thumbnail","hentry","project_category-ljuddesign","project_category-audio-branding-2-sv","project_category-funktionsljud","project_category-koncept","project_category-kurerade-spellistor","project_category-ljudarkitektur","project_category-sound-design-sv","project_category-ljudmaskering","project_category-soundscaping-sv","country-sverigesweden-sv","sector-bostader","sector-stadsutveckling"],"acf":[],"yoast_head":"<!-- This site is optimized with the Yoast SEO plugin v22.1 - https:\/\/yoast.com\/wordpress\/plugins\/seo\/ -->\n<title>Arena Triangeln, Malm\u00f6 - Efterklang<\/title>\n<meta name=\"description\" content=\"Unik ljud- och doftdesign p\u00e5 Vasakronans nya co-working-koncept i Malm\u00f6.\" \/>\n<meta name=\"robots\" content=\"index, follow, max-snippet:-1, max-image-preview:large, max-video-preview:-1\" \/>\n<link rel=\"canonical\" href=\"https:\/\/efterklang.org\/sv\/projects\/arena-triangeln-malmo\/\" \/>\n<meta property=\"og:locale\" content=\"sv_SE\" \/>\n<meta property=\"og:type\" content=\"article\" \/>\n<meta property=\"og:title\" content=\"Arena Triangeln, Malm\u00f6 - Efterklang\" \/>\n<meta property=\"og:description\" content=\"Unik ljud- och doftdesign p\u00e5 Vasakronans nya co-working-koncept i Malm\u00f6.\" \/>\n<meta property=\"og:url\" content=\"https:\/\/efterklang.org\/sv\/projects\/arena-triangeln-malmo\/\" \/>\n<meta property=\"og:site_name\" content=\"Efterklang\" \/>\n<meta property=\"article:modified_time\" content=\"2024-06-20T09:17:34+00:00\" \/>\n<meta property=\"og:image\" content=\"https:\/\/efterklang.org\/wp-content\/uploads\/2024\/04\/10-1024x684.jpg\" \/>\n\t<meta property=\"og:image:width\" content=\"1024\" \/>\n\t<meta property=\"og:image:height\" content=\"684\" \/>\n\t<meta property=\"og:image:type\" content=\"image\/jpeg\" \/>\n<meta name=\"twitter:card\" content=\"summary_large_image\" \/>\n<meta name=\"twitter:label1\" content=\"Ber\u00e4knad l\u00e4stid\" \/>\n\t<meta name=\"twitter:data1\" content=\"1 minut\" \/>\n<script type=\"application\/ld+json\" class=\"yoast-schema-graph\">{\"@context\":\"https:\/\/schema.org\",\"@graph\":[{\"@type\":\"WebPage\",\"@id\":\"https:\/\/efterklang.org\/sv\/projects\/arena-triangeln-malmo\/\",\"url\":\"https:\/\/efterklang.org\/sv\/projects\/arena-triangeln-malmo\/\",\"name\":\"Arena Triangeln, Malm\u00f6 - Efterklang\",\"isPartOf\":{\"@id\":\"https:\/\/efterklang.org\/#website\"},\"datePublished\":\"2024-05-07T13:00:56+00:00\",\"dateModified\":\"2024-06-20T09:17:34+00:00\",\"description\":\"Unik ljud- och doftdesign p\u00e5 Vasakronans nya co-working-koncept i Malm\u00f6.\",\"breadcrumb\":{\"@id\":\"https:\/\/efterklang.org\/sv\/projects\/arena-triangeln-malmo\/#breadcrumb\"},\"inLanguage\":\"sv-SE\",\"potentialAction\":[{\"@type\":\"ReadAction\",\"target\":[\"https:\/\/efterklang.org\/sv\/projects\/arena-triangeln-malmo\/\"]}]},{\"@type\":\"BreadcrumbList\",\"@id\":\"https:\/\/efterklang.org\/sv\/projects\/arena-triangeln-malmo\/#breadcrumb\",\"itemListElement\":[{\"@type\":\"ListItem\",\"position\":1,\"name\":\"Home\",\"item\":\"https:\/\/efterklang.org\/sv\/\"},{\"@type\":\"ListItem\",\"position\":2,\"name\":\"Our projects\",\"item\":\"https:\/\/efterklang.org\/projects\/?lang=sv\"},{\"@type\":\"ListItem\",\"position\":3,\"name\":\"Arena Triangeln, Malm\u00f6\"}]},{\"@type\":\"WebSite\",\"@id\":\"https:\/\/efterklang.org\/#website\",\"url\":\"https:\/\/efterklang.org\/\",\"name\":\"Efterklang\",\"description\":\"P\u00e5 Efterklang designar och s\u00e4krar vi ljudmilj\u00f6er.\",\"publisher\":{\"@id\":\"https:\/\/efterklang.org\/#organization\"},\"potentialAction\":[{\"@type\":\"SearchAction\",\"target\":{\"@type\":\"EntryPoint\",\"urlTemplate\":\"https:\/\/efterklang.org\/?s={search_term_string}\"},\"query-input\":\"required name=search_term_string\"}],\"inLanguage\":\"sv-SE\"},{\"@type\":\"Organization\",\"@id\":\"https:\/\/efterklang.org\/#organization\",\"name\":\"Efterklang\",\"url\":\"https:\/\/efterklang.org\/\",\"logo\":{\"@type\":\"ImageObject\",\"inLanguage\":\"sv-SE\",\"@id\":\"https:\/\/efterklang.org\/#\/schema\/logo\/image\/\",\"url\":\"https:\/\/efterklang.org\/wp-content\/uploads\/2021\/10\/Asset-25.svg\",\"contentUrl\":\"https:\/\/efterklang.org\/wp-content\/uploads\/2021\/10\/Asset-25.svg\",\"caption\":\"Efterklang\"},\"image\":{\"@id\":\"https:\/\/efterklang.org\/#\/schema\/logo\/image\/\"}}]}<\/script>\n<!-- \/ Yoast SEO plugin. -->","yoast_head_json":{"title":"Arena Triangeln, Malm\u00f6 - Efterklang","description":"Unik ljud- och doftdesign p\u00e5 Vasakronans nya co-working-koncept i Malm\u00f6.","robots":{"index":"index","follow":"follow","max-snippet":"max-snippet:-1","max-image-preview":"max-image-preview:large","max-video-preview":"max-video-preview:-1"},"canonical":"https:\/\/efterklang.org\/sv\/projects\/arena-triangeln-malmo\/","og_locale":"sv_SE","og_type":"article","og_title":"Arena Triangeln, Malm\u00f6 - Efterklang","og_description":"Unik ljud- och doftdesign p\u00e5 Vasakronans nya co-working-koncept i Malm\u00f6.","og_url":"https:\/\/efterklang.org\/sv\/projects\/arena-triangeln-malmo\/","og_site_name":"Efterklang","article_modified_time":"2024-06-20T09:17:34+00:00","og_image":[{"width":1024,"height":684,"url":"https:\/\/efterklang.org\/wp-content\/uploads\/2024\/04\/10-1024x684.jpg","type":"image\/jpeg"}],"twitter_card":"summary_large_image","twitter_misc":{"Ber\u00e4knad l\u00e4stid":"1 minut"},"schema":{"@context":"https:\/\/schema.org","@graph":[{"@type":"WebPage","@id":"https:\/\/efterklang.org\/sv\/projects\/arena-triangeln-malmo\/","url":"https:\/\/efterklang.org\/sv\/projects\/arena-triangeln-malmo\/","name":"Arena Triangeln, Malm\u00f6 - Efterklang","isPartOf":{"@id":"https:\/\/efterklang.org\/#website"},"datePublished":"2024-05-07T13:00:56+00:00","dateModified":"2024-06-20T09:17:34+00:00","description":"Unik ljud- och doftdesign p\u00e5 Vasakronans nya co-working-koncept i Malm\u00f6.","breadcrumb":{"@id":"https:\/\/efterklang.org\/sv\/projects\/arena-triangeln-malmo\/#breadcrumb"},"inLanguage":"sv-SE","potentialAction":[{"@type":"ReadAction","target":["https:\/\/efterklang.org\/sv\/projects\/arena-triangeln-malmo\/"]}]},{"@type":"BreadcrumbList","@id":"https:\/\/efterklang.org\/sv\/projects\/arena-triangeln-malmo\/#breadcrumb","itemListElement":[{"@type":"ListItem","position":1,"name":"Home","item":"https:\/\/efterklang.org\/sv\/"},{"@type":"ListItem","position":2,"name":"Our projects","item":"https:\/\/efterklang.org\/projects\/?lang=sv"},{"@type":"ListItem","position":3,"name":"Arena Triangeln, Malm\u00f6"}]},{"@type":"WebSite","@id":"https:\/\/efterklang.org\/#website","url":"https:\/\/efterklang.org\/","name":"Efterklang","description":"P\u00e5 Efterklang designar och s\u00e4krar vi ljudmilj\u00f6er.","publisher":{"@id":"https:\/\/efterklang.org\/#organization"},"potentialAction":[{"@type":"SearchAction","target":{"@type":"EntryPoint","urlTemplate":"https:\/\/efterklang.org\/?s={search_term_string}"},"query-input":"required name=search_term_string"}],"inLanguage":"sv-SE"},{"@type":"Organization","@id":"https:\/\/efterklang.org\/#organization","name":"Efterklang","url":"https:\/\/efterklang.org\/","logo":{"@type":"ImageObject","inLanguage":"sv-SE","@id":"https:\/\/efterklang.org\/#\/schema\/logo\/image\/","url":"https:\/\/efterklang.org\/wp-content\/uploads\/2021\/10\/Asset-25.svg","contentUrl":"https:\/\/efterklang.org\/wp-content\/uploads\/2021\/10\/Asset-25.svg","caption":"Efterklang"},"image":{"@id":"https:\/\/efterklang.org\/#\/schema\/logo\/image\/"}}]}},"_links":{"self":[{"href":"https:\/\/efterklang.org\/sv\/wp-json\/wp\/v2\/projects\/12870","targetHints":{"allow":["GET"]}}],"collection":[{"href":"https:\/\/efterklang.org\/sv\/wp-json\/wp\/v2\/projects"}],"about":[{"href":"https:\/\/efterklang.org\/sv\/wp-json\/wp\/v2\/types\/projects"}],"version-history":[{"count":8,"href":"https:\/\/efterklang.org\/sv\/wp-json\/wp\/v2\/projects\/12870\/revisions"}],"predecessor-version":[{"id":12945,"href":"https:\/\/efterklang.org\/sv\/wp-json\/wp\/v2\/projects\/12870\/revisions\/12945"}],"wp:featuredmedia":[{"embeddable":true,"href":"https:\/\/efterklang.org\/sv\/wp-json\/wp\/v2\/media\/12851"}],"wp:attachment":[{"href":"https:\/\/efterklang.org\/sv\/wp-json\/wp\/v2\/media?parent=12870"}],"wp:term":[{"taxonomy":"project_category","embeddable":true,"href":"https:\/\/efterklang.org\/sv\/wp-json\/wp\/v2\/project_category?post=12870"},{"taxonomy":"country","embeddable":true,"href":"https:\/\/efterklang.org\/sv\/wp-json\/wp\/v2\/country?post=12870"},{"taxonomy":"sector","embeddable":true,"href":"https:\/\/efterklang.org\/sv\/wp-json\/wp\/v2\/sector?post=12870"}],"curies":[{"name":"wp","href":"https:\/\/api.w.org\/{rel}","templated":true}]}}