{"id":12635,"date":"2024-03-11T15:09:04","date_gmt":"2024-03-11T14:09:04","guid":{"rendered":"https:\/\/efterklang.org\/?post_type=projects&#038;p=12635"},"modified":"2024-03-15T09:31:58","modified_gmt":"2024-03-15T08:31:58","slug":"gjuteriet-malmo","status":"publish","type":"projects","link":"https:\/\/efterklang.org\/sv\/projects\/gjuteriet-malmo\/","title":{"rendered":"Gjuteriet, Malm\u00f6"},"content":{"rendered":"<h6>Bakgrund<\/h6>\n<p>Varvsstaden i Malm\u00f6 representerar stadens imponerande f\u00f6rvandlingsresa, d\u00e4r det forna varvsomr\u00e5det f\u00f6rvandlas till en modern och h\u00e5llbar stadsdel. Genom en ambiti\u00f6s plan f\u00f6r omgestaltning och utveckling har det gamla industriomr\u00e5det blivit en symbol f\u00f6r h\u00e5llbar stadsplanering och milj\u00f6v\u00e4nlig urbanism.<\/p>\n<p>Byggnaden Gjuteriet utg\u00f6r en betydande del av f\u00f6rvandlingen, med en historia som str\u00e4cker sig tillbaka till 1910 d\u00e5 den uppf\u00f6rdes f\u00f6r att st\u00f6pa maskindelar till varvets fartyg och broar. Under \u00e5rens lopp har byggnaden anpassats efter nya behov och funktioner, och idag st\u00e5r den omvandlad till ett modern kontorsbyggnad. Den nya gestaltningen har arkitekt <a href=\"https:\/\/kjellandersjoberg.se\/projekt\/projekt\/gjuteriet\/\" target=\"_blank\" rel=\"noopener\">Kjellander Sj\u00f6berg<\/a> ansvarat f\u00f6r.<\/p>\n<h6>Uppdrag<\/h6>\n<p>Efterklang har projekterat akustiken i det uppdaterade Gjuteriet. Under byggfasen genomf\u00f6rde vi \u00e4ven vibrations\u00f6vervakning, som led i att\u00a0hj\u00e4lpa till att bevara den gamla byggnadsstrukturen och fasaden, som s\u00f6ml\u00f6st integrerar med den nya konstruktionen.<\/p>\n<p>Byggnaden \u00e4r nytt huvudkontor f\u00f6r Oatly som ville f\u00f6rena sin f\u00f6retagskultur och h\u00e5llbarhetsv\u00e4rderingar med en skr\u00e4ddarsydd arbetsmilj\u00f6. En \u00f6nskan var att skapa en \u00f6ppen och sammanh\u00e4ngade k\u00e4nsla i huset, bland annat genom exponerad stomme i metall och tr\u00e4 och stora \u00f6ppna utrymmen som str\u00e4cker sig fr\u00e5n golv till tak. Dessa faktorer har varit viktiga vid utformningen av ljudmilj\u00f6n. Gjuteriet inrymmer nu ytor och rum f\u00f6r en m\u00e4ngd olika \u00e4ndam\u00e5l, inklusive utst\u00e4llningslokaler, restaurang och kontorsutrymmen.<\/p>\n<h6>Resultat<\/h6>\n<p>Varje omr\u00e5de har sina egna specifika behov och krav n\u00e4r det g\u00e4ller akustik och ljudmilj\u00f6. F\u00f6r att m\u00f6ta dessa varierande krav har Efterklang har tagit h\u00e4nsyn till olika ljudabsorberande och -reflekterande material samt utformat ljudmilj\u00f6n f\u00f6r att harmoniera med den visuella gestaltningen av byggnaden. Gjuteriets karakt\u00e4r och uttryck har bevarats, medans ljudmilj\u00f6n nu motsvarar byggnadens nya funktion.<\/p>\n","protected":false},"featured_media":12657,"template":"","project_category":[232,321,323,240,248],"country":[333],"sector":[365,342],"class_list":["post-12635","projects","type-projects","status-publish","has-post-thumbnail","hentry","project_category-akustik","project_category-byggnadsakustik","project_category-kontrollmatning","project_category-vibrationer","project_category-vibrationsovervakning","country-sverigesweden-sv","sector-kontor-och-kongress","sector-stadsutveckling"],"acf":[],"yoast_head":"<!-- This site is optimized with the Yoast SEO plugin v22.1 - https:\/\/yoast.com\/wordpress\/plugins\/seo\/ -->\n<title>Gjuteriet, Malm\u00f6 - Efterklang<\/title>\n<meta name=\"description\" content=\"Efterklang har projekterat akustiken av Gjuteriet, en gammal industribyggnad som nu \u00e4r f\u00f6rvandlat till modern kontorsbyggnad.\" \/>\n<meta name=\"robots\" content=\"index, follow, max-snippet:-1, max-image-preview:large, max-video-preview:-1\" \/>\n<link rel=\"canonical\" href=\"https:\/\/efterklang.org\/sv\/projects\/gjuteriet-malmo\/\" \/>\n<meta property=\"og:locale\" content=\"sv_SE\" \/>\n<meta property=\"og:type\" content=\"article\" \/>\n<meta property=\"og:title\" content=\"Gjuteriet, Malm\u00f6 - Efterklang\" \/>\n<meta property=\"og:description\" content=\"Efterklang har projekterat akustiken av Gjuteriet, en gammal industribyggnad som nu \u00e4r f\u00f6rvandlat till modern kontorsbyggnad.\" \/>\n<meta property=\"og:url\" content=\"https:\/\/efterklang.org\/sv\/projects\/gjuteriet-malmo\/\" \/>\n<meta property=\"og:site_name\" content=\"Efterklang\" \/>\n<meta property=\"article:modified_time\" content=\"2024-03-15T08:31:58+00:00\" \/>\n<meta property=\"og:image\" content=\"https:\/\/efterklang.org\/wp-content\/uploads\/2024\/03\/Gjuteriet_Varvsstaden.jpg\" \/>\n\t<meta property=\"og:image:width\" content=\"1000\" \/>\n\t<meta property=\"og:image:height\" content=\"750\" \/>\n\t<meta property=\"og:image:type\" content=\"image\/jpeg\" \/>\n<meta name=\"twitter:card\" content=\"summary_large_image\" \/>\n<meta name=\"twitter:label1\" content=\"Ber\u00e4knad l\u00e4stid\" \/>\n\t<meta name=\"twitter:data1\" content=\"2 minuter\" \/>\n<script type=\"application\/ld+json\" class=\"yoast-schema-graph\">{\"@context\":\"https:\/\/schema.org\",\"@graph\":[{\"@type\":\"WebPage\",\"@id\":\"https:\/\/efterklang.org\/sv\/projects\/gjuteriet-malmo\/\",\"url\":\"https:\/\/efterklang.org\/sv\/projects\/gjuteriet-malmo\/\",\"name\":\"Gjuteriet, Malm\u00f6 - Efterklang\",\"isPartOf\":{\"@id\":\"https:\/\/efterklang.org\/#website\"},\"datePublished\":\"2024-03-11T14:09:04+00:00\",\"dateModified\":\"2024-03-15T08:31:58+00:00\",\"description\":\"Efterklang har projekterat akustiken av Gjuteriet, en gammal industribyggnad som nu \u00e4r f\u00f6rvandlat till modern kontorsbyggnad.\",\"breadcrumb\":{\"@id\":\"https:\/\/efterklang.org\/sv\/projects\/gjuteriet-malmo\/#breadcrumb\"},\"inLanguage\":\"sv-SE\",\"potentialAction\":[{\"@type\":\"ReadAction\",\"target\":[\"https:\/\/efterklang.org\/sv\/projects\/gjuteriet-malmo\/\"]}]},{\"@type\":\"BreadcrumbList\",\"@id\":\"https:\/\/efterklang.org\/sv\/projects\/gjuteriet-malmo\/#breadcrumb\",\"itemListElement\":[{\"@type\":\"ListItem\",\"position\":1,\"name\":\"Home\",\"item\":\"https:\/\/efterklang.org\/sv\/\"},{\"@type\":\"ListItem\",\"position\":2,\"name\":\"Our projects\",\"item\":\"https:\/\/efterklang.org\/projects\/?lang=sv\"},{\"@type\":\"ListItem\",\"position\":3,\"name\":\"Gjuteriet, Malm\u00f6\"}]},{\"@type\":\"WebSite\",\"@id\":\"https:\/\/efterklang.org\/#website\",\"url\":\"https:\/\/efterklang.org\/\",\"name\":\"Efterklang\",\"description\":\"P\u00e5 Efterklang designar och s\u00e4krar vi ljudmilj\u00f6er.\",\"publisher\":{\"@id\":\"https:\/\/efterklang.org\/#organization\"},\"potentialAction\":[{\"@type\":\"SearchAction\",\"target\":{\"@type\":\"EntryPoint\",\"urlTemplate\":\"https:\/\/efterklang.org\/?s={search_term_string}\"},\"query-input\":\"required name=search_term_string\"}],\"inLanguage\":\"sv-SE\"},{\"@type\":\"Organization\",\"@id\":\"https:\/\/efterklang.org\/#organization\",\"name\":\"Efterklang\",\"url\":\"https:\/\/efterklang.org\/\",\"logo\":{\"@type\":\"ImageObject\",\"inLanguage\":\"sv-SE\",\"@id\":\"https:\/\/efterklang.org\/#\/schema\/logo\/image\/\",\"url\":\"https:\/\/efterklang.org\/wp-content\/uploads\/2021\/10\/Asset-25.svg\",\"contentUrl\":\"https:\/\/efterklang.org\/wp-content\/uploads\/2021\/10\/Asset-25.svg\",\"caption\":\"Efterklang\"},\"image\":{\"@id\":\"https:\/\/efterklang.org\/#\/schema\/logo\/image\/\"}}]}<\/script>\n<!-- \/ Yoast SEO plugin. -->","yoast_head_json":{"title":"Gjuteriet, Malm\u00f6 - Efterklang","description":"Efterklang har projekterat akustiken av Gjuteriet, en gammal industribyggnad som nu \u00e4r f\u00f6rvandlat till modern kontorsbyggnad.","robots":{"index":"index","follow":"follow","max-snippet":"max-snippet:-1","max-image-preview":"max-image-preview:large","max-video-preview":"max-video-preview:-1"},"canonical":"https:\/\/efterklang.org\/sv\/projects\/gjuteriet-malmo\/","og_locale":"sv_SE","og_type":"article","og_title":"Gjuteriet, Malm\u00f6 - Efterklang","og_description":"Efterklang har projekterat akustiken av Gjuteriet, en gammal industribyggnad som nu \u00e4r f\u00f6rvandlat till modern kontorsbyggnad.","og_url":"https:\/\/efterklang.org\/sv\/projects\/gjuteriet-malmo\/","og_site_name":"Efterklang","article_modified_time":"2024-03-15T08:31:58+00:00","og_image":[{"width":1000,"height":750,"url":"https:\/\/efterklang.org\/wp-content\/uploads\/2024\/03\/Gjuteriet_Varvsstaden.jpg","type":"image\/jpeg"}],"twitter_card":"summary_large_image","twitter_misc":{"Ber\u00e4knad l\u00e4stid":"2 minuter"},"schema":{"@context":"https:\/\/schema.org","@graph":[{"@type":"WebPage","@id":"https:\/\/efterklang.org\/sv\/projects\/gjuteriet-malmo\/","url":"https:\/\/efterklang.org\/sv\/projects\/gjuteriet-malmo\/","name":"Gjuteriet, Malm\u00f6 - Efterklang","isPartOf":{"@id":"https:\/\/efterklang.org\/#website"},"datePublished":"2024-03-11T14:09:04+00:00","dateModified":"2024-03-15T08:31:58+00:00","description":"Efterklang har projekterat akustiken av Gjuteriet, en gammal industribyggnad som nu \u00e4r f\u00f6rvandlat till modern kontorsbyggnad.","breadcrumb":{"@id":"https:\/\/efterklang.org\/sv\/projects\/gjuteriet-malmo\/#breadcrumb"},"inLanguage":"sv-SE","potentialAction":[{"@type":"ReadAction","target":["https:\/\/efterklang.org\/sv\/projects\/gjuteriet-malmo\/"]}]},{"@type":"BreadcrumbList","@id":"https:\/\/efterklang.org\/sv\/projects\/gjuteriet-malmo\/#breadcrumb","itemListElement":[{"@type":"ListItem","position":1,"name":"Home","item":"https:\/\/efterklang.org\/sv\/"},{"@type":"ListItem","position":2,"name":"Our projects","item":"https:\/\/efterklang.org\/projects\/?lang=sv"},{"@type":"ListItem","position":3,"name":"Gjuteriet, Malm\u00f6"}]},{"@type":"WebSite","@id":"https:\/\/efterklang.org\/#website","url":"https:\/\/efterklang.org\/","name":"Efterklang","description":"P\u00e5 Efterklang designar och s\u00e4krar vi ljudmilj\u00f6er.","publisher":{"@id":"https:\/\/efterklang.org\/#organization"},"potentialAction":[{"@type":"SearchAction","target":{"@type":"EntryPoint","urlTemplate":"https:\/\/efterklang.org\/?s={search_term_string}"},"query-input":"required name=search_term_string"}],"inLanguage":"sv-SE"},{"@type":"Organization","@id":"https:\/\/efterklang.org\/#organization","name":"Efterklang","url":"https:\/\/efterklang.org\/","logo":{"@type":"ImageObject","inLanguage":"sv-SE","@id":"https:\/\/efterklang.org\/#\/schema\/logo\/image\/","url":"https:\/\/efterklang.org\/wp-content\/uploads\/2021\/10\/Asset-25.svg","contentUrl":"https:\/\/efterklang.org\/wp-content\/uploads\/2021\/10\/Asset-25.svg","caption":"Efterklang"},"image":{"@id":"https:\/\/efterklang.org\/#\/schema\/logo\/image\/"}}]}},"_links":{"self":[{"href":"https:\/\/efterklang.org\/sv\/wp-json\/wp\/v2\/projects\/12635","targetHints":{"allow":["GET"]}}],"collection":[{"href":"https:\/\/efterklang.org\/sv\/wp-json\/wp\/v2\/projects"}],"about":[{"href":"https:\/\/efterklang.org\/sv\/wp-json\/wp\/v2\/types\/projects"}],"version-history":[{"count":10,"href":"https:\/\/efterklang.org\/sv\/wp-json\/wp\/v2\/projects\/12635\/revisions"}],"predecessor-version":[{"id":12698,"href":"https:\/\/efterklang.org\/sv\/wp-json\/wp\/v2\/projects\/12635\/revisions\/12698"}],"wp:featuredmedia":[{"embeddable":true,"href":"https:\/\/efterklang.org\/sv\/wp-json\/wp\/v2\/media\/12657"}],"wp:attachment":[{"href":"https:\/\/efterklang.org\/sv\/wp-json\/wp\/v2\/media?parent=12635"}],"wp:term":[{"taxonomy":"project_category","embeddable":true,"href":"https:\/\/efterklang.org\/sv\/wp-json\/wp\/v2\/project_category?post=12635"},{"taxonomy":"country","embeddable":true,"href":"https:\/\/efterklang.org\/sv\/wp-json\/wp\/v2\/country?post=12635"},{"taxonomy":"sector","embeddable":true,"href":"https:\/\/efterklang.org\/sv\/wp-json\/wp\/v2\/sector?post=12635"}],"curies":[{"name":"wp","href":"https:\/\/api.w.org\/{rel}","templated":true}]}}