{"id":12548,"date":"2024-02-29T15:42:04","date_gmt":"2024-02-29T14:42:04","guid":{"rendered":"https:\/\/efterklang.org\/?post_type=projects&#038;p=12548"},"modified":"2024-03-07T12:12:59","modified_gmt":"2024-03-07T11:12:59","slug":"stockholms-handelskammare","status":"publish","type":"projects","link":"https:\/\/efterklang.org\/sv\/projects\/stockholms-handelskammare\/","title":{"rendered":"Stockholms Handelskammare"},"content":{"rendered":"<h6>Bakgrund<\/h6>\n<p>Stockholms Handelskammare \u00e4r en oberoende n\u00e4ringslivsorganisation, som samlar beslutsfattare inom n\u00e4ringslivet och politiken p\u00e5 en unik arena. Deras verksamhet \u00e4r m\u00e5ngsidig och har speciella behov som normalt inte f\u00f6rekommer i kombination. Huvudkontoret har d\u00e4rf\u00f6r utformats med genomg\u00e5ende fokus p\u00e5 god ljudmilj\u00f6.<\/p>\n<h6>Uppdrag<\/h6>\n<p>Efterklang fick i uppdrag av AMF Fastigheter att planera ljudmilj\u00f6n f\u00f6r Stockholms Handelskammares huvudkontor. Kontorets entr\u00e9 \u00f6ppnar upp till en inbjudande atmosf\u00e4r, d\u00e4r ett caf\u00e9 och loungeomr\u00e5de v\u00e4lkomnar bes\u00f6kare. Denna yttre del av kontoret fungerar inte bara som en avslappnad m\u00f6tesplats utan rymmer ocks\u00e5 m\u00f6tesrum och en ljudstudio. Den m\u00e5ngsidiga ljudstudion, som m\u00f6ter b\u00e5de interna behov f\u00f6r ljudproduktion och erbjuder uthyrning f\u00f6r poddinspelning, ger en dynamisk dimension till kontorets verksamhet.<\/p>\n<p>Fr\u00e5n loungen leder v\u00e4gen in till en inre del av kontoret, d\u00e4r en eventyta med l\u00e4ktare tar plats. Denna plats \u00e4r avsedd f\u00f6r seminarier och TV-s\u00e4ndningar med fin utsikt mot Hamngatan. F\u00f6r att s\u00e4kerst\u00e4lla att dessa aktiviteter kan p\u00e5g\u00e5 ost\u00f6rt och utan att st\u00f6ra caf\u00e9et eller andra n\u00e4rliggande kontorsomr\u00e5den, s\u00e5 har ljudisolerande och rumsakustiska \u00e5tg\u00e4rder noggrant planerats.<\/p>\n<p>Den inre delen av kontoret \u00e4r utformad f\u00f6r att passa olika arbetsstilar och behov. \u00d6ppna milj\u00f6er med flerpersonskontor, fokusytor och fokusrum skapar en flexibel arbetsplats. Samtidigt finns enskilda kontor och kontorsutrymmen med sekretesskrav f\u00f6r att m\u00f6ta varierande arbetsbehov och krav p\u00e5 konfidentialitet.<\/p>\n<p>Byggnaden har f\u00f6nster fr\u00e5n golv till tak som skapar en ljus och rymlig arbetsmilj\u00f6. Akustik\u00e5tg\u00e4rder har d\u00e4rf\u00f6r anpassats f\u00f6r att tillgodose denna ambition och tonvikten har lagts p\u00e5 att integrera ljudabsorption i v\u00e4ggpaneler samt att val av mattor och golvbel\u00e4ggningar noggrant \u00f6verv\u00e4gts. Extra basabsorbenter ovanf\u00f6r undertaket g\u00f6r att takh\u00f6jden kan maximeras och synliga m\u00e5lade installationer ger ett sobert intryck.<\/p>\n<h6>Resultat<\/h6>\n<p>Verksamheten \u00e4r n\u00f6jda med ljudmilj\u00f6n och kontoret blev nominerat till Sveriges snyggaste kontor 2023.<\/p>\n<p>&nbsp;<\/p>\n<p>Bilder: \u00c5ke E:son Lindman, Lindman Photography f\u00f6r <a href=\"https:\/\/www.sandellsandberg.se\/content\/stockholms-handelskammare\/\" target=\"_blank\" rel=\"noopener\">SandellSandberg<\/a><\/p>\n","protected":false},"featured_media":12553,"template":"","project_category":[232],"country":[333],"sector":[365],"class_list":["post-12548","projects","type-projects","status-publish","has-post-thumbnail","hentry","project_category-akustik","country-sverigesweden-sv","sector-kontor-och-kongress"],"acf":[],"yoast_head":"<!-- This site is optimized with the Yoast SEO plugin v22.1 - https:\/\/yoast.com\/wordpress\/plugins\/seo\/ -->\n<title>Stockholms Handelskammare - Efterklang<\/title>\n<meta name=\"description\" content=\"Efterklang fick i uppdrag av AMF Fastigheter att planera ljudmilj\u00f6n f\u00f6r Stockholms Handelskammares huvudkontor.\" \/>\n<meta name=\"robots\" content=\"index, follow, max-snippet:-1, max-image-preview:large, max-video-preview:-1\" \/>\n<link rel=\"canonical\" href=\"https:\/\/efterklang.org\/sv\/projects\/stockholms-handelskammare\/\" \/>\n<meta property=\"og:locale\" content=\"sv_SE\" \/>\n<meta property=\"og:type\" content=\"article\" \/>\n<meta property=\"og:title\" content=\"Stockholms Handelskammare - Efterklang\" \/>\n<meta property=\"og:description\" content=\"Efterklang fick i uppdrag av AMF Fastigheter att planera ljudmilj\u00f6n f\u00f6r Stockholms Handelskammares huvudkontor.\" \/>\n<meta property=\"og:url\" content=\"https:\/\/efterklang.org\/sv\/projects\/stockholms-handelskammare\/\" \/>\n<meta property=\"og:site_name\" content=\"Efterklang\" \/>\n<meta property=\"article:modified_time\" content=\"2024-03-07T11:12:59+00:00\" \/>\n<meta property=\"og:image\" content=\"https:\/\/efterklang.org\/wp-content\/uploads\/2024\/02\/Handelskammaren_3.jpg\" \/>\n\t<meta property=\"og:image:width\" content=\"1920\" \/>\n\t<meta property=\"og:image:height\" content=\"1200\" \/>\n\t<meta property=\"og:image:type\" content=\"image\/jpeg\" \/>\n<meta name=\"twitter:card\" content=\"summary_large_image\" \/>\n<meta name=\"twitter:label1\" content=\"Ber\u00e4knad l\u00e4stid\" \/>\n\t<meta name=\"twitter:data1\" content=\"2 minuter\" \/>\n<script type=\"application\/ld+json\" class=\"yoast-schema-graph\">{\"@context\":\"https:\/\/schema.org\",\"@graph\":[{\"@type\":\"WebPage\",\"@id\":\"https:\/\/efterklang.org\/sv\/projects\/stockholms-handelskammare\/\",\"url\":\"https:\/\/efterklang.org\/sv\/projects\/stockholms-handelskammare\/\",\"name\":\"Stockholms Handelskammare - Efterklang\",\"isPartOf\":{\"@id\":\"https:\/\/efterklang.org\/#website\"},\"datePublished\":\"2024-02-29T14:42:04+00:00\",\"dateModified\":\"2024-03-07T11:12:59+00:00\",\"description\":\"Efterklang fick i uppdrag av AMF Fastigheter att planera ljudmilj\u00f6n f\u00f6r Stockholms Handelskammares huvudkontor.\",\"breadcrumb\":{\"@id\":\"https:\/\/efterklang.org\/sv\/projects\/stockholms-handelskammare\/#breadcrumb\"},\"inLanguage\":\"sv-SE\",\"potentialAction\":[{\"@type\":\"ReadAction\",\"target\":[\"https:\/\/efterklang.org\/sv\/projects\/stockholms-handelskammare\/\"]}]},{\"@type\":\"BreadcrumbList\",\"@id\":\"https:\/\/efterklang.org\/sv\/projects\/stockholms-handelskammare\/#breadcrumb\",\"itemListElement\":[{\"@type\":\"ListItem\",\"position\":1,\"name\":\"Home\",\"item\":\"https:\/\/efterklang.org\/sv\/\"},{\"@type\":\"ListItem\",\"position\":2,\"name\":\"Our projects\",\"item\":\"https:\/\/efterklang.org\/projects\/?lang=sv\"},{\"@type\":\"ListItem\",\"position\":3,\"name\":\"Stockholms Handelskammare\"}]},{\"@type\":\"WebSite\",\"@id\":\"https:\/\/efterklang.org\/#website\",\"url\":\"https:\/\/efterklang.org\/\",\"name\":\"Efterklang\",\"description\":\"P\u00e5 Efterklang designar och s\u00e4krar vi ljudmilj\u00f6er.\",\"publisher\":{\"@id\":\"https:\/\/efterklang.org\/#organization\"},\"potentialAction\":[{\"@type\":\"SearchAction\",\"target\":{\"@type\":\"EntryPoint\",\"urlTemplate\":\"https:\/\/efterklang.org\/?s={search_term_string}\"},\"query-input\":\"required name=search_term_string\"}],\"inLanguage\":\"sv-SE\"},{\"@type\":\"Organization\",\"@id\":\"https:\/\/efterklang.org\/#organization\",\"name\":\"Efterklang\",\"url\":\"https:\/\/efterklang.org\/\",\"logo\":{\"@type\":\"ImageObject\",\"inLanguage\":\"sv-SE\",\"@id\":\"https:\/\/efterklang.org\/#\/schema\/logo\/image\/\",\"url\":\"https:\/\/efterklang.org\/wp-content\/uploads\/2021\/10\/Asset-25.svg\",\"contentUrl\":\"https:\/\/efterklang.org\/wp-content\/uploads\/2021\/10\/Asset-25.svg\",\"caption\":\"Efterklang\"},\"image\":{\"@id\":\"https:\/\/efterklang.org\/#\/schema\/logo\/image\/\"}}]}<\/script>\n<!-- \/ Yoast SEO plugin. -->","yoast_head_json":{"title":"Stockholms Handelskammare - Efterklang","description":"Efterklang fick i uppdrag av AMF Fastigheter att planera ljudmilj\u00f6n f\u00f6r Stockholms Handelskammares huvudkontor.","robots":{"index":"index","follow":"follow","max-snippet":"max-snippet:-1","max-image-preview":"max-image-preview:large","max-video-preview":"max-video-preview:-1"},"canonical":"https:\/\/efterklang.org\/sv\/projects\/stockholms-handelskammare\/","og_locale":"sv_SE","og_type":"article","og_title":"Stockholms Handelskammare - Efterklang","og_description":"Efterklang fick i uppdrag av AMF Fastigheter att planera ljudmilj\u00f6n f\u00f6r Stockholms Handelskammares huvudkontor.","og_url":"https:\/\/efterklang.org\/sv\/projects\/stockholms-handelskammare\/","og_site_name":"Efterklang","article_modified_time":"2024-03-07T11:12:59+00:00","og_image":[{"width":1920,"height":1200,"url":"https:\/\/efterklang.org\/wp-content\/uploads\/2024\/02\/Handelskammaren_3.jpg","type":"image\/jpeg"}],"twitter_card":"summary_large_image","twitter_misc":{"Ber\u00e4knad l\u00e4stid":"2 minuter"},"schema":{"@context":"https:\/\/schema.org","@graph":[{"@type":"WebPage","@id":"https:\/\/efterklang.org\/sv\/projects\/stockholms-handelskammare\/","url":"https:\/\/efterklang.org\/sv\/projects\/stockholms-handelskammare\/","name":"Stockholms Handelskammare - Efterklang","isPartOf":{"@id":"https:\/\/efterklang.org\/#website"},"datePublished":"2024-02-29T14:42:04+00:00","dateModified":"2024-03-07T11:12:59+00:00","description":"Efterklang fick i uppdrag av AMF Fastigheter att planera ljudmilj\u00f6n f\u00f6r Stockholms Handelskammares huvudkontor.","breadcrumb":{"@id":"https:\/\/efterklang.org\/sv\/projects\/stockholms-handelskammare\/#breadcrumb"},"inLanguage":"sv-SE","potentialAction":[{"@type":"ReadAction","target":["https:\/\/efterklang.org\/sv\/projects\/stockholms-handelskammare\/"]}]},{"@type":"BreadcrumbList","@id":"https:\/\/efterklang.org\/sv\/projects\/stockholms-handelskammare\/#breadcrumb","itemListElement":[{"@type":"ListItem","position":1,"name":"Home","item":"https:\/\/efterklang.org\/sv\/"},{"@type":"ListItem","position":2,"name":"Our projects","item":"https:\/\/efterklang.org\/projects\/?lang=sv"},{"@type":"ListItem","position":3,"name":"Stockholms Handelskammare"}]},{"@type":"WebSite","@id":"https:\/\/efterklang.org\/#website","url":"https:\/\/efterklang.org\/","name":"Efterklang","description":"P\u00e5 Efterklang designar och s\u00e4krar vi ljudmilj\u00f6er.","publisher":{"@id":"https:\/\/efterklang.org\/#organization"},"potentialAction":[{"@type":"SearchAction","target":{"@type":"EntryPoint","urlTemplate":"https:\/\/efterklang.org\/?s={search_term_string}"},"query-input":"required name=search_term_string"}],"inLanguage":"sv-SE"},{"@type":"Organization","@id":"https:\/\/efterklang.org\/#organization","name":"Efterklang","url":"https:\/\/efterklang.org\/","logo":{"@type":"ImageObject","inLanguage":"sv-SE","@id":"https:\/\/efterklang.org\/#\/schema\/logo\/image\/","url":"https:\/\/efterklang.org\/wp-content\/uploads\/2021\/10\/Asset-25.svg","contentUrl":"https:\/\/efterklang.org\/wp-content\/uploads\/2021\/10\/Asset-25.svg","caption":"Efterklang"},"image":{"@id":"https:\/\/efterklang.org\/#\/schema\/logo\/image\/"}}]}},"_links":{"self":[{"href":"https:\/\/efterklang.org\/sv\/wp-json\/wp\/v2\/projects\/12548","targetHints":{"allow":["GET"]}}],"collection":[{"href":"https:\/\/efterklang.org\/sv\/wp-json\/wp\/v2\/projects"}],"about":[{"href":"https:\/\/efterklang.org\/sv\/wp-json\/wp\/v2\/types\/projects"}],"version-history":[{"count":8,"href":"https:\/\/efterklang.org\/sv\/wp-json\/wp\/v2\/projects\/12548\/revisions"}],"predecessor-version":[{"id":12617,"href":"https:\/\/efterklang.org\/sv\/wp-json\/wp\/v2\/projects\/12548\/revisions\/12617"}],"wp:featuredmedia":[{"embeddable":true,"href":"https:\/\/efterklang.org\/sv\/wp-json\/wp\/v2\/media\/12553"}],"wp:attachment":[{"href":"https:\/\/efterklang.org\/sv\/wp-json\/wp\/v2\/media?parent=12548"}],"wp:term":[{"taxonomy":"project_category","embeddable":true,"href":"https:\/\/efterklang.org\/sv\/wp-json\/wp\/v2\/project_category?post=12548"},{"taxonomy":"country","embeddable":true,"href":"https:\/\/efterklang.org\/sv\/wp-json\/wp\/v2\/country?post=12548"},{"taxonomy":"sector","embeddable":true,"href":"https:\/\/efterklang.org\/sv\/wp-json\/wp\/v2\/sector?post=12548"}],"curies":[{"name":"wp","href":"https:\/\/api.w.org\/{rel}","templated":true}]}}