{"id":10596,"date":"2023-02-16T09:20:10","date_gmt":"2023-02-16T08:20:10","guid":{"rendered":"https:\/\/efterklang.org\/?post_type=projects&#038;p=10596"},"modified":"2024-02-16T11:19:57","modified_gmt":"2024-02-16T10:19:57","slug":"scandinavian-stone-vanga","status":"publish","type":"projects","link":"https:\/\/efterklang.org\/sv\/projects\/scandinavian-stone-vanga\/","title":{"rendered":"Scandinavian Stone, V\u00e5nga"},"content":{"rendered":"<h6>Bakgrund<\/h6>\n<p>I nord\u00f6stra Sk\u00e5ne ligger V\u00e5ngaberget d\u00e4r det idag finns flera olika naturstenst\u00e4kter varav Scandinavian Stone har verksamhet i tre. P\u00e5 platsen bryts en speciell r\u00f6d granit som \u00e4r mycket popul\u00e4r till fasadbekl\u00e4dnad, markplattor, golv, murar, trappor, k\u00f6ksb\u00e4nkar, gravstenar etc. F\u00f6r att s\u00e4kerst\u00e4lla framtida drift i den t\u00e4kt som g\u00e5r under namnet V\u00e5nga V\u00e4st stenbrott s\u00f6kte Scandinavian Stone under 2022 tillst\u00e5nd till fortsatt och ut\u00f6kad t\u00e4ktverksamhet.<\/p>\n<p>Efterklang har arbetat tillsammans med Scandinavian Stone tidigare och fick d\u00e4rf\u00f6r fr\u00e5gan om att ta fram en bullerutredning f\u00f6r V\u00e5nga V\u00e4st.<\/p>\n<h6>Uppdrag<\/h6>\n<p>Eftersom det idag finns flera andra verksamheter med egna milj\u00f6tillst\u00e5nd var en viktig del i bullerutredningen att utreda det kumulativa bullret (totalt buller fr\u00e5n alla verksamheter). Det innefattar d\u00e5 ocks\u00e5 de transporter som sker till och fr\u00e5n de olika verksamheterna p\u00e5 mindre landsv\u00e4gar.<\/p>\n<p>F\u00f6r att utredningen skulle baseras p\u00e5 tillf\u00f6rlitligt underlag utf\u00f6rdes n\u00e4rf\u00e4ltsm\u00e4tningar i syfte att best\u00e4mma ljudemission f\u00f6r bullrande maskiner och arbetsmoment i verksamheten. Detta har sedan legat till grund f\u00f6r den 3D-modell som tagits fram f\u00f6r t\u00e4kten och dess n\u00e4romr\u00e5de. Men hj\u00e4lp av denna modell har f\u00f6rv\u00e4ntat buller fr\u00e5n den framtida verksamheten till kringliggande bost\u00e4der ber\u00e4knats och j\u00e4mf\u00f6rts med g\u00e4llande riktv\u00e4rden.<\/p>\n<p>F\u00f6r att hj\u00e4lpa Scandinavian Stone i processen med tillst\u00e5ndsans\u00f6kan har vi ocks\u00e5 deltagit som experter vid f\u00f6rhandling i Mark- och milj\u00f6domstolen.<\/p>\n<h6>Resultat<\/h6>\n<p>Utifr\u00e5n de slutsatser som framkommit under framtagande av bullerutredningen har Scandinavian Stone anpassat sin verksamhet f\u00f6r att begr\u00e4nsa buller till omgivningen. Bullerutredningen \u00e4r en av flera delar som bidragit till att t\u00e4kten under 2022 fick f\u00f6rnyat tillst\u00e5nd och att den r\u00f6da V\u00e5ngagraniten fortsatt kan anv\u00e4ndas f\u00f6r m\u00e5nga olika \u00e4ndam\u00e5l.<\/p>\n<p>&nbsp;<\/p>\n<p><strong>Bilder:<\/strong> Scandinavian Stone, detalj p\u00e5 r\u00f6d granit samt fasad fr\u00e5n V\u00e5ngaberget.<\/p>\n","protected":false},"featured_media":10598,"template":"","project_category":[603,235,306],"country":[333],"sector":[363],"class_list":["post-10596","projects","type-projects","status-publish","has-post-thumbnail","hentry","project_category-expertvittne","project_category-buller","project_category-bullerutredning","country-sverigesweden-sv","sector-gruv-och-metallindustri"],"acf":[],"yoast_head":"<!-- This site is optimized with the Yoast SEO plugin v22.1 - https:\/\/yoast.com\/wordpress\/plugins\/seo\/ -->\n<title>Scandinavian Stone, V\u00e5nga - Efterklang<\/title>\n<meta name=\"description\" content=\"Efterklang fick genom tidigare samarbete med Scandinavian Stone f\u00f6rtroende att utreda buller vid naturstenst\u00e4kten V\u00e5nga V\u00e4st.\" \/>\n<meta name=\"robots\" content=\"index, follow, max-snippet:-1, max-image-preview:large, max-video-preview:-1\" \/>\n<link rel=\"canonical\" href=\"https:\/\/efterklang.org\/sv\/projects\/scandinavian-stone-vanga\/\" \/>\n<meta property=\"og:locale\" content=\"sv_SE\" \/>\n<meta property=\"og:type\" content=\"article\" \/>\n<meta property=\"og:title\" content=\"Scandinavian Stone, V\u00e5nga - Efterklang\" \/>\n<meta property=\"og:description\" content=\"Efterklang fick genom tidigare samarbete med Scandinavian Stone f\u00f6rtroende att utreda buller vid naturstenst\u00e4kten V\u00e5nga V\u00e4st.\" \/>\n<meta property=\"og:url\" content=\"https:\/\/efterklang.org\/sv\/projects\/scandinavian-stone-vanga\/\" \/>\n<meta property=\"og:site_name\" content=\"Efterklang\" \/>\n<meta property=\"article:modified_time\" content=\"2024-02-16T10:19:57+00:00\" \/>\n<meta property=\"og:image\" content=\"https:\/\/efterklang.org\/wp-content\/uploads\/2023\/02\/Scandinavian-Stone_Vanga-Vast-1.jpg\" \/>\n\t<meta property=\"og:image:width\" content=\"1154\" \/>\n\t<meta property=\"og:image:height\" content=\"768\" \/>\n\t<meta property=\"og:image:type\" content=\"image\/jpeg\" \/>\n<meta name=\"twitter:card\" content=\"summary_large_image\" \/>\n<meta name=\"twitter:label1\" content=\"Ber\u00e4knad l\u00e4stid\" \/>\n\t<meta name=\"twitter:data1\" content=\"2 minuter\" \/>\n<script type=\"application\/ld+json\" class=\"yoast-schema-graph\">{\"@context\":\"https:\/\/schema.org\",\"@graph\":[{\"@type\":\"WebPage\",\"@id\":\"https:\/\/efterklang.org\/sv\/projects\/scandinavian-stone-vanga\/\",\"url\":\"https:\/\/efterklang.org\/sv\/projects\/scandinavian-stone-vanga\/\",\"name\":\"Scandinavian Stone, V\u00e5nga - Efterklang\",\"isPartOf\":{\"@id\":\"https:\/\/efterklang.org\/#website\"},\"datePublished\":\"2023-02-16T08:20:10+00:00\",\"dateModified\":\"2024-02-16T10:19:57+00:00\",\"description\":\"Efterklang fick genom tidigare samarbete med Scandinavian Stone f\u00f6rtroende att utreda buller vid naturstenst\u00e4kten V\u00e5nga V\u00e4st.\",\"breadcrumb\":{\"@id\":\"https:\/\/efterklang.org\/sv\/projects\/scandinavian-stone-vanga\/#breadcrumb\"},\"inLanguage\":\"sv-SE\",\"potentialAction\":[{\"@type\":\"ReadAction\",\"target\":[\"https:\/\/efterklang.org\/sv\/projects\/scandinavian-stone-vanga\/\"]}]},{\"@type\":\"BreadcrumbList\",\"@id\":\"https:\/\/efterklang.org\/sv\/projects\/scandinavian-stone-vanga\/#breadcrumb\",\"itemListElement\":[{\"@type\":\"ListItem\",\"position\":1,\"name\":\"Home\",\"item\":\"https:\/\/efterklang.org\/sv\/\"},{\"@type\":\"ListItem\",\"position\":2,\"name\":\"Our projects\",\"item\":\"https:\/\/efterklang.org\/projects\/?lang=sv\"},{\"@type\":\"ListItem\",\"position\":3,\"name\":\"Scandinavian Stone, V\u00e5nga\"}]},{\"@type\":\"WebSite\",\"@id\":\"https:\/\/efterklang.org\/#website\",\"url\":\"https:\/\/efterklang.org\/\",\"name\":\"Efterklang\",\"description\":\"P\u00e5 Efterklang designar och s\u00e4krar vi ljudmilj\u00f6er.\",\"publisher\":{\"@id\":\"https:\/\/efterklang.org\/#organization\"},\"potentialAction\":[{\"@type\":\"SearchAction\",\"target\":{\"@type\":\"EntryPoint\",\"urlTemplate\":\"https:\/\/efterklang.org\/?s={search_term_string}\"},\"query-input\":\"required name=search_term_string\"}],\"inLanguage\":\"sv-SE\"},{\"@type\":\"Organization\",\"@id\":\"https:\/\/efterklang.org\/#organization\",\"name\":\"Efterklang\",\"url\":\"https:\/\/efterklang.org\/\",\"logo\":{\"@type\":\"ImageObject\",\"inLanguage\":\"sv-SE\",\"@id\":\"https:\/\/efterklang.org\/#\/schema\/logo\/image\/\",\"url\":\"https:\/\/efterklang.org\/wp-content\/uploads\/2021\/10\/Asset-25.svg\",\"contentUrl\":\"https:\/\/efterklang.org\/wp-content\/uploads\/2021\/10\/Asset-25.svg\",\"caption\":\"Efterklang\"},\"image\":{\"@id\":\"https:\/\/efterklang.org\/#\/schema\/logo\/image\/\"}}]}<\/script>\n<!-- \/ Yoast SEO plugin. -->","yoast_head_json":{"title":"Scandinavian Stone, V\u00e5nga - Efterklang","description":"Efterklang fick genom tidigare samarbete med Scandinavian Stone f\u00f6rtroende att utreda buller vid naturstenst\u00e4kten V\u00e5nga V\u00e4st.","robots":{"index":"index","follow":"follow","max-snippet":"max-snippet:-1","max-image-preview":"max-image-preview:large","max-video-preview":"max-video-preview:-1"},"canonical":"https:\/\/efterklang.org\/sv\/projects\/scandinavian-stone-vanga\/","og_locale":"sv_SE","og_type":"article","og_title":"Scandinavian Stone, V\u00e5nga - Efterklang","og_description":"Efterklang fick genom tidigare samarbete med Scandinavian Stone f\u00f6rtroende att utreda buller vid naturstenst\u00e4kten V\u00e5nga V\u00e4st.","og_url":"https:\/\/efterklang.org\/sv\/projects\/scandinavian-stone-vanga\/","og_site_name":"Efterklang","article_modified_time":"2024-02-16T10:19:57+00:00","og_image":[{"width":1154,"height":768,"url":"https:\/\/efterklang.org\/wp-content\/uploads\/2023\/02\/Scandinavian-Stone_Vanga-Vast-1.jpg","type":"image\/jpeg"}],"twitter_card":"summary_large_image","twitter_misc":{"Ber\u00e4knad l\u00e4stid":"2 minuter"},"schema":{"@context":"https:\/\/schema.org","@graph":[{"@type":"WebPage","@id":"https:\/\/efterklang.org\/sv\/projects\/scandinavian-stone-vanga\/","url":"https:\/\/efterklang.org\/sv\/projects\/scandinavian-stone-vanga\/","name":"Scandinavian Stone, V\u00e5nga - Efterklang","isPartOf":{"@id":"https:\/\/efterklang.org\/#website"},"datePublished":"2023-02-16T08:20:10+00:00","dateModified":"2024-02-16T10:19:57+00:00","description":"Efterklang fick genom tidigare samarbete med Scandinavian Stone f\u00f6rtroende att utreda buller vid naturstenst\u00e4kten V\u00e5nga V\u00e4st.","breadcrumb":{"@id":"https:\/\/efterklang.org\/sv\/projects\/scandinavian-stone-vanga\/#breadcrumb"},"inLanguage":"sv-SE","potentialAction":[{"@type":"ReadAction","target":["https:\/\/efterklang.org\/sv\/projects\/scandinavian-stone-vanga\/"]}]},{"@type":"BreadcrumbList","@id":"https:\/\/efterklang.org\/sv\/projects\/scandinavian-stone-vanga\/#breadcrumb","itemListElement":[{"@type":"ListItem","position":1,"name":"Home","item":"https:\/\/efterklang.org\/sv\/"},{"@type":"ListItem","position":2,"name":"Our projects","item":"https:\/\/efterklang.org\/projects\/?lang=sv"},{"@type":"ListItem","position":3,"name":"Scandinavian Stone, V\u00e5nga"}]},{"@type":"WebSite","@id":"https:\/\/efterklang.org\/#website","url":"https:\/\/efterklang.org\/","name":"Efterklang","description":"P\u00e5 Efterklang designar och s\u00e4krar vi ljudmilj\u00f6er.","publisher":{"@id":"https:\/\/efterklang.org\/#organization"},"potentialAction":[{"@type":"SearchAction","target":{"@type":"EntryPoint","urlTemplate":"https:\/\/efterklang.org\/?s={search_term_string}"},"query-input":"required name=search_term_string"}],"inLanguage":"sv-SE"},{"@type":"Organization","@id":"https:\/\/efterklang.org\/#organization","name":"Efterklang","url":"https:\/\/efterklang.org\/","logo":{"@type":"ImageObject","inLanguage":"sv-SE","@id":"https:\/\/efterklang.org\/#\/schema\/logo\/image\/","url":"https:\/\/efterklang.org\/wp-content\/uploads\/2021\/10\/Asset-25.svg","contentUrl":"https:\/\/efterklang.org\/wp-content\/uploads\/2021\/10\/Asset-25.svg","caption":"Efterklang"},"image":{"@id":"https:\/\/efterklang.org\/#\/schema\/logo\/image\/"}}]}},"_links":{"self":[{"href":"https:\/\/efterklang.org\/sv\/wp-json\/wp\/v2\/projects\/10596","targetHints":{"allow":["GET"]}}],"collection":[{"href":"https:\/\/efterklang.org\/sv\/wp-json\/wp\/v2\/projects"}],"about":[{"href":"https:\/\/efterklang.org\/sv\/wp-json\/wp\/v2\/types\/projects"}],"version-history":[{"count":9,"href":"https:\/\/efterklang.org\/sv\/wp-json\/wp\/v2\/projects\/10596\/revisions"}],"predecessor-version":[{"id":12397,"href":"https:\/\/efterklang.org\/sv\/wp-json\/wp\/v2\/projects\/10596\/revisions\/12397"}],"wp:featuredmedia":[{"embeddable":true,"href":"https:\/\/efterklang.org\/sv\/wp-json\/wp\/v2\/media\/10598"}],"wp:attachment":[{"href":"https:\/\/efterklang.org\/sv\/wp-json\/wp\/v2\/media?parent=10596"}],"wp:term":[{"taxonomy":"project_category","embeddable":true,"href":"https:\/\/efterklang.org\/sv\/wp-json\/wp\/v2\/project_category?post=10596"},{"taxonomy":"country","embeddable":true,"href":"https:\/\/efterklang.org\/sv\/wp-json\/wp\/v2\/country?post=10596"},{"taxonomy":"sector","embeddable":true,"href":"https:\/\/efterklang.org\/sv\/wp-json\/wp\/v2\/sector?post=10596"}],"curies":[{"name":"wp","href":"https:\/\/api.w.org\/{rel}","templated":true}]}}