{"id":10393,"date":"2023-01-25T11:16:42","date_gmt":"2023-01-25T10:16:42","guid":{"rendered":"https:\/\/efterklang.org\/?post_type=projects&#038;p=10393"},"modified":"2024-02-16T11:24:21","modified_gmt":"2024-02-16T10:24:21","slug":"kaunis-iron-pajala","status":"publish","type":"projects","link":"https:\/\/efterklang.org\/sv\/projects\/kaunis-iron-pajala\/","title":{"rendered":"Kaunis Iron, Pajala"},"content":{"rendered":"<h6>Bakgrund<\/h6>\n<p class=\"p1\">Kaunis Iron \u00e4ger och driver en j\u00e4rnmalmsgruva i Pajala. \u00c5r 2022 beviljade mark- och milj\u00f6domstolen tillst\u00e5nd f\u00f6r f\u00f6retaget att ut\u00f6ka sin verksamhet vid Tapuli, Sahavaara och Palotieva gruvor samt vid anrikningsverket Kaunisvaara.<\/p>\n<h6>Uppdrag<\/h6>\n<p class=\"p1\">Efterklang fick i uppdrag att medverka i tillst\u00e5ndsans\u00f6kan f\u00f6r att redovisa verksamhetens bullerp\u00e5verkan samt vilka skydds\u00e5tg\u00e4rder som kunde genomf\u00f6ras f\u00f6r att minimera p\u00e5verkan gentemot bebyggelsen. Hela bullerarbetet redovisades vid huvudf\u00f6rhandlingarna samt om hur Naturv\u00e5rdsverkets rekommenderade bullerniv\u00e5er kan inneh\u00e5llas f\u00f6r befintlig och ut\u00f6kad verksamhet.<\/p>\n<h6>Resultat<\/h6>\n<p class=\"p1\">Mark-och milj\u00f6domstolen beviljade i 2022 Kaunis Irons ans\u00f6kan om ut\u00f6kad verksamhet. Tillst\u00e5ndet g\u00e4ller i 35 \u00e5r och omfattar brytning av maximalt 10 miljoner ton j\u00e4rnmalm per \u00e5r motsvarande ca 4 miljoner ton j\u00e4rnslig. Domen s\u00e4krar l\u00e5ngsiktigt \u00f6ver 500 arbetstillf\u00e4llen i Pajala, vilket \u00e4r oerh\u00f6rt betydelsefullt. Detta betyder \u00e4ven att Kaunis Iron kan fullf\u00f6lja alla investeringsplaner som genererar \u00e4nnu fler arbetstillf\u00e4llen f\u00f6r entrepren\u00f6rer i regionen.<\/p>\n","protected":false},"featured_media":10388,"template":"","project_category":[235,302,306,312],"country":[333],"sector":[363],"class_list":["post-10393","projects","type-projects","status-publish","has-post-thumbnail","hentry","project_category-buller","project_category-bullermatning","project_category-bullerutredning","project_category-atgardsforslag","country-sverigesweden-sv","sector-gruv-och-metallindustri"],"acf":[],"yoast_head":"<!-- This site is optimized with the Yoast SEO plugin v22.1 - https:\/\/yoast.com\/wordpress\/plugins\/seo\/ -->\n<title>Kaunis Iron, Pajala - Efterklang<\/title>\n<meta name=\"description\" content=\"Efterklang redovisade bullerp\u00e5verkan i Mark- och Milj\u00f6domstolen n\u00e4r Kaunis Iron ans\u00f6kte om tillst\u00e5nd f\u00f6r ut\u00f6kad verksamhet.\" \/>\n<meta name=\"robots\" content=\"index, follow, max-snippet:-1, max-image-preview:large, max-video-preview:-1\" \/>\n<link rel=\"canonical\" href=\"https:\/\/efterklang.org\/sv\/projects\/kaunis-iron-pajala\/\" \/>\n<meta property=\"og:locale\" content=\"sv_SE\" \/>\n<meta property=\"og:type\" content=\"article\" \/>\n<meta property=\"og:title\" content=\"Kaunis Iron, Pajala - Efterklang\" \/>\n<meta property=\"og:description\" content=\"Efterklang redovisade bullerp\u00e5verkan i Mark- och Milj\u00f6domstolen n\u00e4r Kaunis Iron ans\u00f6kte om tillst\u00e5nd f\u00f6r ut\u00f6kad verksamhet.\" \/>\n<meta property=\"og:url\" content=\"https:\/\/efterklang.org\/sv\/projects\/kaunis-iron-pajala\/\" \/>\n<meta property=\"og:site_name\" content=\"Efterklang\" \/>\n<meta property=\"article:modified_time\" content=\"2024-02-16T10:24:21+00:00\" \/>\n<meta property=\"og:image\" content=\"https:\/\/efterklang.org\/wp-content\/uploads\/2023\/01\/Kaunis-Iron.jpg\" \/>\n\t<meta property=\"og:image:width\" content=\"2840\" \/>\n\t<meta property=\"og:image:height\" content=\"1892\" \/>\n\t<meta property=\"og:image:type\" content=\"image\/jpeg\" \/>\n<meta name=\"twitter:card\" content=\"summary_large_image\" \/>\n<meta name=\"twitter:label1\" content=\"Ber\u00e4knad l\u00e4stid\" \/>\n\t<meta name=\"twitter:data1\" content=\"1 minut\" \/>\n<script type=\"application\/ld+json\" class=\"yoast-schema-graph\">{\"@context\":\"https:\/\/schema.org\",\"@graph\":[{\"@type\":\"WebPage\",\"@id\":\"https:\/\/efterklang.org\/sv\/projects\/kaunis-iron-pajala\/\",\"url\":\"https:\/\/efterklang.org\/sv\/projects\/kaunis-iron-pajala\/\",\"name\":\"Kaunis Iron, Pajala - Efterklang\",\"isPartOf\":{\"@id\":\"https:\/\/efterklang.org\/#website\"},\"datePublished\":\"2023-01-25T10:16:42+00:00\",\"dateModified\":\"2024-02-16T10:24:21+00:00\",\"description\":\"Efterklang redovisade bullerp\u00e5verkan i Mark- och Milj\u00f6domstolen n\u00e4r Kaunis Iron ans\u00f6kte om tillst\u00e5nd f\u00f6r ut\u00f6kad verksamhet.\",\"breadcrumb\":{\"@id\":\"https:\/\/efterklang.org\/sv\/projects\/kaunis-iron-pajala\/#breadcrumb\"},\"inLanguage\":\"sv-SE\",\"potentialAction\":[{\"@type\":\"ReadAction\",\"target\":[\"https:\/\/efterklang.org\/sv\/projects\/kaunis-iron-pajala\/\"]}]},{\"@type\":\"BreadcrumbList\",\"@id\":\"https:\/\/efterklang.org\/sv\/projects\/kaunis-iron-pajala\/#breadcrumb\",\"itemListElement\":[{\"@type\":\"ListItem\",\"position\":1,\"name\":\"Home\",\"item\":\"https:\/\/efterklang.org\/sv\/\"},{\"@type\":\"ListItem\",\"position\":2,\"name\":\"Our projects\",\"item\":\"https:\/\/efterklang.org\/projects\/?lang=sv\"},{\"@type\":\"ListItem\",\"position\":3,\"name\":\"Kaunis Iron, Pajala\"}]},{\"@type\":\"WebSite\",\"@id\":\"https:\/\/efterklang.org\/#website\",\"url\":\"https:\/\/efterklang.org\/\",\"name\":\"Efterklang\",\"description\":\"P\u00e5 Efterklang designar och s\u00e4krar vi ljudmilj\u00f6er.\",\"publisher\":{\"@id\":\"https:\/\/efterklang.org\/#organization\"},\"potentialAction\":[{\"@type\":\"SearchAction\",\"target\":{\"@type\":\"EntryPoint\",\"urlTemplate\":\"https:\/\/efterklang.org\/?s={search_term_string}\"},\"query-input\":\"required name=search_term_string\"}],\"inLanguage\":\"sv-SE\"},{\"@type\":\"Organization\",\"@id\":\"https:\/\/efterklang.org\/#organization\",\"name\":\"Efterklang\",\"url\":\"https:\/\/efterklang.org\/\",\"logo\":{\"@type\":\"ImageObject\",\"inLanguage\":\"sv-SE\",\"@id\":\"https:\/\/efterklang.org\/#\/schema\/logo\/image\/\",\"url\":\"https:\/\/efterklang.org\/wp-content\/uploads\/2021\/10\/Asset-25.svg\",\"contentUrl\":\"https:\/\/efterklang.org\/wp-content\/uploads\/2021\/10\/Asset-25.svg\",\"caption\":\"Efterklang\"},\"image\":{\"@id\":\"https:\/\/efterklang.org\/#\/schema\/logo\/image\/\"}}]}<\/script>\n<!-- \/ Yoast SEO plugin. -->","yoast_head_json":{"title":"Kaunis Iron, Pajala - Efterklang","description":"Efterklang redovisade bullerp\u00e5verkan i Mark- och Milj\u00f6domstolen n\u00e4r Kaunis Iron ans\u00f6kte om tillst\u00e5nd f\u00f6r ut\u00f6kad verksamhet.","robots":{"index":"index","follow":"follow","max-snippet":"max-snippet:-1","max-image-preview":"max-image-preview:large","max-video-preview":"max-video-preview:-1"},"canonical":"https:\/\/efterklang.org\/sv\/projects\/kaunis-iron-pajala\/","og_locale":"sv_SE","og_type":"article","og_title":"Kaunis Iron, Pajala - Efterklang","og_description":"Efterklang redovisade bullerp\u00e5verkan i Mark- och Milj\u00f6domstolen n\u00e4r Kaunis Iron ans\u00f6kte om tillst\u00e5nd f\u00f6r ut\u00f6kad verksamhet.","og_url":"https:\/\/efterklang.org\/sv\/projects\/kaunis-iron-pajala\/","og_site_name":"Efterklang","article_modified_time":"2024-02-16T10:24:21+00:00","og_image":[{"width":2840,"height":1892,"url":"https:\/\/efterklang.org\/wp-content\/uploads\/2023\/01\/Kaunis-Iron.jpg","type":"image\/jpeg"}],"twitter_card":"summary_large_image","twitter_misc":{"Ber\u00e4knad l\u00e4stid":"1 minut"},"schema":{"@context":"https:\/\/schema.org","@graph":[{"@type":"WebPage","@id":"https:\/\/efterklang.org\/sv\/projects\/kaunis-iron-pajala\/","url":"https:\/\/efterklang.org\/sv\/projects\/kaunis-iron-pajala\/","name":"Kaunis Iron, Pajala - Efterklang","isPartOf":{"@id":"https:\/\/efterklang.org\/#website"},"datePublished":"2023-01-25T10:16:42+00:00","dateModified":"2024-02-16T10:24:21+00:00","description":"Efterklang redovisade bullerp\u00e5verkan i Mark- och Milj\u00f6domstolen n\u00e4r Kaunis Iron ans\u00f6kte om tillst\u00e5nd f\u00f6r ut\u00f6kad verksamhet.","breadcrumb":{"@id":"https:\/\/efterklang.org\/sv\/projects\/kaunis-iron-pajala\/#breadcrumb"},"inLanguage":"sv-SE","potentialAction":[{"@type":"ReadAction","target":["https:\/\/efterklang.org\/sv\/projects\/kaunis-iron-pajala\/"]}]},{"@type":"BreadcrumbList","@id":"https:\/\/efterklang.org\/sv\/projects\/kaunis-iron-pajala\/#breadcrumb","itemListElement":[{"@type":"ListItem","position":1,"name":"Home","item":"https:\/\/efterklang.org\/sv\/"},{"@type":"ListItem","position":2,"name":"Our projects","item":"https:\/\/efterklang.org\/projects\/?lang=sv"},{"@type":"ListItem","position":3,"name":"Kaunis Iron, Pajala"}]},{"@type":"WebSite","@id":"https:\/\/efterklang.org\/#website","url":"https:\/\/efterklang.org\/","name":"Efterklang","description":"P\u00e5 Efterklang designar och s\u00e4krar vi ljudmilj\u00f6er.","publisher":{"@id":"https:\/\/efterklang.org\/#organization"},"potentialAction":[{"@type":"SearchAction","target":{"@type":"EntryPoint","urlTemplate":"https:\/\/efterklang.org\/?s={search_term_string}"},"query-input":"required name=search_term_string"}],"inLanguage":"sv-SE"},{"@type":"Organization","@id":"https:\/\/efterklang.org\/#organization","name":"Efterklang","url":"https:\/\/efterklang.org\/","logo":{"@type":"ImageObject","inLanguage":"sv-SE","@id":"https:\/\/efterklang.org\/#\/schema\/logo\/image\/","url":"https:\/\/efterklang.org\/wp-content\/uploads\/2021\/10\/Asset-25.svg","contentUrl":"https:\/\/efterklang.org\/wp-content\/uploads\/2021\/10\/Asset-25.svg","caption":"Efterklang"},"image":{"@id":"https:\/\/efterklang.org\/#\/schema\/logo\/image\/"}}]}},"_links":{"self":[{"href":"https:\/\/efterklang.org\/sv\/wp-json\/wp\/v2\/projects\/10393","targetHints":{"allow":["GET"]}}],"collection":[{"href":"https:\/\/efterklang.org\/sv\/wp-json\/wp\/v2\/projects"}],"about":[{"href":"https:\/\/efterklang.org\/sv\/wp-json\/wp\/v2\/types\/projects"}],"version-history":[{"count":6,"href":"https:\/\/efterklang.org\/sv\/wp-json\/wp\/v2\/projects\/10393\/revisions"}],"predecessor-version":[{"id":12401,"href":"https:\/\/efterklang.org\/sv\/wp-json\/wp\/v2\/projects\/10393\/revisions\/12401"}],"wp:featuredmedia":[{"embeddable":true,"href":"https:\/\/efterklang.org\/sv\/wp-json\/wp\/v2\/media\/10388"}],"wp:attachment":[{"href":"https:\/\/efterklang.org\/sv\/wp-json\/wp\/v2\/media?parent=10393"}],"wp:term":[{"taxonomy":"project_category","embeddable":true,"href":"https:\/\/efterklang.org\/sv\/wp-json\/wp\/v2\/project_category?post=10393"},{"taxonomy":"country","embeddable":true,"href":"https:\/\/efterklang.org\/sv\/wp-json\/wp\/v2\/country?post=10393"},{"taxonomy":"sector","embeddable":true,"href":"https:\/\/efterklang.org\/sv\/wp-json\/wp\/v2\/sector?post=10393"}],"curies":[{"name":"wp","href":"https:\/\/api.w.org\/{rel}","templated":true}]}}