{"id":6139,"date":"2022-01-05T08:57:51","date_gmt":"2022-01-05T07:57:51","guid":{"rendered":"https:\/\/efterklang.org\/?post_type=projects&#038;p=6139"},"modified":"2022-01-05T08:57:51","modified_gmt":"2022-01-05T07:57:51","slug":"glemmen-videregaende-skole-fredrikstad","status":"publish","type":"projects","link":"https:\/\/efterklang.org\/no\/projects\/glemmen-videregaende-skole-fredrikstad\/","title":{"rendered":"Glemmen videreg\u00e5ende skole, Fredrikstad"},"content":{"rendered":"<h6>Bakgrunn<\/h6>\n<p>Glemmen videreg\u00e5ende skole best\u00e5r i dag av forskjellige skolebygg p\u00e5 fire ulike plasser i Fredrikstad. N\u00e5 skal skolen samles p\u00e5 Traraveien der prosjektet skal v\u00e6re en blanding av rivning og rehabilitering. C.F. M\u00f8ller Arkitekter, AFRY Norge og skolespesialist Kasper Kjeldgaard Stoltz fra NERD Architects, har vunnet prosjektet p\u00e5 grunnlag av en visjon\u00e6r oppgaveforst\u00e5else, som er basert p\u00e5 en moderne tenkem\u00e5te rundt skoler og pedagogikk. Fredrikstads tannklinikker settes sammen og skal rommes i Glemmen videreg\u00e5ende skole, med totalt 24 behandlingsrom.<\/p>\n<h6>Oppdrag<\/h6>\n<p>Gjennom AFRY Norge har Efterklang f\u00e5tt oppdraget av Viken fylkeskommune \u00e5 prosjektere akustikken. M\u00e5let er \u00e5 skape et godt akustisk design for \u00e5 sikre at b\u00e5de elever og ansatte f\u00e5r et passende akustisk milj\u00f8 som fremmer l\u00e6ring og skaper velv\u00e6re.<br \/>\nProsjektet er m\u00e5lrettet mot ivaretakelse av grenseverdiene i forhold til lyd, med fokus p\u00e5 fleksible l\u00f8sninger. Omr\u00e5det ved Traraveien er en sone dominert av veist\u00f8y, og det er behov for \u00e5 bruke en god kombinasjon av bygninger og st\u00f8yskjermer for \u00e5 dempe for st\u00f8y p\u00e5 skolens uteomr\u00e5der.<\/p>\n<h6>Resultat<\/h6>\n<p>Efterklang har sammen med AFRY Norge levert inn skisseforslag p\u00e5 fremtidens Glemmen videreg\u00e5ende skole. Forprosjektet danner grunnlag for et totalentreprisetilbud og planen er at r\u00e5dgivere f\u00f8lger med prosjektet videre i produksjonsfase.<\/p>\n","protected":false},"featured_media":6140,"template":"","project_category":[233,320,315],"country":[329],"sector":[345],"class_list":["post-6139","projects","type-projects","status-publish","has-post-thumbnail","hentry","project_category-akustikk","project_category-bygningsakustikk","project_category-romakustisk-modellering-og-maling","country-norway-no","sector-undervisning"],"acf":[],"yoast_head":"<!-- This site is optimized with the Yoast SEO plugin v22.1 - https:\/\/yoast.com\/wordpress\/plugins\/seo\/ -->\n<title>Glemmen videreg\u00e5ende skole, Fredrikstad - Efterklang<\/title>\n<meta name=\"description\" content=\"Gjennom AFRY Norge har Efterklang f\u00e5tt oppdraget av Viken fylkeskommune \u00e5 prosjektere akustikken p\u00e5 nye Glemmen videreg\u00e5ende skole.\" \/>\n<meta name=\"robots\" content=\"index, follow, max-snippet:-1, max-image-preview:large, max-video-preview:-1\" \/>\n<link rel=\"canonical\" href=\"https:\/\/efterklang.org\/projects\/glemmen-videregaende-skole-fredrikstad\/?lang=no\" \/>\n<meta property=\"og:locale\" content=\"nb_NO\" \/>\n<meta property=\"og:type\" content=\"article\" \/>\n<meta property=\"og:title\" content=\"Glemmen videreg\u00e5ende skole, Fredrikstad - Efterklang\" \/>\n<meta property=\"og:description\" content=\"Gjennom AFRY Norge har Efterklang f\u00e5tt oppdraget av Viken fylkeskommune \u00e5 prosjektere akustikken p\u00e5 nye Glemmen videreg\u00e5ende skole.\" \/>\n<meta property=\"og:url\" content=\"https:\/\/efterklang.org\/projects\/glemmen-videregaende-skole-fredrikstad\/?lang=no\" \/>\n<meta property=\"og:site_name\" content=\"Efterklang\" \/>\n<meta property=\"og:image\" content=\"https:\/\/efterklang.org\/wp-content\/uploads\/2022\/01\/Glemmen-videregaende-skole.jpg\" \/>\n\t<meta property=\"og:image:width\" content=\"865\" \/>\n\t<meta property=\"og:image:height\" content=\"577\" \/>\n\t<meta property=\"og:image:type\" content=\"image\/jpeg\" \/>\n<meta name=\"twitter:card\" content=\"summary_large_image\" \/>\n<meta name=\"twitter:label1\" content=\"Ansl. lesetid\" \/>\n\t<meta name=\"twitter:data1\" content=\"1 minutt\" \/>\n<script type=\"application\/ld+json\" class=\"yoast-schema-graph\">{\"@context\":\"https:\/\/schema.org\",\"@graph\":[{\"@type\":\"WebPage\",\"@id\":\"https:\/\/efterklang.org\/projects\/glemmen-videregaende-skole-fredrikstad\/?lang=no\",\"url\":\"https:\/\/efterklang.org\/projects\/glemmen-videregaende-skole-fredrikstad\/?lang=no\",\"name\":\"Glemmen videreg\u00e5ende skole, Fredrikstad - Efterklang\",\"isPartOf\":{\"@id\":\"https:\/\/efterklang.org\/#website\"},\"datePublished\":\"2022-01-05T07:57:51+00:00\",\"dateModified\":\"2022-01-05T07:57:51+00:00\",\"description\":\"Gjennom AFRY Norge har Efterklang f\u00e5tt oppdraget av Viken fylkeskommune \u00e5 prosjektere akustikken p\u00e5 nye Glemmen videreg\u00e5ende skole.\",\"breadcrumb\":{\"@id\":\"https:\/\/efterklang.org\/projects\/glemmen-videregaende-skole-fredrikstad\/?lang=no#breadcrumb\"},\"inLanguage\":\"nb-NO\",\"potentialAction\":[{\"@type\":\"ReadAction\",\"target\":[\"https:\/\/efterklang.org\/projects\/glemmen-videregaende-skole-fredrikstad\/?lang=no\"]}]},{\"@type\":\"BreadcrumbList\",\"@id\":\"https:\/\/efterklang.org\/projects\/glemmen-videregaende-skole-fredrikstad\/?lang=no#breadcrumb\",\"itemListElement\":[{\"@type\":\"ListItem\",\"position\":1,\"name\":\"Home\",\"item\":\"https:\/\/efterklang.org\/no\/\"},{\"@type\":\"ListItem\",\"position\":2,\"name\":\"Our projects\",\"item\":\"https:\/\/efterklang.org\/projects\/?lang=sv\"},{\"@type\":\"ListItem\",\"position\":3,\"name\":\"Glemmen videreg\u00e5ende skole, Fredrikstad\"}]},{\"@type\":\"WebSite\",\"@id\":\"https:\/\/efterklang.org\/#website\",\"url\":\"https:\/\/efterklang.org\/\",\"name\":\"Efterklang\",\"description\":\"Site by basta-kompisar\",\"publisher\":{\"@id\":\"https:\/\/efterklang.org\/#organization\"},\"potentialAction\":[{\"@type\":\"SearchAction\",\"target\":{\"@type\":\"EntryPoint\",\"urlTemplate\":\"https:\/\/efterklang.org\/?s={search_term_string}\"},\"query-input\":\"required name=search_term_string\"}],\"inLanguage\":\"nb-NO\"},{\"@type\":\"Organization\",\"@id\":\"https:\/\/efterklang.org\/#organization\",\"name\":\"Efterklang\",\"url\":\"https:\/\/efterklang.org\/\",\"logo\":{\"@type\":\"ImageObject\",\"inLanguage\":\"nb-NO\",\"@id\":\"https:\/\/efterklang.org\/#\/schema\/logo\/image\/\",\"url\":\"https:\/\/efterklang.org\/wp-content\/uploads\/2021\/10\/Asset-25.svg\",\"contentUrl\":\"https:\/\/efterklang.org\/wp-content\/uploads\/2021\/10\/Asset-25.svg\",\"caption\":\"Efterklang\"},\"image\":{\"@id\":\"https:\/\/efterklang.org\/#\/schema\/logo\/image\/\"}}]}<\/script>\n<!-- \/ Yoast SEO plugin. -->","yoast_head_json":{"title":"Glemmen videreg\u00e5ende skole, Fredrikstad - Efterklang","description":"Gjennom AFRY Norge har Efterklang f\u00e5tt oppdraget av Viken fylkeskommune \u00e5 prosjektere akustikken p\u00e5 nye Glemmen videreg\u00e5ende skole.","robots":{"index":"index","follow":"follow","max-snippet":"max-snippet:-1","max-image-preview":"max-image-preview:large","max-video-preview":"max-video-preview:-1"},"canonical":"https:\/\/efterklang.org\/projects\/glemmen-videregaende-skole-fredrikstad\/?lang=no","og_locale":"nb_NO","og_type":"article","og_title":"Glemmen videreg\u00e5ende skole, Fredrikstad - Efterklang","og_description":"Gjennom AFRY Norge har Efterklang f\u00e5tt oppdraget av Viken fylkeskommune \u00e5 prosjektere akustikken p\u00e5 nye Glemmen videreg\u00e5ende skole.","og_url":"https:\/\/efterklang.org\/projects\/glemmen-videregaende-skole-fredrikstad\/?lang=no","og_site_name":"Efterklang","og_image":[{"width":865,"height":577,"url":"https:\/\/efterklang.org\/wp-content\/uploads\/2022\/01\/Glemmen-videregaende-skole.jpg","type":"image\/jpeg"}],"twitter_card":"summary_large_image","twitter_misc":{"Ansl. lesetid":"1 minutt"},"schema":{"@context":"https:\/\/schema.org","@graph":[{"@type":"WebPage","@id":"https:\/\/efterklang.org\/projects\/glemmen-videregaende-skole-fredrikstad\/?lang=no","url":"https:\/\/efterklang.org\/projects\/glemmen-videregaende-skole-fredrikstad\/?lang=no","name":"Glemmen videreg\u00e5ende skole, Fredrikstad - Efterklang","isPartOf":{"@id":"https:\/\/efterklang.org\/#website"},"datePublished":"2022-01-05T07:57:51+00:00","dateModified":"2022-01-05T07:57:51+00:00","description":"Gjennom AFRY Norge har Efterklang f\u00e5tt oppdraget av Viken fylkeskommune \u00e5 prosjektere akustikken p\u00e5 nye Glemmen videreg\u00e5ende skole.","breadcrumb":{"@id":"https:\/\/efterklang.org\/projects\/glemmen-videregaende-skole-fredrikstad\/?lang=no#breadcrumb"},"inLanguage":"nb-NO","potentialAction":[{"@type":"ReadAction","target":["https:\/\/efterklang.org\/projects\/glemmen-videregaende-skole-fredrikstad\/?lang=no"]}]},{"@type":"BreadcrumbList","@id":"https:\/\/efterklang.org\/projects\/glemmen-videregaende-skole-fredrikstad\/?lang=no#breadcrumb","itemListElement":[{"@type":"ListItem","position":1,"name":"Home","item":"https:\/\/efterklang.org\/no\/"},{"@type":"ListItem","position":2,"name":"Our projects","item":"https:\/\/efterklang.org\/projects\/?lang=sv"},{"@type":"ListItem","position":3,"name":"Glemmen videreg\u00e5ende skole, Fredrikstad"}]},{"@type":"WebSite","@id":"https:\/\/efterklang.org\/#website","url":"https:\/\/efterklang.org\/","name":"Efterklang","description":"Site by basta-kompisar","publisher":{"@id":"https:\/\/efterklang.org\/#organization"},"potentialAction":[{"@type":"SearchAction","target":{"@type":"EntryPoint","urlTemplate":"https:\/\/efterklang.org\/?s={search_term_string}"},"query-input":"required name=search_term_string"}],"inLanguage":"nb-NO"},{"@type":"Organization","@id":"https:\/\/efterklang.org\/#organization","name":"Efterklang","url":"https:\/\/efterklang.org\/","logo":{"@type":"ImageObject","inLanguage":"nb-NO","@id":"https:\/\/efterklang.org\/#\/schema\/logo\/image\/","url":"https:\/\/efterklang.org\/wp-content\/uploads\/2021\/10\/Asset-25.svg","contentUrl":"https:\/\/efterklang.org\/wp-content\/uploads\/2021\/10\/Asset-25.svg","caption":"Efterklang"},"image":{"@id":"https:\/\/efterklang.org\/#\/schema\/logo\/image\/"}}]}},"_links":{"self":[{"href":"https:\/\/efterklang.org\/no\/wp-json\/wp\/v2\/projects\/6139","targetHints":{"allow":["GET"]}}],"collection":[{"href":"https:\/\/efterklang.org\/no\/wp-json\/wp\/v2\/projects"}],"about":[{"href":"https:\/\/efterklang.org\/no\/wp-json\/wp\/v2\/types\/projects"}],"version-history":[{"count":2,"href":"https:\/\/efterklang.org\/no\/wp-json\/wp\/v2\/projects\/6139\/revisions"}],"predecessor-version":[{"id":6144,"href":"https:\/\/efterklang.org\/no\/wp-json\/wp\/v2\/projects\/6139\/revisions\/6144"}],"wp:featuredmedia":[{"embeddable":true,"href":"https:\/\/efterklang.org\/no\/wp-json\/wp\/v2\/media\/6140"}],"wp:attachment":[{"href":"https:\/\/efterklang.org\/no\/wp-json\/wp\/v2\/media?parent=6139"}],"wp:term":[{"taxonomy":"project_category","embeddable":true,"href":"https:\/\/efterklang.org\/no\/wp-json\/wp\/v2\/project_category?post=6139"},{"taxonomy":"country","embeddable":true,"href":"https:\/\/efterklang.org\/no\/wp-json\/wp\/v2\/country?post=6139"},{"taxonomy":"sector","embeddable":true,"href":"https:\/\/efterklang.org\/no\/wp-json\/wp\/v2\/sector?post=6139"}],"curies":[{"name":"wp","href":"https:\/\/api.w.org\/{rel}","templated":true}]}}