{"id":5737,"date":"2021-12-10T05:52:21","date_gmt":"2021-12-10T10:52:21","guid":{"rendered":"http:\/\/efterklang.org.hemsida.eu\/?post_type=projects&#038;p=5737"},"modified":"2022-10-25T13:34:54","modified_gmt":"2022-10-25T11:34:54","slug":"maere-hybelhus-steinkjer","status":"publish","type":"projects","link":"https:\/\/efterklang.org\/no\/projects\/maere-hybelhus-steinkjer\/","title":{"rendered":"M\u00e6re Hybelhus, Steinkjer"},"content":{"rendered":"<h6>Bakgrunn<\/h6>\n<p>Landbruksskolen p\u00e5 M\u00e6re i Steinkjer kommune er en videreg\u00e5ende skole for oppl\u00e6ring innen g\u00e5rdsbruk. I 2018 sto et nytt hybelhus klart p\u00e5 g\u00e5rden med 40 hybler til skolens elever. Det nye hybelhuset har erstattet et gammelt, utdatert internatbygg.<\/p>\n<h6>Oppdrag<\/h6>\n<p>P\u00e5 oppdrag av Nord Tr\u00f8ndelag Fylkeskommune fikk Efterklang oppdraget \u00e5 prosjektere akustikken i det nye hybelhuset, som er oppf\u00f8rt massivtre. En \u00f8kende andel bygninger oppf\u00f8res i dag med massivtre, som er b\u00e5de funksjonelt og klimavennlig. Tre har derimot helt andre materialegenskaper enn betong, noe som er viktig \u00e5 tenke p\u00e5 i forhold til akustikken. Tre er mye lettere enn betong og derfor stilles helt andre krav p\u00e5 lydisolasjon.<\/p>\n<p>I arbeidet med M\u00e6re Hybelhus, har den akustiske prosjekteringen f\u00e5tt prioritet for \u00e5 sikre gode lydisolerende l\u00f8sninger mellom hybelrommene. Samtidig harmonerer akustikkl\u00f8sningene med det arkitektoniske uttrykket som var \u00f8nsket.<\/p>\n<h6>Resultat<\/h6>\n<p>Efterklang har hatt ett n\u00e6re og bra samarbeid med b\u00e5de kunde og arkitekt Gottlieb Paludan Architects gjennom hele prosjektet. Landbruksskolen p\u00e5 M\u00e6re tilbyr n\u00e5 et attraktivt hybelhus med gode lydforhold til sine elever.<\/p>\n<p>&nbsp;<\/p>\n","protected":false},"featured_media":4139,"template":"","project_category":[591,233,320,315],"country":[329],"sector":[373,345],"class_list":["post-5737","projects","type-projects","status-publish","has-post-thumbnail","hentry","project_category-trekonstruksjon","project_category-akustikk","project_category-bygningsakustikk","project_category-romakustisk-modellering-og-maling","country-norway-no","sector-boliger","sector-undervisning"],"acf":[],"yoast_head":"<!-- This site is optimized with the Yoast SEO plugin v22.1 - https:\/\/yoast.com\/wordpress\/plugins\/seo\/ -->\n<title>M\u00e6re Hybelhus, Steinkjer - Efterklang<\/title>\n<meta name=\"description\" content=\"Efterklang fikk oppdraget \u00e5 prosjektere akustikken i det nye hybelhuset, som er oppf\u00f8rt massivtre.\" \/>\n<meta name=\"robots\" content=\"index, follow, max-snippet:-1, max-image-preview:large, max-video-preview:-1\" \/>\n<link rel=\"canonical\" href=\"https:\/\/efterklang.org\/projects\/maere-hybelhus-steinkjer\/?lang=no\" \/>\n<meta property=\"og:locale\" content=\"nb_NO\" \/>\n<meta property=\"og:type\" content=\"article\" \/>\n<meta property=\"og:title\" content=\"M\u00e6re Hybelhus, Steinkjer - Efterklang\" \/>\n<meta property=\"og:description\" content=\"Efterklang fikk oppdraget \u00e5 prosjektere akustikken i det nye hybelhuset, som er oppf\u00f8rt massivtre.\" \/>\n<meta property=\"og:url\" content=\"https:\/\/efterklang.org\/projects\/maere-hybelhus-steinkjer\/?lang=no\" \/>\n<meta property=\"og:site_name\" content=\"Efterklang\" \/>\n<meta property=\"article:modified_time\" content=\"2022-10-25T11:34:54+00:00\" \/>\n<meta property=\"og:image\" content=\"https:\/\/efterklang.org\/wp-content\/uploads\/2021\/12\/Maere-Hybelhus_GPA-1024x729.jpg\" \/>\n\t<meta property=\"og:image:width\" content=\"1024\" \/>\n\t<meta property=\"og:image:height\" content=\"729\" \/>\n\t<meta property=\"og:image:type\" content=\"image\/jpeg\" \/>\n<meta name=\"twitter:card\" content=\"summary_large_image\" \/>\n<meta name=\"twitter:label1\" content=\"Ansl. lesetid\" \/>\n\t<meta name=\"twitter:data1\" content=\"1 minutt\" \/>\n<script type=\"application\/ld+json\" class=\"yoast-schema-graph\">{\"@context\":\"https:\/\/schema.org\",\"@graph\":[{\"@type\":\"WebPage\",\"@id\":\"https:\/\/efterklang.org\/projects\/maere-hybelhus-steinkjer\/?lang=no\",\"url\":\"https:\/\/efterklang.org\/projects\/maere-hybelhus-steinkjer\/?lang=no\",\"name\":\"M\u00e6re Hybelhus, Steinkjer - Efterklang\",\"isPartOf\":{\"@id\":\"https:\/\/efterklang.org\/#website\"},\"datePublished\":\"2021-12-10T10:52:21+00:00\",\"dateModified\":\"2022-10-25T11:34:54+00:00\",\"description\":\"Efterklang fikk oppdraget \u00e5 prosjektere akustikken i det nye hybelhuset, som er oppf\u00f8rt massivtre.\",\"breadcrumb\":{\"@id\":\"https:\/\/efterklang.org\/projects\/maere-hybelhus-steinkjer\/?lang=no#breadcrumb\"},\"inLanguage\":\"nb-NO\",\"potentialAction\":[{\"@type\":\"ReadAction\",\"target\":[\"https:\/\/efterklang.org\/projects\/maere-hybelhus-steinkjer\/?lang=no\"]}]},{\"@type\":\"BreadcrumbList\",\"@id\":\"https:\/\/efterklang.org\/projects\/maere-hybelhus-steinkjer\/?lang=no#breadcrumb\",\"itemListElement\":[{\"@type\":\"ListItem\",\"position\":1,\"name\":\"Home\",\"item\":\"https:\/\/efterklang.org\/no\/\"},{\"@type\":\"ListItem\",\"position\":2,\"name\":\"Our projects\",\"item\":\"https:\/\/efterklang.org\/projects\/?lang=sv\"},{\"@type\":\"ListItem\",\"position\":3,\"name\":\"M\u00e6re Hybelhus, Steinkjer\"}]},{\"@type\":\"WebSite\",\"@id\":\"https:\/\/efterklang.org\/#website\",\"url\":\"https:\/\/efterklang.org\/\",\"name\":\"Efterklang\",\"description\":\"Site by basta-kompisar\",\"publisher\":{\"@id\":\"https:\/\/efterklang.org\/#organization\"},\"potentialAction\":[{\"@type\":\"SearchAction\",\"target\":{\"@type\":\"EntryPoint\",\"urlTemplate\":\"https:\/\/efterklang.org\/?s={search_term_string}\"},\"query-input\":\"required name=search_term_string\"}],\"inLanguage\":\"nb-NO\"},{\"@type\":\"Organization\",\"@id\":\"https:\/\/efterklang.org\/#organization\",\"name\":\"Efterklang\",\"url\":\"https:\/\/efterklang.org\/\",\"logo\":{\"@type\":\"ImageObject\",\"inLanguage\":\"nb-NO\",\"@id\":\"https:\/\/efterklang.org\/#\/schema\/logo\/image\/\",\"url\":\"https:\/\/efterklang.org\/wp-content\/uploads\/2021\/10\/Asset-25.svg\",\"contentUrl\":\"https:\/\/efterklang.org\/wp-content\/uploads\/2021\/10\/Asset-25.svg\",\"caption\":\"Efterklang\"},\"image\":{\"@id\":\"https:\/\/efterklang.org\/#\/schema\/logo\/image\/\"}}]}<\/script>\n<!-- \/ Yoast SEO plugin. -->","yoast_head_json":{"title":"M\u00e6re Hybelhus, Steinkjer - Efterklang","description":"Efterklang fikk oppdraget \u00e5 prosjektere akustikken i det nye hybelhuset, som er oppf\u00f8rt massivtre.","robots":{"index":"index","follow":"follow","max-snippet":"max-snippet:-1","max-image-preview":"max-image-preview:large","max-video-preview":"max-video-preview:-1"},"canonical":"https:\/\/efterklang.org\/projects\/maere-hybelhus-steinkjer\/?lang=no","og_locale":"nb_NO","og_type":"article","og_title":"M\u00e6re Hybelhus, Steinkjer - Efterklang","og_description":"Efterklang fikk oppdraget \u00e5 prosjektere akustikken i det nye hybelhuset, som er oppf\u00f8rt massivtre.","og_url":"https:\/\/efterklang.org\/projects\/maere-hybelhus-steinkjer\/?lang=no","og_site_name":"Efterklang","article_modified_time":"2022-10-25T11:34:54+00:00","og_image":[{"width":1024,"height":729,"url":"https:\/\/efterklang.org\/wp-content\/uploads\/2021\/12\/Maere-Hybelhus_GPA-1024x729.jpg","type":"image\/jpeg"}],"twitter_card":"summary_large_image","twitter_misc":{"Ansl. lesetid":"1 minutt"},"schema":{"@context":"https:\/\/schema.org","@graph":[{"@type":"WebPage","@id":"https:\/\/efterklang.org\/projects\/maere-hybelhus-steinkjer\/?lang=no","url":"https:\/\/efterklang.org\/projects\/maere-hybelhus-steinkjer\/?lang=no","name":"M\u00e6re Hybelhus, Steinkjer - Efterklang","isPartOf":{"@id":"https:\/\/efterklang.org\/#website"},"datePublished":"2021-12-10T10:52:21+00:00","dateModified":"2022-10-25T11:34:54+00:00","description":"Efterklang fikk oppdraget \u00e5 prosjektere akustikken i det nye hybelhuset, som er oppf\u00f8rt massivtre.","breadcrumb":{"@id":"https:\/\/efterklang.org\/projects\/maere-hybelhus-steinkjer\/?lang=no#breadcrumb"},"inLanguage":"nb-NO","potentialAction":[{"@type":"ReadAction","target":["https:\/\/efterklang.org\/projects\/maere-hybelhus-steinkjer\/?lang=no"]}]},{"@type":"BreadcrumbList","@id":"https:\/\/efterklang.org\/projects\/maere-hybelhus-steinkjer\/?lang=no#breadcrumb","itemListElement":[{"@type":"ListItem","position":1,"name":"Home","item":"https:\/\/efterklang.org\/no\/"},{"@type":"ListItem","position":2,"name":"Our projects","item":"https:\/\/efterklang.org\/projects\/?lang=sv"},{"@type":"ListItem","position":3,"name":"M\u00e6re Hybelhus, Steinkjer"}]},{"@type":"WebSite","@id":"https:\/\/efterklang.org\/#website","url":"https:\/\/efterklang.org\/","name":"Efterklang","description":"Site by basta-kompisar","publisher":{"@id":"https:\/\/efterklang.org\/#organization"},"potentialAction":[{"@type":"SearchAction","target":{"@type":"EntryPoint","urlTemplate":"https:\/\/efterklang.org\/?s={search_term_string}"},"query-input":"required name=search_term_string"}],"inLanguage":"nb-NO"},{"@type":"Organization","@id":"https:\/\/efterklang.org\/#organization","name":"Efterklang","url":"https:\/\/efterklang.org\/","logo":{"@type":"ImageObject","inLanguage":"nb-NO","@id":"https:\/\/efterklang.org\/#\/schema\/logo\/image\/","url":"https:\/\/efterklang.org\/wp-content\/uploads\/2021\/10\/Asset-25.svg","contentUrl":"https:\/\/efterklang.org\/wp-content\/uploads\/2021\/10\/Asset-25.svg","caption":"Efterklang"},"image":{"@id":"https:\/\/efterklang.org\/#\/schema\/logo\/image\/"}}]}},"_links":{"self":[{"href":"https:\/\/efterklang.org\/no\/wp-json\/wp\/v2\/projects\/5737","targetHints":{"allow":["GET"]}}],"collection":[{"href":"https:\/\/efterklang.org\/no\/wp-json\/wp\/v2\/projects"}],"about":[{"href":"https:\/\/efterklang.org\/no\/wp-json\/wp\/v2\/types\/projects"}],"version-history":[{"count":3,"href":"https:\/\/efterklang.org\/no\/wp-json\/wp\/v2\/projects\/5737\/revisions"}],"predecessor-version":[{"id":5838,"href":"https:\/\/efterklang.org\/no\/wp-json\/wp\/v2\/projects\/5737\/revisions\/5838"}],"wp:featuredmedia":[{"embeddable":true,"href":"https:\/\/efterklang.org\/no\/wp-json\/wp\/v2\/media\/4139"}],"wp:attachment":[{"href":"https:\/\/efterklang.org\/no\/wp-json\/wp\/v2\/media?parent=5737"}],"wp:term":[{"taxonomy":"project_category","embeddable":true,"href":"https:\/\/efterklang.org\/no\/wp-json\/wp\/v2\/project_category?post=5737"},{"taxonomy":"country","embeddable":true,"href":"https:\/\/efterklang.org\/no\/wp-json\/wp\/v2\/country?post=5737"},{"taxonomy":"sector","embeddable":true,"href":"https:\/\/efterklang.org\/no\/wp-json\/wp\/v2\/sector?post=5737"}],"curies":[{"name":"wp","href":"https:\/\/api.w.org\/{rel}","templated":true}]}}