{"id":4674,"date":"2021-11-29T07:19:55","date_gmt":"2021-11-29T12:19:55","guid":{"rendered":"http:\/\/efterklang.org.hemsida.eu\/projects\/urban-green-spaces-handbook-stockholm\/"},"modified":"2021-12-13T14:43:08","modified_gmt":"2021-12-13T19:43:08","slug":"handbok-om-stoy-og-gronne-tiltak-stockholm","status":"publish","type":"projects","link":"https:\/\/efterklang.org\/no\/projects\/handbok-om-stoy-og-gronne-tiltak-stockholm\/","title":{"rendered":"H\u00e5ndbok om st\u00f8y og gr\u00f8nne tiltak, Stockholm"},"content":{"rendered":"<h6>Bakgrunn<\/h6>\n<p class=\"p1\"><span class=\"s1\">Efterklang har bist\u00e5tt Stockholm med \u00e5 utvikle en kunnskapssamling om gr\u00f8nne tiltak og st\u00f8y. <\/span><\/p>\n<h6>Oppdrag<\/h6>\n<p class=\"p1\"><span class=\"s1\">For \u00e5 gi mer kunnskap om hvordan vegetasjon p\u00e5virker st\u00f8yniv\u00e5et, har Stockholm kommune publisert h\u00e5ndboken &laquo;Gr\u00f8nne l\u00f8sninger for et bedre lydmilj\u00f8&raquo; med hjelp av Efterklang. <\/span><\/p>\n<p class=\"p1\"><span class=\"s1\">H\u00e5ndboken er en kunnskapssamling av teoretisk forskning, eksempler fra virkeligheten og arbeid med gr\u00f8nne l\u00f8sninger. Den innsamlede kunnskapen beskriver anbefalinger om hva man b\u00f8r vurdere n\u00e5r man bygger gr\u00f8nne l\u00f8sninger som ogs\u00e5 skal redusere st\u00f8y. <\/span><\/p>\n<h6>Resultat<\/h6>\n<p class=\"p1\"><span class=\"s1\">H\u00e5ndboken ble utgitt v\u00e5ren 2019. Er tilljenglig via lenken <\/span><a href=\"https:\/\/miljobarometern.stockholm.se\/content\/docs\/tema\/buller\/Grona-losningar-for-en-battre-ljudmiljo.pdf\" target=\"_blank\" rel=\"noopener\">her<\/a>.<\/p>\n","protected":false},"featured_media":3812,"template":"","project_category":[234,313,304,236,266],"country":[332],"sector":[343],"class_list":["post-4674","projects","type-projects","status-publish","has-post-thumbnail","hentry","project_category-stoy","project_category-handlingsplaner","project_category-stoykartlegging","project_category-lyddesign","project_category-soundscaping-no","country-sweden-no","sector-byutvikling"],"acf":[],"yoast_head":"<!-- This site is optimized with the Yoast SEO plugin v22.1 - https:\/\/yoast.com\/wordpress\/plugins\/seo\/ -->\n<title>H\u00e5ndbok om st\u00f8y og gr\u00f8nne tiltak, Stockholm - Efterklang<\/title>\n<meta name=\"description\" content=\"Efterklang har laget en h\u00e5ndbok som forklarer hvordan gr\u00f8nne landskap kan brukes til \u00e5 forbedre det urbane lydmilj\u00f8et.\" \/>\n<meta name=\"robots\" content=\"index, follow, max-snippet:-1, max-image-preview:large, max-video-preview:-1\" \/>\n<link rel=\"canonical\" href=\"https:\/\/efterklang.org\/projects\/handbok-om-stoy-og-gronne-tiltak-stockholm\/?lang=no\" \/>\n<meta property=\"og:locale\" content=\"nb_NO\" \/>\n<meta property=\"og:type\" content=\"article\" \/>\n<meta property=\"og:title\" content=\"H\u00e5ndbok om st\u00f8y og gr\u00f8nne tiltak, Stockholm - Efterklang\" \/>\n<meta property=\"og:description\" content=\"Efterklang har laget en h\u00e5ndbok som forklarer hvordan gr\u00f8nne landskap kan brukes til \u00e5 forbedre det urbane lydmilj\u00f8et.\" \/>\n<meta property=\"og:url\" content=\"https:\/\/efterklang.org\/projects\/handbok-om-stoy-og-gronne-tiltak-stockholm\/?lang=no\" \/>\n<meta property=\"og:site_name\" content=\"Efterklang\" \/>\n<meta property=\"article:modified_time\" content=\"2021-12-13T19:43:08+00:00\" \/>\n<meta property=\"og:image\" content=\"https:\/\/efterklang.org\/wp-content\/uploads\/2021\/11\/Urban-green-spaces-1024x682.jpg\" \/>\n\t<meta property=\"og:image:width\" content=\"1024\" \/>\n\t<meta property=\"og:image:height\" content=\"682\" \/>\n\t<meta property=\"og:image:type\" content=\"image\/jpeg\" \/>\n<meta name=\"twitter:card\" content=\"summary_large_image\" \/>\n<meta name=\"twitter:label1\" content=\"Ansl. lesetid\" \/>\n\t<meta name=\"twitter:data1\" content=\"1 minutt\" \/>\n<script type=\"application\/ld+json\" class=\"yoast-schema-graph\">{\"@context\":\"https:\/\/schema.org\",\"@graph\":[{\"@type\":\"WebPage\",\"@id\":\"https:\/\/efterklang.org\/projects\/handbok-om-stoy-og-gronne-tiltak-stockholm\/?lang=no\",\"url\":\"https:\/\/efterklang.org\/projects\/handbok-om-stoy-og-gronne-tiltak-stockholm\/?lang=no\",\"name\":\"H\u00e5ndbok om st\u00f8y og gr\u00f8nne tiltak, Stockholm - Efterklang\",\"isPartOf\":{\"@id\":\"https:\/\/efterklang.org\/#website\"},\"datePublished\":\"2021-11-29T12:19:55+00:00\",\"dateModified\":\"2021-12-13T19:43:08+00:00\",\"description\":\"Efterklang har laget en h\u00e5ndbok som forklarer hvordan gr\u00f8nne landskap kan brukes til \u00e5 forbedre det urbane lydmilj\u00f8et.\",\"breadcrumb\":{\"@id\":\"https:\/\/efterklang.org\/projects\/handbok-om-stoy-og-gronne-tiltak-stockholm\/?lang=no#breadcrumb\"},\"inLanguage\":\"nb-NO\",\"potentialAction\":[{\"@type\":\"ReadAction\",\"target\":[\"https:\/\/efterklang.org\/projects\/handbok-om-stoy-og-gronne-tiltak-stockholm\/?lang=no\"]}]},{\"@type\":\"BreadcrumbList\",\"@id\":\"https:\/\/efterklang.org\/projects\/handbok-om-stoy-og-gronne-tiltak-stockholm\/?lang=no#breadcrumb\",\"itemListElement\":[{\"@type\":\"ListItem\",\"position\":1,\"name\":\"Home\",\"item\":\"https:\/\/efterklang.org\/no\/\"},{\"@type\":\"ListItem\",\"position\":2,\"name\":\"Our projects\",\"item\":\"https:\/\/efterklang.org\/projects\/?lang=sv\"},{\"@type\":\"ListItem\",\"position\":3,\"name\":\"H\u00e5ndbok om st\u00f8y og gr\u00f8nne tiltak, Stockholm\"}]},{\"@type\":\"WebSite\",\"@id\":\"https:\/\/efterklang.org\/#website\",\"url\":\"https:\/\/efterklang.org\/\",\"name\":\"Efterklang\",\"description\":\"Site by basta-kompisar\",\"publisher\":{\"@id\":\"https:\/\/efterklang.org\/#organization\"},\"potentialAction\":[{\"@type\":\"SearchAction\",\"target\":{\"@type\":\"EntryPoint\",\"urlTemplate\":\"https:\/\/efterklang.org\/?s={search_term_string}\"},\"query-input\":\"required name=search_term_string\"}],\"inLanguage\":\"nb-NO\"},{\"@type\":\"Organization\",\"@id\":\"https:\/\/efterklang.org\/#organization\",\"name\":\"Efterklang\",\"url\":\"https:\/\/efterklang.org\/\",\"logo\":{\"@type\":\"ImageObject\",\"inLanguage\":\"nb-NO\",\"@id\":\"https:\/\/efterklang.org\/#\/schema\/logo\/image\/\",\"url\":\"https:\/\/efterklang.org\/wp-content\/uploads\/2021\/10\/Asset-25.svg\",\"contentUrl\":\"https:\/\/efterklang.org\/wp-content\/uploads\/2021\/10\/Asset-25.svg\",\"caption\":\"Efterklang\"},\"image\":{\"@id\":\"https:\/\/efterklang.org\/#\/schema\/logo\/image\/\"}}]}<\/script>\n<!-- \/ Yoast SEO plugin. -->","yoast_head_json":{"title":"H\u00e5ndbok om st\u00f8y og gr\u00f8nne tiltak, Stockholm - Efterklang","description":"Efterklang har laget en h\u00e5ndbok som forklarer hvordan gr\u00f8nne landskap kan brukes til \u00e5 forbedre det urbane lydmilj\u00f8et.","robots":{"index":"index","follow":"follow","max-snippet":"max-snippet:-1","max-image-preview":"max-image-preview:large","max-video-preview":"max-video-preview:-1"},"canonical":"https:\/\/efterklang.org\/projects\/handbok-om-stoy-og-gronne-tiltak-stockholm\/?lang=no","og_locale":"nb_NO","og_type":"article","og_title":"H\u00e5ndbok om st\u00f8y og gr\u00f8nne tiltak, Stockholm - Efterklang","og_description":"Efterklang har laget en h\u00e5ndbok som forklarer hvordan gr\u00f8nne landskap kan brukes til \u00e5 forbedre det urbane lydmilj\u00f8et.","og_url":"https:\/\/efterklang.org\/projects\/handbok-om-stoy-og-gronne-tiltak-stockholm\/?lang=no","og_site_name":"Efterklang","article_modified_time":"2021-12-13T19:43:08+00:00","og_image":[{"width":1024,"height":682,"url":"https:\/\/efterklang.org\/wp-content\/uploads\/2021\/11\/Urban-green-spaces-1024x682.jpg","type":"image\/jpeg"}],"twitter_card":"summary_large_image","twitter_misc":{"Ansl. lesetid":"1 minutt"},"schema":{"@context":"https:\/\/schema.org","@graph":[{"@type":"WebPage","@id":"https:\/\/efterklang.org\/projects\/handbok-om-stoy-og-gronne-tiltak-stockholm\/?lang=no","url":"https:\/\/efterklang.org\/projects\/handbok-om-stoy-og-gronne-tiltak-stockholm\/?lang=no","name":"H\u00e5ndbok om st\u00f8y og gr\u00f8nne tiltak, Stockholm - Efterklang","isPartOf":{"@id":"https:\/\/efterklang.org\/#website"},"datePublished":"2021-11-29T12:19:55+00:00","dateModified":"2021-12-13T19:43:08+00:00","description":"Efterklang har laget en h\u00e5ndbok som forklarer hvordan gr\u00f8nne landskap kan brukes til \u00e5 forbedre det urbane lydmilj\u00f8et.","breadcrumb":{"@id":"https:\/\/efterklang.org\/projects\/handbok-om-stoy-og-gronne-tiltak-stockholm\/?lang=no#breadcrumb"},"inLanguage":"nb-NO","potentialAction":[{"@type":"ReadAction","target":["https:\/\/efterklang.org\/projects\/handbok-om-stoy-og-gronne-tiltak-stockholm\/?lang=no"]}]},{"@type":"BreadcrumbList","@id":"https:\/\/efterklang.org\/projects\/handbok-om-stoy-og-gronne-tiltak-stockholm\/?lang=no#breadcrumb","itemListElement":[{"@type":"ListItem","position":1,"name":"Home","item":"https:\/\/efterklang.org\/no\/"},{"@type":"ListItem","position":2,"name":"Our projects","item":"https:\/\/efterklang.org\/projects\/?lang=sv"},{"@type":"ListItem","position":3,"name":"H\u00e5ndbok om st\u00f8y og gr\u00f8nne tiltak, Stockholm"}]},{"@type":"WebSite","@id":"https:\/\/efterklang.org\/#website","url":"https:\/\/efterklang.org\/","name":"Efterklang","description":"Site by basta-kompisar","publisher":{"@id":"https:\/\/efterklang.org\/#organization"},"potentialAction":[{"@type":"SearchAction","target":{"@type":"EntryPoint","urlTemplate":"https:\/\/efterklang.org\/?s={search_term_string}"},"query-input":"required name=search_term_string"}],"inLanguage":"nb-NO"},{"@type":"Organization","@id":"https:\/\/efterklang.org\/#organization","name":"Efterklang","url":"https:\/\/efterklang.org\/","logo":{"@type":"ImageObject","inLanguage":"nb-NO","@id":"https:\/\/efterklang.org\/#\/schema\/logo\/image\/","url":"https:\/\/efterklang.org\/wp-content\/uploads\/2021\/10\/Asset-25.svg","contentUrl":"https:\/\/efterklang.org\/wp-content\/uploads\/2021\/10\/Asset-25.svg","caption":"Efterklang"},"image":{"@id":"https:\/\/efterklang.org\/#\/schema\/logo\/image\/"}}]}},"_links":{"self":[{"href":"https:\/\/efterklang.org\/no\/wp-json\/wp\/v2\/projects\/4674","targetHints":{"allow":["GET"]}}],"collection":[{"href":"https:\/\/efterklang.org\/no\/wp-json\/wp\/v2\/projects"}],"about":[{"href":"https:\/\/efterklang.org\/no\/wp-json\/wp\/v2\/types\/projects"}],"version-history":[{"count":4,"href":"https:\/\/efterklang.org\/no\/wp-json\/wp\/v2\/projects\/4674\/revisions"}],"predecessor-version":[{"id":5869,"href":"https:\/\/efterklang.org\/no\/wp-json\/wp\/v2\/projects\/4674\/revisions\/5869"}],"wp:featuredmedia":[{"embeddable":true,"href":"https:\/\/efterklang.org\/no\/wp-json\/wp\/v2\/media\/3812"}],"wp:attachment":[{"href":"https:\/\/efterklang.org\/no\/wp-json\/wp\/v2\/media?parent=4674"}],"wp:term":[{"taxonomy":"project_category","embeddable":true,"href":"https:\/\/efterklang.org\/no\/wp-json\/wp\/v2\/project_category?post=4674"},{"taxonomy":"country","embeddable":true,"href":"https:\/\/efterklang.org\/no\/wp-json\/wp\/v2\/country?post=4674"},{"taxonomy":"sector","embeddable":true,"href":"https:\/\/efterklang.org\/no\/wp-json\/wp\/v2\/sector?post=4674"}],"curies":[{"name":"wp","href":"https:\/\/api.w.org\/{rel}","templated":true}]}}