{"id":8259,"date":"2022-04-08T15:32:54","date_gmt":"2022-04-08T13:32:54","guid":{"rendered":"https:\/\/efterklang.org\/projects\/energiforsk-report-vibration-measurement-pitfalls\/"},"modified":"2022-04-25T16:38:31","modified_gmt":"2022-04-25T14:38:31","slug":"energiforsk-report-vibration-measurement-pitfalls","status":"publish","type":"projects","link":"https:\/\/efterklang.org\/fi\/projects\/energiforsk-report-vibration-measurement-pitfalls\/","title":{"rendered":"Energiforskin raportti \u2013 t\u00e4rin\u00e4mittauksen sudenkuopat"},"content":{"rendered":"<h6 class=\"p1\">TAUSTAA<\/h6>\n<p class=\"p1\">Energiforsk on energia-alan tutkimusta Ruotsissa edist\u00e4v\u00e4 ja koordinoiva osaamiskeskus. Se haluaa pysy\u00e4 energiatutkimuksen keski\u00f6ss\u00e4 ja toimia puolueettomasti tulevaisuuden energiaj\u00e4rjestelmien hyv\u00e4ksi.<\/p>\n<h6 class=\"p1\">TOIMEKSIANTO<\/h6>\n<p class=\"p1\">Efterklang laati tutkimusraportin t\u00e4rin\u00e4mittauksen sudenkuopista. Tulokset perustuvat pohjoismaisissa ydinvoimaloissa tehtyihin haastatteluihin ja Efterklangin toimialaosaamiseen.<\/p>\n<p class=\"p1\">Tietoja raportista: T\u00e4rin\u00e4mittaukset ovat olennainen osa ydinvoimalan toiminnallisen luotettavuuden valvontaa. On t\u00e4rke\u00e4\u00e4 voida luottaa mittaustuloksiin. Kokenut k\u00e4ytt\u00e4j\u00e4 on yleens\u00e4 tietoinen yleisimmist\u00e4 sudenkuopista ja osaa v\u00e4ltt\u00e4\u00e4 ne, mutta kokemattomalle k\u00e4ytt\u00e4j\u00e4lle on arvokasta saada tietoa siit\u00e4, kuinka ne voi v\u00e4ltt\u00e4\u00e4. T\u00e4ss\u00e4 projektissa haastateltiin kokeneita t\u00e4rin\u00e4asiantuntijoita ja dokumentoitiin yleiset sudenkuopat. On t\u00e4rke\u00e4\u00e4 jakaa kokemuksia sudenkuopista, koska mittausvirheiden havaitseminen, tutkiminen, analysointi ja ratkaiseminen voi olla hyvin hankalaa ja aikaa viev\u00e4\u00e4.<\/p>\n<h6 class=\"p1\">LOPPUTULOS<\/h6>\n<p class=\"p1\">Raportti julkaistiin lokakuussa 2021, ja sen voi ladata Energiforskin verkkosivuilta, <a href=\"https:\/\/energiforsk.se\/media\/30298\/vibration-measurment-pitfalls-energiforskrapport-2021-803.pdf\" target=\"_blank\" rel=\"noopener\">t\u00e4\u00e4lt\u00e4<\/a>.<\/p>\n","protected":false},"featured_media":7751,"template":"","project_category":[498,532],"country":[523],"sector":[533],"class_list":["post-8259","projects","type-projects","status-publish","has-post-thumbnail","hentry","project_category-tarinan-hallinta","project_category-tarinamittaukset","country-ruotsi","sector-energia"],"acf":[],"yoast_head":"<!-- This site is optimized with the Yoast SEO plugin v22.1 - https:\/\/yoast.com\/wordpress\/plugins\/seo\/ -->\n<title>Energiforskin raportti \u2013 t\u00e4rin\u00e4mittauksen sudenkuopat - Efterklang<\/title>\n<meta name=\"description\" content=\"Efterklang laati tutkimusraportin t\u00e4rin\u00e4mittauksen sudenkuopista. Tulokset perustuvat pohjoismaisissa ydinvoimaloissa tehtyihin haastatteluihin ja Efterklangin toimialaosaamiseen.\" \/>\n<meta name=\"robots\" content=\"index, follow, max-snippet:-1, max-image-preview:large, max-video-preview:-1\" \/>\n<link rel=\"canonical\" href=\"https:\/\/efterklang.org\/projects\/energiforsk-report-vibration-measurement-pitfalls\/?lang=fi\" \/>\n<meta property=\"og:locale\" content=\"fi_FI\" \/>\n<meta property=\"og:type\" content=\"article\" \/>\n<meta property=\"og:title\" content=\"Energiforskin raportti \u2013 t\u00e4rin\u00e4mittauksen sudenkuopat - Efterklang\" \/>\n<meta property=\"og:description\" content=\"Efterklang laati tutkimusraportin t\u00e4rin\u00e4mittauksen sudenkuopista. Tulokset perustuvat pohjoismaisissa ydinvoimaloissa tehtyihin haastatteluihin ja Efterklangin toimialaosaamiseen.\" \/>\n<meta property=\"og:url\" content=\"https:\/\/efterklang.org\/projects\/energiforsk-report-vibration-measurement-pitfalls\/?lang=fi\" \/>\n<meta property=\"og:site_name\" content=\"Efterklang\" \/>\n<meta property=\"article:modified_time\" content=\"2022-04-25T14:38:31+00:00\" \/>\n<meta property=\"og:image\" content=\"https:\/\/efterklang.org\/wp-content\/uploads\/2021\/11\/Energy_Vibration_GettyImages-108442552-1.jpg\" \/>\n\t<meta property=\"og:image:width\" content=\"5245\" \/>\n\t<meta property=\"og:image:height\" content=\"3934\" \/>\n\t<meta property=\"og:image:type\" content=\"image\/jpeg\" \/>\n<meta name=\"twitter:card\" content=\"summary_large_image\" \/>\n<meta name=\"twitter:label1\" content=\"Arvioitu lukuaika\" \/>\n\t<meta name=\"twitter:data1\" content=\"1 minuutti\" \/>\n<script type=\"application\/ld+json\" class=\"yoast-schema-graph\">{\"@context\":\"https:\/\/schema.org\",\"@graph\":[{\"@type\":\"WebPage\",\"@id\":\"https:\/\/efterklang.org\/projects\/energiforsk-report-vibration-measurement-pitfalls\/?lang=fi\",\"url\":\"https:\/\/efterklang.org\/projects\/energiforsk-report-vibration-measurement-pitfalls\/?lang=fi\",\"name\":\"Energiforskin raportti \u2013 t\u00e4rin\u00e4mittauksen sudenkuopat - Efterklang\",\"isPartOf\":{\"@id\":\"https:\/\/efterklang.org\/#website\"},\"datePublished\":\"2022-04-08T13:32:54+00:00\",\"dateModified\":\"2022-04-25T14:38:31+00:00\",\"description\":\"Efterklang laati tutkimusraportin t\u00e4rin\u00e4mittauksen sudenkuopista. Tulokset perustuvat pohjoismaisissa ydinvoimaloissa tehtyihin haastatteluihin ja Efterklangin toimialaosaamiseen.\",\"breadcrumb\":{\"@id\":\"https:\/\/efterklang.org\/projects\/energiforsk-report-vibration-measurement-pitfalls\/?lang=fi#breadcrumb\"},\"inLanguage\":\"fi\",\"potentialAction\":[{\"@type\":\"ReadAction\",\"target\":[\"https:\/\/efterklang.org\/projects\/energiforsk-report-vibration-measurement-pitfalls\/?lang=fi\"]}]},{\"@type\":\"BreadcrumbList\",\"@id\":\"https:\/\/efterklang.org\/projects\/energiforsk-report-vibration-measurement-pitfalls\/?lang=fi#breadcrumb\",\"itemListElement\":[{\"@type\":\"ListItem\",\"position\":1,\"name\":\"Home\",\"item\":\"https:\/\/efterklang.org\/fi\/\"},{\"@type\":\"ListItem\",\"position\":2,\"name\":\"Our projects\",\"item\":\"https:\/\/efterklang.org\/projects\/?lang=sv\"},{\"@type\":\"ListItem\",\"position\":3,\"name\":\"Energiforskin raportti \u2013 t\u00e4rin\u00e4mittauksen sudenkuopat\"}]},{\"@type\":\"WebSite\",\"@id\":\"https:\/\/efterklang.org\/#website\",\"url\":\"https:\/\/efterklang.org\/\",\"name\":\"Efterklang\",\"description\":\"Site by basta-kompisar\",\"publisher\":{\"@id\":\"https:\/\/efterklang.org\/#organization\"},\"potentialAction\":[{\"@type\":\"SearchAction\",\"target\":{\"@type\":\"EntryPoint\",\"urlTemplate\":\"https:\/\/efterklang.org\/?s={search_term_string}\"},\"query-input\":\"required name=search_term_string\"}],\"inLanguage\":\"fi\"},{\"@type\":\"Organization\",\"@id\":\"https:\/\/efterklang.org\/#organization\",\"name\":\"Efterklang\",\"url\":\"https:\/\/efterklang.org\/\",\"logo\":{\"@type\":\"ImageObject\",\"inLanguage\":\"fi\",\"@id\":\"https:\/\/efterklang.org\/#\/schema\/logo\/image\/\",\"url\":\"https:\/\/efterklang.org\/wp-content\/uploads\/2021\/10\/Asset-25.svg\",\"contentUrl\":\"https:\/\/efterklang.org\/wp-content\/uploads\/2021\/10\/Asset-25.svg\",\"caption\":\"Efterklang\"},\"image\":{\"@id\":\"https:\/\/efterklang.org\/#\/schema\/logo\/image\/\"}}]}<\/script>\n<!-- \/ Yoast SEO plugin. -->","yoast_head_json":{"title":"Energiforskin raportti \u2013 t\u00e4rin\u00e4mittauksen sudenkuopat - Efterklang","description":"Efterklang laati tutkimusraportin t\u00e4rin\u00e4mittauksen sudenkuopista. Tulokset perustuvat pohjoismaisissa ydinvoimaloissa tehtyihin haastatteluihin ja Efterklangin toimialaosaamiseen.","robots":{"index":"index","follow":"follow","max-snippet":"max-snippet:-1","max-image-preview":"max-image-preview:large","max-video-preview":"max-video-preview:-1"},"canonical":"https:\/\/efterklang.org\/projects\/energiforsk-report-vibration-measurement-pitfalls\/?lang=fi","og_locale":"fi_FI","og_type":"article","og_title":"Energiforskin raportti \u2013 t\u00e4rin\u00e4mittauksen sudenkuopat - Efterklang","og_description":"Efterklang laati tutkimusraportin t\u00e4rin\u00e4mittauksen sudenkuopista. Tulokset perustuvat pohjoismaisissa ydinvoimaloissa tehtyihin haastatteluihin ja Efterklangin toimialaosaamiseen.","og_url":"https:\/\/efterklang.org\/projects\/energiforsk-report-vibration-measurement-pitfalls\/?lang=fi","og_site_name":"Efterklang","article_modified_time":"2022-04-25T14:38:31+00:00","og_image":[{"width":5245,"height":3934,"url":"https:\/\/efterklang.org\/wp-content\/uploads\/2021\/11\/Energy_Vibration_GettyImages-108442552-1.jpg","type":"image\/jpeg"}],"twitter_card":"summary_large_image","twitter_misc":{"Arvioitu lukuaika":"1 minuutti"},"schema":{"@context":"https:\/\/schema.org","@graph":[{"@type":"WebPage","@id":"https:\/\/efterklang.org\/projects\/energiforsk-report-vibration-measurement-pitfalls\/?lang=fi","url":"https:\/\/efterklang.org\/projects\/energiforsk-report-vibration-measurement-pitfalls\/?lang=fi","name":"Energiforskin raportti \u2013 t\u00e4rin\u00e4mittauksen sudenkuopat - Efterklang","isPartOf":{"@id":"https:\/\/efterklang.org\/#website"},"datePublished":"2022-04-08T13:32:54+00:00","dateModified":"2022-04-25T14:38:31+00:00","description":"Efterklang laati tutkimusraportin t\u00e4rin\u00e4mittauksen sudenkuopista. Tulokset perustuvat pohjoismaisissa ydinvoimaloissa tehtyihin haastatteluihin ja Efterklangin toimialaosaamiseen.","breadcrumb":{"@id":"https:\/\/efterklang.org\/projects\/energiforsk-report-vibration-measurement-pitfalls\/?lang=fi#breadcrumb"},"inLanguage":"fi","potentialAction":[{"@type":"ReadAction","target":["https:\/\/efterklang.org\/projects\/energiforsk-report-vibration-measurement-pitfalls\/?lang=fi"]}]},{"@type":"BreadcrumbList","@id":"https:\/\/efterklang.org\/projects\/energiforsk-report-vibration-measurement-pitfalls\/?lang=fi#breadcrumb","itemListElement":[{"@type":"ListItem","position":1,"name":"Home","item":"https:\/\/efterklang.org\/fi\/"},{"@type":"ListItem","position":2,"name":"Our projects","item":"https:\/\/efterklang.org\/projects\/?lang=sv"},{"@type":"ListItem","position":3,"name":"Energiforskin raportti \u2013 t\u00e4rin\u00e4mittauksen sudenkuopat"}]},{"@type":"WebSite","@id":"https:\/\/efterklang.org\/#website","url":"https:\/\/efterklang.org\/","name":"Efterklang","description":"Site by basta-kompisar","publisher":{"@id":"https:\/\/efterklang.org\/#organization"},"potentialAction":[{"@type":"SearchAction","target":{"@type":"EntryPoint","urlTemplate":"https:\/\/efterklang.org\/?s={search_term_string}"},"query-input":"required name=search_term_string"}],"inLanguage":"fi"},{"@type":"Organization","@id":"https:\/\/efterklang.org\/#organization","name":"Efterklang","url":"https:\/\/efterklang.org\/","logo":{"@type":"ImageObject","inLanguage":"fi","@id":"https:\/\/efterklang.org\/#\/schema\/logo\/image\/","url":"https:\/\/efterklang.org\/wp-content\/uploads\/2021\/10\/Asset-25.svg","contentUrl":"https:\/\/efterklang.org\/wp-content\/uploads\/2021\/10\/Asset-25.svg","caption":"Efterklang"},"image":{"@id":"https:\/\/efterklang.org\/#\/schema\/logo\/image\/"}}]}},"_links":{"self":[{"href":"https:\/\/efterklang.org\/fi\/wp-json\/wp\/v2\/projects\/8259","targetHints":{"allow":["GET"]}}],"collection":[{"href":"https:\/\/efterklang.org\/fi\/wp-json\/wp\/v2\/projects"}],"about":[{"href":"https:\/\/efterklang.org\/fi\/wp-json\/wp\/v2\/types\/projects"}],"version-history":[{"count":3,"href":"https:\/\/efterklang.org\/fi\/wp-json\/wp\/v2\/projects\/8259\/revisions"}],"predecessor-version":[{"id":8555,"href":"https:\/\/efterklang.org\/fi\/wp-json\/wp\/v2\/projects\/8259\/revisions\/8555"}],"wp:featuredmedia":[{"embeddable":true,"href":"https:\/\/efterklang.org\/fi\/wp-json\/wp\/v2\/media\/7751"}],"wp:attachment":[{"href":"https:\/\/efterklang.org\/fi\/wp-json\/wp\/v2\/media?parent=8259"}],"wp:term":[{"taxonomy":"project_category","embeddable":true,"href":"https:\/\/efterklang.org\/fi\/wp-json\/wp\/v2\/project_category?post=8259"},{"taxonomy":"country","embeddable":true,"href":"https:\/\/efterklang.org\/fi\/wp-json\/wp\/v2\/country?post=8259"},{"taxonomy":"sector","embeddable":true,"href":"https:\/\/efterklang.org\/fi\/wp-json\/wp\/v2\/sector?post=8259"}],"curies":[{"name":"wp","href":"https:\/\/api.w.org\/{rel}","templated":true}]}}