{"id":8258,"date":"2022-04-08T15:32:08","date_gmt":"2022-04-08T13:32:08","guid":{"rendered":"https:\/\/efterklang.org\/projects\/arena-sergel-stockholm\/"},"modified":"2022-09-09T14:41:54","modified_gmt":"2022-09-09T12:41:54","slug":"arena-sergel-stockholm","status":"publish","type":"projects","link":"https:\/\/efterklang.org\/fi\/projects\/arena-sergel-stockholm\/","title":{"rendered":"Arena Sergel, Tukholma"},"content":{"rendered":"<h6>Taustaa<\/h6>\n<p class=\"p1\">Nelikerroksinen, tuhansia neli\u00f6metrej\u00e4 toimistotilaa tarjoava Arena Sergel sijaitsee Tukholman ydinkeskustassa.. Kiinteist\u00f6ss\u00e4 toimivat Vasakronanin p\u00e4\u00e4konttori ja coworking-tila, jossa on 150 avointa ty\u00f6pistett\u00e4, 30 neuvotteluhuonetta ja useita aulatiloja. Kanozi Arkitekter -toimiston suunnittelemissa moderneissa tiloissa p\u00e4\u00e4osaa n\u00e4yttelev\u00e4t toiminnallisuus ja terveellisyys, eik\u00e4 mit\u00e4\u00e4n ole j\u00e4tetty sattuman varaan: my\u00f6s \u00e4\u00e4niymp\u00e4rist\u00f6 on otettu huomioon.<\/p>\n<h6 class=\"p1\">Toimeksianto<\/h6>\n<p class=\"p1\">Efterklang sai teht\u00e4v\u00e4kseen suunnitella toimivan ja houkuttelevan \u00e4\u00e4niymp\u00e4rist\u00f6n, jossa on v\u00e4ltetty avokonttorien tavanomaiset sudenkuopat. Ideana oli luoda tasapainoinen kokonaisuus yhdist\u00e4m\u00e4ll\u00e4 akustisia menetelmi\u00e4 ja psykoakustiikkaan perustuvaa \u00e4\u00e4nisuunnittelua.<\/p>\n<h6>Lopputulos<\/h6>\n<p class=\"p1\">Erilaisilla ty\u00f6ntekij\u00f6ill\u00e4 on erilaisia tarpeita ty\u00f6paikalla. Jotkut viihtyv\u00e4t parhaiten t\u00e4ydellisess\u00e4 hiljaisuudessa, ja toiset ovat tuottavimmillaan, kun on v\u00e4h\u00e4n taustamelua ja liikett\u00e4 ymp\u00e4rill\u00e4. Tarve voi vaihdella p\u00e4iv\u00e4n ja ty\u00f6teht\u00e4v\u00e4n mukaan. Siksi loimme \u00e4\u00e4niymp\u00e4rist\u00f6n, joka palvelee kaikkia kuviteltavissa olevia tarpeita asteittain t\u00e4ysin hiljaisista keskittymispaikoista ilman h\u00e4iritsevi\u00e4 elementtej\u00e4 avoimiin luonto\u00e4\u00e4nill\u00e4 peitettyihin monitoimitiloihin ja aulatiloihin, joissa soi taustamusiikki.<\/p>\n<p class=\"p1\">T\u00e4ss\u00e4 kohteessa ei ole vakiopaikkoja, joten ty\u00f6ntekij\u00e4t voivat valita \u00e4\u00e4niymp\u00e4rist\u00f6ns\u00e4 senhetkisen tarpeensa mukaan. Puhtaan toiminnallisuuden lis\u00e4ksi halusimme luoda ymp\u00e4rist\u00f6n, miss\u00e4 \u00e4\u00e4nisuunnittelu olisi tilakokemuksen kannalta yht\u00e4 t\u00e4rke\u00e4ss\u00e4 roolissa kuin sisustus- ja valaistussuunnittelu.<span class=\"Apple-converted-space\">\u00a0<\/span><\/p>\n<p class=\"p1\">Lis\u00e4simme tilaan yll\u00e4tt\u00e4vi\u00e4 vuorovaikutteisia \u00e4\u00e4nikokemuksia, esimerkiksi sis\u00e4portaikkoon linnunlaulua ja muita luonnon\u00e4\u00e4ni\u00e4, vessoihin erilaisia \u00e4\u00e4niskenaarioita sek\u00e4 tupsun, josta vet\u00e4m\u00e4ll\u00e4 kuulee yll\u00e4tt\u00e4vi\u00e4 \u00e4\u00e4niefektej\u00e4.<\/p>\n<p class=\"p1\">Arena Sergelin nelj\u00e4ss\u00e4 kerroksessa on \u00e4\u00e4nimaisemia moneen tarpeeseen ja tarkoitukseen, jotta ty\u00f6ntekij\u00e4t voivat valita ty\u00f6p\u00e4iv\u00e4\u00e4ns\u00e4 parhaiten sopivan \u00e4\u00e4niymp\u00e4rist\u00f6n.<span class=\"Apple-converted-space\">\u00a0<\/span><\/p>\n<p class=\"p1\">Kuvia: <a href=\"https:\/\/www.cecilialinnea.se\/about\">Cecilia Magnusson<\/a> ja Vasakronan<\/p>\n<p class=\"p1\"><span class=\"s1\"><strong>Palkinnot<br \/>\n<\/strong><\/span><span class=\"s1\">2 Better Sounds \u2013 International Sound Awards 2022<\/span><\/p>\n<p>Red Dot <span class=\"s1\">\u2013<\/span> Red Dot Design Awards 2022<\/p>\n","protected":false},"featured_media":7614,"template":"","project_category":[486,525,527,526,530,524,528],"country":[523],"sector":[596,513],"class_list":["post-8258","projects","type-projects","status-publish","has-post-thumbnail","hentry","project_category-sound-design-fi","project_category-konseptointi-sound-design-fi","project_category-kuratoidut-soittolistat-sound-design-fi","project_category-peiteaanet","project_category-aaniarkkitehtuuri","project_category-aanimaisemat-sound-design-fi","project_category-sound-design-fi-2","country-ruotsi","sector-offices-convention-centers-fi","sector-toimistot-ja-kongressikeskukset"],"acf":[],"yoast_head":"<!-- This site is optimized with the Yoast SEO plugin v22.1 - https:\/\/yoast.com\/wordpress\/plugins\/seo\/ -->\n<title>Arena Sergel, Tukholma - Efterklang<\/title>\n<meta name=\"description\" content=\"Efterklang sai teht\u00e4v\u00e4kseen suunnitella toimivan ja houkuttelevan \u00e4\u00e4niymp\u00e4rist\u00f6n Vasakronanin Arena Sergeliss\u00e4 sijaitsevaan p\u00e4\u00e4konttoriin.\" \/>\n<meta name=\"robots\" content=\"index, follow, max-snippet:-1, max-image-preview:large, max-video-preview:-1\" \/>\n<link rel=\"canonical\" href=\"https:\/\/efterklang.org\/projects\/arena-sergel-stockholm\/?lang=fi\" \/>\n<meta property=\"og:locale\" content=\"fi_FI\" \/>\n<meta property=\"og:type\" content=\"article\" \/>\n<meta property=\"og:title\" content=\"Arena Sergel, Tukholma - Efterklang\" \/>\n<meta property=\"og:description\" content=\"Efterklang sai teht\u00e4v\u00e4kseen suunnitella toimivan ja houkuttelevan \u00e4\u00e4niymp\u00e4rist\u00f6n Vasakronanin Arena Sergeliss\u00e4 sijaitsevaan p\u00e4\u00e4konttoriin.\" \/>\n<meta property=\"og:url\" content=\"https:\/\/efterklang.org\/projects\/arena-sergel-stockholm\/?lang=fi\" \/>\n<meta property=\"og:site_name\" content=\"Efterklang\" \/>\n<meta property=\"article:modified_time\" content=\"2022-09-09T12:41:54+00:00\" \/>\n<meta property=\"og:image\" content=\"https:\/\/efterklang.org\/wp-content\/uploads\/2021\/11\/Arena-Sergel-1-1024x683.jpg\" \/>\n\t<meta property=\"og:image:width\" content=\"1024\" \/>\n\t<meta property=\"og:image:height\" content=\"683\" \/>\n\t<meta property=\"og:image:type\" content=\"image\/jpeg\" \/>\n<meta name=\"twitter:card\" content=\"summary_large_image\" \/>\n<meta name=\"twitter:label1\" content=\"Arvioitu lukuaika\" \/>\n\t<meta name=\"twitter:data1\" content=\"1 minuutti\" \/>\n<script type=\"application\/ld+json\" class=\"yoast-schema-graph\">{\"@context\":\"https:\/\/schema.org\",\"@graph\":[{\"@type\":\"WebPage\",\"@id\":\"https:\/\/efterklang.org\/projects\/arena-sergel-stockholm\/?lang=fi\",\"url\":\"https:\/\/efterklang.org\/projects\/arena-sergel-stockholm\/?lang=fi\",\"name\":\"Arena Sergel, Tukholma - Efterklang\",\"isPartOf\":{\"@id\":\"https:\/\/efterklang.org\/#website\"},\"datePublished\":\"2022-04-08T13:32:08+00:00\",\"dateModified\":\"2022-09-09T12:41:54+00:00\",\"description\":\"Efterklang sai teht\u00e4v\u00e4kseen suunnitella toimivan ja houkuttelevan \u00e4\u00e4niymp\u00e4rist\u00f6n Vasakronanin Arena Sergeliss\u00e4 sijaitsevaan p\u00e4\u00e4konttoriin.\",\"breadcrumb\":{\"@id\":\"https:\/\/efterklang.org\/projects\/arena-sergel-stockholm\/?lang=fi#breadcrumb\"},\"inLanguage\":\"fi\",\"potentialAction\":[{\"@type\":\"ReadAction\",\"target\":[\"https:\/\/efterklang.org\/projects\/arena-sergel-stockholm\/?lang=fi\"]}]},{\"@type\":\"BreadcrumbList\",\"@id\":\"https:\/\/efterklang.org\/projects\/arena-sergel-stockholm\/?lang=fi#breadcrumb\",\"itemListElement\":[{\"@type\":\"ListItem\",\"position\":1,\"name\":\"Home\",\"item\":\"https:\/\/efterklang.org\/fi\/\"},{\"@type\":\"ListItem\",\"position\":2,\"name\":\"Our projects\",\"item\":\"https:\/\/efterklang.org\/projects\/?lang=sv\"},{\"@type\":\"ListItem\",\"position\":3,\"name\":\"Arena Sergel, Tukholma\"}]},{\"@type\":\"WebSite\",\"@id\":\"https:\/\/efterklang.org\/#website\",\"url\":\"https:\/\/efterklang.org\/\",\"name\":\"Efterklang\",\"description\":\"Site by basta-kompisar\",\"publisher\":{\"@id\":\"https:\/\/efterklang.org\/#organization\"},\"potentialAction\":[{\"@type\":\"SearchAction\",\"target\":{\"@type\":\"EntryPoint\",\"urlTemplate\":\"https:\/\/efterklang.org\/?s={search_term_string}\"},\"query-input\":\"required name=search_term_string\"}],\"inLanguage\":\"fi\"},{\"@type\":\"Organization\",\"@id\":\"https:\/\/efterklang.org\/#organization\",\"name\":\"Efterklang\",\"url\":\"https:\/\/efterklang.org\/\",\"logo\":{\"@type\":\"ImageObject\",\"inLanguage\":\"fi\",\"@id\":\"https:\/\/efterklang.org\/#\/schema\/logo\/image\/\",\"url\":\"https:\/\/efterklang.org\/wp-content\/uploads\/2021\/10\/Asset-25.svg\",\"contentUrl\":\"https:\/\/efterklang.org\/wp-content\/uploads\/2021\/10\/Asset-25.svg\",\"caption\":\"Efterklang\"},\"image\":{\"@id\":\"https:\/\/efterklang.org\/#\/schema\/logo\/image\/\"}}]}<\/script>\n<!-- \/ Yoast SEO plugin. -->","yoast_head_json":{"title":"Arena Sergel, Tukholma - Efterklang","description":"Efterklang sai teht\u00e4v\u00e4kseen suunnitella toimivan ja houkuttelevan \u00e4\u00e4niymp\u00e4rist\u00f6n Vasakronanin Arena Sergeliss\u00e4 sijaitsevaan p\u00e4\u00e4konttoriin.","robots":{"index":"index","follow":"follow","max-snippet":"max-snippet:-1","max-image-preview":"max-image-preview:large","max-video-preview":"max-video-preview:-1"},"canonical":"https:\/\/efterklang.org\/projects\/arena-sergel-stockholm\/?lang=fi","og_locale":"fi_FI","og_type":"article","og_title":"Arena Sergel, Tukholma - Efterklang","og_description":"Efterklang sai teht\u00e4v\u00e4kseen suunnitella toimivan ja houkuttelevan \u00e4\u00e4niymp\u00e4rist\u00f6n Vasakronanin Arena Sergeliss\u00e4 sijaitsevaan p\u00e4\u00e4konttoriin.","og_url":"https:\/\/efterklang.org\/projects\/arena-sergel-stockholm\/?lang=fi","og_site_name":"Efterklang","article_modified_time":"2022-09-09T12:41:54+00:00","og_image":[{"width":1024,"height":683,"url":"https:\/\/efterklang.org\/wp-content\/uploads\/2021\/11\/Arena-Sergel-1-1024x683.jpg","type":"image\/jpeg"}],"twitter_card":"summary_large_image","twitter_misc":{"Arvioitu lukuaika":"1 minuutti"},"schema":{"@context":"https:\/\/schema.org","@graph":[{"@type":"WebPage","@id":"https:\/\/efterklang.org\/projects\/arena-sergel-stockholm\/?lang=fi","url":"https:\/\/efterklang.org\/projects\/arena-sergel-stockholm\/?lang=fi","name":"Arena Sergel, Tukholma - Efterklang","isPartOf":{"@id":"https:\/\/efterklang.org\/#website"},"datePublished":"2022-04-08T13:32:08+00:00","dateModified":"2022-09-09T12:41:54+00:00","description":"Efterklang sai teht\u00e4v\u00e4kseen suunnitella toimivan ja houkuttelevan \u00e4\u00e4niymp\u00e4rist\u00f6n Vasakronanin Arena Sergeliss\u00e4 sijaitsevaan p\u00e4\u00e4konttoriin.","breadcrumb":{"@id":"https:\/\/efterklang.org\/projects\/arena-sergel-stockholm\/?lang=fi#breadcrumb"},"inLanguage":"fi","potentialAction":[{"@type":"ReadAction","target":["https:\/\/efterklang.org\/projects\/arena-sergel-stockholm\/?lang=fi"]}]},{"@type":"BreadcrumbList","@id":"https:\/\/efterklang.org\/projects\/arena-sergel-stockholm\/?lang=fi#breadcrumb","itemListElement":[{"@type":"ListItem","position":1,"name":"Home","item":"https:\/\/efterklang.org\/fi\/"},{"@type":"ListItem","position":2,"name":"Our projects","item":"https:\/\/efterklang.org\/projects\/?lang=sv"},{"@type":"ListItem","position":3,"name":"Arena Sergel, Tukholma"}]},{"@type":"WebSite","@id":"https:\/\/efterklang.org\/#website","url":"https:\/\/efterklang.org\/","name":"Efterklang","description":"Site by basta-kompisar","publisher":{"@id":"https:\/\/efterklang.org\/#organization"},"potentialAction":[{"@type":"SearchAction","target":{"@type":"EntryPoint","urlTemplate":"https:\/\/efterklang.org\/?s={search_term_string}"},"query-input":"required name=search_term_string"}],"inLanguage":"fi"},{"@type":"Organization","@id":"https:\/\/efterklang.org\/#organization","name":"Efterklang","url":"https:\/\/efterklang.org\/","logo":{"@type":"ImageObject","inLanguage":"fi","@id":"https:\/\/efterklang.org\/#\/schema\/logo\/image\/","url":"https:\/\/efterklang.org\/wp-content\/uploads\/2021\/10\/Asset-25.svg","contentUrl":"https:\/\/efterklang.org\/wp-content\/uploads\/2021\/10\/Asset-25.svg","caption":"Efterklang"},"image":{"@id":"https:\/\/efterklang.org\/#\/schema\/logo\/image\/"}}]}},"_links":{"self":[{"href":"https:\/\/efterklang.org\/fi\/wp-json\/wp\/v2\/projects\/8258","targetHints":{"allow":["GET"]}}],"collection":[{"href":"https:\/\/efterklang.org\/fi\/wp-json\/wp\/v2\/projects"}],"about":[{"href":"https:\/\/efterklang.org\/fi\/wp-json\/wp\/v2\/types\/projects"}],"version-history":[{"count":11,"href":"https:\/\/efterklang.org\/fi\/wp-json\/wp\/v2\/projects\/8258\/revisions"}],"predecessor-version":[{"id":9550,"href":"https:\/\/efterklang.org\/fi\/wp-json\/wp\/v2\/projects\/8258\/revisions\/9550"}],"wp:featuredmedia":[{"embeddable":true,"href":"https:\/\/efterklang.org\/fi\/wp-json\/wp\/v2\/media\/7614"}],"wp:attachment":[{"href":"https:\/\/efterklang.org\/fi\/wp-json\/wp\/v2\/media?parent=8258"}],"wp:term":[{"taxonomy":"project_category","embeddable":true,"href":"https:\/\/efterklang.org\/fi\/wp-json\/wp\/v2\/project_category?post=8258"},{"taxonomy":"country","embeddable":true,"href":"https:\/\/efterklang.org\/fi\/wp-json\/wp\/v2\/country?post=8258"},{"taxonomy":"sector","embeddable":true,"href":"https:\/\/efterklang.org\/fi\/wp-json\/wp\/v2\/sector?post=8258"}],"curies":[{"name":"wp","href":"https:\/\/api.w.org\/{rel}","templated":true}]}}